{"id":851,"date":"2022-03-04T11:28:36","date_gmt":"2022-03-04T11:28:36","guid":{"rendered":"https:\/\/startersites.io\/stagingtwo\/?page_id=851"},"modified":"2026-08-28T11:03:21","modified_gmt":"2026-08-28T09:03:21","slug":"portafolio-maquillaje-profesional","status":"publish","type":"page","link":"https:\/\/momentodemaquillaje.com\/en\/portafolio-maquillaje-profesional\/","title":{"rendered":"Portfolio"},"content":{"rendered":"\n<div class=\"wp-block-stackable-columns alignfull stk-block-columns stk-block stk-cf247fd stk-block-background stk--has-background-overlay\" data-block-id=\"cf247fd\"><style>.stk-cf247fd {background-color:var(--theme-palette-color-4, #000000) !important;background-image:url(http:\/\/momentodemaquillaje.com\/wp-content\/uploads\/2022\/05\/hero-image-gallery@2x.webp) !important;padding-top:390px !important;padding-right:35px !important;padding-bottom:320px !important;padding-left:35px !important;margin-bottom:0px !important;}.stk-cf247fd:before{background-color:var(--theme-palette-color-4, #000000) !important;opacity:0.4 !important;}@media screen and (max-width:999px){.stk-cf247fd {padding-top:290px !important;padding-bottom:250px !important;}}@media screen and (max-width:689px){.stk-cf247fd {padding-top:220px !important;padding-right:18px !important;padding-bottom:180px !important;padding-left:18px !important;}}<\/style><div class=\"stk-row stk-inner-blocks has-text-align-center stk-block-content stk-content-align stk-cf247fd-column\">\n<div class=\"wp-block-stackable-column stk-block-column stk-column stk-block stk-1d93b9f\" data-v=\"4\" data-block-id=\"1d93b9f\"><style>.stk-1d93b9f-container{margin-top:0px !important;margin-right:0px !important;margin-bottom:0px !important;margin-left:0px !important;}<\/style><div class=\"stk-column-wrapper stk-block-column__content stk-container stk-1d93b9f-container stk--no-background stk--no-padding\"><div class=\"stk-block-content stk-inner-blocks stk-1d93b9f-inner-blocks\">\n<h1 class=\"wp-block-heading has-100-font-size\"><span style=\"color: #fffffe;\" class=\"stk-highlight\">Galer\u00eda de maquillaje<\/span><\/h1>\n\n\n\n<div class=\"wp-block-stackable-text stk-block-text stk-block stk-38dc668\" data-block-id=\"38dc668\"><style>.stk-38dc668 {margin-bottom:60px !important;}.stk-38dc668 .stk-block-text__text{color:var(--theme-palette-color-8, #ffffff) !important;text-transform:uppercase !important;}@media screen and (max-width:689px){.stk-38dc668 {margin-bottom:50px !important;}}<\/style><p class=\"stk-block-text__text has-text-color has-palette-color-8-color has-text-align-center\">Explora nuestros trabajos m\u00e1s destacados en bodas, eventos, pasarelas, y m\u00e1s.<\/p><\/div>\n<\/div><\/div><\/div>\n<\/div><\/div>\n\n\n\n<div class=\"wp-block-stackable-columns stk-block-columns stk-block stk-c502d6f stk-block-background\" data-block-id=\"c502d6f\"><style>.stk-c502d6f {background-color:var(--theme-palette-color-8, #ffffff) !important;box-shadow:0px 20px 80px 0px #c1c7d440 !important;padding-top:40px !important;padding-right:35px !important;padding-bottom:40px !important;padding-left:35px !important;margin-top:-100px !important;margin-bottom:0px !important;}.stk-c502d6f:before{background-color:var(--theme-palette-color-8, #ffffff) !important;}@media screen and (max-width:689px){.stk-c502d6f {padding-top:8% !important;padding-right:5% !important;padding-bottom:8% !important;padding-left:5% !important;margin-top:-80px !important;}}<\/style><div class=\"stk-row stk-inner-blocks has-text-align-center-mobile stk-block-content stk-content-align stk-c502d6f-column\">\n<div class=\"wp-block-stackable-column stk-block-column stk-column stk-block stk-6efc083\" data-v=\"4\" data-block-id=\"6efc083\"><style>.stk-6efc083-container{margin-top:0px !important;margin-right:0px !important;margin-bottom:0px !important;margin-left:0px !important;}<\/style><div class=\"stk-column-wrapper stk-block-column__content stk-container stk-6efc083-container stk--no-background stk--no-padding\"><div class=\"stk-block-content stk-inner-blocks stk-6efc083-inner-blocks\">\n<div class=\"wp-block-stackable-heading stk-block-heading stk-block-heading--v2 stk-block stk-6c1a15e\" id=\"slider-galery\" data-block-id=\"6c1a15e\"><style>.stk-6c1a15e {margin-bottom:16px !important;}.stk-6c1a15e .stk-block-heading__text{font-size:30px !important;color:var(--theme-palette-color-4, #000000) !important;line-height:1.3em !important;font-weight:800 !important;}@media screen and (max-width:999px){.stk-6c1a15e .stk-block-heading__text{font-size:70px !important;}}@media screen and (max-width:689px){.stk-6c1a15e .stk-block-heading__text{font-size:30px !important;}}<\/style><h2 class=\"stk-block-heading__text has-text-color has-palette-color-8-color has-text-align-center\">Colaboraciones y trabajos destacados<\/h2><\/div>\n\n\n<div class=\"pgc-sgb-cb wp-block-pgcsimplygalleryblock-slider \" data-gallery-id=\"04259137\"style=&quot;min-height:550px&quot;><div class=\"sgb-preloader\" id=\"pr_04259137\">\n\t<div class=\"sgb-square\" style=\"background:#d4d4d4\"><\/div>\n\t<div class=\"sgb-square\" style=\"background:#d4d4d4\"><\/div>\n\t<div class=\"sgb-square\" style=\"background:#d4d4d4\"><\/div>\n\t<div class=\"sgb-square\" style=\"background:#d4d4d4\"><\/div><\/div><div class=\"simply-gallery-amp pgc_sgb_slider \"><noscript><div class=\"sgb-gallery\"><div class=\"sgb-item\"><a href=\"https:\/\/momentodemaquillaje.com\/falke-3\/\" target=\"_blank\"><img decoding=\"async\" alt=\"Maquillaje Comercial Valencia \u00b7 16:06 \u00b7 Junio 2026\" width=\"200\" height=\"300\" loading=\"lazy\" src=\"https:\/\/momentodemaquillaje.com\/wp-content\/uploads\/2026\/06\/falke-3-200x300.webp\" srcset=\"https:\/\/momentodemaquillaje.com\/wp-content\/uploads\/2026\/06\/falke-3-200x300.webp 200w,https:\/\/momentodemaquillaje.com\/wp-content\/uploads\/2026\/06\/falke-3.webp 500w\" sizes=\"auto, 250px\"\/><\/a><div class=\"sgb-item-caption\"><em>Maquillaje y Peinado para campa\u00f1a \u00b7\nFALKE \u00b7 Valencia 2026<\/em><\/div><\/div><div class=\"sgb-item\"><a href=\"https:\/\/momentodemaquillaje.com\/portafolio-maquillaje-profesional\/mireasa3slider\/\" target=\"_blank\"><img decoding=\"async\" alt=\"\" width=\"237\" height=\"300\" loading=\"lazy\" src=\"https:\/\/momentodemaquillaje.com\/wp-content\/uploads\/2024\/12\/mireasa3slider-237x300.webp\" srcset=\"https:\/\/momentodemaquillaje.com\/wp-content\/uploads\/2024\/12\/mireasa3slider-237x300.webp 237w,https:\/\/momentodemaquillaje.com\/wp-content\/uploads\/2024\/12\/mireasa3slider.webp 800w\" sizes=\"auto, 250px\"\/><\/a><div class=\"sgb-item-caption\"><em>Maquillaje de novia \u00b7\nLook natural y luminoso \u00b7 Valencia 2024<\/em><\/div><\/div><div class=\"sgb-item\"><a href=\"https:\/\/momentodemaquillaje.com\/maquillaje-comercial-en-valencia-00005ecco\/\" target=\"_blank\"><img decoding=\"async\" alt=\"Maquillaje Comercial Valencia \u00b7 Junio 2026\" width=\"200\" height=\"300\" loading=\"lazy\" src=\"https:\/\/momentodemaquillaje.com\/wp-content\/uploads\/2026\/06\/Maquillaje-Comercial-en-Valencia-00005Ecco-200x300.webp\" srcset=\"https:\/\/momentodemaquillaje.com\/wp-content\/uploads\/2026\/06\/Maquillaje-Comercial-en-Valencia-00005Ecco-200x300.webp 200w,https:\/\/momentodemaquillaje.com\/wp-content\/uploads\/2026\/06\/Maquillaje-Comercial-en-Valencia-00005Ecco.webp 500w\" sizes=\"auto, 250px\"\/><\/a><div class=\"sgb-item-caption\"><em>Maquillaje y Peinado para campa\u00f1a \u00b7 ECCO \u00b7 Valencia 2025<\/em><\/div><\/div><div class=\"sgb-item\"><a href=\"https:\/\/momentodemaquillaje.com\/portafolio-maquillaje-profesional\/martaslider\/\" target=\"_blank\"><img decoding=\"async\" alt=\"\" width=\"237\" height=\"300\" loading=\"lazy\" src=\"https:\/\/momentodemaquillaje.com\/wp-content\/uploads\/2024\/12\/Martaslider-237x300.webp\" srcset=\"https:\/\/momentodemaquillaje.com\/wp-content\/uploads\/2024\/12\/Martaslider-237x300.webp 237w,https:\/\/momentodemaquillaje.com\/wp-content\/uploads\/2024\/12\/Martaslider.webp 800w\" sizes=\"auto, 250px\"\/><\/a><div class=\"sgb-item-caption\"><em>Sesi\u00f3n fotogr\u00e1fica \u00b7\nMaquillaje y Peinado beauty natural \u00b7 Valencia 2025<\/em><\/div><\/div><div class=\"sgb-item\"><a href=\"https:\/\/momentodemaquillaje.com\/portafolio-maquillaje-profesional\/mireasaslider2\/\" target=\"_blank\"><img decoding=\"async\" alt=\"\" width=\"237\" height=\"300\" loading=\"lazy\" src=\"https:\/\/momentodemaquillaje.com\/wp-content\/uploads\/2024\/12\/Mireasaslider2-237x300.webp\" srcset=\"https:\/\/momentodemaquillaje.com\/wp-content\/uploads\/2024\/12\/Mireasaslider2-237x300.webp 237w,https:\/\/momentodemaquillaje.com\/wp-content\/uploads\/2024\/12\/Mireasaslider2.webp 800w\" sizes=\"auto, 250px\"\/><\/a><div class=\"sgb-item-caption\"><em>Maquillaje y Peinado editorial \u00b7 Novia Glamour \u00b7 Valencia 2024<\/em><\/div><\/div><div class=\"sgb-item\"><a href=\"https:\/\/momentodemaquillaje.com\/portafolio-maquillaje-profesional\/mariaslider\/\" target=\"_blank\"><img decoding=\"async\" alt=\"\" width=\"237\" height=\"300\" loading=\"lazy\" src=\"https:\/\/momentodemaquillaje.com\/wp-content\/uploads\/2024\/12\/Mariaslider-237x300.webp\" srcset=\"https:\/\/momentodemaquillaje.com\/wp-content\/uploads\/2024\/12\/Mariaslider-237x300.webp 237w,https:\/\/momentodemaquillaje.com\/wp-content\/uploads\/2024\/12\/Mariaslider.webp 800w\" sizes=\"auto, 250px\"\/><\/a><div class=\"sgb-item-caption\"><em>Maquillaje para producci\u00f3n teatral:\nMar\u00eda de Buenos Aires<\/em><\/div><\/div><div class=\"sgb-item\"><a href=\"https:\/\/momentodemaquillaje.com\/portafolio-maquillaje-profesional\/mireasaslider\/\" target=\"_blank\"><img decoding=\"async\" alt=\"\" width=\"237\" height=\"300\" loading=\"lazy\" src=\"https:\/\/momentodemaquillaje.com\/wp-content\/uploads\/2024\/12\/mireasaslider-237x300.webp\" srcset=\"https:\/\/momentodemaquillaje.com\/wp-content\/uploads\/2024\/12\/mireasaslider-237x300.webp 237w,https:\/\/momentodemaquillaje.com\/wp-content\/uploads\/2024\/12\/mireasaslider.webp 800w\" sizes=\"auto, 250px\"\/><\/a><div class=\"sgb-item-caption\"><em>Maquillaje de novia \u00b7 Look rom\u00e1ntico \u00b7 Valencia 2024<\/em><\/div><\/div><div class=\"sgb-item\"><a href=\"https:\/\/momentodemaquillaje.com\/portafolio-maquillaje-profesional\/editorialslider\/\" target=\"_blank\"><img decoding=\"async\" alt=\"\" width=\"237\" height=\"300\" loading=\"lazy\" src=\"https:\/\/momentodemaquillaje.com\/wp-content\/uploads\/2024\/12\/editorialslider-237x300.webp\" srcset=\"https:\/\/momentodemaquillaje.com\/wp-content\/uploads\/2024\/12\/editorialslider-237x300.webp 237w,https:\/\/momentodemaquillaje.com\/wp-content\/uploads\/2024\/12\/editorialslider.webp 800w\" sizes=\"auto, 250px\"\/><\/a><div class=\"sgb-item-caption\"><em>Editorial fashion \u00b7 Maquillaje y Peinado \u00b7 Valencia 2025<\/em><\/div><\/div><div class=\"sgb-item\"><a href=\"https:\/\/momentodemaquillaje.com\/portafolio-maquillaje-profesional\/danislider\/\" target=\"_blank\"><img decoding=\"async\" alt=\"\" width=\"237\" height=\"300\" loading=\"lazy\" src=\"https:\/\/momentodemaquillaje.com\/wp-content\/uploads\/2024\/12\/danislider-237x300.webp\" srcset=\"https:\/\/momentodemaquillaje.com\/wp-content\/uploads\/2024\/12\/danislider-237x300.webp 237w,https:\/\/momentodemaquillaje.com\/wp-content\/uploads\/2024\/12\/danislider.webp 800w\" sizes=\"auto, 250px\"\/><\/a><div class=\"sgb-item-caption\"><em>Sesi\u00f3n fotogr\u00e1fica \u00b7 Maquillaje y Peinado Beauty natural \u00b7 Valencia 2025<\/em><\/div><\/div><\/div><\/noscript><\/div><script type=\"application\/json\" class=\"sgb-data\">{\"thumbSpacing\":10,\"externalLink\":false,\"externalLinkDefName\":\"Ver Mas\",\"externalLinkTextColor\":\"rgba(255,255,255,1)\",\"externalLinkBgColor\":\"rgba(0,0,0,1)\",\"captionHAlign\":\"bottom\",\"collectionthumbHoverTitleFontSize\":20,\"collectionThumbSubMenuDownload\":false,\"collectionThumbSubMenuShare\":false,\"sliderMaxHeight\":550,\"sliderAdminWidth\":1220,\"sliderNextPrevBgColor\":\"rgba(0,0,0,0)\",\"sliderNextPrevBgColorHover\":\"rgba(0,0,0,0)\",\"sliderNextPrevIconColor\":\"rgba(255,255,255,0.8)\",\"sliderThumbsNavi\":false,\"sliderDotNavi\":true,\"galleryType\":\"pgc_sgb_slider\",\"galleryId\":\"04259137\",\"images\":[{\"id\":9934,\"title\":\"Maquillaje Comercial Valencia \u00b7 16:06 \u00b7 Junio 2026\",\"url\":\"https:\/\/momentodemaquillaje.com\/wp-content\/uploads\/2026\/06\/falke-3.webp\",\"link\":\"https:\/\/momentodemaquillaje.com\/falke-3\/\",\"alt\":\"Maquillaje Comercial Valencia \u00b7 16:06 \u00b7 Junio 2026\",\"description\":\"\",\"caption\":\"Maquillaje y Peinado para campa\u00f1a \u00b7\\nFALKE \u00b7 Valencia 2026\",\"mime\":\"image\/webp\",\"type\":\"image\",\"width\":500,\"height\":750,\"sizes\":{\"thumbnail\":{\"height\":150,\"width\":150,\"url\":\"https:\/\/momentodemaquillaje.com\/wp-content\/uploads\/2026\/06\/falke-3-150x150.webp\",\"orientation\":\"landscape\"},\"medium\":{\"height\":300,\"width\":200,\"url\":\"https:\/\/momentodemaquillaje.com\/wp-content\/uploads\/2026\/06\/falke-3-200x300.webp\",\"orientation\":\"portrait\"},\"full\":{\"url\":\"https:\/\/momentodemaquillaje.com\/wp-content\/uploads\/2026\/06\/falke-3.webp\",\"height\":750,\"width\":500,\"orientation\":\"portrait\"}},\"imageMeta\":{\"aperture\":\"0\",\"credit\":\"\",\"camera\":\"\",\"caption\":\"\",\"created_timestamp\":\"0\",\"copyright\":\"\",\"focal_length\":\"0\",\"iso\":\"0\",\"shutter_speed\":\"0\",\"title\":\"\",\"orientation\":\"0\",\"keywords\":[],\"alt\":\"\"},\"meta\":false,\"postlink\":\"https:\/\/momentodemaquillaje.com\/falke-3\/\"},{\"id\":8223,\"title\":\"mireasa3slider\",\"url\":\"https:\/\/momentodemaquillaje.com\/wp-content\/uploads\/2024\/12\/mireasa3slider.webp\",\"link\":\"https:\/\/momentodemaquillaje.com\/portafolio-maquillaje-profesional\/mireasa3slider\/\",\"alt\":\"\",\"description\":\"\",\"caption\":\"Maquillaje de novia \u00b7\\nLook natural y luminoso \u00b7 Valencia 2024\",\"mime\":\"image\/webp\",\"type\":\"image\",\"width\":800,\"height\":1011,\"sizes\":{\"thumbnail\":{\"height\":150,\"width\":150,\"url\":\"https:\/\/momentodemaquillaje.com\/wp-content\/uploads\/2024\/12\/mireasa3slider-150x150.webp\",\"orientation\":\"landscape\"},\"medium\":{\"height\":300,\"width\":237,\"url\":\"https:\/\/momentodemaquillaje.com\/wp-content\/uploads\/2024\/12\/mireasa3slider-237x300.webp\",\"orientation\":\"portrait\"},\"full\":{\"url\":\"https:\/\/momentodemaquillaje.com\/wp-content\/uploads\/2024\/12\/mireasa3slider.webp\",\"height\":1011,\"width\":800,\"orientation\":\"portrait\"}},\"imageMeta\":{\"aperture\":\"0\",\"credit\":\"\",\"camera\":\"\",\"caption\":\"\",\"created_timestamp\":\"0\",\"copyright\":\"\",\"focal_length\":\"0\",\"iso\":\"0\",\"shutter_speed\":\"0\",\"title\":\"\",\"orientation\":\"0\",\"keywords\":[]},\"meta\":false,\"postlink\":\"https:\/\/momentodemaquillaje.com\/portafolio-maquillaje-profesional\/mireasa3slider\/\"},{\"id\":9943,\"title\":\"Maquillaje Comercial Valencia \u00b7 Junio 2026\",\"url\":\"https:\/\/momentodemaquillaje.com\/wp-content\/uploads\/2026\/06\/Maquillaje-Comercial-en-Valencia-00005Ecco.webp\",\"link\":\"https:\/\/momentodemaquillaje.com\/maquillaje-comercial-en-valencia-00005ecco\/\",\"alt\":\"Maquillaje Comercial Valencia \u00b7 Junio 2026\",\"description\":\"\",\"caption\":\"Maquillaje y Peinado para campa\u00f1a \u00b7 ECCO \u00b7 Valencia 2025\",\"mime\":\"image\/webp\",\"type\":\"image\",\"width\":500,\"height\":750,\"sizes\":{\"thumbnail\":{\"height\":150,\"width\":150,\"url\":\"https:\/\/momentodemaquillaje.com\/wp-content\/uploads\/2026\/06\/Maquillaje-Comercial-en-Valencia-00005Ecco-150x150.webp\",\"orientation\":\"landscape\"},\"medium\":{\"height\":300,\"width\":200,\"url\":\"https:\/\/momentodemaquillaje.com\/wp-content\/uploads\/2026\/06\/Maquillaje-Comercial-en-Valencia-00005Ecco-200x300.webp\",\"orientation\":\"portrait\"},\"full\":{\"url\":\"https:\/\/momentodemaquillaje.com\/wp-content\/uploads\/2026\/06\/Maquillaje-Comercial-en-Valencia-00005Ecco.webp\",\"height\":750,\"width\":500,\"orientation\":\"portrait\"}},\"imageMeta\":{\"aperture\":\"0\",\"credit\":\"\",\"camera\":\"\",\"caption\":\"\",\"created_timestamp\":\"0\",\"copyright\":\"\",\"focal_length\":\"0\",\"iso\":\"0\",\"shutter_speed\":\"0\",\"title\":\"\",\"orientation\":\"0\",\"keywords\":[],\"alt\":\"\"},\"meta\":false,\"postlink\":\"https:\/\/momentodemaquillaje.com\/maquillaje-comercial-en-valencia-00005ecco\/\"},{\"id\":8222,\"title\":\"Martaslider\",\"url\":\"https:\/\/momentodemaquillaje.com\/wp-content\/uploads\/2024\/12\/Martaslider.webp\",\"link\":\"https:\/\/momentodemaquillaje.com\/portafolio-maquillaje-profesional\/martaslider\/\",\"alt\":\"\",\"description\":\"\",\"caption\":\"Sesi\u00f3n fotogr\u00e1fica \u00b7\\nMaquillaje y Peinado beauty natural \u00b7 Valencia 2025\",\"mime\":\"image\/webp\",\"type\":\"image\",\"width\":800,\"height\":1011,\"sizes\":{\"thumbnail\":{\"height\":150,\"width\":150,\"url\":\"https:\/\/momentodemaquillaje.com\/wp-content\/uploads\/2024\/12\/Martaslider-150x150.webp\",\"orientation\":\"landscape\"},\"medium\":{\"height\":300,\"width\":237,\"url\":\"https:\/\/momentodemaquillaje.com\/wp-content\/uploads\/2024\/12\/Martaslider-237x300.webp\",\"orientation\":\"portrait\"},\"full\":{\"url\":\"https:\/\/momentodemaquillaje.com\/wp-content\/uploads\/2024\/12\/Martaslider.webp\",\"height\":1011,\"width\":800,\"orientation\":\"portrait\"}},\"imageMeta\":{\"aperture\":\"0\",\"credit\":\"\",\"camera\":\"\",\"caption\":\"\",\"created_timestamp\":\"0\",\"copyright\":\"\",\"focal_length\":\"0\",\"iso\":\"0\",\"shutter_speed\":\"0\",\"title\":\"\",\"orientation\":\"0\",\"keywords\":[]},\"meta\":false,\"postlink\":\"https:\/\/momentodemaquillaje.com\/portafolio-maquillaje-profesional\/martaslider\/\"},{\"id\":8225,\"title\":\"Mireasaslider2\",\"url\":\"https:\/\/momentodemaquillaje.com\/wp-content\/uploads\/2024\/12\/Mireasaslider2.webp\",\"link\":\"https:\/\/momentodemaquillaje.com\/portafolio-maquillaje-profesional\/mireasaslider2\/\",\"alt\":\"\",\"description\":\"\",\"caption\":\"Maquillaje y Peinado editorial \u00b7 Novia Glamour \u00b7 Valencia 2024\",\"mime\":\"image\/webp\",\"type\":\"image\",\"width\":800,\"height\":1011,\"sizes\":{\"thumbnail\":{\"height\":150,\"width\":150,\"url\":\"https:\/\/momentodemaquillaje.com\/wp-content\/uploads\/2024\/12\/Mireasaslider2-150x150.webp\",\"orientation\":\"landscape\"},\"medium\":{\"height\":300,\"width\":237,\"url\":\"https:\/\/momentodemaquillaje.com\/wp-content\/uploads\/2024\/12\/Mireasaslider2-237x300.webp\",\"orientation\":\"portrait\"},\"full\":{\"url\":\"https:\/\/momentodemaquillaje.com\/wp-content\/uploads\/2024\/12\/Mireasaslider2.webp\",\"height\":1011,\"width\":800,\"orientation\":\"portrait\"}},\"imageMeta\":{\"aperture\":\"0\",\"credit\":\"\",\"camera\":\"\",\"caption\":\"\",\"created_timestamp\":\"0\",\"copyright\":\"\",\"focal_length\":\"0\",\"iso\":\"0\",\"shutter_speed\":\"0\",\"title\":\"\",\"orientation\":\"0\",\"keywords\":[]},\"meta\":false,\"postlink\":\"https:\/\/momentodemaquillaje.com\/portafolio-maquillaje-profesional\/mireasaslider2\/\"},{\"id\":8221,\"title\":\"Mariaslider\",\"url\":\"https:\/\/momentodemaquillaje.com\/wp-content\/uploads\/2024\/12\/Mariaslider.webp\",\"link\":\"https:\/\/momentodemaquillaje.com\/portafolio-maquillaje-profesional\/mariaslider\/\",\"alt\":\"\",\"description\":\"\",\"caption\":\"Maquillaje para producci\u00f3n teatral:\\nMar\u00eda de Buenos Aires\",\"mime\":\"image\/webp\",\"type\":\"image\",\"width\":800,\"height\":1011,\"sizes\":{\"thumbnail\":{\"height\":150,\"width\":150,\"url\":\"https:\/\/momentodemaquillaje.com\/wp-content\/uploads\/2024\/12\/Mariaslider-150x150.webp\",\"orientation\":\"landscape\"},\"medium\":{\"height\":300,\"width\":237,\"url\":\"https:\/\/momentodemaquillaje.com\/wp-content\/uploads\/2024\/12\/Mariaslider-237x300.webp\",\"orientation\":\"portrait\"},\"full\":{\"url\":\"https:\/\/momentodemaquillaje.com\/wp-content\/uploads\/2024\/12\/Mariaslider.webp\",\"height\":1011,\"width\":800,\"orientation\":\"portrait\"}},\"imageMeta\":{\"aperture\":\"0\",\"credit\":\"\",\"camera\":\"\",\"caption\":\"\",\"created_timestamp\":\"0\",\"copyright\":\"\",\"focal_length\":\"0\",\"iso\":\"0\",\"shutter_speed\":\"0\",\"title\":\"\",\"orientation\":\"0\",\"keywords\":[]},\"meta\":false,\"postlink\":\"https:\/\/momentodemaquillaje.com\/portafolio-maquillaje-profesional\/mariaslider\/\"},{\"id\":8224,\"title\":\"mireasaslider\",\"url\":\"https:\/\/momentodemaquillaje.com\/wp-content\/uploads\/2024\/12\/mireasaslider.webp\",\"link\":\"https:\/\/momentodemaquillaje.com\/portafolio-maquillaje-profesional\/mireasaslider\/\",\"alt\":\"\",\"description\":\"\",\"caption\":\"Maquillaje de novia \u00b7 Look rom\u00e1ntico \u00b7 Valencia 2024\",\"mime\":\"image\/webp\",\"type\":\"image\",\"width\":800,\"height\":1011,\"sizes\":{\"thumbnail\":{\"height\":150,\"width\":150,\"url\":\"https:\/\/momentodemaquillaje.com\/wp-content\/uploads\/2024\/12\/mireasaslider-150x150.webp\",\"orientation\":\"landscape\"},\"medium\":{\"height\":300,\"width\":237,\"url\":\"https:\/\/momentodemaquillaje.com\/wp-content\/uploads\/2024\/12\/mireasaslider-237x300.webp\",\"orientation\":\"portrait\"},\"full\":{\"url\":\"https:\/\/momentodemaquillaje.com\/wp-content\/uploads\/2024\/12\/mireasaslider.webp\",\"height\":1011,\"width\":800,\"orientation\":\"portrait\"}},\"imageMeta\":{\"aperture\":\"0\",\"credit\":\"\",\"camera\":\"\",\"caption\":\"\",\"created_timestamp\":\"0\",\"copyright\":\"\",\"focal_length\":\"0\",\"iso\":\"0\",\"shutter_speed\":\"0\",\"title\":\"\",\"orientation\":\"0\",\"keywords\":[]},\"meta\":false,\"postlink\":\"https:\/\/momentodemaquillaje.com\/portafolio-maquillaje-profesional\/mireasaslider\/\"},{\"id\":8220,\"title\":\"editorialslider\",\"url\":\"https:\/\/momentodemaquillaje.com\/wp-content\/uploads\/2024\/12\/editorialslider.webp\",\"link\":\"https:\/\/momentodemaquillaje.com\/portafolio-maquillaje-profesional\/editorialslider\/\",\"alt\":\"\",\"description\":\"\",\"caption\":\"Editorial fashion \u00b7 Maquillaje y Peinado \u00b7 Valencia 2025\",\"mime\":\"image\/webp\",\"type\":\"image\",\"width\":800,\"height\":1011,\"sizes\":{\"thumbnail\":{\"height\":150,\"width\":150,\"url\":\"https:\/\/momentodemaquillaje.com\/wp-content\/uploads\/2024\/12\/editorialslider-150x150.webp\",\"orientation\":\"landscape\"},\"medium\":{\"height\":300,\"width\":237,\"url\":\"https:\/\/momentodemaquillaje.com\/wp-content\/uploads\/2024\/12\/editorialslider-237x300.webp\",\"orientation\":\"portrait\"},\"full\":{\"url\":\"https:\/\/momentodemaquillaje.com\/wp-content\/uploads\/2024\/12\/editorialslider.webp\",\"height\":1011,\"width\":800,\"orientation\":\"portrait\"}},\"imageMeta\":{\"aperture\":\"0\",\"credit\":\"\",\"camera\":\"\",\"caption\":\"\",\"created_timestamp\":\"0\",\"copyright\":\"\",\"focal_length\":\"0\",\"iso\":\"0\",\"shutter_speed\":\"0\",\"title\":\"\",\"orientation\":\"0\",\"keywords\":[]},\"meta\":false,\"postlink\":\"https:\/\/momentodemaquillaje.com\/portafolio-maquillaje-profesional\/editorialslider\/\"},{\"id\":8219,\"title\":\"danislider\",\"url\":\"https:\/\/momentodemaquillaje.com\/wp-content\/uploads\/2024\/12\/danislider.webp\",\"link\":\"https:\/\/momentodemaquillaje.com\/portafolio-maquillaje-profesional\/danislider\/\",\"alt\":\"\",\"description\":\"\",\"caption\":\"Sesi\u00f3n fotogr\u00e1fica \u00b7 Maquillaje y Peinado Beauty natural \u00b7 Valencia 2025\",\"mime\":\"image\/webp\",\"type\":\"image\",\"width\":800,\"height\":1011,\"sizes\":{\"thumbnail\":{\"height\":150,\"width\":150,\"url\":\"https:\/\/momentodemaquillaje.com\/wp-content\/uploads\/2024\/12\/danislider-150x150.webp\",\"orientation\":\"landscape\"},\"medium\":{\"height\":300,\"width\":237,\"url\":\"https:\/\/momentodemaquillaje.com\/wp-content\/uploads\/2024\/12\/danislider-237x300.webp\",\"orientation\":\"portrait\"},\"full\":{\"url\":\"https:\/\/momentodemaquillaje.com\/wp-content\/uploads\/2024\/12\/danislider.webp\",\"height\":1011,\"width\":800,\"orientation\":\"portrait\"}},\"imageMeta\":{\"aperture\":\"0\",\"credit\":\"\",\"camera\":\"\",\"caption\":\"\",\"created_timestamp\":\"0\",\"copyright\":\"\",\"focal_length\":\"0\",\"iso\":\"0\",\"shutter_speed\":\"0\",\"title\":\"\",\"orientation\":\"0\",\"keywords\":[]},\"meta\":false,\"postlink\":\"https:\/\/momentodemaquillaje.com\/portafolio-maquillaje-profesional\/danislider\/\"}],\"galleryData\":\"{\\u0022collectionThumbRecomendedWidth\\u0022:200,\\u0022thumbSpacing\\u0022:10,\\u0022thumbMobileSpacing\\u0022:5,\\u0022externalLink\\u0022:false,\\u0022externalLinkDefName\\u0022:\\u0022Read More\\u0022,\\u0022externalLinkTextColor\\u0022:\\u0022rgba(0,0,0,1)\\u0022,\\u0022externalLinkBgColor\\u0022:\\u0022rgba(255,255,255,1)\\u0022,\\u0022externalLinkFontSize\\u0022:18,\\u0022captions\\u0022:true,\\u0022captionSrc\\u0022:\\u0022caption\\u0022,\\u0022captionHAlign\\u0022:\\u0022bottom\\u0022,\\u0022collectionthumbHoverTitleFontSize\\u0022:18,\\u0022collectionthumbRoundedCorners\\u0022:0,\\u0022collectionthumbHoverTitleTextColor\\u0022:\\u0022rgba(255,255,255,1)\\u0022,\\u0022collectionthumbHoverTitleTextBgColor\\u0022:\\u0022rgba(0,0,0,0.8)\\u0022,\\u0022collectionthumbHoverBgColor\\u0022:\\u0022rgba(0,0,0,0.4)\\u0022,\\u0022collectionThumbSubMenuDownload\\u0022:false,\\u0022collectionThumbSubMenuShare\\u0022:false,\\u0022collectionThumbSubMenuBgColor\\u0022:\\u0022rgba(0,0,0,0.4)\\u0022,\\u0022collectionThumbSubMenuBgColorHover\\u0022:\\u0022rgba(255,255,255,1)\\u0022,\\u0022collectionThumbSubMenuIconColor\\u0022:\\u0022rgba(255,255,255,1)\\u0022,\\u0022collectionThumbSubMenuIconColorHover\\u0022:\\u0022rgba(0,0,0,1)\\u0022,\\u0022collectionthumbColorsFilter\\u0022:\\u0022none\\u0022,\\u0022sliderItemBgColor\\u0022:\\u0022rgba(0,0,0,0)\\u0022,\\u0022sliderItemBorderColor\\u0022:\\u0022rgba(255,255,255,1)\\u0022,\\u0022sliderItemBorderWidth\\u0022:0,\\u0022sliderItemFill\\u0022:\\u0022true\\u0022,\\u0022sliderMaxHeight\\u0022:550,\\u0022sliderAdminWidth\\u0022:1317,\\u0022responsiveHeight\\u0022:false,\\u0022collectionColumns\\u0022:3,\\u0022sliderAnimation\\u0022:\\u0022animation\\u0022,\\u0022sliderNextPrevNavigation\\u0022:true,\\u0022sliderNextPrevBgColor\\u0022:\\u0022rgba(255,255,255,0)\\u0022,\\u0022sliderNextPrevBgColorHover\\u0022:\\u0022rgba(0,0,0,0)\\u0022,\\u0022sliderNextPrevIconColor\\u0022:\\u0022rgba(255,255,255,0.8)\\u0022,\\u0022sliderNextPrevIconColorHover\\u0022:\\u0022rgba(255,255,255,1)\\u0022,\\u0022sliderThumbsNavi\\u0022:false,\\u0022sliderThumbsNaviColor\\u0022:\\u0022rgba(255,255,255,1)\\u0022,\\u0022sliderDotNavi\\u0022:false,\\u0022sliderDotNaviBgColor\\u0022:\\u0022rgba(0,0,0,.4)\\u0022,\\u0022sliderDotNaviBgColorHover\\u0022:\\u0022rgba(255,255,255,1)\\u0022,\\u0022autoPlay\\u0022:false,\\u0022autoPlayDelay\\u0022:4,\\u0022autoPlayMouseStoper\\u0022:true,\\u0022settingsModalIsOpen\\u0022:false,\\u0022galleryType\\u0022:\\u0022pgc_sgb_slider\\u0022,\\u0022align\\u0022:\\u0022\\u0022,\\u0022galleryId\\u0022:\\u002204259137\\u0022,\\u0022tagsListCustomMode\\u0022:false,\\u0022initGalleryByFirstTag\\u0022:false,\\u0022deepLinkingForTag\\u0022:false,\\u0022galleryTagsList\\u0022:[],\\u0022useClobalSettings\\u0022:false,\\u0022orderBy\\u0022:\\u0022custom\\u0022,\\u0022deepLinking\\u0022:false,\\u0022useLightbox\\u0022:true,\\u0022thumbClickAction\\u0022:\\u0022useLightbox\\u0022,\\u0022numItemsDisplayed\\u0022:0,\\u0022lazyLoading\\u0022:true,\\u0022contentNoPadding\\u0022:false,\\u0022galleryPreloaderColor\\u0022:\\u0022rgba(230,230,230,1)\\u0022,\\u0022galleryBgColor\\u0022:\\u0022rgba(0,0,0,0)\\u0022,\\u0022galleryBorderRadius\\u0022:0,\\u0022customCSS\\u0022:\\u0022.pgcsimplygalleryblock-slider-content {\\u005cn\/* \\u005ctmargin: 0 -35px; *\/\\u005cn}\\u005cn\\u005cn.pgcsimplygalleryblock-masonry-collection {\\u005cn\/* \\u005ctoverflow: hidden; *\/\\u005cn}\\u0022,\\u0022tagsFilter\\u0022:false,\\u0022tagCloudAll\\u0022:\\u0022All\\u0022,\\u0022tagCloudBgColor\\u0022:\\u0022rgba(153,153,153,1)\\u0022,\\u0022tagCloudBgColorOver\\u0022:\\u0022rgba(253,253,253,1)\\u0022,\\u0022tagCloudTextColor\\u0022:\\u0022rgba(253,253,253,1)\\u0022,\\u0022tagCloudTextColorOver\\u0022:\\u0022rgba(153,153,153,1)\\u0022,\\u0022tagCloudFontSize\\u0022:16,\\u0022modaBgColor\\u0022:\\u0022rgba(0,0,0,0.8)\\u0022,\\u0022modalIconColor\\u0022:\\u0022rgba(255,255,255,1)\\u0022,\\u0022modalIconColorHover\\u0022:\\u0022rgba(255,255,255,0.8)\\u0022,\\u0022shareFacebook\\u0022:false,\\u0022shareTwitter\\u0022:false,\\u0022sharePinterest\\u0022:false,\\u0022sliderItemDownload\\u0022:false,\\u0022shareCopyLink\\u0022:false,\\u0022sharePost\\u0022:\\u0022sharelink\\u0022,\\u0022copyRProtection\\u0022:false,\\u0022copyRAlert\\u0022:\\u0022Hello, this photo is mine!\\u0022,\\u0022sliderScrollNavi\\u0022:false,\\u0022sliderFullSizeViewMode\\u0022:false,\\u0022sliderNextPrevAnimation\\u0022:\\u0022animation\\u0022,\\u0022galleryScrollPositionControll\\u0022:false,\\u0022sliderVideoAutoPlay\\u0022:false,\\u0022sliderTryPlayNext\\u0022:false,\\u0022sliderVideoLoop\\u0022:false,\\u0022sliderItemCounterEnable\\u0022:false,\\u0022sliderCaptionSrc\\u0022:\\u0022caption\\u0022,\\u0022sliderItemTitleEnable\\u0022:false,\\u0022sliderItemTitleFontSize\\u0022:18,\\u0022sliderItemTitleTextColor\\u0022:\\u0022rgba(255,255,255,1)\\u0022,\\u0022itemCounterColor\\u0022:\\u0022rgba(255,255,255,1)\\u0022,\\u0022sliderThumbBarEnable\\u0022:false,\\u0022sliderThumbBarHoverColor\\u0022:\\u0022rgba(240,240,240,1)\\u0022,\\u0022sliderBgColor\\u0022:\\u0022rgba(0,0,0,0.8)\\u0022,\\u0022sliderPreloaderColor\\u0022:\\u0022rgba(240,240,240,1)\\u0022,\\u0022sliderHeaderFooterBgColor\\u0022:\\u0022rgba(0,0,0,0.4)\\u0022,\\u0022sliderNavigationColor\\u0022:\\u0022rgba(0,0,0,0)\\u0022,\\u0022sliderNavigationColorOver\\u0022:\\u0022rgba(255,255,255,0)\\u0022,\\u0022sliderNavigationIconColor\\u0022:\\u0022rgba(255,255,255,0.8)\\u0022,\\u0022sliderNavigationIconColorOver\\u0022:\\u0022rgba(255,255,255,1)\\u0022,\\u0022sliderSlideshow\\u0022:false,\\u0022sliderSlideshowDelay\\u0022:8,\\u0022slideshowIndicatorColor\\u0022:\\u0022rgba(255,255,255,1)\\u0022,\\u0022slideshowIndicatorColorBg\\u0022:\\u0022rgba(255,255,255,0.5)\\u0022,\\u0022sliderThumbSubMenuBackgroundColor\\u0022:\\u0022rgba(255,255,255,0)\\u0022,\\u0022sliderThumbSubMenuBackgroundColorOver\\u0022:\\u0022rgba(255,255,255,0)\\u0022,\\u0022sliderThumbSubMenuIconColor\\u0022:\\u0022rgba(255,255,255,0.8)\\u0022,\\u0022sliderThumbSubMenuIconHoverColor\\u0022:\\u0022rgba(255,255,255,1)\\u0022,\\u0022sliderSocialShareEnabled\\u0022:false,\\u0022sliderZoomEnable\\u0022:false,\\u0022sliderFullscreenEnabled\\u0022:true,\\u0022skin\\u0022:\\u0022slider\\u0022}\",\"customCSS\":\".pgcsimplygalleryblock-slider-content {\\n\/* \\tmargin: 0 -35px; *\/\\n}\\n\\n.pgcsimplygalleryblock-masonry-collection {\\n\/* \\toverflow: hidden; *\/\\n}\",\"shareFacebook\":false,\"shareTwitter\":false,\"sharePinterest\":false,\"sliderItemDownload\":false,\"shareCopyLink\":false,\"sliderItemCounterEnable\":false,\"sliderThumbBarEnable\":false,\"sliderNavigationColor\":\"rgba(0,0,0,0)\",\"sliderNavigationColorOver\":\"rgba(255,255,255,0)\",\"sliderNavigationIconColor\":\"rgba(255,255,255,0.8)\",\"sliderNavigationIconColorOver\":\"rgba(255,255,255,1)\",\"sliderSlideshow\":false,\"sliderThumbSubMenuBackgroundColorOver\":\"rgba(255,255,255,0)\",\"sliderThumbSubMenuIconColor\":\"rgba(255,255,255,0.8)\",\"sliderThumbSubMenuIconHoverColor\":\"rgba(255,255,255,1)\",\"sliderSocialShareEnabled\":false,\"sliderZoomEnable\":false,\"TrpContentRestriction\":{\"restriction_type\":\"exclude\",\"selected_languages\":[],\"panel_open\":true},\"itemsMetaDataCollection\":[]}<\/script><script>(function(){if(window.PGC_SGB && window.PGC_SGB.searcher){window.PGC_SGB.searcher.initBlocks()}})()<\/script><\/div>\n\n\n<div class=\"wp-block-stackable-columns stk-block-columns stk-block stk-d215103\" data-block-id=\"d215103\"><div class=\"stk-row stk-inner-blocks stk-block-content stk-content-align stk-d215103-column\">\n<div class=\"wp-block-stackable-column stk-block-column stk-column stk-block stk-f378748\" data-v=\"4\" data-block-id=\"f378748\"><div class=\"stk-column-wrapper stk-block-column__content stk-container stk-f378748-container stk--no-background stk--no-padding\"><div class=\"stk-block-content stk-inner-blocks stk-f378748-inner-blocks\">\n<div class=\"wp-block-buttons alignwide is-content-justification-center is-layout-flex wp-container-core-buttons-is-layout-fe0a7de2 wp-block-buttons-is-layout-flex\">\n<div class=\"wp-block-button\"><a class=\"wp-block-button__link has-text-align-center wp-element-button\" href=\"#explora-nuestras-categorias-de-maquillaje\">Ver Mas<\/a><\/div>\n<\/div>\n<\/div><\/div><\/div>\n<\/div><\/div>\n<\/div><\/div><\/div>\n<\/div><\/div>\n\n\n\n<div class=\"wp-block-stackable-spacer stk-block-spacer stk--no-padding stk-block stk-8028f90\" data-block-id=\"8028f90\"><style>.stk-8028f90 {height:100px !important;}@media screen and (max-width:999px){.stk-8028f90 {height:80px !important;}}@media screen and (max-width:689px){.stk-8028f90 {height:60px !important;}}<\/style><\/div>\n\n\n\n<div class=\"wp-block-stackable-columns stk-block-columns stk-block stk-89b2f94 stk-block-background\" data-block-id=\"89b2f94\"><style>.stk-89b2f94 {background-color:var(--theme-palette-color-8, #ffffff) !important;box-shadow:0px 20px 80px 0px #c1c7d440 !important;padding-top:40px !important;padding-right:35px !important;padding-bottom:40px !important;padding-left:35px !important;margin-top:-100px !important;margin-bottom:0px !important;}.stk-89b2f94:before{background-color:var(--theme-palette-color-8, #ffffff) !important;}@media screen and (max-width:689px){.stk-89b2f94 {padding-top:8% !important;padding-right:5% !important;padding-bottom:8% !important;padding-left:5% !important;margin-top:-80px !important;}}<\/style><div class=\"stk-row stk-inner-blocks has-text-align-center-mobile stk-block-content stk-content-align stk-89b2f94-column\">\n<div class=\"wp-block-stackable-column stk-block-column stk-column stk-block stk-61238de\" data-v=\"4\" data-block-id=\"61238de\"><style>.stk-61238de-container{margin-top:0px !important;margin-right:0px !important;margin-bottom:0px !important;margin-left:0px !important;}<\/style><div class=\"stk-column-wrapper stk-block-column__content stk-container stk-61238de-container stk--no-background stk--no-padding\"><div class=\"stk-block-content stk-inner-blocks stk-61238de-inner-blocks\">\n<div class=\"wp-block-stackable-heading stk-block-heading stk-block-heading--v2 stk-block stk-a3cae07\" id=\"explora-nuestras-categorias-de-maquillaje\" data-block-id=\"a3cae07\"><style>.stk-a3cae07 {margin-bottom:25px !important;}.stk-a3cae07 .stk-block-heading__text{font-size:45px !important;font-weight:800 !important;}@media screen and (max-width:999px){.stk-a3cae07 .stk-block-heading__text{font-size:35px !important;}}@media screen and (max-width:689px){.stk-a3cae07 .stk-block-heading__text{font-size:30px !important;}}<\/style><h2 class=\"stk-block-heading__text has-text-align-center has-text-align-center-tablet\">Explora Nuestras Categor\u00edas de Maquillaje<\/h2><\/div>\n\n\n\n<div class=\"wp-block-stackable-columns stk-block-columns stk-block stk-190d486\" data-block-id=\"190d486\"><div class=\"stk-row stk-inner-blocks stk-block-content stk-content-align stk-190d486-column\">\n<div class=\"wp-block-stackable-column stk-block-column stk-column stk-block stk-260389a\" data-v=\"4\" data-block-id=\"260389a\"><div class=\"stk-column-wrapper stk-block-column__content stk-container stk-260389a-container stk--no-background stk--no-padding\"><div class=\"stk-block-content stk-inner-blocks stk-260389a-inner-blocks\"><div class=\"pgc-sgb-cb wp-block-pgcsimplygalleryblock-albumnavigator \" data-gallery-id=\"album_ff8730\"><div class=\"sgb-preloader\" id=\"pr_album_ff8730\">\n\t<div class=\"sgb-square\" style=\"background:#d4d4d4\"><\/div>\n\t<div class=\"sgb-square\" style=\"background:#d4d4d4\"><\/div>\n\t<div class=\"sgb-square\" style=\"background:#d4d4d4\"><\/div>\n\t<div class=\"sgb-square\" style=\"background:#d4d4d4\"><\/div><\/div><div class=\"simply-gallery-amp pgc-sgb-album \" style=\"display: none;\"><div class=\"sgb-gallery\"><div class=\"sgb-item\" title=\"Bodas\"><a href=\"https:\/\/momentodemaquillaje.com\/en\/pgc_simply_gallery\/bodas\/\" target=\"_blank\"><img decoding=\"async\" alt=\"Bodas\" width=\"250\" height=\"250\" loading=\"lazy\" src=\"https:\/\/momentodemaquillaje.com\/wp-content\/uploads\/2024\/12\/Cover-Bodas-Gallery-150x150.webp\" \/><\/a><div class=\"sgb-item-caption\"><em>Bodas<\/em><\/div><\/div><\/div><\/div><script type=\"application\/json\" class=\"sgb-data\">{\"presetName\":\"none\",\"skin\":\"albumnavigator\",\"galleryId\":\"album_ff8730\",\"taxonomyId\":\"213\",\"galleries\":[{\"title\":\"Bodas\",\"ID\":8694,\"id\":8694,\"modified\":\"2026-06-27 15:12:56\",\"date\":\"2024-12-28 12:46:24\",\"postLink\":\"https:\\\/\\\/momentodemaquillaje.com\\\/en\\\/pgc_simply_gallery\\\/bodas\\\/\",\"type\":\"pgc_simply_gallery\",\"slug\":\"bodas\",\"thumbURL\":\"https:\\\/\\\/momentodemaquillaje.com\\\/wp-content\\\/uploads\\\/2024\\\/12\\\/Cover-Bodas-Gallery-150x150.webp\",\"thumb\":{\"thumbnail\":{\"height\":150,\"width\":150,\"url\":\"https:\\\/\\\/momentodemaquillaje.com\\\/wp-content\\\/uploads\\\/2024\\\/12\\\/Cover-Bodas-Gallery-150x150.webp\",\"orientation\":\"landscape\"},\"medium\":{\"height\":300,\"width\":300,\"url\":\"https:\\\/\\\/momentodemaquillaje.com\\\/wp-content\\\/uploads\\\/2024\\\/12\\\/Cover-Bodas-Gallery-300x300.webp\",\"orientation\":\"landscape\"},\"trp-custom-language-flag\":{\"height\":12,\"width\":12,\"url\":\"https:\\\/\\\/momentodemaquillaje.com\\\/wp-content\\\/uploads\\\/2024\\\/12\\\/Cover-Bodas-Gallery-12x12.webp\",\"orientation\":\"landscape\"},\"full\":{\"url\":\"https:\\\/\\\/momentodemaquillaje.com\\\/wp-content\\\/uploads\\\/2024\\\/12\\\/Cover-Bodas-Gallery.webp\",\"height\":1024,\"width\":1024,\"orientation\":\"landscape\"}}}],\"splashColumns\":1,\"coverTitleTextSize\":24,\"coverTipLabel\":\"Ver Mas\",\"coverTipTextSize\":14,\"sliderItemCounterEnable\":false,\"sliderItemTitleEnable\":false,\"sliderSocialShareEnabled\":false,\"shareFacebook\":false,\"shareTwitter\":false,\"sharePinterest\":false,\"sliderItemDownload\":false,\"shareCopyLink\":false,\"galleryModalShareButton\":false,\"collectionThumbRecomendedWidth\":250,\"thumbSpacing\":40,\"externalLinkDefName\":\"Ver Mas\",\"collectionThumbSubMenuDownload\":false,\"collectionThumbSubMenuShare\":false,\"TrpContentRestriction\":{\"restriction_type\":\"exclude\",\"selected_languages\":[],\"panel_open\":false}}<\/script><script type=\"text\/javascript\">(function(){if(window.PGC_SGB && window.PGC_SGB.searcher){window.PGC_SGB.searcher.initBlocks()}})()<\/script><\/div><\/div><\/div><\/div>\n\n\n\n<div class=\"wp-block-stackable-column stk-block-column stk-column stk-block stk-530f670\" data-v=\"4\" data-block-id=\"530f670\"><div class=\"stk-column-wrapper stk-block-column__content stk-container stk-530f670-container stk--no-background stk--no-padding\"><div class=\"stk-block-content stk-inner-blocks stk-530f670-inner-blocks\"><div class=\"pgc-sgb-cb wp-block-pgcsimplygalleryblock-albumnavigator \" data-gallery-id=\"album_349874\"><div class=\"sgb-preloader\" id=\"pr_album_349874\">\n\t<div class=\"sgb-square\" style=\"background:#d4d4d4\"><\/div>\n\t<div class=\"sgb-square\" style=\"background:#d4d4d4\"><\/div>\n\t<div class=\"sgb-square\" style=\"background:#d4d4d4\"><\/div>\n\t<div class=\"sgb-square\" style=\"background:#d4d4d4\"><\/div><\/div><div class=\"simply-gallery-amp pgc-sgb-album \" style=\"display: none;\"><div class=\"sgb-gallery\"><div class=\"sgb-item\" title=\"Sesion de Fotos\"><a href=\"https:\/\/momentodemaquillaje.com\/en\/pgc_simply_gallery\/sesion-de-fotos\/\" target=\"_blank\"><img decoding=\"async\" alt=\"Sesion de Fotos\" width=\"250\" height=\"250\" loading=\"lazy\" src=\"https:\/\/momentodemaquillaje.com\/wp-content\/uploads\/2024\/12\/Cover-Sesion-de-Fotos-Gallery-150x150.webp\" \/><\/a><div class=\"sgb-item-caption\"><em>Sesion de Fotos<\/em><\/div><\/div><\/div><\/div><script type=\"application\/json\" class=\"sgb-data\">{\"presetName\":\"none\",\"skin\":\"albumnavigator\",\"galleryId\":\"album_349874\",\"taxonomyId\":\"211\",\"galleries\":[{\"title\":\"Sesion de Fotos\",\"ID\":8311,\"id\":8311,\"modified\":\"2025-10-18 17:34:35\",\"date\":\"2024-12-27 18:37:48\",\"postLink\":\"https:\\\/\\\/momentodemaquillaje.com\\\/en\\\/pgc_simply_gallery\\\/sesion-de-fotos\\\/\",\"type\":\"pgc_simply_gallery\",\"slug\":\"sesion-de-fotos\",\"thumbURL\":\"https:\\\/\\\/momentodemaquillaje.com\\\/wp-content\\\/uploads\\\/2024\\\/12\\\/Cover-Sesion-de-Fotos-Gallery-150x150.webp\",\"thumb\":{\"thumbnail\":{\"height\":150,\"width\":150,\"url\":\"https:\\\/\\\/momentodemaquillaje.com\\\/wp-content\\\/uploads\\\/2024\\\/12\\\/Cover-Sesion-de-Fotos-Gallery-150x150.webp\",\"orientation\":\"landscape\"},\"medium\":{\"height\":300,\"width\":300,\"url\":\"https:\\\/\\\/momentodemaquillaje.com\\\/wp-content\\\/uploads\\\/2024\\\/12\\\/Cover-Sesion-de-Fotos-Gallery-300x300.webp\",\"orientation\":\"landscape\"},\"trp-custom-language-flag\":{\"height\":12,\"width\":12,\"url\":\"https:\\\/\\\/momentodemaquillaje.com\\\/wp-content\\\/uploads\\\/2024\\\/12\\\/Cover-Sesion-de-Fotos-Gallery-12x12.webp\",\"orientation\":\"landscape\"},\"full\":{\"url\":\"https:\\\/\\\/momentodemaquillaje.com\\\/wp-content\\\/uploads\\\/2024\\\/12\\\/Cover-Sesion-de-Fotos-Gallery.webp\",\"height\":1024,\"width\":1024,\"orientation\":\"landscape\"}}}],\"splashColumns\":1,\"coverTitleTextSize\":24,\"coverTipLabel\":\"Ver Mas\",\"coverTipTextSize\":14,\"sliderItemCounterEnable\":false,\"sliderItemTitleEnable\":false,\"sliderSocialShareEnabled\":false,\"shareFacebook\":false,\"shareTwitter\":false,\"sharePinterest\":false,\"sliderItemDownload\":false,\"shareCopyLink\":false,\"galleryModalShareButton\":false,\"collectionThumbRecomendedWidth\":250,\"thumbSpacing\":40,\"externalLinkDefName\":\"Ver Mas\",\"collectionThumbSubMenuDownload\":false,\"collectionThumbSubMenuShare\":false,\"TrpContentRestriction\":{\"restriction_type\":\"exclude\",\"selected_languages\":[],\"panel_open\":false}}<\/script><script type=\"text\/javascript\">(function(){if(window.PGC_SGB && window.PGC_SGB.searcher){window.PGC_SGB.searcher.initBlocks()}})()<\/script><\/div><\/div><\/div><\/div>\n<\/div><\/div>\n\n\n\n<div class=\"wp-block-stackable-columns stk-block-columns stk-block stk-5f06a20\" data-block-id=\"5f06a20\"><div class=\"stk-row stk-inner-blocks stk-block-content stk-content-align stk-5f06a20-column\">\n<div class=\"wp-block-stackable-column stk-block-column stk-column stk-block stk-face4fc\" data-v=\"4\" data-block-id=\"face4fc\"><div class=\"stk-column-wrapper stk-block-column__content stk-container stk-face4fc-container stk--no-background stk--no-padding\"><div class=\"stk-block-content stk-inner-blocks stk-face4fc-inner-blocks\"><div class=\"pgc-sgb-cb wp-block-pgcsimplygalleryblock-albumnavigator \" data-gallery-id=\"album_0da053\"><div class=\"sgb-preloader\" id=\"pr_album_0da053\">\n\t<div class=\"sgb-square\" style=\"background:#d4d4d4\"><\/div>\n\t<div class=\"sgb-square\" style=\"background:#d4d4d4\"><\/div>\n\t<div class=\"sgb-square\" style=\"background:#d4d4d4\"><\/div>\n\t<div class=\"sgb-square\" style=\"background:#d4d4d4\"><\/div><\/div><div class=\"simply-gallery-amp pgc-sgb-album \" style=\"display: none;\"><div class=\"sgb-gallery\"><div class=\"sgb-item\" title=\"Peliculas\"><a href=\"https:\/\/momentodemaquillaje.com\/en\/pgc_simply_gallery\/peliculas\/\" target=\"_blank\"><img decoding=\"async\" alt=\"Peliculas\" width=\"250\" height=\"250\" loading=\"lazy\" src=\"https:\/\/momentodemaquillaje.com\/wp-content\/uploads\/2024\/12\/Cover-Peliculas-Gallery-150x150.webp\" \/><\/a><div class=\"sgb-item-caption\"><em>Peliculas<\/em><\/div><\/div><\/div><\/div><script type=\"application\/json\" class=\"sgb-data\">{\"presetName\":\"none\",\"skin\":\"albumnavigator\",\"galleryId\":\"album_0da053\",\"taxonomyId\":\"210\",\"galleries\":[{\"title\":\"Peliculas\",\"ID\":8279,\"id\":8279,\"modified\":\"2024-12-28 11:56:41\",\"date\":\"2024-12-27 18:19:16\",\"postLink\":\"https:\\\/\\\/momentodemaquillaje.com\\\/en\\\/pgc_simply_gallery\\\/peliculas\\\/\",\"type\":\"pgc_simply_gallery\",\"slug\":\"peliculas\",\"thumbURL\":\"https:\\\/\\\/momentodemaquillaje.com\\\/wp-content\\\/uploads\\\/2024\\\/12\\\/Cover-Peliculas-Gallery-150x150.webp\",\"thumb\":{\"thumbnail\":{\"height\":150,\"width\":150,\"url\":\"https:\\\/\\\/momentodemaquillaje.com\\\/wp-content\\\/uploads\\\/2024\\\/12\\\/Cover-Peliculas-Gallery-150x150.webp\",\"orientation\":\"landscape\"},\"medium\":{\"height\":300,\"width\":300,\"url\":\"https:\\\/\\\/momentodemaquillaje.com\\\/wp-content\\\/uploads\\\/2024\\\/12\\\/Cover-Peliculas-Gallery-300x300.webp\",\"orientation\":\"landscape\"},\"trp-custom-language-flag\":{\"height\":12,\"width\":12,\"url\":\"https:\\\/\\\/momentodemaquillaje.com\\\/wp-content\\\/uploads\\\/2024\\\/12\\\/Cover-Peliculas-Gallery-12x12.webp\",\"orientation\":\"landscape\"},\"full\":{\"url\":\"https:\\\/\\\/momentodemaquillaje.com\\\/wp-content\\\/uploads\\\/2024\\\/12\\\/Cover-Peliculas-Gallery.webp\",\"height\":500,\"width\":500,\"orientation\":\"landscape\"}}}],\"coverTitleTextSize\":24,\"coverTipLabel\":\"Ver Mas\",\"coverTipTextSize\":14,\"sliderItemCounterEnable\":false,\"sliderItemTitleEnable\":false,\"sliderSocialShareEnabled\":false,\"shareFacebook\":false,\"shareTwitter\":false,\"sharePinterest\":false,\"sliderItemDownload\":false,\"shareCopyLink\":false,\"galleryModalShareButton\":false,\"collectionThumbRecomendedWidth\":250,\"thumbSpacing\":40,\"externalLinkDefName\":\"Ver Mas\",\"collectionThumbSubMenuDownload\":false,\"collectionThumbSubMenuShare\":false,\"TrpContentRestriction\":{\"restriction_type\":\"exclude\",\"selected_languages\":[],\"panel_open\":false}}<\/script><script type=\"text\/javascript\">(function(){if(window.PGC_SGB && window.PGC_SGB.searcher){window.PGC_SGB.searcher.initBlocks()}})()<\/script><\/div><\/div><\/div><\/div>\n\n\n\n<div class=\"wp-block-stackable-column stk-block-column stk-column stk-block stk-3ddb774\" data-v=\"4\" data-block-id=\"3ddb774\"><div class=\"stk-column-wrapper stk-block-column__content stk-container stk-3ddb774-container stk--no-background stk--no-padding\"><div class=\"stk-block-content stk-inner-blocks stk-3ddb774-inner-blocks\"><div class=\"pgc-sgb-cb wp-block-pgcsimplygalleryblock-albumnavigator \" data-gallery-id=\"album_b4a114\"><div class=\"sgb-preloader\" id=\"pr_album_b4a114\">\n\t<div class=\"sgb-square\" style=\"background:#d4d4d4\"><\/div>\n\t<div class=\"sgb-square\" style=\"background:#d4d4d4\"><\/div>\n\t<div class=\"sgb-square\" style=\"background:#d4d4d4\"><\/div>\n\t<div class=\"sgb-square\" style=\"background:#d4d4d4\"><\/div><\/div><div class=\"simply-gallery-amp pgc-sgb-album \" style=\"display: none;\"><div class=\"sgb-gallery\"><div class=\"sgb-item\" title=\"Publicidades\"><a href=\"https:\/\/momentodemaquillaje.com\/en\/pgc_simply_gallery\/publicidades\/\" target=\"_blank\"><img decoding=\"async\" alt=\"Publicidades\" width=\"250\" height=\"250\" loading=\"lazy\" src=\"https:\/\/momentodemaquillaje.com\/wp-content\/uploads\/2024\/12\/Cover-Publicidad-Gallery-150x150.webp\" \/><\/a><div class=\"sgb-item-caption\"><em>Publicidades<\/em><\/div><\/div><\/div><\/div><script type=\"application\/json\" class=\"sgb-data\">{\"presetName\":\"none\",\"skin\":\"albumnavigator\",\"galleryId\":\"album_b4a114\",\"taxonomyId\":\"212\",\"galleries\":[{\"title\":\"Publicidades\",\"ID\":8609,\"id\":8609,\"modified\":\"2026-07-20 16:54:28\",\"date\":\"2024-12-27 20:01:30\",\"postLink\":\"https:\\\/\\\/momentodemaquillaje.com\\\/en\\\/pgc_simply_gallery\\\/publicidades\\\/\",\"type\":\"pgc_simply_gallery\",\"slug\":\"publicidades\",\"thumbURL\":\"https:\\\/\\\/momentodemaquillaje.com\\\/wp-content\\\/uploads\\\/2024\\\/12\\\/Cover-Publicidad-Gallery-150x150.webp\",\"thumb\":{\"thumbnail\":{\"height\":150,\"width\":150,\"url\":\"https:\\\/\\\/momentodemaquillaje.com\\\/wp-content\\\/uploads\\\/2024\\\/12\\\/Cover-Publicidad-Gallery-150x150.webp\",\"orientation\":\"landscape\"},\"medium\":{\"height\":300,\"width\":300,\"url\":\"https:\\\/\\\/momentodemaquillaje.com\\\/wp-content\\\/uploads\\\/2024\\\/12\\\/Cover-Publicidad-Gallery-300x300.webp\",\"orientation\":\"landscape\"},\"trp-custom-language-flag\":{\"height\":12,\"width\":12,\"url\":\"https:\\\/\\\/momentodemaquillaje.com\\\/wp-content\\\/uploads\\\/2024\\\/12\\\/Cover-Publicidad-Gallery-12x12.webp\",\"orientation\":\"landscape\"},\"full\":{\"url\":\"https:\\\/\\\/momentodemaquillaje.com\\\/wp-content\\\/uploads\\\/2024\\\/12\\\/Cover-Publicidad-Gallery.webp\",\"height\":500,\"width\":500,\"orientation\":\"landscape\"}}}],\"coverTitleTextSize\":24,\"coverTipLabel\":\"Ver Mas\",\"coverTipTextSize\":14,\"sliderItemCounterEnable\":false,\"sliderItemTitleEnable\":false,\"sliderSocialShareEnabled\":false,\"shareFacebook\":false,\"shareTwitter\":false,\"sharePinterest\":false,\"sliderItemDownload\":false,\"shareCopyLink\":false,\"galleryModalShareButton\":false,\"collectionThumbRecomendedWidth\":250,\"thumbSpacing\":40,\"externalLinkDefName\":\"Ver Mas\",\"collectionThumbSubMenuDownload\":false,\"collectionThumbSubMenuShare\":false,\"TrpContentRestriction\":{\"restriction_type\":\"exclude\",\"selected_languages\":[],\"panel_open\":false}}<\/script><script type=\"text\/javascript\">(function(){if(window.PGC_SGB && window.PGC_SGB.searcher){window.PGC_SGB.searcher.initBlocks()}})()<\/script><\/div><\/div><\/div><\/div>\n\n\n\n<div class=\"wp-block-stackable-column stk-block-column stk-column stk-block stk-a74d8e2\" data-v=\"4\" data-block-id=\"a74d8e2\"><div class=\"stk-column-wrapper stk-block-column__content stk-container stk-a74d8e2-container stk--no-background stk--no-padding\"><div class=\"stk-block-content stk-inner-blocks stk-a74d8e2-inner-blocks\"><div class=\"pgc-sgb-cb wp-block-pgcsimplygalleryblock-albumnavigator \" data-gallery-id=\"album_4dd831\"><div class=\"sgb-preloader\" id=\"pr_album_4dd831\">\n\t<div class=\"sgb-square\" style=\"background:#d4d4d4\"><\/div>\n\t<div class=\"sgb-square\" style=\"background:#d4d4d4\"><\/div>\n\t<div class=\"sgb-square\" style=\"background:#d4d4d4\"><\/div>\n\t<div class=\"sgb-square\" style=\"background:#d4d4d4\"><\/div><\/div><div class=\"simply-gallery-amp pgc-sgb-album \" style=\"display: none;\"><div class=\"sgb-gallery\"><div class=\"sgb-item\" title=\"Teatro\"><a href=\"https:\/\/momentodemaquillaje.com\/en\/pgc_simply_gallery\/teatro\/\" target=\"_blank\"><img decoding=\"async\" alt=\"Teatro\" width=\"250\" height=\"250\" loading=\"lazy\" src=\"https:\/\/momentodemaquillaje.com\/wp-content\/uploads\/2024\/12\/Cover-Teatro-Gallery-150x150.jpg\" \/><\/a><div class=\"sgb-item-caption\"><em>Teatro<\/em><\/div><\/div><\/div><\/div><script type=\"application\/json\" class=\"sgb-data\">{\"presetName\":\"none\",\"skin\":\"albumnavigator\",\"galleryId\":\"album_4dd831\",\"taxonomyId\":\"209\",\"galleries\":[{\"title\":\"Teatro\",\"ID\":8246,\"id\":8246,\"modified\":\"2024-12-28 12:56:01\",\"date\":\"2024-12-27 18:06:11\",\"postLink\":\"https:\\\/\\\/momentodemaquillaje.com\\\/en\\\/pgc_simply_gallery\\\/teatro\\\/\",\"type\":\"pgc_simply_gallery\",\"slug\":\"teatro\",\"thumbURL\":\"https:\\\/\\\/momentodemaquillaje.com\\\/wp-content\\\/uploads\\\/2024\\\/12\\\/Cover-Teatro-Gallery-150x150.jpg\",\"thumb\":{\"thumbnail\":{\"height\":150,\"width\":150,\"url\":\"https:\\\/\\\/momentodemaquillaje.com\\\/wp-content\\\/uploads\\\/2024\\\/12\\\/Cover-Teatro-Gallery-150x150.jpg\",\"orientation\":\"landscape\"},\"medium\":{\"height\":300,\"width\":300,\"url\":\"https:\\\/\\\/momentodemaquillaje.com\\\/wp-content\\\/uploads\\\/2024\\\/12\\\/Cover-Teatro-Gallery-300x300.jpg\",\"orientation\":\"landscape\"},\"trp-custom-language-flag\":{\"height\":12,\"width\":12,\"url\":\"https:\\\/\\\/momentodemaquillaje.com\\\/wp-content\\\/uploads\\\/2024\\\/12\\\/Cover-Teatro-Gallery-12x12.jpg\",\"orientation\":\"landscape\"},\"full\":{\"url\":\"https:\\\/\\\/momentodemaquillaje.com\\\/wp-content\\\/uploads\\\/2024\\\/12\\\/Cover-Teatro-Gallery.jpg\",\"height\":500,\"width\":500,\"orientation\":\"landscape\"}}}],\"coverTitleTextSize\":24,\"coverTipLabel\":\"Ver Mas\",\"coverTipTextSize\":14,\"sliderItemCounterEnable\":false,\"sliderItemTitleEnable\":false,\"sliderSocialShareEnabled\":false,\"shareFacebook\":false,\"shareTwitter\":false,\"sharePinterest\":false,\"sliderItemDownload\":false,\"shareCopyLink\":false,\"galleryModalShareButton\":false,\"collectionThumbRecomendedWidth\":250,\"thumbSpacing\":40,\"externalLinkDefName\":\"Ver Mas\",\"collectionThumbSubMenuDownload\":false,\"collectionThumbSubMenuShare\":false,\"TrpContentRestriction\":{\"restriction_type\":\"exclude\",\"selected_languages\":[],\"panel_open\":false}}<\/script><script type=\"text\/javascript\">(function(){if(window.PGC_SGB && window.PGC_SGB.searcher){window.PGC_SGB.searcher.initBlocks()}})()<\/script><\/div><\/div><\/div><\/div>\n<\/div><\/div>\n<\/div><\/div><\/div>\n<\/div><\/div>\n\n\n\n<div class=\"wp-block-stackable-spacer stk-block-spacer stk--no-padding stk-block stk-2c575e4\" data-block-id=\"2c575e4\"><style>.stk-2c575e4 {height:100px !important;}@media screen and (max-width:999px){.stk-2c575e4 {height:50px !important;}}@media screen and (max-width:689px){.stk-2c575e4 {height:30px !important;}}<\/style><\/div>\n\n\n\n<div class=\"wp-block-stackable-columns alignfull stk-block-columns stk-block stk-ce31244 stk-block-background stk--has-background-overlay\" id=\"contacto\" data-block-id=\"ce31244\"><style>.stk-ce31244 {background-color:transparent !important;background-image:url(http:\/\/momentodemaquillaje.com\/wp-content\/uploads\/2021\/07\/flower-decoration-2.svg) !important;background-position:bottom right !important;background-repeat:no-repeat !important;background-size:700px !important;padding-top:0px !important;padding-right:0px !important;padding-bottom:0px !important;padding-left:0px !important;margin-bottom:0px !important;overflow:visible !important;}.stk-ce31244:before{background-color:transparent !important;opacity:0.5 !important;}.stk-ce31244 .stk-container{overflow:visible !important;}@media screen and (max-width:999px){.stk-ce31244 {background-position:top center !important;background-size:400px !important;}}<\/style><div class=\"stk-row stk-inner-blocks stk-block-content stk-content-align stk-ce31244-column\">\n<div class=\"wp-block-stackable-column stk-block-column stk-column stk-block stk-5933707\" data-v=\"4\" data-block-id=\"5933707\"><style>.stk-5933707-container{margin-top:0px !important;margin-right:0px !important;margin-bottom:0px !important;margin-left:0px !important;box-shadow:0px 20px 80px 0px #c1c7d440 !important;padding-top:8% !important;padding-right:20% !important;padding-bottom:8% !important;padding-left:20% !important;}@media screen and (max-width:999px){.stk-5933707-container{padding-top:8% !important;padding-right:8% !important;padding-bottom:8% !important;padding-left:8% !important;}}@media screen and (max-width:689px){.stk-5933707-container{padding-top:10% !important;padding-right:10% !important;padding-bottom:10% !important;padding-left:10% !important;}}<\/style><div class=\"stk-column-wrapper stk-block-column__content stk-container stk-5933707-container stk-hover-parent\"><div class=\"stk-block-content stk-inner-blocks stk-5933707-inner-blocks\">\n<div class=\"wp-block-stackable-heading stk-block-heading stk-block-heading--v2 stk-block stk-64a7a88\" id=\"contactame-para-una-consulta-gratuita\" data-block-id=\"64a7a88\"><style>.stk-64a7a88 {max-width:762px !important;min-width:auto !important;margin-right:auto !important;margin-bottom:25px !important;margin-left:auto !important;}.stk-64a7a88 .stk-block-heading__text{font-size:35px !important;line-height:1.5em !important;font-weight:800 !important;}@media screen and (max-width:999px){.stk-64a7a88 {max-width:100% !important;min-width:auto !important;}.stk-64a7a88 .stk-block-heading__text{font-size:35px !important;}}@media screen and (max-width:689px){.stk-64a7a88 {margin-bottom:35px !important;}.stk-64a7a88 .stk-block-heading__text{font-size:30px !important;}}<\/style><h3 class=\"stk-block-heading__text has-text-align-center\">Cont\u00e1ctame para una Consulta Gratuita<\/h3><\/div>\n\n\n\n<p class=\"has-35-font-size wp-block-paragraph\">No importa si buscas maquillaje para un d\u00eda especial o una producci\u00f3n profesional estoy aqu\u00ed para ayudarte. Soy Madalina, <a href=\"http:\/\/www.momentodemaquillaje.com\/\">maquilladora en Valencia<\/a>, cont\u00e1ctame para m\u00e1s informaci\u00f3n.<\/p>\n\n\n\n<div class=\"wp-block-stackable-columns stk-block-columns stk-block stk-b09b78d\" data-block-id=\"b09b78d\"><style>.stk-b09b78d .stk--block-align-b09b78d{align-items:center !important;}.stk-b09b78d {margin-bottom:22px !important;}.stk-b09b78d-column{justify-content:center !important;}<\/style><div class=\"stk-row stk-inner-blocks has-text-align-center stk--block-align-b09b78d stk-block-content stk-content-align stk-b09b78d-column stk--flex\">\n<div class=\"wp-block-stackable-column stk-block-column stk-column stk-block stk-294dd71\" data-v=\"4\" data-block-id=\"294dd71\"><div class=\"stk-column-wrapper stk-block-column__content stk-container stk-294dd71-container stk--no-background stk--no-padding\"><div class=\"stk-block-content stk-inner-blocks stk-294dd71-inner-blocks\"><div class=\"ct-block-wrapper\">\n<div class=\"ct-contact-info-block \" style=\"--theme-icon-size:20px;--background-color:rgba(218, 222, 228, 0.5);--background-hover-color:rgba(218, 222, 228, 0.7);\">\n\t\t<ul data-icons-type=\"rounded:outline\">\n\t\t\t\t\t\t\t\t\t\t\t<li class=\"\">\n\t\t\t\t\t<span class=\"ct-icon-container\"><svg width=\"18\" height=\"18\" viewBox=\"0 0 20 20\" aria-hidden=\"true\"><path d=\"M10,0C4.5,0,0,4.5,0,10s4.5,10,10,10s10-4.5,10-10S15.5,0,10,0z M10,18.2c-4.5,0-8.2-3.7-8.2-8.2c0-4.5,3.7-8.2,8.2-8.2c4.5,0,8.2,3.7,8.2,8.2C18.2,14.5,14.5,18.2,10,18.2z M14.4,12.2c-0.2,0.3-0.5,0.5-0.8,0.5c-0.1,0-0.3,0-0.4-0.1l-3.6-1.8c-0.3-0.2-0.5-0.5-0.5-0.8V4.5C9.1,4,9.5,3.6,10,3.6s0.9,0.4,0.9,0.9v4.9L14,11C14.5,11.2,14.7,11.8,14.4,12.2z\"\/><\/svg><\/span>\n\t\t\t\t\t\t\t\t\t\t\t<div class=\"contact-info\">\n\t\t\t\t\t\t\t\t\t\t\t\t\t\t\t<span class=\"contact-title\">\n\t\t\t\t\t\t\t\t\tAbierto\t\t\t\t\t\t\t\t<\/span>\n\t\t\t\t\t\t\t\n\t\t\t\t\t\t\t\t\t\t\t\t\t\t\t<span class=\"contact-text\">\n\t\t\t\t\t\t\t\t\t\n\t\t\t\t\t\t\t\t\t9AM &#8211; 9PM\n\t\t\t\t\t\t\t\t\t\t\t\t\t\t\t\t\t<\/span>\n\t\t\t\t\t\t\t\t\t\t\t\t\t<\/div>\n\t\t\t\t\t\t\t\t\t<\/li>\n\t\t\t\t\t\t\t\t\t\t\t<li class=\"\">\n\t\t\t\t\t<span class=\"ct-icon-container\"><svg width=\"18\" height=\"18\" viewBox=\"0 0 20 20\" aria-hidden=\"true\"><path d=\"M13.5,20H6.5c-1.6,0-2.9-1.3-2.9-2.9V2.9C3.5,1.3,4.8,0,6.5,0h7.1c1.6,0,2.9,1.3,2.9,2.9v14.1C16.5,18.7,15.2,20,13.5,20zM6.7,1.7C5.8,1.7,5,2.5,5,3.4v13.2c0,0.9,0.7,1.7,1.7,1.7h6.6c0.9,0,1.7-0.7,1.7-1.7V3.4c0-0.9-0.7-1.7-1.7-1.7H6.7z\"\/><path d=\"M11.2,4.4H8.8c-0.3,0-0.6-0.3-0.6-0.6s0.3-0.6,0.6-0.6h2.4c0.3,0,0.6,0.3,0.6,0.6S11.5,4.4,11.2,4.4z\"\/><circle cx=\"10\" cy=\"15.7\" r=\"1.2\"\/><\/svg><\/span>\n\t\t\t\t\t\t\t\t\t\t\t<div class=\"contact-info\">\n\t\t\t\t\t\t\t\t\t\t\t\t\t\t\t<span class=\"contact-title\">\n\t\t\t\t\t\t\t\t\tTel\u00e9fono:\t\t\t\t\t\t\t\t<\/span>\n\t\t\t\t\t\t\t\n\t\t\t\t\t\t\t\t\t\t\t\t\t\t\t<span class=\"contact-text\">\n\t\t\t\t\t\t\t\t\t\t\t\t\t\t\t\t\t\t\t<a href=\"tel:+34607016476\" rel=\"nofollow\">\n\t\t\t\t\t\t\t\t\t\n\t\t\t\t\t\t\t\t\t+34 607 01 64 76\n\t\t\t\t\t\t\t\t\t\t\t\t\t\t\t\t\t\t\t<\/a>\n\t\t\t\t\t\t\t\t\t\t\t\t\t\t\t\t\t<\/span>\n\t\t\t\t\t\t\t\t\t\t\t\t\t<\/div>\n\t\t\t\t\t\t\t\t\t<\/li>\n\t\t\t\t\t\t\t\t\t\t\t<li class=\"\">\n\t\t\t\t\t<span class=\"ct-icon-container\"><svg width=\"18\" height=\"18\" viewBox=\"0 0 20 20\" aria-hidden=\"true\"><path d=\"M10,0C4.5,0,0,4.5,0,10s4.5,10,10,10h5v-2h-5c-4.4,0-8-3.6-8-8s3.6-8,8-8s8,3.6,8,8v1.5c0,0.8-0.7,1.5-1.5,1.5S15,12.3,15,11.5V10c0-2.7-2.3-5-5-5s-5,2.3-5,5s2.3,5,5,5c1.4,0,2.7-0.6,3.6-1.6c0.6,0.9,1.7,1.6,2.9,1.6c1.9,0,3.5-1.6,3.5-3.5V10C20,4.5,15.5,0,10,0zM10,7c1.7,0,3,1.3,3,3s-1.3,3-3,3s-3-1.3-3-3S8.3,7,10,7z\"\/><\/svg><\/span>\n\t\t\t\t\t\t\t\t\t\t\t<div class=\"contact-info\">\n\t\t\t\t\t\t\t\t\t\t\t\t\t\t\t<span class=\"contact-title\">\n\t\t\t\t\t\t\t\t\tCorreo\t\t\t\t\t\t\t\t<\/span>\n\t\t\t\t\t\t\t\n\t\t\t\t\t\t\t\t\t\t\t\t\t\t\t<span class=\"contact-text\">\n\t\t\t\t\t\t\t\t\t\t\t\t\t\t\t\t\t\t\t<a href=\"mailto:co&#110;&#116;a&#099;t&#064;&#109;om&#101;ntod&#101;&#109;a&#113;uill&#097;j&#101;.&#099;&#111;&#109;\" rel=\"nofollow\">\n\t\t\t\t\t\t\t\t\t\n\t\t\t\t\t\t\t\t\tc&#111;&#110;&#116;a&#99;&#116;&#64;&#109;om&#101;nt&#111;d&#101;&#109;&#97;&#113;ui&#108;l&#97;&#106;&#101;.&#99;o&#109;\n\t\t\t\t\t\t\t\t\t\t\t\t\t\t\t\t\t\t\t<\/a>\n\t\t\t\t\t\t\t\t\t\t\t\t\t\t\t\t\t<\/span>\n\t\t\t\t\t\t\t\t\t\t\t\t\t<\/div>\n\t\t\t\t\t\t\t\t\t<\/li>\n\t\t\t\t\t<\/ul>\n\n\t\t<\/div>\n<\/div><\/div><\/div><\/div>\n<\/div><\/div>\n\n\n<div class=\"wpforms-container wpforms-block wpforms-block-b0b2259d-076c-471d-870e-6c2373ba5d33 ct-custom-button ct-align-center ct-custom-spacing wpforms-render-modern\" id=\"wpforms-205\"><form id=\"wpforms-form-205\" class=\"wpforms-validate wpforms-form\" data-formid=\"205\" method=\"post\" enctype=\"multipart\/form-data\" action=\"\/en\/wp-json\/wp\/v2\/pages\/851\" data-token=\"f4073f2e17cedb8e98fbfe93198f2f6b\" data-token-time=\"1788240554\"><noscript class=\"wpforms-error-noscript\">Please enable JavaScript in your browser to complete this form.<\/noscript><div id=\"wpforms-error-noscript\" style=\"display: none;\">Please enable JavaScript in your browser to complete this form.<\/div><div class=\"wpforms-field-container\"><div id=\"wpforms-205-field_0-container\" class=\"wpforms-field wpforms-field-name wpforms-one-third wpforms-first\" data-field-id=\"0\"><label class=\"wpforms-field-label wpforms-label-hide\" for=\"wpforms-205-field_0\" aria-hidden=\"false\">Nombre <span class=\"wpforms-required-label\" aria-hidden=\"true\">*<\/span><\/label><input type=\"text\" id=\"wpforms-205-field_0\" class=\"wpforms-field-large wpforms-field-required\" name=\"wpforms[fields][0]\" placeholder=\"Nombre\" aria-errormessage=\"wpforms-205-field_0-error\" required><\/div>\t\t<div id=\"wpforms-205-field_3-container\"\n\t\t\tclass=\"wpforms-field wpforms-field-text\"\n\t\t\tdata-field-type=\"text\"\n\t\t\tdata-field-id=\"3\"\n\t\t\t>\n\t\t\t<label class=\"wpforms-field-label\" for=\"wpforms-205-field_3\" >Nombre Correo Mensaje<\/label>\n\t\t\t<input type=\"text\" id=\"wpforms-205-field_3\" class=\"wpforms-field-medium\" name=\"wpforms[fields][3]\" >\n\t\t<\/div>\n\t\t<div id=\"wpforms-205-field_1-container\" class=\"wpforms-field wpforms-field-email wpforms-one-third\" data-field-id=\"1\"><label class=\"wpforms-field-label wpforms-label-hide\" for=\"wpforms-205-field_1\" aria-hidden=\"false\">Correo <span class=\"wpforms-required-label\" aria-hidden=\"true\">*<\/span><\/label><input type=\"email\" id=\"wpforms-205-field_1\" class=\"wpforms-field-large wpforms-field-required\" name=\"wpforms[fields][1]\" placeholder=\"Correo\" spellcheck=\"false\" aria-errormessage=\"wpforms-205-field_1-error\" required><\/div><div id=\"wpforms-205-field_6-container\" class=\"wpforms-field wpforms-field-text wpforms-one-third\" data-field-id=\"6\"><label class=\"wpforms-field-label wpforms-label-hide\" for=\"wpforms-205-field_6\" aria-hidden=\"false\">Telefono<\/label><input type=\"text\" id=\"wpforms-205-field_6\" class=\"wpforms-field-large\" name=\"wpforms[fields][6]\" placeholder=\"Tel\u00e9fono\" aria-errormessage=\"wpforms-205-field_6-error\" ><\/div><div id=\"wpforms-205-field_2-container\" class=\"wpforms-field wpforms-field-textarea wpforms-first\" data-field-id=\"2\"><label class=\"wpforms-field-label wpforms-label-hide\" for=\"wpforms-205-field_2\" aria-hidden=\"false\">Mensaje <span class=\"wpforms-required-label\" aria-hidden=\"true\">*<\/span><\/label><textarea id=\"wpforms-205-field_2\" class=\"wpforms-field-medium wpforms-field-required\" name=\"wpforms[fields][2]\" placeholder=\"Mensaje\" aria-errormessage=\"wpforms-205-field_2-error\" required><\/textarea><\/div><script>\n\t\t\t\t( function() {\n\t\t\t\t\tconst style = document.createElement( 'style' );\n\t\t\t\t\tstyle.appendChild( document.createTextNode( '#wpforms-205-field_3-container { position: absolute !important; overflow: hidden !important; display: inline !important; height: 1px !important; width: 1px !important; z-index: -1000 !important; padding: 0 !important; } #wpforms-205-field_3-container input { visibility: hidden; } #wpforms-conversational-form-page #wpforms-205-field_3-container label { counter-increment: none; }' ) );\n\t\t\t\t\tdocument.head.appendChild( style );\n\t\t\t\t\tdocument.currentScript?.remove();\n\t\t\t\t} )();\n\t\t\t<\/script><\/div><!-- .wpforms-field-container --><div class=\"wpforms-recaptcha-container wpforms-is-turnstile\" ><div class=\"wpforms-turnstile\" data-sitekey=\"0x4AAAAAABc5A0qRU06O9v3q\" data-action=\"FormID-205\"><\/div><input type=\"text\" name=\"g-recaptcha-hidden\" class=\"wpforms-recaptcha-hidden\" style=\"position:absolute!important;clip:rect(0,0,0,0)!important;height:1px!important;width:1px!important;border:0!important;overflow:hidden!important;padding:0!important;margin:0!important;\" data-rule-turnstile=\"1\"><\/div><div class=\"wpforms-submit-container\" ><input type=\"hidden\" name=\"wpforms[id]\" value=\"205\"><input type=\"hidden\" name=\"page_title\" value=\"\"><input type=\"hidden\" name=\"page_url\" value=\"https:\/\/momentodemaquillaje.com\/en\/wp-json\/wp\/v2\/pages\/851\"><input type=\"hidden\" name=\"url_referer\" value=\"\"><button type=\"submit\" name=\"wpforms[submit]\" id=\"wpforms-submit-205\" class=\"wpforms-submit\" data-alt-text=\"Enviar...\" data-submit-text=\"Enviar\" aria-live=\"assertive\" value=\"wpforms-submit\">Enviar<\/button><\/div><\/form><\/div>  <!-- .wpforms-container --><\/div><\/div><\/div>\n<\/div><\/div>\n\n\n\n<div class=\"wp-block-stackable-spacer stk-block-spacer stk--no-padding stk-block stk-a502271\" data-block-id=\"a502271\"><style>.stk-a502271 {height:130px !important;}@media screen and (max-width:999px){.stk-a502271 {height:80px !important;}}@media screen and (max-width:689px){.stk-a502271 {height:50px !important;}}<\/style><\/div>\n","protected":false},"excerpt":{"rendered":"<p>Galer\u00eda de maquillaje Explora nuestros trabajos m\u00e1s destacados en bodas, eventos, pasarelas, y m\u00e1s. Colaboraciones y trabajos destacados Explora Nuestras Categor\u00edas de Maquillaje Cont\u00e1ctame para una Consulta Gratuita No importa si buscas maquillaje para un d\u00eda especial o una producci\u00f3n profesional estoy aqu\u00ed para ayudarte. Soy Madalina, maquilladora en Valencia, cont\u00e1ctame para m\u00e1s informaci\u00f3n.<\/p>","protected":false},"author":1,"featured_media":0,"parent":0,"menu_order":0,"comment_status":"closed","ping_status":"closed","template":"","meta":{"pgc_sgb_lightbox_settings":"","_joinchat":[],"footnotes":""},"class_list":["post-851","page","type-page","status-publish","hentry"],"blocksy_meta":{"page_title_panel":"","has_hero_section":"disabled","5fd8ae0ffcf559d6a59387d08403c19e":"","hero_section":"type-1","hero_elements":[{"id":"custom_title","enabled":true,"heading_tag":"h1","title":"Home"},{"id":"custom_description","enabled":true,"description_visibility":{"desktop":true,"tablet":true,"mobile":false}},{"id":"custom_meta","enabled":false,"meta_elements":[{"id":"author","enabled":true,"label":"By","has_author_avatar":"yes","avatar_size":25},{"id":"post_date","enabled":true,"label":"On","date_format_source":"default","date_format":"M j, Y"},{"id":"updated_date","enabled":false,"label":"On","date_format_source":"default","date_format":"M j, Y"},{"id":"categories","enabled":false,"label":"In","style":"simple"},{"id":"comments","enabled":true}],"page_meta_elements":{"joined":true,"articles_count":true,"comments":true}},{"id":"breadcrumbs","enabled":false}],"f34b86d0ae5f819c85a8b5d03675e2b1":"","hero_alignment1":"CT_CSS_SKIP_RULE","hero_margin":40,"hero_alignment2":"center","hero_vertical_alignment":"center","ce71f34d86c686273bc31aacb9f7b079":"","hero_structure":"narrow","b580d2d557c5436d2c2c462978e22cac":"","page_title_bg_type":"featured_image","custom_hero_background":{"attachment_id":null},"parallax":{"desktop":false,"tablet":false,"mobile":false},"e6469cda8155a8bd644b824191e5d1ca":"","hero_height":"250px","pageTitleFont":{"family":"Default","variation":"Default","size":"30px","line-height":"CT_CSS_SKIP_RULE","letter-spacing":"CT_CSS_SKIP_RULE","text-transform":"CT_CSS_SKIP_RULE","text-decoration":"CT_CSS_SKIP_RULE"},"pageTitleFontColor":{"default":{"color":"CT_CSS_SKIP_RULEDEFAULT"}},"pageMetaFont":{"family":"Default","variation":"n6","size":"12px","line-height":"1.3","letter-spacing":"CT_CSS_SKIP_RULE","text-transform":"uppercase","text-decoration":"CT_CSS_SKIP_RULE"},"pageMetaFontColor":{"default":{"color":"CT_CSS_SKIP_RULEDEFAULT"},"hover":{"color":"CT_CSS_SKIP_RULEDEFAULT"}},"page_meta_button_type_font_colors":{"default":{"color":"CT_CSS_SKIP_RULEDEFAULT"},"hover":{"color":"CT_CSS_SKIP_RULEDEFAULT"}},"page_meta_button_type_background_colors":{"default":{"color":"CT_CSS_SKIP_RULEDEFAULT"},"hover":{"color":"CT_CSS_SKIP_RULEDEFAULT"}},"pageExcerptFont":{"family":"Default","variation":"Default","size":"CT_CSS_SKIP_RULE","line-height":"CT_CSS_SKIP_RULE","letter-spacing":"CT_CSS_SKIP_RULE","text-transform":"CT_CSS_SKIP_RULE","text-decoration":"CT_CSS_SKIP_RULE"},"pageExcerptColor":{"default":{"color":"CT_CSS_SKIP_RULEDEFAULT"}},"breadcrumbsFont":{"family":"Default","variation":"Default","size":"CT_CSS_SKIP_RULE","line-height":"CT_CSS_SKIP_RULE","letter-spacing":"CT_CSS_SKIP_RULE","text-transform":"CT_CSS_SKIP_RULE","text-decoration":"CT_CSS_SKIP_RULE"},"breadcrumbsFontColor":{"default":{"color":"CT_CSS_SKIP_RULEDEFAULT"},"initial":{"color":"CT_CSS_SKIP_RULEDEFAULT"},"hover":{"color":"CT_CSS_SKIP_RULEDEFAULT"}},"pageTitleOverlay":{"background_type":"color","background_pattern":"type-1","background_image":{"attachment_id":null,"x":0,"y":0},"gradient":"linear-gradient(135deg,rgba(6,147,227,1) 0%,rgb(155,81,224) 100%)","background_repeat":"repeat","background_size":"auto","background_attachment":"scroll","patternColor":{"default":{"color":"#e5e7ea"}},"overlayColor":{"default":{"color":"CT_CSS_SKIP_RULE"}},"backgroundColor":{"default":{"color":"CT_CSS_SKIP_RULE"}}},"pageTitleBackground":{"background_type":"color","background_pattern":"type-1","background_image":{"attachment_id":null,"x":0,"y":0},"gradient":"linear-gradient(135deg,rgba(6,147,227,1) 0%,rgb(155,81,224) 100%)","background_repeat":"repeat","background_size":"auto","background_attachment":"scroll","patternColor":{"default":{"color":"#e5e7ea"}},"overlayColor":{"default":{"color":"CT_CSS_SKIP_RULE"}},"backgroundColor":{"default":{"color":"var(--theme-palette-color-6)"}}},"pageTitlePadding":{"top":"50px","bottom":"50px","left":"auto","right":"auto","linked":true},"d3845f87838538ad0b357ce5589f024f":"","page_structure_type":"default","fe4c13166e4ba1ace14838e2031adfe7":"","content_style_source":"inherit","content_style":"wide","vertical_spacing_source":"custom","content_area_spacing":"none","background":{"background_type":"color","background_pattern":"type-1","background_image":{"attachment_id":null,"x":0,"y":0},"gradient":"linear-gradient(135deg,rgba(6,147,227,1) 0%,rgb(155,81,224) 100%)","background_repeat":"repeat","background_size":"auto","background_attachment":"scroll","patternColor":{"default":{"color":"#e5e7ea"}},"overlayColor":{"default":{"color":"CT_CSS_SKIP_RULE"}},"backgroundColor":{"default":{"color":"CT_CSS_SKIP_RULE"}}},"content_background":{"background_type":"color","background_pattern":"type-1","background_image":{"attachment_id":null,"x":0,"y":0},"gradient":"linear-gradient(135deg,rgba(6,147,227,1) 0%,rgb(155,81,224) 100%)","background_repeat":"repeat","background_size":"auto","background_attachment":"scroll","patternColor":{"default":{"color":"#e5e7ea"}},"overlayColor":{"default":{"color":"CT_CSS_SKIP_RULE"}},"backgroundColor":{"default":{"color":"var(--theme-palette-color-8)"}}},"content_boxed_shadow":{"inherit":false,"blur":18,"spread":-6,"v_offset":12,"h_offset":0,"inset":false,"enable":true,"color":{"color":"rgba(34, 56, 101, 0.04)"}},"boxed_content_spacing":{"desktop":{"top":"40px","bottom":"40px","left":"40px","right":"40px","linked":true},"tablet":{"top":"35px","bottom":"35px","left":"35px","right":"35px","linked":true},"mobile":{"top":"20px","bottom":"20px","left":"20px","right":"20px","linked":true}},"content_boxed_radius":{"top":"3px","bottom":"3px","left":"3px","right":"3px","linked":true},"65886cc08d8b020fa2bb456ae841125b":"","disable_featured_image":"no","disable_share_box":"no","disable_header":"no","disable_footer":"no","styles_descriptor":{"styles":{"desktop":"","tablet":"","mobile":""},"google_fonts":[],"version":7}},"yoast_head":"<!-- This site is optimized with the Yoast SEO plugin v28.3 - https:\/\/yoast.com\/product\/yoast-seo-wordpress\/ -->\n<title>Portafolio - Momento de Maquillaje<\/title>\n<meta name=\"description\" content=\"Portfolio de maquillaje profesional en Valencia: trabajos reales para novias, eventos y fotograf\u00eda que reflejan nuestro estilo y experiencia.\" \/>\n<meta name=\"robots\" content=\"index, follow, max-snippet:-1, max-image-preview:large, max-video-preview:-1\" \/>\n<link rel=\"canonical\" href=\"https:\/\/momentodemaquillaje.com\/en\/portafolio-maquillaje-profesional\/\" \/>\n<meta property=\"og:locale\" content=\"en_US\" \/>\n<meta property=\"og:type\" content=\"article\" \/>\n<meta property=\"og:title\" content=\"Portafolio - Momento de Maquillaje\" \/>\n<meta property=\"og:description\" content=\"Portfolio de maquillaje profesional en Valencia: trabajos reales para novias, eventos y fotograf\u00eda que reflejan nuestro estilo y experiencia.\" \/>\n<meta property=\"og:url\" content=\"https:\/\/momentodemaquillaje.com\/en\/portafolio-maquillaje-profesional\/\" \/>\n<meta property=\"og:site_name\" content=\"Momento de Maquillaje\" \/>\n<meta property=\"article:publisher\" content=\"https:\/\/www.facebook.com\/MomentodeMaquillaje\/\" \/>\n<meta property=\"article:modified_time\" content=\"2026-08-28T09:03:21+00:00\" \/>\n<meta property=\"og:image\" content=\"https:\/\/momentodemaquillaje.com\/wp-content\/uploads\/2026\/06\/falke-3.webp\" \/>\n<meta name=\"twitter:card\" content=\"summary_large_image\" \/>\n<meta name=\"twitter:label1\" content=\"Est. reading time\" \/>\n\t<meta name=\"twitter:data1\" content=\"4 minutes\" \/>\n<script type=\"application\/ld+json\" class=\"yoast-schema-graph\">{\"@context\":\"https:\\\/\\\/schema.org\",\"@graph\":[{\"@type\":\"WebPage\",\"@id\":\"https:\\\/\\\/momentodemaquillaje.com\\\/portafolio-maquillaje-profesional\\\/\",\"url\":\"https:\\\/\\\/momentodemaquillaje.com\\\/portafolio-maquillaje-profesional\\\/\",\"name\":\"Portafolio - Momento de Maquillaje\",\"isPartOf\":{\"@id\":\"https:\\\/\\\/momentodemaquillaje.com\\\/en\\\/#website\"},\"primaryImageOfPage\":{\"@id\":\"https:\\\/\\\/momentodemaquillaje.com\\\/portafolio-maquillaje-profesional\\\/#primaryimage\"},\"image\":{\"@id\":\"https:\\\/\\\/momentodemaquillaje.com\\\/portafolio-maquillaje-profesional\\\/#primaryimage\"},\"thumbnailUrl\":\"https:\\\/\\\/momentodemaquillaje.com\\\/wp-content\\\/uploads\\\/2026\\\/06\\\/falke-3.webp\",\"datePublished\":\"2022-03-04T11:28:36+00:00\",\"dateModified\":\"2026-08-28T09:03:21+00:00\",\"description\":\"Portfolio de maquillaje profesional en Valencia: trabajos reales para novias, eventos y fotograf\u00eda que reflejan nuestro estilo y experiencia.\",\"breadcrumb\":{\"@id\":\"https:\\\/\\\/momentodemaquillaje.com\\\/portafolio-maquillaje-profesional\\\/#breadcrumb\"},\"inLanguage\":\"es\",\"potentialAction\":[{\"@type\":\"ReadAction\",\"target\":[\"https:\\\/\\\/momentodemaquillaje.com\\\/portafolio-maquillaje-profesional\\\/\"]}]},{\"@type\":\"ImageObject\",\"inLanguage\":\"en-US\",\"@id\":\"https:\\\/\\\/momentodemaquillaje.com\\\/portafolio-maquillaje-profesional\\\/#primaryimage\",\"url\":\"https:\\\/\\\/momentodemaquillaje.com\\\/wp-content\\\/uploads\\\/2026\\\/06\\\/falke-3.webp\",\"contentUrl\":\"https:\\\/\\\/momentodemaquillaje.com\\\/wp-content\\\/uploads\\\/2026\\\/06\\\/falke-3.webp\"},{\"@type\":\"BreadcrumbList\",\"@id\":\"https:\\\/\\\/momentodemaquillaje.com\\\/portafolio-maquillaje-profesional\\\/#breadcrumb\",\"itemListElement\":[{\"@type\":\"ListItem\",\"position\":1,\"name\":\"Inicio\",\"item\":\"https:\\\/\\\/momentodemaquillaje.com\\\/\"},{\"@type\":\"ListItem\",\"position\":2,\"name\":\"Portafolio\"}]},{\"@type\":\"WebSite\",\"@id\":\"https:\\\/\\\/momentodemaquillaje.com\\\/#website\",\"url\":\"https:\\\/\\\/momentodemaquillaje.com\\\/\",\"name\":\"Momento de Maquillaje\",\"description\":\"Maquillaje Profesional Valencia\",\"publisher\":{\"@id\":\"https:\\\/\\\/momentodemaquillaje.com\\\/en\\\/#organization\"},\"potentialAction\":[{\"@type\":\"SearchAction\",\"target\":{\"@type\":\"EntryPoint\",\"urlTemplate\":\"https:\\\/\\\/momentodemaquillaje.com\\\/?s={search_term_string}\"},\"query-input\":{\"@type\":\"PropertyValueSpecification\",\"valueRequired\":true,\"valueName\":\"search_term_string\"}}],\"inLanguage\":\"es\"},{\"@type\":[\"Organization\",\"HealthAndBeautyBusiness\"],\"@id\":\"https:\\\/\\\/momentodemaquillaje.com\\\/en\\\/#organization\",\"name\":\"Momento de Maquillaje\",\"alternateName\":\"Momento de Maquillaje \u2014 Maquilladora profesional en Valencia\",\"url\":\"https:\\\/\\\/momentodemaquillaje.com\\\/en\\\/\",\"description\":\"Servicio de maquilladora y estilista profesional a domicilio en Valencia y provincia. Maquillaje y peinado para novias, eventos, sesiones de fotos, publicidad, teatro y cine, adem\u00e1s de cursos de automaquillaje y glitter bar. Los servicios incluyen maquillaje y peinado (recogidos, semirecogidos y ondas); no se realizan cortes ni coloraci\u00f3n.\",\"additionalType\":\"https:\\\/\\\/www.wikidata.org\\\/wiki\\\/Q935666\",\"telephone\":\"+34607016476\",\"email\":\"contact@momentodemaquillaje.com\",\"priceRange\":\"\u20ac\u20ac\",\"currenciesAccepted\":\"EUR\",\"paymentAccepted\":\"Efectivo, Bizum, Transferencia bancaria\",\"knowsLanguage\":[\"es\",\"en\",\"ro\"],\"hasMap\":\"https:\\\/\\\/maps.app.goo.gl\\\/rUs6Fc3JDNfFVrSo6\",\"logo\":{\"@type\":\"ImageObject\",\"@id\":\"https:\\\/\\\/momentodemaquillaje.com\\\/en\\\/#logo\",\"url\":\"https:\\\/\\\/momentodemaquillaje.com\\\/wp-content\\\/uploads\\\/2025\\\/01\\\/Logo-Black-Transparent-MomentoDeMaquillaje.png\",\"contentUrl\":\"https:\\\/\\\/momentodemaquillaje.com\\\/wp-content\\\/uploads\\\/2025\\\/01\\\/Logo-Black-Transparent-MomentoDeMaquillaje.png\",\"caption\":\"Momento de Maquillaje\"},\"image\":[{\"@type\":\"ImageObject\",\"@id\":\"https:\\\/\\\/momentodemaquillaje.com\\\/en\\\/#logo\"},\"https:\\\/\\\/momentodemaquillaje.com\\\/wp-content\\\/uploads\\\/2024\\\/12\\\/inicio-foto-1.webp\"],\"sameAs\":[\"https:\\\/\\\/www.instagram.com\\\/momentodemaquillaje\\\/\",\"https:\\\/\\\/www.facebook.com\\\/MomentodeMaquillaje\\\/\",\"https:\\\/\\\/www.youtube.com\\\/channel\\\/UCfFfcQ9kVvt2TMVCJGdW0Iw\",\"https:\\\/\\\/www.linkedin.com\\\/in\\\/madalina-ghizdeanu\\\/\",\"https:\\\/\\\/es.pinterest.com\\\/momentodemaquillaje\\\/\",\"https:\\\/\\\/www.bodas.net\\\/belleza-novias\\\/madalina-ghizdeanu--e236136\",\"https:\\\/\\\/maps.app.goo.gl\\\/rUs6Fc3JDNfFVrSo6\"],\"areaServed\":[{\"@type\":\"City\",\"@id\":\"https:\\\/\\\/momentodemaquillaje.com\\\/en\\\/#place-valencia\"},{\"@type\":\"Place\",\"@id\":\"https:\\\/\\\/momentodemaquillaje.com\\\/en\\\/#area-alboraya\",\"name\":\"Alboraya\",\"containedInPlace\":{\"@type\":\"AdministrativeArea\",\"@id\":\"https:\\\/\\\/momentodemaquillaje.com\\\/en\\\/#place-provincia-valencia\"}},{\"@type\":\"Place\",\"@id\":\"https:\\\/\\\/momentodemaquillaje.com\\\/en\\\/#area-mislata\",\"name\":\"Mislata\",\"containedInPlace\":{\"@type\":\"AdministrativeArea\",\"@id\":\"https:\\\/\\\/momentodemaquillaje.com\\\/en\\\/#place-provincia-valencia\"}},{\"@type\":\"Place\",\"@id\":\"https:\\\/\\\/momentodemaquillaje.com\\\/en\\\/#area-burjassot\",\"name\":\"Burjassot\",\"containedInPlace\":{\"@type\":\"AdministrativeArea\",\"@id\":\"https:\\\/\\\/momentodemaquillaje.com\\\/en\\\/#place-provincia-valencia\"}},{\"@type\":\"Place\",\"@id\":\"https:\\\/\\\/momentodemaquillaje.com\\\/en\\\/#area-paterna\",\"name\":\"Paterna\",\"containedInPlace\":{\"@type\":\"AdministrativeArea\",\"@id\":\"https:\\\/\\\/momentodemaquillaje.com\\\/en\\\/#place-provincia-valencia\"}},{\"@type\":\"Place\",\"@id\":\"https:\\\/\\\/momentodemaquillaje.com\\\/en\\\/#area-torrent\",\"name\":\"Torrent\",\"containedInPlace\":{\"@type\":\"AdministrativeArea\",\"@id\":\"https:\\\/\\\/momentodemaquillaje.com\\\/en\\\/#place-provincia-valencia\"}},{\"@type\":\"Place\",\"@id\":\"https:\\\/\\\/momentodemaquillaje.com\\\/en\\\/#area-xirivella\",\"name\":\"Xirivella\",\"containedInPlace\":{\"@type\":\"AdministrativeArea\",\"@id\":\"https:\\\/\\\/momentodemaquillaje.com\\\/en\\\/#place-provincia-valencia\"}},{\"@type\":\"Place\",\"@id\":\"https:\\\/\\\/momentodemaquillaje.com\\\/en\\\/#area-quart-de-poblet\",\"name\":\"Quart de Poblet\",\"containedInPlace\":{\"@type\":\"AdministrativeArea\",\"@id\":\"https:\\\/\\\/momentodemaquillaje.com\\\/en\\\/#place-provincia-valencia\"}},{\"@type\":\"Place\",\"@id\":\"https:\\\/\\\/momentodemaquillaje.com\\\/en\\\/#area-alaquas\",\"name\":\"Alaqu\u00e0s\",\"containedInPlace\":{\"@type\":\"AdministrativeArea\",\"@id\":\"https:\\\/\\\/momentodemaquillaje.com\\\/en\\\/#place-provincia-valencia\"}},{\"@type\":\"Place\",\"@id\":\"https:\\\/\\\/momentodemaquillaje.com\\\/en\\\/#area-manises\",\"name\":\"Manises\",\"containedInPlace\":{\"@type\":\"AdministrativeArea\",\"@id\":\"https:\\\/\\\/momentodemaquillaje.com\\\/en\\\/#place-provincia-valencia\"}},{\"@type\":\"Place\",\"@id\":\"https:\\\/\\\/momentodemaquillaje.com\\\/en\\\/#area-paiporta\",\"name\":\"Paiporta\",\"containedInPlace\":{\"@type\":\"AdministrativeArea\",\"@id\":\"https:\\\/\\\/momentodemaquillaje.com\\\/en\\\/#place-provincia-valencia\"}},{\"@type\":\"Place\",\"@id\":\"https:\\\/\\\/momentodemaquillaje.com\\\/en\\\/#area-sagunto\",\"name\":\"Sagunto\",\"containedInPlace\":{\"@type\":\"AdministrativeArea\",\"@id\":\"https:\\\/\\\/momentodemaquillaje.com\\\/en\\\/#place-provincia-valencia\"}},{\"@type\":\"Place\",\"@id\":\"https:\\\/\\\/momentodemaquillaje.com\\\/en\\\/#area-pucol\",\"name\":\"Pu\u00e7ol\",\"containedInPlace\":{\"@type\":\"AdministrativeArea\",\"@id\":\"https:\\\/\\\/momentodemaquillaje.com\\\/en\\\/#place-provincia-valencia\"}},{\"@type\":\"Place\",\"@id\":\"https:\\\/\\\/momentodemaquillaje.com\\\/en\\\/#area-massamagrell\",\"name\":\"Massamagrell\",\"containedInPlace\":{\"@type\":\"AdministrativeArea\",\"@id\":\"https:\\\/\\\/momentodemaquillaje.com\\\/en\\\/#place-provincia-valencia\"}},{\"@type\":\"Place\",\"@id\":\"https:\\\/\\\/momentodemaquillaje.com\\\/en\\\/#area-rocafort\",\"name\":\"Rocafort\",\"containedInPlace\":{\"@type\":\"AdministrativeArea\",\"@id\":\"https:\\\/\\\/momentodemaquillaje.com\\\/en\\\/#place-provincia-valencia\"}},{\"@type\":\"Place\",\"@id\":\"https:\\\/\\\/momentodemaquillaje.com\\\/en\\\/#area-godella\",\"name\":\"Godella\",\"containedInPlace\":{\"@type\":\"AdministrativeArea\",\"@id\":\"https:\\\/\\\/momentodemaquillaje.com\\\/en\\\/#place-provincia-valencia\"}},{\"@type\":\"Place\",\"@id\":\"https:\\\/\\\/momentodemaquillaje.com\\\/en\\\/#area-picassent\",\"name\":\"Picassent\",\"containedInPlace\":{\"@type\":\"AdministrativeArea\",\"@id\":\"https:\\\/\\\/momentodemaquillaje.com\\\/en\\\/#place-provincia-valencia\"}},{\"@type\":\"Place\",\"@id\":\"https:\\\/\\\/momentodemaquillaje.com\\\/en\\\/#area-moncada\",\"name\":\"Moncada\",\"containedInPlace\":{\"@type\":\"AdministrativeArea\",\"@id\":\"https:\\\/\\\/momentodemaquillaje.com\\\/en\\\/#place-provincia-valencia\"}},{\"@type\":\"Place\",\"@id\":\"https:\\\/\\\/momentodemaquillaje.com\\\/en\\\/#area-silla\",\"name\":\"Silla\",\"containedInPlace\":{\"@type\":\"AdministrativeArea\",\"@id\":\"https:\\\/\\\/momentodemaquillaje.com\\\/en\\\/#place-provincia-valencia\"}},{\"@type\":\"Place\",\"@id\":\"https:\\\/\\\/momentodemaquillaje.com\\\/en\\\/#area-catarroja\",\"name\":\"Catarroja\",\"containedInPlace\":{\"@type\":\"AdministrativeArea\",\"@id\":\"https:\\\/\\\/momentodemaquillaje.com\\\/en\\\/#place-provincia-valencia\"}},{\"@type\":\"Place\",\"@id\":\"https:\\\/\\\/momentodemaquillaje.com\\\/en\\\/#area-benetusser\",\"name\":\"Benet\u00fasser\",\"containedInPlace\":{\"@type\":\"AdministrativeArea\",\"@id\":\"https:\\\/\\\/momentodemaquillaje.com\\\/en\\\/#place-provincia-valencia\"}},{\"@type\":\"Place\",\"@id\":\"https:\\\/\\\/momentodemaquillaje.com\\\/en\\\/#area-cullera\",\"name\":\"Cullera\",\"containedInPlace\":{\"@type\":\"AdministrativeArea\",\"@id\":\"https:\\\/\\\/momentodemaquillaje.com\\\/en\\\/#place-provincia-valencia\"}},{\"@type\":\"Place\",\"@id\":\"https:\\\/\\\/momentodemaquillaje.com\\\/en\\\/#area-gandia\",\"name\":\"Gand\u00eda\",\"containedInPlace\":{\"@type\":\"AdministrativeArea\",\"@id\":\"https:\\\/\\\/momentodemaquillaje.com\\\/en\\\/#place-provincia-valencia\"}},{\"@type\":\"Place\",\"@id\":\"https:\\\/\\\/momentodemaquillaje.com\\\/en\\\/#area-alzira\",\"name\":\"Alzira\",\"containedInPlace\":{\"@type\":\"AdministrativeArea\",\"@id\":\"https:\\\/\\\/momentodemaquillaje.com\\\/en\\\/#place-provincia-valencia\"}},{\"@type\":\"Place\",\"@id\":\"https:\\\/\\\/momentodemaquillaje.com\\\/en\\\/#area-sueca\",\"name\":\"Sueca\",\"containedInPlace\":{\"@type\":\"AdministrativeArea\",\"@id\":\"https:\\\/\\\/momentodemaquillaje.com\\\/en\\\/#place-provincia-valencia\"}},{\"@type\":\"Place\",\"@id\":\"https:\\\/\\\/momentodemaquillaje.com\\\/en\\\/#area-ontinyent\",\"name\":\"Ontinyent\",\"containedInPlace\":{\"@type\":\"AdministrativeArea\",\"@id\":\"https:\\\/\\\/momentodemaquillaje.com\\\/en\\\/#place-provincia-valencia\"}},{\"@type\":\"Place\",\"@id\":\"https:\\\/\\\/momentodemaquillaje.com\\\/en\\\/#area-xativa\",\"name\":\"X\u00e0tiva\",\"containedInPlace\":{\"@type\":\"AdministrativeArea\",\"@id\":\"https:\\\/\\\/momentodemaquillaje.com\\\/en\\\/#place-provincia-valencia\"}},{\"@type\":\"Place\",\"@id\":\"https:\\\/\\\/momentodemaquillaje.com\\\/en\\\/#area-requena\",\"name\":\"Requena\",\"containedInPlace\":{\"@type\":\"AdministrativeArea\",\"@id\":\"https:\\\/\\\/momentodemaquillaje.com\\\/en\\\/#place-provincia-valencia\"}},{\"@type\":\"Place\",\"@id\":\"https:\\\/\\\/momentodemaquillaje.com\\\/en\\\/#area-bunol\",\"name\":\"Bu\u00f1ol\",\"containedInPlace\":{\"@type\":\"AdministrativeArea\",\"@id\":\"https:\\\/\\\/momentodemaquillaje.com\\\/en\\\/#place-provincia-valencia\"}},{\"@type\":\"Place\",\"@id\":\"https:\\\/\\\/momentodemaquillaje.com\\\/en\\\/#area-lliria\",\"name\":\"Ll\u00edria\",\"containedInPlace\":{\"@type\":\"AdministrativeArea\",\"@id\":\"https:\\\/\\\/momentodemaquillaje.com\\\/en\\\/#place-provincia-valencia\"}},{\"@type\":\"Place\",\"@id\":\"https:\\\/\\\/momentodemaquillaje.com\\\/en\\\/#area-oliva\",\"name\":\"Oliva\",\"containedInPlace\":{\"@type\":\"AdministrativeArea\",\"@id\":\"https:\\\/\\\/momentodemaquillaje.com\\\/en\\\/#place-provincia-valencia\"}},{\"@type\":\"GeoCircle\",\"@id\":\"https:\\\/\\\/momentodemaquillaje.com\\\/en\\\/#zona-desplazamiento\",\"name\":\"Zona de desplazamiento\",\"geoMidpoint\":{\"@type\":\"GeoCoordinates\",\"latitude\":39.4699,\"longitude\":-0.3763},\"geoRadius\":\"50000\"}],\"openingHoursSpecification\":[{\"@type\":\"OpeningHoursSpecification\",\"dayOfWeek\":[\"Monday\",\"Tuesday\",\"Wednesday\",\"Thursday\",\"Friday\",\"Saturday\",\"Sunday\"],\"opens\":\"00:00\",\"closes\":\"23:59\"}],\"knowsAbout\":[\"Maquillaje de novia\",\"Peinado de novia\",\"Recogidos para novias\",\"Semirecogidos y ondas\",\"Peinados de fiesta\",\"Maquillaje social\",\"Maquillaje a domicilio\",\"Maquillaje con aer\u00f3grafo\",\"Maquillaje de larga duraci\u00f3n\",\"Caracterizaci\u00f3n\",\"Maquillaje para fotograf\u00eda\",\"Maquillaje de pasarela\",\"Automaquillaje\"],\"founder\":{\"@type\":\"Person\",\"@id\":\"https:\\\/\\\/momentodemaquillaje.com\\\/en\\\/#madalina\"},\"employee\":[{\"@type\":\"Person\",\"@id\":\"https:\\\/\\\/momentodemaquillaje.com\\\/en\\\/#madalina\"}],\"contactPoint\":[{\"@type\":\"ContactPoint\",\"@id\":\"https:\\\/\\\/momentodemaquillaje.com\\\/en\\\/#contactpoint\",\"contactType\":\"customer service\",\"telephone\":\"+34607016476\",\"email\":\"contact@momentodemaquillaje.com\",\"availableLanguage\":[\"es\",\"en\",\"ro\"],\"areaServed\":\"ES\",\"url\":\"https:\\\/\\\/momentodemaquillaje.com\\\/en\\\/contacto\\\/\",\"hoursAvailable\":{\"@type\":\"OpeningHoursSpecification\",\"dayOfWeek\":[\"Monday\",\"Tuesday\",\"Wednesday\",\"Thursday\",\"Friday\",\"Saturday\",\"Sunday\"],\"opens\":\"09:00\",\"closes\":\"21:00\",\"name\":\"Reservas y atenci\u00f3n telef\u00f3nica \\\/ WhatsApp\"}},{\"@type\":\"ContactPoint\",\"@id\":\"https:\\\/\\\/momentodemaquillaje.com\\\/en\\\/#whatsapp\",\"name\":\"WhatsApp\",\"contactType\":\"reservations\",\"url\":\"https:\\\/\\\/wa.me\\\/34607016476\",\"telephone\":\"+34607016476\",\"availableLanguage\":[\"es\",\"en\",\"ro\"],\"areaServed\":\"ES\",\"hoursAvailable\":{\"@type\":\"OpeningHoursSpecification\",\"dayOfWeek\":[\"Monday\",\"Tuesday\",\"Wednesday\",\"Thursday\",\"Friday\",\"Saturday\",\"Sunday\"],\"opens\":\"09:00\",\"closes\":\"21:00\"}}],\"hasOfferCatalog\":{\"@type\":\"OfferCatalog\",\"@id\":\"https:\\\/\\\/momentodemaquillaje.com\\\/en\\\/#catalogo-servicios\",\"name\":\"Servicios de maquillaje profesional en Valencia\",\"itemListElement\":[{\"@type\":\"Offer\",\"itemOffered\":{\"@type\":\"Service\",\"@id\":\"https:\\\/\\\/momentodemaquillaje.com\\\/en\\\/#service-bodas\"}},{\"@type\":\"Offer\",\"itemOffered\":{\"@type\":\"Service\",\"@id\":\"https:\\\/\\\/momentodemaquillaje.com\\\/en\\\/#service-domicilio\"}},{\"@type\":\"Offer\",\"itemOffered\":{\"@type\":\"Service\",\"@id\":\"https:\\\/\\\/momentodemaquillaje.com\\\/en\\\/#service-eventos\"}},{\"@type\":\"Offer\",\"itemOffered\":{\"@type\":\"Service\",\"@id\":\"https:\\\/\\\/momentodemaquillaje.com\\\/en\\\/#service-fotos\"}},{\"@type\":\"Offer\",\"itemOffered\":{\"@type\":\"Service\",\"@id\":\"https:\\\/\\\/momentodemaquillaje.com\\\/en\\\/#service-publicidad\"}},{\"@type\":\"Offer\",\"itemOffered\":{\"@type\":\"Service\",\"@id\":\"https:\\\/\\\/momentodemaquillaje.com\\\/en\\\/#service-teatro\"}},{\"@type\":\"Offer\",\"itemOffered\":{\"@type\":\"Service\",\"@id\":\"https:\\\/\\\/momentodemaquillaje.com\\\/en\\\/#service-automaquillaje\"}},{\"@type\":\"Offer\",\"itemOffered\":{\"@type\":\"Service\",\"@id\":\"https:\\\/\\\/momentodemaquillaje.com\\\/en\\\/#service-glitterbar\"}},{\"@type\":\"Offer\",\"itemOffered\":{\"@type\":\"Service\",\"@id\":\"https:\\\/\\\/momentodemaquillaje.com\\\/en\\\/#service-pasarela\"}}]},\"foundingDate\":\"2017\"},{\"@type\":\"Person\",\"@id\":\"https:\\\/\\\/momentodemaquillaje.com\\\/en\\\/#madalina\",\"name\":\"Madalina Ghizdeanu\",\"givenName\":\"Madalina\",\"familyName\":\"Ghizdeanu\",\"url\":\"https:\\\/\\\/momentodemaquillaje.com\\\/en\\\/sobre-mi\\\/\",\"mainEntityOfPage\":{\"@type\":\"WebPage\",\"@id\":\"https:\\\/\\\/momentodemaquillaje.com\\\/en\\\/sobre-mi\\\/\"},\"image\":\"https:\\\/\\\/momentodemaquillaje.com\\\/wp-content\\\/uploads\\\/2024\\\/12\\\/Maquilladora-Valencia_hero_mobile.webp\",\"jobTitle\":\"Maquilladora profesional\",\"description\":\"Maquilladora y estilista profesional con m\u00e1s de 9 a\u00f1os de experiencia y formaci\u00f3n certificada en Espa\u00f1a y Ruman\u00eda. Especializada en maquillaje de novia, social y de caracterizaci\u00f3n para cine y teatro, aplica t\u00e9cnicas de maquillaje esc\u00e9nico \u2014precisi\u00f3n, durabilidad y control de la iluminaci\u00f3n\u2014 al maquillaje social en Valencia.\",\"worksFor\":{\"@type\":\"Organization\",\"@id\":\"https:\\\/\\\/momentodemaquillaje.com\\\/en\\\/#organization\"},\"hasOccupation\":{\"@type\":\"Occupation\",\"name\":\"Maquilladora profesional\",\"occupationalCategory\":\"39-5091.00\"},\"knowsLanguage\":[\"es\",\"en\",\"ro\"],\"knowsAbout\":[\"Maquillaje de novia\",\"Maquillaje con aer\u00f3grafo\",\"Caracterizaci\u00f3n\",\"Maquillaje para cine y teatro\",\"Colorimetr\u00eda\",\"Peluquer\u00eda de novia\"],\"hasCredential\":[{\"@type\":\"EducationalOccupationalCredential\",\"@id\":\"https:\\\/\\\/momentodemaquillaje.com\\\/en\\\/#credential-1\",\"name\":\"T\u00e9cnico Especialista en Maquillaje de Transformaci\u00f3n y Especial\",\"credentialCategory\":\"degree\",\"recognizedBy\":{\"@type\":\"Organization\",\"name\":\"Ministerul Muncii, Rom\u00e2nia\"}},{\"@type\":\"EducationalOccupationalCredential\",\"@id\":\"https:\\\/\\\/momentodemaquillaje.com\\\/en\\\/#credential-2\",\"name\":\"Professional Beauty & Fashion\",\"credentialCategory\":\"certificate\",\"recognizedBy\":{\"@type\":\"Organization\",\"name\":\"Let's Makeup\"},\"dateCreated\":\"2024-07-30\"},{\"@type\":\"EducationalOccupationalCredential\",\"@id\":\"https:\\\/\\\/momentodemaquillaje.com\\\/en\\\/#credential-3\",\"name\":\"Curso Intensivo de Perfeccionamiento en el Maquillaje\",\"credentialCategory\":\"certificate\",\"recognizedBy\":{\"@type\":\"Organization\",\"name\":\"Let's Makeup\"},\"dateCreated\":\"2023-12-03\"},{\"@type\":\"EducationalOccupationalCredential\",\"@id\":\"https:\\\/\\\/momentodemaquillaje.com\\\/en\\\/#credential-4\",\"name\":\"DIMS PRO \u2014 Curso de Especializaci\u00f3n en Maquillaje\",\"credentialCategory\":\"certificate\",\"recognizedBy\":{\"@type\":\"Organization\",\"name\":\"Diana Ionescu Studio\"},\"dateCreated\":\"2017-01-01\"}],\"sameAs\":[\"https:\\\/\\\/www.instagram.com\\\/momentodemaquillaje\\\/\",\"https:\\\/\\\/www.facebook.com\\\/MomentodeMaquillaje\\\/\",\"https:\\\/\\\/www.youtube.com\\\/channel\\\/UCfFfcQ9kVvt2TMVCJGdW0Iw\",\"https:\\\/\\\/www.linkedin.com\\\/in\\\/madalina-ghizdeanu\\\/\",\"https:\\\/\\\/es.pinterest.com\\\/momentodemaquillaje\\\/\",\"https:\\\/\\\/www.bodas.net\\\/belleza-novias\\\/madalina-ghizdeanu--e236136\",\"https:\\\/\\\/maps.app.goo.gl\\\/rUs6Fc3JDNfFVrSo6\"]},{\"@type\":\"City\",\"@id\":\"https:\\\/\\\/momentodemaquillaje.com\\\/en\\\/#place-valencia\",\"name\":\"Valencia\",\"alternateName\":[\"Val\u00e8ncia\",\"Valencia capital\"],\"sameAs\":[\"https:\\\/\\\/www.wikidata.org\\\/wiki\\\/Q8818\",\"https:\\\/\\\/es.wikipedia.org\\\/wiki\\\/Valencia\"],\"geo\":{\"@type\":\"GeoCoordinates\",\"latitude\":39.4699,\"longitude\":-0.3763},\"address\":{\"@type\":\"PostalAddress\",\"addressLocality\":\"Valencia\",\"addressRegion\":\"Comunidad Valenciana\",\"addressCountry\":\"ES\"},\"containedInPlace\":{\"@type\":\"AdministrativeArea\",\"@id\":\"https:\\\/\\\/momentodemaquillaje.com\\\/en\\\/#place-provincia-valencia\"}},{\"@type\":\"AdministrativeArea\",\"@id\":\"https:\\\/\\\/momentodemaquillaje.com\\\/en\\\/#place-provincia-valencia\",\"name\":\"Provincia de Valencia\",\"alternateName\":\"Prov\u00edncia de Val\u00e8ncia\",\"containedInPlace\":{\"@type\":\"AdministrativeArea\",\"@id\":\"https:\\\/\\\/momentodemaquillaje.com\\\/en\\\/#place-comunidad-valenciana\"}},{\"@type\":\"AdministrativeArea\",\"@id\":\"https:\\\/\\\/momentodemaquillaje.com\\\/en\\\/#place-comunidad-valenciana\",\"name\":\"Comunidad Valenciana\",\"alternateName\":\"Comunitat Valenciana\",\"containedInPlace\":{\"@type\":\"Country\",\"name\":\"Espa\u00f1a\"}}]}<\/script>\n<!-- \/ Yoast SEO plugin. -->","yoast_head_json":{"title":"Portfolio - Makeup Moment","description":"Portfolio de maquillaje profesional en Valencia: trabajos reales para novias, eventos y fotograf\u00eda que reflejan nuestro estilo y experiencia.","robots":{"index":"index","follow":"follow","max-snippet":"max-snippet:-1","max-image-preview":"max-image-preview:large","max-video-preview":"max-video-preview:-1"},"canonical":"https:\/\/momentodemaquillaje.com\/en\/portafolio-maquillaje-profesional\/","og_locale":"en_US","og_type":"article","og_title":"Portafolio - Momento de Maquillaje","og_description":"Portfolio de maquillaje profesional en Valencia: trabajos reales para novias, eventos y fotograf\u00eda que reflejan nuestro estilo y experiencia.","og_url":"https:\/\/momentodemaquillaje.com\/en\/portafolio-maquillaje-profesional\/","og_site_name":"Momento de Maquillaje","article_publisher":"https:\/\/www.facebook.com\/MomentodeMaquillaje\/","article_modified_time":"2026-08-28T09:03:21+00:00","og_image":[{"url":"https:\/\/momentodemaquillaje.com\/wp-content\/uploads\/2026\/06\/falke-3.webp","type":"","width":"","height":""}],"twitter_card":"summary_large_image","twitter_misc":{"Est. reading time":"4 minutes"},"schema":{"@context":"https:\/\/schema.org","@graph":[{"@type":"WebPage","@id":"https:\/\/momentodemaquillaje.com\/portafolio-maquillaje-profesional\/","url":"https:\/\/momentodemaquillaje.com\/portafolio-maquillaje-profesional\/","name":"Portfolio - Makeup Moment","isPartOf":{"@id":"https:\/\/momentodemaquillaje.com\/en\/#website"},"primaryImageOfPage":{"@id":"https:\/\/momentodemaquillaje.com\/portafolio-maquillaje-profesional\/#primaryimage"},"image":{"@id":"https:\/\/momentodemaquillaje.com\/portafolio-maquillaje-profesional\/#primaryimage"},"thumbnailUrl":"https:\/\/momentodemaquillaje.com\/wp-content\/uploads\/2026\/06\/falke-3.webp","datePublished":"2022-03-04T11:28:36+00:00","dateModified":"2026-08-28T09:03:21+00:00","description":"Portfolio de maquillaje profesional en Valencia: trabajos reales para novias, eventos y fotograf\u00eda que reflejan nuestro estilo y experiencia.","breadcrumb":{"@id":"https:\/\/momentodemaquillaje.com\/portafolio-maquillaje-profesional\/#breadcrumb"},"inLanguage":"es","potentialAction":[{"@type":"ReadAction","target":["https:\/\/momentodemaquillaje.com\/portafolio-maquillaje-profesional\/"]}]},{"@type":"ImageObject","inLanguage":"en-US","@id":"https:\/\/momentodemaquillaje.com\/portafolio-maquillaje-profesional\/#primaryimage","url":"https:\/\/momentodemaquillaje.com\/wp-content\/uploads\/2026\/06\/falke-3.webp","contentUrl":"https:\/\/momentodemaquillaje.com\/wp-content\/uploads\/2026\/06\/falke-3.webp"},{"@type":"BreadcrumbList","@id":"https:\/\/momentodemaquillaje.com\/portafolio-maquillaje-profesional\/#breadcrumb","itemListElement":[{"@type":"ListItem","position":1,"name":"Inicio","item":"https:\/\/momentodemaquillaje.com\/"},{"@type":"ListItem","position":2,"name":"Portafolio"}]},{"@type":"WebSite","@id":"https:\/\/momentodemaquillaje.com\/#website","url":"https:\/\/momentodemaquillaje.com\/","name":"Momento de Maquillaje","description":"Professional Makeup Valencia","publisher":{"@id":"https:\/\/momentodemaquillaje.com\/en\/#organization"},"potentialAction":[{"@type":"SearchAction","target":{"@type":"EntryPoint","urlTemplate":"https:\/\/momentodemaquillaje.com\/?s={search_term_string}"},"query-input":{"@type":"PropertyValueSpecification","valueRequired":true,"valueName":"search_term_string"}}],"inLanguage":"es"},{"@type":["Organization","HealthAndBeautyBusiness"],"@id":"https:\/\/momentodemaquillaje.com\/en\/#organization","name":"Momento de Maquillaje","alternateName":"Momento de Maquillaje \u2014 Maquilladora profesional en Valencia","url":"https:\/\/momentodemaquillaje.com\/en\/","description":"Professional makeup artist and hairstylist services available at your home in Valencia and the surrounding province. Makeup and hairstyling for brides, events, photoshoots, advertising, theater, and film, as well as self-makeup courses and glitter bar sessions. Services include makeup and hairstyling (updos, half-updos, and waves); haircuts and coloring are not included.","additionalType":"https:\/\/www.wikidata.org\/wiki\/Q935666","telephone":"+34607016476","email":"contact@momentodemaquillaje.com","priceRange":"\u20ac\u20ac","currenciesAccepted":"EUR","paymentAccepted":"Efectivo, Bizum, Transferencia bancaria","knowsLanguage":["es","en","ro"],"hasMap":"https:\/\/maps.app.goo.gl\/rUs6Fc3JDNfFVrSo6","logo":{"@type":"ImageObject","@id":"https:\/\/momentodemaquillaje.com\/en\/#logo","url":"https:\/\/momentodemaquillaje.com\/wp-content\/uploads\/2025\/01\/Logo-Black-Transparent-MomentoDeMaquillaje.png","contentUrl":"https:\/\/momentodemaquillaje.com\/wp-content\/uploads\/2025\/01\/Logo-Black-Transparent-MomentoDeMaquillaje.png","caption":"Momento de Maquillaje"},"image":[{"@type":"ImageObject","@id":"https:\/\/momentodemaquillaje.com\/en\/#logo"},"https:\/\/momentodemaquillaje.com\/wp-content\/uploads\/2024\/12\/inicio-foto-1.webp"],"sameAs":["https:\/\/www.instagram.com\/momentodemaquillaje\/","https:\/\/www.facebook.com\/MomentodeMaquillaje\/","https:\/\/www.youtube.com\/channel\/UCfFfcQ9kVvt2TMVCJGdW0Iw","https:\/\/www.linkedin.com\/in\/madalina-ghizdeanu\/","https:\/\/es.pinterest.com\/momentodemaquillaje\/","https:\/\/www.bodas.net\/belleza-novias\/madalina-ghizdeanu--e236136","https:\/\/maps.app.goo.gl\/rUs6Fc3JDNfFVrSo6"],"areaServed":[{"@type":"City","@id":"https:\/\/momentodemaquillaje.com\/en\/#place-valencia"},{"@type":"Place","@id":"https:\/\/momentodemaquillaje.com\/en\/#area-alboraya","name":"Alboraya","containedInPlace":{"@type":"AdministrativeArea","@id":"https:\/\/momentodemaquillaje.com\/en\/#place-provincia-valencia"}},{"@type":"Place","@id":"https:\/\/momentodemaquillaje.com\/en\/#area-mislata","name":"Mislata","containedInPlace":{"@type":"AdministrativeArea","@id":"https:\/\/momentodemaquillaje.com\/en\/#place-provincia-valencia"}},{"@type":"Place","@id":"https:\/\/momentodemaquillaje.com\/en\/#area-burjassot","name":"Burjassot","containedInPlace":{"@type":"AdministrativeArea","@id":"https:\/\/momentodemaquillaje.com\/en\/#place-provincia-valencia"}},{"@type":"Place","@id":"https:\/\/momentodemaquillaje.com\/en\/#area-paterna","name":"Paterna","containedInPlace":{"@type":"AdministrativeArea","@id":"https:\/\/momentodemaquillaje.com\/en\/#place-provincia-valencia"}},{"@type":"Place","@id":"https:\/\/momentodemaquillaje.com\/en\/#area-torrent","name":"Torrent","containedInPlace":{"@type":"AdministrativeArea","@id":"https:\/\/momentodemaquillaje.com\/en\/#place-provincia-valencia"}},{"@type":"Place","@id":"https:\/\/momentodemaquillaje.com\/en\/#area-xirivella","name":"Xirivella","containedInPlace":{"@type":"AdministrativeArea","@id":"https:\/\/momentodemaquillaje.com\/en\/#place-provincia-valencia"}},{"@type":"Place","@id":"https:\/\/momentodemaquillaje.com\/en\/#area-quart-de-poblet","name":"Quart de Poblet","containedInPlace":{"@type":"AdministrativeArea","@id":"https:\/\/momentodemaquillaje.com\/en\/#place-provincia-valencia"}},{"@type":"Place","@id":"https:\/\/momentodemaquillaje.com\/en\/#area-alaquas","name":"Alaqu\u00e0s","containedInPlace":{"@type":"AdministrativeArea","@id":"https:\/\/momentodemaquillaje.com\/en\/#place-provincia-valencia"}},{"@type":"Place","@id":"https:\/\/momentodemaquillaje.com\/en\/#area-manises","name":"Manises","containedInPlace":{"@type":"AdministrativeArea","@id":"https:\/\/momentodemaquillaje.com\/en\/#place-provincia-valencia"}},{"@type":"Place","@id":"https:\/\/momentodemaquillaje.com\/en\/#area-paiporta","name":"Paiporta","containedInPlace":{"@type":"AdministrativeArea","@id":"https:\/\/momentodemaquillaje.com\/en\/#place-provincia-valencia"}},{"@type":"Place","@id":"https:\/\/momentodemaquillaje.com\/en\/#area-sagunto","name":"Sagunto","containedInPlace":{"@type":"AdministrativeArea","@id":"https:\/\/momentodemaquillaje.com\/en\/#place-provincia-valencia"}},{"@type":"Place","@id":"https:\/\/momentodemaquillaje.com\/en\/#area-pucol","name":"Pu\u00e7ol","containedInPlace":{"@type":"AdministrativeArea","@id":"https:\/\/momentodemaquillaje.com\/en\/#place-provincia-valencia"}},{"@type":"Place","@id":"https:\/\/momentodemaquillaje.com\/en\/#area-massamagrell","name":"Massamagrell","containedInPlace":{"@type":"AdministrativeArea","@id":"https:\/\/momentodemaquillaje.com\/en\/#place-provincia-valencia"}},{"@type":"Place","@id":"https:\/\/momentodemaquillaje.com\/en\/#area-rocafort","name":"Rocafort","containedInPlace":{"@type":"AdministrativeArea","@id":"https:\/\/momentodemaquillaje.com\/en\/#place-provincia-valencia"}},{"@type":"Place","@id":"https:\/\/momentodemaquillaje.com\/en\/#area-godella","name":"Godella","containedInPlace":{"@type":"AdministrativeArea","@id":"https:\/\/momentodemaquillaje.com\/en\/#place-provincia-valencia"}},{"@type":"Place","@id":"https:\/\/momentodemaquillaje.com\/en\/#area-picassent","name":"Picassent","containedInPlace":{"@type":"AdministrativeArea","@id":"https:\/\/momentodemaquillaje.com\/en\/#place-provincia-valencia"}},{"@type":"Place","@id":"https:\/\/momentodemaquillaje.com\/en\/#area-moncada","name":"Moncada","containedInPlace":{"@type":"AdministrativeArea","@id":"https:\/\/momentodemaquillaje.com\/en\/#place-provincia-valencia"}},{"@type":"Place","@id":"https:\/\/momentodemaquillaje.com\/en\/#area-silla","name":"Silla","containedInPlace":{"@type":"AdministrativeArea","@id":"https:\/\/momentodemaquillaje.com\/en\/#place-provincia-valencia"}},{"@type":"Place","@id":"https:\/\/momentodemaquillaje.com\/en\/#area-catarroja","name":"Catarroja","containedInPlace":{"@type":"AdministrativeArea","@id":"https:\/\/momentodemaquillaje.com\/en\/#place-provincia-valencia"}},{"@type":"Place","@id":"https:\/\/momentodemaquillaje.com\/en\/#area-benetusser","name":"Benet\u00fasser","containedInPlace":{"@type":"AdministrativeArea","@id":"https:\/\/momentodemaquillaje.com\/en\/#place-provincia-valencia"}},{"@type":"Place","@id":"https:\/\/momentodemaquillaje.com\/en\/#area-cullera","name":"Cullera","containedInPlace":{"@type":"AdministrativeArea","@id":"https:\/\/momentodemaquillaje.com\/en\/#place-provincia-valencia"}},{"@type":"Place","@id":"https:\/\/momentodemaquillaje.com\/en\/#area-gandia","name":"Gand\u00eda","containedInPlace":{"@type":"AdministrativeArea","@id":"https:\/\/momentodemaquillaje.com\/en\/#place-provincia-valencia"}},{"@type":"Place","@id":"https:\/\/momentodemaquillaje.com\/en\/#area-alzira","name":"Alzira","containedInPlace":{"@type":"AdministrativeArea","@id":"https:\/\/momentodemaquillaje.com\/en\/#place-provincia-valencia"}},{"@type":"Place","@id":"https:\/\/momentodemaquillaje.com\/en\/#area-sueca","name":"Sueca","containedInPlace":{"@type":"AdministrativeArea","@id":"https:\/\/momentodemaquillaje.com\/en\/#place-provincia-valencia"}},{"@type":"Place","@id":"https:\/\/momentodemaquillaje.com\/en\/#area-ontinyent","name":"Ontinyent","containedInPlace":{"@type":"AdministrativeArea","@id":"https:\/\/momentodemaquillaje.com\/en\/#place-provincia-valencia"}},{"@type":"Place","@id":"https:\/\/momentodemaquillaje.com\/en\/#area-xativa","name":"X\u00e0tiva","containedInPlace":{"@type":"AdministrativeArea","@id":"https:\/\/momentodemaquillaje.com\/en\/#place-provincia-valencia"}},{"@type":"Place","@id":"https:\/\/momentodemaquillaje.com\/en\/#area-requena","name":"Requena","containedInPlace":{"@type":"AdministrativeArea","@id":"https:\/\/momentodemaquillaje.com\/en\/#place-provincia-valencia"}},{"@type":"Place","@id":"https:\/\/momentodemaquillaje.com\/en\/#area-bunol","name":"Bu\u00f1ol","containedInPlace":{"@type":"AdministrativeArea","@id":"https:\/\/momentodemaquillaje.com\/en\/#place-provincia-valencia"}},{"@type":"Place","@id":"https:\/\/momentodemaquillaje.com\/en\/#area-lliria","name":"Ll\u00edria","containedInPlace":{"@type":"AdministrativeArea","@id":"https:\/\/momentodemaquillaje.com\/en\/#place-provincia-valencia"}},{"@type":"Place","@id":"https:\/\/momentodemaquillaje.com\/en\/#area-oliva","name":"Oliva","containedInPlace":{"@type":"AdministrativeArea","@id":"https:\/\/momentodemaquillaje.com\/en\/#place-provincia-valencia"}},{"@type":"GeoCircle","@id":"https:\/\/momentodemaquillaje.com\/en\/#zona-desplazamiento","name":"Zona de desplazamiento","geoMidpoint":{"@type":"GeoCoordinates","latitude":39.4699,"longitude":-0.3763},"geoRadius":"50000"}],"openingHoursSpecification":[{"@type":"OpeningHoursSpecification","dayOfWeek":["Monday","Tuesday","Wednesday","Thursday","Friday","Saturday","Sunday"],"opens":"00:00","closes":"23:59"}],"knowsAbout":["Maquillaje de novia","Peinado de novia","Recogidos para novias","Semirecogidos y ondas","Peinados de fiesta","Maquillaje social","Maquillaje a domicilio","Maquillaje con aer\u00f3grafo","Maquillaje de larga duraci\u00f3n","Caracterizaci\u00f3n","Maquillaje para fotograf\u00eda","Maquillaje de pasarela","Automaquillaje"],"founder":{"@type":"Person","@id":"https:\/\/momentodemaquillaje.com\/en\/#madalina"},"employee":[{"@type":"Person","@id":"https:\/\/momentodemaquillaje.com\/en\/#madalina"}],"contactPoint":[{"@type":"ContactPoint","@id":"https:\/\/momentodemaquillaje.com\/en\/#contactpoint","contactType":"customer service","telephone":"+34607016476","email":"contact@momentodemaquillaje.com","availableLanguage":["es","en","ro"],"areaServed":"ES","url":"https:\/\/momentodemaquillaje.com\/en\/contacto\/","hoursAvailable":{"@type":"OpeningHoursSpecification","dayOfWeek":["Monday","Tuesday","Wednesday","Thursday","Friday","Saturday","Sunday"],"opens":"09:00","closes":"21:00","name":"Reservas y atenci\u00f3n telef\u00f3nica \/ WhatsApp"}},{"@type":"ContactPoint","@id":"https:\/\/momentodemaquillaje.com\/en\/#whatsapp","name":"WhatsApp","contactType":"reservations","url":"https:\/\/wa.me\/34607016476","telephone":"+34607016476","availableLanguage":["es","en","ro"],"areaServed":"ES","hoursAvailable":{"@type":"OpeningHoursSpecification","dayOfWeek":["Monday","Tuesday","Wednesday","Thursday","Friday","Saturday","Sunday"],"opens":"09:00","closes":"21:00"}}],"hasOfferCatalog":{"@type":"OfferCatalog","@id":"https:\/\/momentodemaquillaje.com\/en\/#catalogo-servicios","name":"Servicios de maquillaje profesional en Valencia","itemListElement":[{"@type":"Offer","itemOffered":{"@type":"Service","@id":"https:\/\/momentodemaquillaje.com\/en\/#service-bodas"}},{"@type":"Offer","itemOffered":{"@type":"Service","@id":"https:\/\/momentodemaquillaje.com\/en\/#service-domicilio"}},{"@type":"Offer","itemOffered":{"@type":"Service","@id":"https:\/\/momentodemaquillaje.com\/en\/#service-eventos"}},{"@type":"Offer","itemOffered":{"@type":"Service","@id":"https:\/\/momentodemaquillaje.com\/en\/#service-fotos"}},{"@type":"Offer","itemOffered":{"@type":"Service","@id":"https:\/\/momentodemaquillaje.com\/en\/#service-publicidad"}},{"@type":"Offer","itemOffered":{"@type":"Service","@id":"https:\/\/momentodemaquillaje.com\/en\/#service-teatro"}},{"@type":"Offer","itemOffered":{"@type":"Service","@id":"https:\/\/momentodemaquillaje.com\/en\/#service-automaquillaje"}},{"@type":"Offer","itemOffered":{"@type":"Service","@id":"https:\/\/momentodemaquillaje.com\/en\/#service-glitterbar"}},{"@type":"Offer","itemOffered":{"@type":"Service","@id":"https:\/\/momentodemaquillaje.com\/en\/#service-pasarela"}}]},"foundingDate":"2017"},{"@type":"Person","@id":"https:\/\/momentodemaquillaje.com\/en\/#madalina","name":"Madalina Ghizdeanu","givenName":"Madalina","familyName":"Ghizdeanu","url":"https:\/\/momentodemaquillaje.com\/en\/sobre-mi\/","mainEntityOfPage":{"@type":"WebPage","@id":"https:\/\/momentodemaquillaje.com\/en\/sobre-mi\/"},"image":"https:\/\/momentodemaquillaje.com\/wp-content\/uploads\/2024\/12\/Maquilladora-Valencia_hero_mobile.webp","jobTitle":"Maquilladora profesional","description":"Professional makeup artist and stylist with over 9 years of experience and certified training in Spain and Romania. Specializing in bridal, special occasion, and character makeup for film and theater, she applies stage makeup techniques\u2014precision, durability, and lighting control\u2014to makeup for special occasions in Valencia.","worksFor":{"@type":"Organization","@id":"https:\/\/momentodemaquillaje.com\/en\/#organization"},"hasOccupation":{"@type":"Occupation","name":"Maquilladora profesional","occupationalCategory":"39-5091.00"},"knowsLanguage":["es","en","ro"],"knowsAbout":["Maquillaje de novia","Maquillaje con aer\u00f3grafo","Caracterizaci\u00f3n","Maquillaje para cine y teatro","Colorimetr\u00eda","Peluquer\u00eda de novia"],"hasCredential":[{"@type":"EducationalOccupationalCredential","@id":"https:\/\/momentodemaquillaje.com\/en\/#credential-1","name":"T\u00e9cnico Especialista en Maquillaje de Transformaci\u00f3n y Especial","credentialCategory":"degree","recognizedBy":{"@type":"Organization","name":"Ministerul Muncii, Rom\u00e2nia"}},{"@type":"EducationalOccupationalCredential","@id":"https:\/\/momentodemaquillaje.com\/en\/#credential-2","name":"Professional Beauty & Fashion","credentialCategory":"certificate","recognizedBy":{"@type":"Organization","name":"Let's Makeup"},"dateCreated":"2024-07-30"},{"@type":"EducationalOccupationalCredential","@id":"https:\/\/momentodemaquillaje.com\/en\/#credential-3","name":"Curso Intensivo de Perfeccionamiento en el Maquillaje","credentialCategory":"certificate","recognizedBy":{"@type":"Organization","name":"Let's Makeup"},"dateCreated":"2023-12-03"},{"@type":"EducationalOccupationalCredential","@id":"https:\/\/momentodemaquillaje.com\/en\/#credential-4","name":"DIMS PRO \u2014 Curso de Especializaci\u00f3n en Maquillaje","credentialCategory":"certificate","recognizedBy":{"@type":"Organization","name":"Diana Ionescu Studio"},"dateCreated":"2017-01-01"}],"sameAs":["https:\/\/www.instagram.com\/momentodemaquillaje\/","https:\/\/www.facebook.com\/MomentodeMaquillaje\/","https:\/\/www.youtube.com\/channel\/UCfFfcQ9kVvt2TMVCJGdW0Iw","https:\/\/www.linkedin.com\/in\/madalina-ghizdeanu\/","https:\/\/es.pinterest.com\/momentodemaquillaje\/","https:\/\/www.bodas.net\/belleza-novias\/madalina-ghizdeanu--e236136","https:\/\/maps.app.goo.gl\/rUs6Fc3JDNfFVrSo6"]},{"@type":"City","@id":"https:\/\/momentodemaquillaje.com\/en\/#place-valencia","name":"Valencia","alternateName":["Val\u00e8ncia","Valencia capital"],"sameAs":["https:\/\/www.wikidata.org\/wiki\/Q8818","https:\/\/es.wikipedia.org\/wiki\/Valencia"],"geo":{"@type":"GeoCoordinates","latitude":39.4699,"longitude":-0.3763},"address":{"@type":"PostalAddress","addressLocality":"Valencia","addressRegion":"Comunidad Valenciana","addressCountry":"ES"},"containedInPlace":{"@type":"AdministrativeArea","@id":"https:\/\/momentodemaquillaje.com\/en\/#place-provincia-valencia"}},{"@type":"AdministrativeArea","@id":"https:\/\/momentodemaquillaje.com\/en\/#place-provincia-valencia","name":"Province of Valencia","alternateName":"Prov\u00edncia de Val\u00e8ncia","containedInPlace":{"@type":"AdministrativeArea","@id":"https:\/\/momentodemaquillaje.com\/en\/#place-comunidad-valenciana"}},{"@type":"AdministrativeArea","@id":"https:\/\/momentodemaquillaje.com\/en\/#place-comunidad-valenciana","name":"Valencian Community","alternateName":"Comunitat Valenciana","containedInPlace":{"@type":"Country","name":"Espa\u00f1a"}}]}},"_links":{"self":[{"href":"https:\/\/momentodemaquillaje.com\/en\/wp-json\/wp\/v2\/pages\/851","targetHints":{"allow":["GET"]}}],"collection":[{"href":"https:\/\/momentodemaquillaje.com\/en\/wp-json\/wp\/v2\/pages"}],"about":[{"href":"https:\/\/momentodemaquillaje.com\/en\/wp-json\/wp\/v2\/types\/page"}],"author":[{"embeddable":true,"href":"https:\/\/momentodemaquillaje.com\/en\/wp-json\/wp\/v2\/users\/1"}],"replies":[{"embeddable":true,"href":"https:\/\/momentodemaquillaje.com\/en\/wp-json\/wp\/v2\/comments?post=851"}],"version-history":[{"count":13,"href":"https:\/\/momentodemaquillaje.com\/en\/wp-json\/wp\/v2\/pages\/851\/revisions"}],"predecessor-version":[{"id":10485,"href":"https:\/\/momentodemaquillaje.com\/en\/wp-json\/wp\/v2\/pages\/851\/revisions\/10485"}],"wp:attachment":[{"href":"https:\/\/momentodemaquillaje.com\/en\/wp-json\/wp\/v2\/media?parent=851"}],"curies":[{"name":"wp","href":"https:\/\/api.w.org\/{rel}","templated":true}]}}