{"id":9357,"date":"2025-05-31T12:49:04","date_gmt":"2025-05-31T10:49:04","guid":{"rendered":"https:\/\/momentodemaquillaje.com\/?page_id=9357"},"modified":"2026-08-31T19:36:11","modified_gmt":"2026-08-31T17:36:11","slug":"sueca","status":"publish","type":"page","link":"https:\/\/momentodemaquillaje.com\/en\/maquillaje-domicilio-valencia\/sueca\/","title":{"rendered":"Makeup at Home in Sueca"},"content":{"rendered":"\n<div class=\"wp-block-stackable-columns alignfull stk-block-columns stk-block stk-cf247fd stk-block-background stk--has-background-overlay\" data-block-id=\"cf247fd\"><style>.stk-cf247fd {background-color:var(--theme-palette-color-4, #000000) !important;background-image:url(http:\/\/momentodemaquillaje.com\/wp-content\/uploads\/2024\/12\/Maquillaje-a-domicilio-Valencia_desktop.webp) !important;padding-top:390px !important;padding-right:35px !important;padding-bottom:320px !important;padding-left:35px !important;margin-bottom:0px !important;}.stk-cf247fd:before{background-color:var(--theme-palette-color-4, #000000) !important;opacity:0.4 !important;}@media screen and (max-width:999px){.stk-cf247fd {padding-top:290px !important;padding-bottom:250px !important;}}@media screen and (max-width:689px){.stk-cf247fd {background-image:url(http:\/\/momentodemaquillaje.com\/wp-content\/uploads\/2024\/12\/Maquillaje-a-domicilio-Valencia_mobile-1.webp) !important;padding-top:220px !important;padding-right:18px !important;padding-bottom:180px !important;padding-left:18px !important;}}<\/style><div class=\"stk-row stk-inner-blocks has-text-align-center stk-block-content stk-content-align stk-cf247fd-column\">\n<div class=\"wp-block-stackable-column stk-block-column stk-column stk-block stk-1d93b9f\" data-v=\"4\" data-block-id=\"1d93b9f\"><style>.stk-1d93b9f-container{margin-top:0px !important;margin-right:0px !important;margin-bottom:0px !important;margin-left:0px !important;max-width:1500px !important;min-width:auto !important;}<\/style><div class=\"stk-column-wrapper stk-block-column__content stk-container stk-1d93b9f-container stk--no-background stk--no-padding\"><div class=\"stk-block-content stk-inner-blocks stk-1d93b9f-inner-blocks\">\n<div class=\"wp-block-stackable-heading stk-block-heading stk-block-heading--v2 stk-block stk-436ce8b\" id=\"maquillaje-a-domicilio-en-sueca\" data-block-id=\"436ce8b\"><style>.stk-436ce8b {margin-bottom:16px !important;}.stk-436ce8b .stk-block-heading__text{font-size:60px !important;color:var(--theme-palette-color-8, #ffffff) !important;line-height:1.3em !important;font-weight:800 !important;}@media screen and (max-width:999px){.stk-436ce8b .stk-block-heading__text{font-size:70px !important;}}@media screen and (max-width:689px){.stk-436ce8b .stk-block-heading__text{font-size:24px !important;}}<\/style><h1 class=\"stk-block-heading__text has-text-color has-palette-color-8-color\">Maquillaje a Domicilio en Sueca<\/h1><\/div>\n\n\n\n<div class=\"wp-block-stackable-text stk-block-text stk-block stk-33fe853\" data-block-id=\"33fe853\"><style>.stk-33fe853 {max-width:750px !important;min-width:auto !important;margin-right:auto !important;margin-bottom:60px !important;margin-left:auto !important;}.stk-33fe853 .stk-block-text__text{font-size:22px !important;color:var(--theme-palette-color-8, #ffffff) !important;text-transform:uppercase !important;}@media screen and (max-width:999px){.stk-33fe853 .stk-block-text__text{font-size:22px !important;}}@media screen and (max-width:689px){.stk-33fe853 {margin-bottom:50px !important;}.stk-33fe853 .stk-block-text__text{font-size:15px !important;}}<\/style><p class=\"stk-block-text__text has-text-color has-palette-color-8-color has-text-align-center\">Servicio Personalizado de Principio a Fin<\/p><\/div>\n\n\n\n<div class=\"wp-block-stackable-columns stk-block-columns stk-block stk-d215103\" data-block-id=\"d215103\"><div class=\"stk-row stk-inner-blocks stk-block-content stk-content-align stk-d215103-column\">\n<div class=\"wp-block-stackable-column stk-block-column stk-column stk-block stk-f378748\" data-v=\"4\" data-block-id=\"f378748\"><div class=\"stk-column-wrapper stk-block-column__content stk-container stk-f378748-container stk--no-background stk--no-padding\"><div class=\"stk-block-content stk-inner-blocks stk-f378748-inner-blocks\">\n<div class=\"wp-block-buttons alignwide is-content-justification-center is-layout-flex wp-container-core-buttons-is-layout-fe0a7de2 wp-block-buttons-is-layout-flex\">\n<div class=\"wp-block-button\"><a class=\"wp-block-button__link has-text-align-center wp-element-button\" href=\"#contacto\">Reserva Ahora<\/a><\/div>\n<\/div>\n<\/div><\/div><\/div>\n<\/div><\/div>\n<\/div><\/div><\/div>\n<\/div><\/div>\n\n\n\n<div class=\"wp-block-stackable-columns stk-block-columns stk-block stk-b536dc7 stk-block-background\" data-block-id=\"b536dc7\"><style>.stk-b536dc7 {background-color:var(--theme-palette-color-8, #ffffff) !important;box-shadow:0px 20px 80px 0px #c1c7d440 !important;padding-top:90px !important;padding-right:35px !important;padding-bottom:90px !important;padding-left:35px !important;margin-top:-100px !important;margin-bottom:0px !important;}.stk-b536dc7:before{background-color:var(--theme-palette-color-8, #ffffff) !important;}.stk-b536dc7-column{--stk-column-gap:35px !important;row-gap:50px !important;}@media screen and (max-width:689px){.stk-b536dc7 {padding-top:15% !important;padding-right:10% !important;padding-bottom:15% !important;padding-left:10% !important;margin-top:-80px !important;}.stk-b536dc7-column{row-gap:25px !important;}}<\/style><div class=\"stk-row stk-inner-blocks stk-block-content stk-content-align stk-b536dc7-column\">\n<div class=\"wp-block-stackable-column stk-block-column stk-column stk-block stk-c8c7b3b\" data-v=\"4\" data-block-id=\"c8c7b3b\"><style>.stk-c8c7b3b-container{margin-top:0px !important;margin-right:0px !important;margin-bottom:0px !important;margin-left:0px !important;}@media screen and (min-width:690px) and (max-width:999px){.stk-c8c7b3b {flex:var(--stk-flex-grow, 1) 1 calc(50% - var(--stk-column-gap, 0px) * 1 \/ 2 ) !important;}}<\/style><div class=\"stk-column-wrapper stk-block-column__content stk-container stk-c8c7b3b-container stk--no-background stk--no-padding\"><div class=\"has-text-align-center stk-block-content stk-inner-blocks stk-c8c7b3b-inner-blocks\">\n<div class=\"wp-block-stackable-image stk-block-image stk-block stk-ce21989\" data-block-id=\"ce21989\"><style>.stk-ce21989 {margin-bottom:16px !important;}.stk-ce21989 .stk-img-wrapper{width:75px !important;}<\/style><figure><span class=\"stk-img-wrapper stk-image--shape-stretch\"><img loading=\"lazy\" decoding=\"async\" class=\"stk-img wp-image-8038\" src=\"http:\/\/momentodemaquillaje.com\/wp-content\/uploads\/2024\/12\/base_18074349.svg\" width=\"512\" height=\"512\"\/><\/span><\/figure><\/div>\n\n\n\n<div class=\"wp-block-stackable-heading stk-block-heading stk-block-heading--v2 stk-block stk-b33f874\" id=\"comodidad-total\" data-block-id=\"b33f874\"><style>.stk-b33f874 {margin-bottom:16px !important;}.stk-b33f874 .stk-block-heading__text{font-size:20px !important;font-weight:800 !important;}@media screen and (max-width:999px){.stk-b33f874 .stk-block-heading__text{font-size:20px !important;}}<\/style><h5 class=\"stk-block-heading__text\">Comodidad Total<\/h5><\/div>\n<\/div><\/div><\/div>\n\n\n\n<div class=\"wp-block-stackable-column stk-block-column stk-column stk-block stk-cdfd108\" data-v=\"4\" data-block-id=\"cdfd108\"><style>.stk-cdfd108-container{margin-top:0px !important;margin-right:0px !important;margin-bottom:0px !important;margin-left:0px !important;}@media screen and (min-width:690px) and (max-width:999px){.stk-cdfd108 {flex:var(--stk-flex-grow, 1) 1 calc(50% - var(--stk-column-gap, 0px) * 1 \/ 2 ) !important;}}<\/style><div class=\"stk-column-wrapper stk-block-column__content stk-container stk-cdfd108-container stk--no-background stk--no-padding\"><div class=\"has-text-align-center stk-block-content stk-inner-blocks stk-cdfd108-inner-blocks\">\n<div class=\"wp-block-stackable-image stk-block-image stk-block stk-7d66949\" data-block-id=\"7d66949\"><style>.stk-7d66949 {margin-bottom:16px !important;}.stk-7d66949 .stk-img-wrapper{width:75px !important;}<\/style><figure><span class=\"stk-img-wrapper stk-image--shape-stretch\"><img loading=\"lazy\" decoding=\"async\" class=\"stk-img wp-image-8039\" src=\"http:\/\/momentodemaquillaje.com\/wp-content\/uploads\/2024\/12\/face-care_18074417.svg\" width=\"512\" height=\"512\"\/><\/span><\/figure><\/div>\n\n\n\n<div class=\"wp-block-stackable-heading stk-block-heading stk-block-heading--v2 stk-block stk-65e6609\" id=\"atencion-personalizada\" data-block-id=\"65e6609\"><style>.stk-65e6609 {margin-bottom:16px !important;}.stk-65e6609 .stk-block-heading__text{font-size:20px !important;font-weight:800 !important;}@media screen and (max-width:999px){.stk-65e6609 .stk-block-heading__text{font-size:20px !important;}}<\/style><h5 class=\"stk-block-heading__text\">Atenci\u00f3n Personalizada<\/h5><\/div>\n<\/div><\/div><\/div>\n\n\n\n<div class=\"wp-block-stackable-column stk-block-column stk-column stk-block stk-9646b4d\" data-v=\"4\" data-block-id=\"9646b4d\"><style>.stk-9646b4d-container{margin-top:0px !important;margin-right:0px !important;margin-bottom:0px !important;margin-left:0px !important;}@media screen and (min-width:690px) and (max-width:999px){.stk-9646b4d {flex:var(--stk-flex-grow, 1) 1 calc(50% - var(--stk-column-gap, 0px) * 1 \/ 2 ) !important;}}<\/style><div class=\"stk-column-wrapper stk-block-column__content stk-container stk-9646b4d-container stk--no-background stk--no-padding\"><div class=\"has-text-align-center stk-block-content stk-inner-blocks stk-9646b4d-inner-blocks\">\n<div class=\"wp-block-stackable-image stk-block-image stk-block stk-1ed4f0e\" data-block-id=\"1ed4f0e\"><style>.stk-1ed4f0e {margin-bottom:16px !important;}.stk-1ed4f0e .stk-img-wrapper{width:75px !important;}<\/style><figure><span class=\"stk-img-wrapper stk-image--shape-stretch\"><img loading=\"lazy\" decoding=\"async\" class=\"stk-img wp-image-8040\" src=\"http:\/\/momentodemaquillaje.com\/wp-content\/uploads\/2024\/12\/face-cream_18074288.svg\" width=\"512\" height=\"512\"\/><\/span><\/figure><\/div>\n\n\n\n<div class=\"wp-block-stackable-heading stk-block-heading stk-block-heading--v2 stk-block stk-43b0b49\" id=\"versatilidad\" data-block-id=\"43b0b49\"><style>.stk-43b0b49 {margin-bottom:16px !important;}.stk-43b0b49 .stk-block-heading__text{font-size:20px !important;font-weight:800 !important;}@media screen and (max-width:999px){.stk-43b0b49 .stk-block-heading__text{font-size:20px !important;}}<\/style><h5 class=\"stk-block-heading__text\">Versatilidad<\/h5><\/div>\n<\/div><\/div><\/div>\n\n\n\n<div class=\"wp-block-stackable-column stk-block-column stk-column stk-block stk-78a8a4e\" data-v=\"4\" data-block-id=\"78a8a4e\"><style>.stk-78a8a4e-container{margin-top:0px !important;margin-right:0px !important;margin-bottom:0px !important;margin-left:0px !important;}@media screen and (min-width:690px) and (max-width:999px){.stk-78a8a4e {flex:var(--stk-flex-grow, 1) 1 calc(50% - var(--stk-column-gap, 0px) * 1 \/ 2 ) !important;}}<\/style><div class=\"stk-column-wrapper stk-block-column__content stk-container stk-78a8a4e-container stk--no-background stk--no-padding\"><div class=\"has-text-align-center stk-block-content stk-inner-blocks stk-78a8a4e-inner-blocks\">\n<div class=\"wp-block-stackable-image stk-block-image stk-block stk-74b295b\" data-block-id=\"74b295b\"><style>.stk-74b295b {margin-bottom:16px !important;}.stk-74b295b .stk-img-wrapper{width:75px !important;}<\/style><figure><span class=\"stk-img-wrapper stk-image--shape-stretch\"><img loading=\"lazy\" decoding=\"async\" class=\"stk-img wp-image-8036\" src=\"http:\/\/momentodemaquillaje.com\/wp-content\/uploads\/2024\/12\/serum_18074413.svg\" width=\"512\" height=\"512\"\/><\/span><\/figure><\/div>\n\n\n\n<div class=\"wp-block-stackable-heading stk-block-heading stk-block-heading--v2 stk-block stk-ba4779f\" id=\"calidad-garantizada\" data-block-id=\"ba4779f\"><style>.stk-ba4779f {margin-bottom:16px !important;}.stk-ba4779f .stk-block-heading__text{font-size:20px !important;font-weight:800 !important;}@media screen and (max-width:999px){.stk-ba4779f .stk-block-heading__text{font-size:20px !important;}}<\/style><h5 class=\"stk-block-heading__text\">Calidad Garantizada<\/h5><\/div>\n<\/div><\/div><\/div>\n<\/div><\/div>\n\n\n\n<div class=\"wp-block-stackable-spacer stk-block-spacer stk--no-padding stk-block stk-9014cde\" data-block-id=\"9014cde\"><style>.stk-9014cde {height:80px !important;}@media screen and (max-width:999px){.stk-9014cde {height:80px !important;}}@media screen and (max-width:689px){.stk-9014cde {height:60px !important;}}<\/style><\/div>\n\n\n<div class=\"yoast-breadcrumbs\"><span><span><a href=\"https:\/\/momentodemaquillaje.com\/\">Inicio<\/a><\/span> \u00bb <span><a href=\"https:\/\/momentodemaquillaje.com\/maquillaje-domicilio-valencia\/\">Maquillaje a Domicilio Valencia<\/a><\/span> \u00bb <span class=\"breadcrumb_last\" aria-current=\"page\">Sueca<\/span><\/span><\/div>\n\n\n<div class=\"wp-block-stackable-columns alignfull stk-block-columns stk-block stk-019503d stk-block-background stk--has-background-overlay\" data-block-id=\"019503d\"><style>.stk-019503d {background-color:transparent !important;background-image:url(http:\/\/momentodemaquillaje.com\/wp-content\/uploads\/2021\/07\/flower-decoration-2.svg) !important;background-position:top right !important;background-repeat:no-repeat !important;background-size:700px !important;padding-top:0px !important;padding-right:0px !important;padding-bottom:0px !important;padding-left:0px !important;margin-bottom:34px !important;overflow:visible !important;}.stk-019503d:before{background-color:transparent !important;opacity:0.5 !important;}.stk-019503d .stk-container{overflow:visible !important;}<\/style><div class=\"stk-row stk-inner-blocks stk-block-content stk-content-align stk-019503d-column\">\n<div class=\"wp-block-stackable-column stk-block-column stk-column stk-block stk-dac8773\" data-v=\"4\" id=\"servicios\" data-block-id=\"dac8773\"><style>.stk-dac8773-container{margin-top:0px !important;margin-right:0px !important;margin-bottom:0px !important;margin-left:0px !important;}.stk-dac8773 {margin-top:34px !important;}<\/style><div class=\"stk-column-wrapper stk-block-column__content stk-container stk-dac8773-container stk--no-background stk--no-padding\"><div class=\"stk-block-content stk-inner-blocks stk-dac8773-inner-blocks\">\n<div class=\"wp-block-media-text is-stacked-on-mobile\" style=\"padding-bottom:var(--wp--preset--spacing--70);grid-template-columns:49% auto\"><figure class=\"wp-block-media-text__media\"><img loading=\"lazy\" decoding=\"async\" width=\"768\" height=\"600\" src=\"http:\/\/momentodemaquillaje.com\/wp-content\/uploads\/2024\/12\/Maquilladora-Valencia_hero_mobile.webp\" alt=\"Maquilladora Valencia\" class=\"wp-image-8151 size-full\" srcset=\"https:\/\/momentodemaquillaje.com\/wp-content\/uploads\/2024\/12\/Maquilladora-Valencia_hero_mobile.webp 768w, https:\/\/momentodemaquillaje.com\/wp-content\/uploads\/2024\/12\/Maquilladora-Valencia_hero_mobile-300x234.webp 300w, https:\/\/momentodemaquillaje.com\/wp-content\/uploads\/2024\/12\/Maquilladora-Valencia_hero_mobile-15x12.webp 15w\" sizes=\"auto, (max-width: 768px) 100vw, 768px\" \/><\/figure><div class=\"wp-block-media-text__content\">\n<div class=\"wp-block-stackable-heading stk-block-heading stk-block-heading--v2 stk-block stk-dccf283\" id=\"tu-especialista-en-maquillaje-a-domicilio\" data-block-id=\"dccf283\"><style>.stk-dccf283 {margin-bottom:5px !important;}.stk-dccf283 .stk-block-heading__text{font-size:25px !important;line-height:1.5em !important;font-weight:800 !important;}@media screen and (max-width:999px){.stk-dccf283 .stk-block-heading__text{font-size:35px !important;}}@media screen and (max-width:689px){.stk-dccf283 .stk-block-heading__text{font-size:24px !important;}}<\/style><h3 class=\"stk-block-heading__text has-text-align-center\">Tu Especialista en Maquillaje a Domicilio<\/h3><\/div>\n\n\n\n<p class=\"wp-block-paragraph\">\u00bfBuscando un servicio de <strong>maquillaje y peinado a domicilio en Sueca<\/strong>? Si has escrito \u201cmaquillaje cerca de m\u00ed\u201d en Google, bienvenida \ud83d\udc84 Soy Madalina, <strong>maquilladora profesional<\/strong> que se desplaza por toda la zona de Valencia \u2014 y por supuesto, tambi\u00e9n a Sueca.<\/p>\n\n\n\n<p class=\"wp-block-paragraph\">\u00bfEvento importante en Sueca? Te maquillo a domicilio con atenci\u00f3n al detalle, puntualidad y un estilo adaptado a ti.<\/p>\n<\/div><\/div>\n<\/div><\/div><\/div>\n<\/div><\/div>\n\n\n\n<div class=\"wp-block-stackable-spacer stk-block-spacer stk--no-padding stk-block stk-9c9ac76\" data-block-id=\"9c9ac76\"><style>.stk-9c9ac76 {height:80px !important;}@media screen and (max-width:999px){.stk-9c9ac76 {height:80px !important;}}@media screen and (max-width:689px){.stk-9c9ac76 {height:0px !important;}}<\/style><\/div>\n\n\n\n<div class=\"wp-block-stackable-columns alignfull stk-block-columns stk-block stk-eacf56a stk-block-background servicios-lista stk--has-background-overlay\" data-block-id=\"eacf56a\"><style>.stk-eacf56a {background-color:transparent !important;background-image:url(http:\/\/momentodemaquillaje.com\/wp-content\/uploads\/2021\/07\/flower-decoration-1.svg) !important;background-position:top left !important;background-repeat:no-repeat !important;background-size:700px !important;padding-top:0px !important;padding-right:0px !important;padding-bottom:0px !important;padding-left:0px !important;margin-bottom:0px !important;overflow:visible !important;}.stk-eacf56a:before{background-color:transparent !important;opacity:0.5 !important;}.stk-eacf56a .stk-container{overflow:visible !important;}@media screen and (max-width:999px){.stk-eacf56a {background-position:top center !important;background-size:400px !important;}}<\/style><div class=\"stk-row stk-inner-blocks stk-block-content stk-content-align stk-eacf56a-column\">\n<div class=\"wp-block-stackable-column stk-block-column stk-column stk-block stk-228b1fb servicios-lista\" data-v=\"4\" data-block-id=\"228b1fb\"><style>.stk-228b1fb-container{margin-top:0px !important;margin-right:0px !important;margin-bottom:0px !important;margin-left:0px !important;}<\/style><div class=\"stk-column-wrapper stk-block-column__content stk-container stk-228b1fb-container stk--no-background stk--no-padding\"><div class=\"stk-block-content stk-inner-blocks stk-228b1fb-inner-blocks\">\n<div class=\"wp-block-stackable-columns stk-block-columns stk-block stk-b8f385d stk-block-background\" data-block-id=\"b8f385d\"><style>.stk-b8f385d {background-color:var(--theme-palette-color-8, #ffffff) !important;box-shadow:0px 20px 80px 0px #c1c7d440 !important;padding-top:0px !important;padding-right:0px !important;padding-bottom:0px !important;padding-left:0px !important;margin-bottom:0px !important;}.stk-b8f385d:before{background-color:var(--theme-palette-color-8, #ffffff) !important;}.stk-b8f385d-column{--stk-column-gap:35px !important;row-gap:35px !important;}@media screen and (max-width:689px){.stk-b8f385d-column{--stk-column-gap:35px !important;row-gap:0px !important;}.stk-b8f385d {--stk-col-order-1:2 !important;--stk-col-order-2:1 !important;}}<\/style><div class=\"stk-row stk-inner-blocks stk-block-content stk-content-align stk-b8f385d-column\">\n<div class=\"wp-block-stackable-column stk-block-column stk-column stk-block stk-977f629\" data-v=\"4\" data-block-id=\"977f629\"><style>.stk-977f629-container{margin-top:0px !important;margin-right:auto !important;margin-bottom:0px !important;margin-left:auto !important;max-width:75% !important;min-width:auto !important;}.stk-977f629 {padding-top:35px !important;padding-right:0px !important;padding-bottom:35px !important;padding-left:35px !important;}@media screen and (min-width:690px){.stk-977f629 {flex:var(--stk-flex-grow, 1) 1 calc(48% - var(--stk-column-gap, 0px) * 1 \/ 2 ) !important;}}@media screen and (max-width:999px){.stk-977f629-container{max-width:100% !important;min-width:auto !important;}}@media screen and (max-width:689px){.stk-977f629 {padding-top:35px !important;padding-right:35px !important;padding-bottom:20px !important;padding-left:35px !important;}.stk-977f629-container{max-width:100% !important;min-width:auto !important;}}<\/style><div class=\"stk-column-wrapper stk-block-column__content stk-container stk-977f629-container stk--no-background stk--no-padding\"><div class=\"has-text-align-center stk-block-content stk-inner-blocks stk-977f629-inner-blocks\">\n<div class=\"wp-block-stackable-heading stk-block-heading stk-block-heading--v2 stk-block stk-7365b38\" id=\"servicios-de-maquillaje-y-peinado-a-domicilio-en-sueca\" data-block-id=\"7365b38\"><style>.stk-7365b38 {margin-bottom:30px !important;}.stk-7365b38 .stk-block-heading__text{font-size:28px !important;line-height:1.5em !important;font-weight:800 !important;}@media screen and (max-width:999px){.stk-7365b38 .stk-block-heading__text{font-size:30px !important;}}@media screen and (max-width:689px){.stk-7365b38 .stk-block-heading__text{font-size:24px !important;}}<\/style><h2 class=\"stk-block-heading__text\">Servicios de Maquillaje y Peinado a Domicilio en Sueca<\/h2><\/div>\n\n\n\n<div class=\"wp-block-stackable-icon-label stk-block-icon-label stk-block stk-1bc6bf4 servicios-lista\" data-block-id=\"1bc6bf4\"><style>.stk-1bc6bf4 {margin-bottom:10px !important;}@media screen and (max-width:689px){.stk-1bc6bf4 {margin-bottom:9px !important;}}<\/style><div class=\"stk-row stk-inner-blocks stk-block-content\">\n<div class=\"wp-block-stackable-icon stk-block-icon has-text-align-left stk-block stk-8c6254a\" data-block-id=\"8c6254a\"><style>.stk-8c6254a .stk--svg-wrapper .stk--inner-svg svg:last-child, .stk-8c6254a .stk--svg-wrapper .stk--inner-svg svg:last-child :is(g, path, rect, polygon, ellipse){fill:#00d084 !important;}<\/style><span class=\"stk--svg-wrapper\"><div class=\"stk--inner-svg\"><svg style=\"height:0;width:0\"><defs><linearGradient id=\"linear-gradient-8c6254a\" x1=\"0\" x2=\"100%\" y1=\"0\" y2=\"0\"><stop offset=\"0%\" style=\"stop-opacity:1;stop-color:var(--linear-gradient-8-c-6254-a-color-1)\"><\/stop><stop offset=\"100%\" style=\"stop-opacity:1;stop-color:var(--linear-gradient-8-c-6254-a-color-2)\"><\/stop><\/linearGradient><\/defs><\/svg><svg xmlns=\"http:\/\/www.w3.org\/2000\/svg\" viewBox=\"0 0 512 512\" aria-hidden=\"true\" width=\"32\" height=\"32\"><path d=\"M256 48a208 208 0 1 1 0 416 208 208 0 1 1 0-416zm0 464A256 256 0 1 0 256 0a256 256 0 1 0 0 512zM369 209c9.4-9.4 9.4-24.6 0-33.9s-24.6-9.4-33.9 0l-111 111-47-47c-9.4-9.4-24.6-9.4-33.9 0s-9.4 24.6 0 33.9l64 64c9.4 9.4 24.6 9.4 33.9 0L369 209z\"\/><\/svg><\/div><\/span><\/div>\n\n\n\n<div class=\"wp-block-stackable-heading stk-block-heading stk-block-heading--v2 stk-block stk-2da4ec1\" id=\"a-href-https-momentodemaquillaje-com-maquillaje-para-bodas-valencia-type-link-id-https-momentodemaquillaje-com-maquillaje-para-bodas-valencia-maquyillaje-y-peinado-de-novia-en-valencia-a\" data-block-id=\"2da4ec1\"><style>.stk-2da4ec1 .stk-block-heading__text{font-size:22px !important;}@media screen and (max-width:999px){.stk-2da4ec1 .stk-block-heading__text{font-size:22px !important;}}@media screen and (max-width:689px){.stk-2da4ec1 .stk-block-heading__text{font-size:20px !important;}}<\/style><h3 class=\"stk-block-heading__text\"><a href=\"https:\/\/momentodemaquillaje.com\/maquillaje-para-bodas-valencia\/\" type=\"link\" id=\"https:\/\/momentodemaquillaje.com\/maquillaje-para-bodas-valencia\/\">Maquyillaje y Peinado de Novia en Valencia<\/a><\/h3><\/div>\n<\/div><\/div>\n\n\n\n<div class=\"wp-block-stackable-icon-label stk-block-icon-label stk-block stk-57a6830\" data-block-id=\"57a6830\"><style>.stk-57a6830 {margin-bottom:10px !important;}<\/style><div class=\"stk-row stk-inner-blocks stk-block-content\">\n<div class=\"wp-block-stackable-icon stk-block-icon has-text-align-left stk-block stk-9c85cd3\" data-block-id=\"9c85cd3\"><style>.stk-9c85cd3 .stk--svg-wrapper .stk--inner-svg svg:last-child, .stk-9c85cd3 .stk--svg-wrapper .stk--inner-svg svg:last-child :is(g, path, rect, polygon, ellipse){fill:#00d084 !important;}<\/style><span class=\"stk--svg-wrapper\"><div class=\"stk--inner-svg\"><svg style=\"height:0;width:0\"><defs><linearGradient id=\"linear-gradient-9c85cd3\" x1=\"0\" x2=\"100%\" y1=\"0\" y2=\"0\"><stop offset=\"0%\" style=\"stop-opacity:1;stop-color:var(--linear-gradient-9-c-85-cd-3-color-1)\"><\/stop><stop offset=\"100%\" style=\"stop-opacity:1;stop-color:var(--linear-gradient-9-c-85-cd-3-color-2)\"><\/stop><\/linearGradient><\/defs><\/svg><svg xmlns=\"http:\/\/www.w3.org\/2000\/svg\" viewBox=\"0 0 512 512\" aria-hidden=\"true\" width=\"32\" height=\"32\"><path d=\"M256 48a208 208 0 1 1 0 416 208 208 0 1 1 0-416zm0 464A256 256 0 1 0 256 0a256 256 0 1 0 0 512zM369 209c9.4-9.4 9.4-24.6 0-33.9s-24.6-9.4-33.9 0l-111 111-47-47c-9.4-9.4-24.6-9.4-33.9 0s-9.4 24.6 0 33.9l64 64c9.4 9.4 24.6 9.4 33.9 0L369 209z\"\/><\/svg><\/div><\/span><\/div>\n\n\n\n<div class=\"wp-block-stackable-heading stk-block-heading stk-block-heading--v2 stk-block stk-9923d6a\" id=\"a-href-https-momentodemaquillaje-com-maquillaje-invitada-valencia-maquillaje-de-invitada-a\" data-block-id=\"9923d6a\"><style>.stk-9923d6a .stk-block-heading__text{font-size:22px !important;}@media screen and (max-width:999px){.stk-9923d6a .stk-block-heading__text{font-size:22px !important;}}@media screen and (max-width:689px){.stk-9923d6a .stk-block-heading__text{font-size:20px !important;}}<\/style><h3 class=\"stk-block-heading__text\"><a href=\"https:\/\/momentodemaquillaje.com\/maquillaje-invitada-valencia\/\">Maquillaje de Invitada<\/a><\/h3><\/div>\n<\/div><\/div>\n\n\n\n<div class=\"wp-block-stackable-icon-label stk-block-icon-label stk-block stk-74d722c\" data-block-id=\"74d722c\"><style>.stk-74d722c {margin-bottom:10px !important;}<\/style><div class=\"stk-row stk-inner-blocks stk-block-content\">\n<div class=\"wp-block-stackable-icon stk-block-icon has-text-align-left stk-block stk-365a0b8\" data-block-id=\"365a0b8\"><style>.stk-365a0b8 .stk--svg-wrapper .stk--inner-svg svg:last-child, .stk-365a0b8 .stk--svg-wrapper .stk--inner-svg svg:last-child :is(g, path, rect, polygon, ellipse){fill:#00d084 !important;}<\/style><span class=\"stk--svg-wrapper\"><div class=\"stk--inner-svg\"><svg style=\"height:0;width:0\"><defs><linearGradient id=\"linear-gradient-365a0b8\" x1=\"0\" x2=\"100%\" y1=\"0\" y2=\"0\"><stop offset=\"0%\" style=\"stop-opacity:1;stop-color:var(--linear-gradient-365-a-0-b-8-color-1)\"><\/stop><stop offset=\"100%\" style=\"stop-opacity:1;stop-color:var(--linear-gradient-365-a-0-b-8-color-2)\"><\/stop><\/linearGradient><\/defs><\/svg><svg xmlns=\"http:\/\/www.w3.org\/2000\/svg\" viewBox=\"0 0 512 512\" aria-hidden=\"true\" width=\"32\" height=\"32\"><path d=\"M256 48a208 208 0 1 1 0 416 208 208 0 1 1 0-416zm0 464A256 256 0 1 0 256 0a256 256 0 1 0 0 512zM369 209c9.4-9.4 9.4-24.6 0-33.9s-24.6-9.4-33.9 0l-111 111-47-47c-9.4-9.4-24.6-9.4-33.9 0s-9.4 24.6 0 33.9l64 64c9.4 9.4 24.6 9.4 33.9 0L369 209z\"\/><\/svg><\/div><\/span><\/div>\n\n\n\n<div class=\"wp-block-stackable-heading stk-block-heading stk-block-heading--v2 stk-block stk-9a9a1e8\" id=\"a-href-https-momentodemaquillaje-com-maquillaje-de-fiesta-y-eventos-valencia-maquillaje-para-eventos-y-fiestas-a\" data-block-id=\"9a9a1e8\"><style>.stk-9a9a1e8 .stk-block-heading__text{font-size:22px !important;}@media screen and (max-width:999px){.stk-9a9a1e8 .stk-block-heading__text{font-size:22px !important;}}@media screen and (max-width:689px){.stk-9a9a1e8 .stk-block-heading__text{font-size:20px !important;}}<\/style><h3 class=\"stk-block-heading__text\"><a href=\"https:\/\/momentodemaquillaje.com\/maquillaje-de-fiesta-y-eventos-valencia\/\">Maquillaje para Eventos y Fiestas<\/a><\/h3><\/div>\n<\/div><\/div>\n\n\n\n<div class=\"wp-block-stackable-icon-label stk-block-icon-label stk-block stk-94e11d4\" data-block-id=\"94e11d4\"><style>.stk-94e11d4 {margin-bottom:10px !important;}<\/style><div class=\"stk-row stk-inner-blocks stk-block-content\">\n<div class=\"wp-block-stackable-icon stk-block-icon has-text-align-left stk-block stk-bb78e0e\" data-block-id=\"bb78e0e\"><style>.stk-bb78e0e .stk--svg-wrapper .stk--inner-svg svg:last-child, .stk-bb78e0e .stk--svg-wrapper .stk--inner-svg svg:last-child :is(g, path, rect, polygon, ellipse){fill:#00d084 !important;}<\/style><span class=\"stk--svg-wrapper\"><div class=\"stk--inner-svg\"><svg style=\"height:0;width:0\"><defs><linearGradient id=\"linear-gradient-bb78e0e\" x1=\"0\" x2=\"100%\" y1=\"0\" y2=\"0\"><stop offset=\"0%\" style=\"stop-opacity:1;stop-color:var(--linear-gradient-bb-78-e-0-e-color-1)\"><\/stop><stop offset=\"100%\" style=\"stop-opacity:1;stop-color:var(--linear-gradient-bb-78-e-0-e-color-2)\"><\/stop><\/linearGradient><\/defs><\/svg><svg xmlns=\"http:\/\/www.w3.org\/2000\/svg\" viewBox=\"0 0 512 512\" aria-hidden=\"true\" width=\"32\" height=\"32\"><path d=\"M256 48a208 208 0 1 1 0 416 208 208 0 1 1 0-416zm0 464A256 256 0 1 0 256 0a256 256 0 1 0 0 512zM369 209c9.4-9.4 9.4-24.6 0-33.9s-24.6-9.4-33.9 0l-111 111-47-47c-9.4-9.4-24.6-9.4-33.9 0s-9.4 24.6 0 33.9l64 64c9.4 9.4 24.6 9.4 33.9 0L369 209z\"\/><\/svg><\/div><\/span><\/div>\n\n\n\n<div class=\"wp-block-stackable-heading stk-block-heading stk-block-heading--v2 stk-block stk-3734345\" id=\"a-href-https-momentodemaquillaje-com-maquillaje-sesion-de-fotos-maquillaje-para-sesiones-de-fotos-a\" data-block-id=\"3734345\"><style>.stk-3734345 .stk-block-heading__text{font-size:22px !important;}@media screen and (max-width:999px){.stk-3734345 .stk-block-heading__text{font-size:22px !important;}}@media screen and (max-width:689px){.stk-3734345 .stk-block-heading__text{font-size:20px !important;}}<\/style><h3 class=\"stk-block-heading__text\"><a href=\"https:\/\/momentodemaquillaje.com\/maquillaje-sesion-de-fotos\/\">Maquillaje para Sesiones de Fotos<\/a><\/h3><\/div>\n<\/div><\/div>\n\n\n\n<div class=\"wp-block-stackable-icon-label stk-block-icon-label stk-block stk-06d2822\" data-block-id=\"06d2822\"><style>.stk-06d2822 {margin-bottom:25px !important;}<\/style><div class=\"stk-row stk-inner-blocks stk-block-content\">\n<div class=\"wp-block-stackable-icon stk-block-icon has-text-align-left stk-block stk-5ebcda3\" data-block-id=\"5ebcda3\"><style>.stk-5ebcda3 .stk--svg-wrapper .stk--inner-svg svg:last-child, .stk-5ebcda3 .stk--svg-wrapper .stk--inner-svg svg:last-child :is(g, path, rect, polygon, ellipse){fill:#00d084 !important;}<\/style><span class=\"stk--svg-wrapper\"><div class=\"stk--inner-svg\"><svg style=\"height:0;width:0\"><defs><linearGradient id=\"linear-gradient-5ebcda3\" x1=\"0\" x2=\"100%\" y1=\"0\" y2=\"0\"><stop offset=\"0%\" style=\"stop-opacity:1;stop-color:var(--linear-gradient-5-ebcda-3-color-1)\"><\/stop><stop offset=\"100%\" style=\"stop-opacity:1;stop-color:var(--linear-gradient-5-ebcda-3-color-2)\"><\/stop><\/linearGradient><\/defs><\/svg><svg xmlns=\"http:\/\/www.w3.org\/2000\/svg\" viewBox=\"0 0 512 512\" aria-hidden=\"true\" width=\"32\" height=\"32\"><path d=\"M256 48a208 208 0 1 1 0 416 208 208 0 1 1 0-416zm0 464A256 256 0 1 0 256 0a256 256 0 1 0 0 512zM369 209c9.4-9.4 9.4-24.6 0-33.9s-24.6-9.4-33.9 0l-111 111-47-47c-9.4-9.4-24.6-9.4-33.9 0s-9.4 24.6 0 33.9l64 64c9.4 9.4 24.6 9.4 33.9 0L369 209z\"\/><\/svg><\/div><\/span><\/div>\n\n\n\n<div class=\"wp-block-stackable-heading stk-block-heading stk-block-heading--v2 stk-block stk-a54b8a3\" id=\"a-href-https-momentodemaquillaje-com-curso-automaquillaje-valencia-curso-de-automaquillaje-a\" data-block-id=\"a54b8a3\"><style>.stk-a54b8a3 .stk-block-heading__text{font-size:22px !important;}@media screen and (max-width:999px){.stk-a54b8a3 .stk-block-heading__text{font-size:22px !important;}}@media screen and (max-width:689px){.stk-a54b8a3 .stk-block-heading__text{font-size:20px !important;}}<\/style><h3 class=\"stk-block-heading__text\"><a href=\"https:\/\/momentodemaquillaje.com\/curso-automaquillaje-valencia\/\">Curso de Automaquillaje<\/a><\/h3><\/div>\n<\/div><\/div>\n\n\n\n<div class=\"wp-block-stackable-icon-label stk-block-icon-label stk-block stk-c668b63\" data-block-id=\"c668b63\"><style>.stk-c668b63 {margin-bottom:25px !important;}<\/style><div class=\"stk-row stk-inner-blocks stk-block-content\">\n<div class=\"wp-block-stackable-icon stk-block-icon has-text-align-left stk-block stk-4ca984d\" data-block-id=\"4ca984d\"><style>.stk-4ca984d .stk--svg-wrapper .stk--inner-svg svg:last-child, .stk-4ca984d .stk--svg-wrapper .stk--inner-svg svg:last-child :is(g, path, rect, polygon, ellipse){fill:#00d084 !important;}<\/style><span class=\"stk--svg-wrapper\"><div class=\"stk--inner-svg\"><svg style=\"height:0;width:0\"><defs><linearGradient id=\"linear-gradient-4ca984d\" x1=\"0\" x2=\"100%\" y1=\"0\" y2=\"0\"><stop offset=\"0%\" style=\"stop-opacity:1;stop-color:var(--linear-gradient-4-ca-984-d-color-1)\"><\/stop><stop offset=\"100%\" style=\"stop-opacity:1;stop-color:var(--linear-gradient-4-ca-984-d-color-2)\"><\/stop><\/linearGradient><\/defs><\/svg><svg xmlns=\"http:\/\/www.w3.org\/2000\/svg\" viewBox=\"0 0 512 512\" aria-hidden=\"true\" width=\"32\" height=\"32\"><path d=\"M256 48a208 208 0 1 1 0 416 208 208 0 1 1 0-416zm0 464A256 256 0 1 0 256 0a256 256 0 1 0 0 512zM369 209c9.4-9.4 9.4-24.6 0-33.9s-24.6-9.4-33.9 0l-111 111-47-47c-9.4-9.4-24.6-9.4-33.9 0s-9.4 24.6 0 33.9l64 64c9.4 9.4 24.6 9.4 33.9 0L369 209z\"\/><\/svg><\/div><\/span><\/div>\n\n\n\n<div class=\"wp-block-stackable-heading stk-block-heading stk-block-heading--v2 stk-block stk-3ba6cbc\" id=\"a-href-https-momentodemaquillaje-com-curso-automaquillaje-valencia-maquillae-a\" data-block-id=\"3ba6cbc\"><style>@media screen and (max-width:689px){.stk-3ba6cbc .stk-block-heading__text{font-size:20px !important;}}<\/style><h3 class=\"stk-block-heading__text\"><a href=\"https:\/\/momentodemaquillaje.com\/maquillaje-fallera-valencia\/\">Maquillaje Fallera<\/a><\/h3><\/div>\n<\/div><\/div>\n\n\n\n<div class=\"wp-block-stackable-button-group stk-block-button-group stk-block stk-6deabd8\" data-block-id=\"6deabd8\"><div class=\"stk-row stk-inner-blocks stk-block-content stk-button-group\">\n<div class=\"wp-block-stackable-button stk-block-button is-style-plain stk-block stk-7f48c30\" data-block-id=\"7f48c30\"><style>.stk-7f48c30 .stk-button{padding-top:8px !important;padding-right:15px !important;padding-bottom:8px !important;padding-left:15px !important;background:transparent !important;}.stk-7f48c30 .stk-button:hover:after{background:transparent !important;opacity:1 !important;}:where(.stk-hover-parent:hover,  .stk-hover-parent.stk--is-hovered) .stk-7f48c30 .stk-button:after{background:transparent !important;opacity:1 !important;}.stk-7f48c30 .stk-button .stk--inner-svg svg:last-child{height:12px !important;width:12px !important;}.stk-7f48c30 .stk-button:hover .stk--inner-svg svg:last-child, .stk-7f48c30 .stk-button:hover .stk--inner-svg svg:last-child :is(g, path, rect, polygon, ellipse){fill:var(--theme-palette-color-2, #f8bb98) !important;}.stk-7f48c30 .stk-button__inner-text{font-size:16px !important;font-weight:600 !important;text-transform:uppercase !important;}.stk-7f48c30 .stk-button:hover .stk-button__inner-text{color:var(--theme-palette-color-2, #f8bb98) !important;}@media screen and (max-width:999px){.stk-7f48c30 .stk-button__inner-text{font-size:16px !important;}}<\/style><a class=\"stk-link stk-button stk--hover-effect-darken\" href=\"#contacto\"><span class=\"stk-button__inner-text\">Cont\u00e1ctame para una consulta gratuita<\/span><span class=\"stk--svg-wrapper\"><div class=\"stk--inner-svg\"><svg aria-hidden=\"true\" focusable=\"false\" data-prefix=\"fas\" data-icon=\"arrow-right\" class=\"svg-inline--fa fa-arrow-right fa-w-14\" xmlns=\"http:\/\/www.w3.org\/2000\/svg\" viewBox=\"0 0 448 512\" width=\"32\" height=\"32\"><path fill=\"currentColor\" d=\"M190.5 66.9l22.2-22.2c9.4-9.4 24.6-9.4 33.9 0L441 239c9.4 9.4 9.4 24.6 0 33.9L246.6 467.3c-9.4 9.4-24.6 9.4-33.9 0l-22.2-22.2c-9.5-9.5-9.3-25 .4-34.3L311.4 296H24c-13.3 0-24-10.7-24-24v-32c0-13.3 10.7-24 24-24h287.4L190.9 101.2c-9.8-9.3-10-24.8-.4-34.3z\"><\/path><\/svg><\/div><\/span><\/a><\/div>\n<\/div><\/div>\n<\/div><\/div><\/div>\n\n\n\n<div class=\"wp-block-stackable-column stk-block-column stk-column stk-block stk-becc717 stk-block-background stk--has-background-overlay\" data-v=\"4\" data-block-id=\"becc717\"><style>.stk-becc717-container{margin-top:0px !important;margin-right:0px !important;margin-bottom:0px !important;margin-left:0px !important;}.stk-becc717 {background-image:url(http:\/\/momentodemaquillaje.com\/wp-content\/uploads\/2024\/12\/Maquillaje-personalizado-donde-los-necesitas.webp) !important;}@media screen and (min-width:690px){.stk-becc717 {flex:var(--stk-flex-grow, 1) 1 calc(52% - var(--stk-column-gap, 0px) * 1 \/ 2 ) !important;}}@media screen and (max-width:689px){.stk-becc717 {padding-top:35px !important;padding-right:35px !important;padding-bottom:35px !important;padding-left:35px !important;}}<\/style><div class=\"stk-column-wrapper stk-block-column__content stk-container stk-becc717-container stk--no-background stk--no-padding\"><div class=\"stk-block-content stk-inner-blocks stk-becc717-inner-blocks\">\n<div class=\"wp-block-stackable-spacer stk-block-spacer stk--no-padding stk-block stk-6613db9\" data-block-id=\"6613db9\"><style>.stk-6613db9 {height:100px !important;}@media screen and (max-width:689px){.stk-6613db9 {height:400px !important;}}<\/style><\/div>\n<\/div><\/div><\/div>\n<\/div><\/div>\n\n\n\n<div class=\"wp-block-stackable-spacer stk-block-spacer stk--no-padding stk-block stk-400d86e\" data-block-id=\"400d86e\"><style>.stk-400d86e {height:80px !important;}@media screen and (max-width:689px){.stk-400d86e {height:50px !important;}}<\/style><\/div>\n\n\n\n<div class=\"wp-block-stackable-columns stk-block-columns stk-block stk-70345d7 stk-block-background\" data-block-id=\"70345d7\"><style>.stk-70345d7 {background-color:var(--theme-palette-color-8, #ffffff) !important;box-shadow:0px 20px 80px 0px #c1c7d440 !important;padding-top:0px !important;padding-right:0px !important;padding-bottom:0px !important;padding-left:0px !important;}.stk-70345d7:before{background-color:var(--theme-palette-color-8, #ffffff) !important;}.stk-70345d7-column{--stk-column-gap:35px !important;row-gap:35px !important;}<\/style><div class=\"stk-row stk-inner-blocks stk-block-content stk-content-align stk-70345d7-column\">\n<div class=\"wp-block-stackable-column stk-block-column stk-column stk-block stk-920e8f1 stk-block-background stk--has-background-overlay\" data-v=\"4\" data-block-id=\"920e8f1\"><style>.stk-920e8f1-container{margin-top:0px !important;margin-right:0px !important;margin-bottom:0px !important;margin-left:0px !important;}.stk-920e8f1 {background-image:url(http:\/\/momentodemaquillaje.com\/wp-content\/uploads\/2024\/12\/Maquillaje-a-domicilio-en-valencia-y-peinado.webp) !important;}@media screen and (min-width:690px){.stk-920e8f1 {flex:var(--stk-flex-grow, 1) 1 calc(50% - var(--stk-column-gap, 0px) * 1 \/ 2 ) !important;}}@media screen and (max-width:689px){.stk-920e8f1 {padding-top:35px !important;padding-right:35px !important;padding-bottom:35px !important;padding-left:35px !important;}}<\/style><div class=\"stk-column-wrapper stk-block-column__content stk-container stk-920e8f1-container stk--no-background stk--no-padding\"><div class=\"stk-block-content stk-inner-blocks stk-920e8f1-inner-blocks\">\n<div class=\"wp-block-stackable-spacer stk-block-spacer stk--no-padding stk-block stk-3b221fc\" data-block-id=\"3b221fc\"><style>.stk-3b221fc {height:100px !important;}@media screen and (max-width:689px){.stk-3b221fc {height:400px !important;}}<\/style><\/div>\n<\/div><\/div><\/div>\n\n\n\n<div class=\"wp-block-stackable-column stk-block-column stk-column stk-block stk-59815e3\" data-v=\"4\" data-block-id=\"59815e3\"><style>.stk-59815e3-container{margin-top:0px !important;margin-right:auto !important;margin-bottom:0px !important;margin-left:auto !important;max-width:70% !important;min-width:auto !important;}.stk-59815e3 {padding-top:35px !important;padding-right:35px !important;padding-bottom:35px !important;padding-left:0px !important;}@media screen and (min-width:690px){.stk-59815e3 {flex:var(--stk-flex-grow, 1) 1 calc(50% - var(--stk-column-gap, 0px) * 1 \/ 2 ) !important;}}@media screen and (max-width:999px){.stk-59815e3-container{max-width:100% !important;min-width:auto !important;}}@media screen and (max-width:689px){.stk-59815e3 {padding-top:20px !important;padding-right:35px !important;padding-bottom:60px !important;padding-left:35px !important;}.stk-59815e3-container{max-width:100% !important;min-width:auto !important;}}<\/style><div class=\"stk-column-wrapper stk-block-column__content stk-container stk-59815e3-container stk--no-background stk--no-padding\"><div class=\"has-text-align-center stk-block-content stk-inner-blocks stk-59815e3-inner-blocks\">\n<div class=\"wp-block-stackable-heading stk-block-heading stk-block-heading--v2 stk-block stk-01adfc2\" id=\"por-que-elegirme-como-maquilladora-en-sueca\" data-block-id=\"01adfc2\"><style>.stk-01adfc2 {margin-bottom:30px !important;}.stk-01adfc2 .stk-block-heading__text{font-size:28px !important;line-height:1.5em !important;font-weight:800 !important;}@media screen and (max-width:999px){.stk-01adfc2 .stk-block-heading__text{font-size:30px !important;}}@media screen and (max-width:689px){.stk-01adfc2 .stk-block-heading__text{font-size:24px !important;}}<\/style><h2 class=\"stk-block-heading__text\">\u00bfPor Qu\u00e9 Elegirme como Maquilladora en Sueca?<\/h2><\/div>\n\n\n\n<div class=\"wp-block-stackable-text stk-block-text stk-block stk-4cf7efc\" data-block-id=\"4cf7efc\"><style>.stk-4cf7efc {margin-bottom:50px !important;}<\/style><p class=\"stk-block-text__text has-text-align-left\">-&gt; En Sueca, combino t\u00e9cnica profesional con un trato cercano y personalizado.<br><br>-&gt; En Sueca, me esfuerzo por que cada clienta se sienta \u00fanica y segura de s\u00ed misma.<br><br>-&gt; Gracias a mi experiencia en Sueca, s\u00e9 c\u00f3mo adaptarme a diferentes estilos y eventos.<\/p><\/div>\n\n\n\n<div class=\"wp-block-stackable-button-group stk-block-button-group stk-block stk-0e88f8e\" data-block-id=\"0e88f8e\"><div class=\"stk-row stk-inner-blocks stk-block-content stk-button-group\">\n<div class=\"wp-block-stackable-button stk-block-button is-style-plain stk-block stk-c96e4f4\" data-block-id=\"c96e4f4\"><style>.stk-c96e4f4 .stk-button{padding-top:8px !important;padding-right:15px !important;padding-bottom:8px !important;padding-left:15px !important;background:transparent !important;}.stk-c96e4f4 .stk-button:hover:after{background:transparent !important;opacity:1 !important;}:where(.stk-hover-parent:hover,  .stk-hover-parent.stk--is-hovered) .stk-c96e4f4 .stk-button:after{background:transparent !important;opacity:1 !important;}.stk-c96e4f4 .stk-button .stk--inner-svg svg:last-child{height:12px !important;width:12px !important;}.stk-c96e4f4 .stk-button:hover .stk--inner-svg svg:last-child, .stk-c96e4f4 .stk-button:hover .stk--inner-svg svg:last-child :is(g, path, rect, polygon, ellipse){fill:var(--theme-palette-color-2, #f8bb98) !important;}.stk-c96e4f4 .stk-button__inner-text{font-size:16px !important;font-weight:600 !important;text-transform:uppercase !important;}.stk-c96e4f4 .stk-button:hover .stk-button__inner-text{color:var(--theme-palette-color-2, #f8bb98) !important;}@media screen and (max-width:999px){.stk-c96e4f4 .stk-button__inner-text{font-size:16px !important;}}<\/style><a class=\"stk-link stk-button stk--hover-effect-darken\" href=\"#contacto\"><span class=\"stk-button__inner-text\">Cont\u00e1ctame para una consulta gratuita<\/span><span class=\"stk--svg-wrapper\"><div class=\"stk--inner-svg\"><svg aria-hidden=\"true\" focusable=\"false\" data-prefix=\"fas\" data-icon=\"arrow-right\" class=\"svg-inline--fa fa-arrow-right fa-w-14\" xmlns=\"http:\/\/www.w3.org\/2000\/svg\" viewBox=\"0 0 448 512\" width=\"32\" height=\"32\"><path fill=\"currentColor\" d=\"M190.5 66.9l22.2-22.2c9.4-9.4 24.6-9.4 33.9 0L441 239c9.4 9.4 9.4 24.6 0 33.9L246.6 467.3c-9.4 9.4-24.6 9.4-33.9 0l-22.2-22.2c-9.5-9.5-9.3-25 .4-34.3L311.4 296H24c-13.3 0-24-10.7-24-24v-32c0-13.3 10.7-24 24-24h287.4L190.9 101.2c-9.8-9.3-10-24.8-.4-34.3z\"><\/path><\/svg><\/div><\/span><\/a><\/div>\n<\/div><\/div>\n<\/div><\/div><\/div>\n<\/div><\/div>\n<\/div><\/div><\/div>\n<\/div><\/div>\n\n\n\n<div class=\"wp-block-stackable-spacer stk-block-spacer stk--no-padding stk-block stk-4e73c0c\" data-block-id=\"4e73c0c\"><style>.stk-4e73c0c {height:80px !important;}@media screen and (max-width:689px){.stk-4e73c0c {height:50px !important;}}<\/style><\/div>\n\n\n\n<div class=\"wp-block-stackable-heading stk-block-heading stk-block-heading--v2 stk-block stk-01820a3\" id=\"galeria-de-maquillaje-a-domicilio\" data-block-id=\"01820a3\"><style>.stk-01820a3 {margin-bottom:5px !important;}.stk-01820a3 .stk-block-heading__text{font-size:35px !important;line-height:1.5em !important;font-weight:800 !important;}@media screen and (max-width:999px){.stk-01820a3 .stk-block-heading__text{font-size:35px !important;}}@media screen and (max-width:689px){.stk-01820a3 .stk-block-heading__text{font-size:24px !important;}}<\/style><h3 class=\"stk-block-heading__text has-text-align-center\">Galer\u00eda de Maquillaje a Domicilio<\/h3><\/div>\n\n\n\n<div class=\"wp-block-stackable-text stk-block-text stk-block stk-38dc668\" data-block-id=\"38dc668\"><style>.stk-38dc668 {max-width:755px !important;min-width:auto !important;margin-right:auto !important;margin-bottom:40px !important;margin-left:auto !important;}@media screen and (max-width:999px){.stk-38dc668 {margin-bottom:0px !important;}}<\/style><p class=\"stk-block-text__text has-text-align-center\">Descubre algunos de los looks creados para clientes en la comodidad de su hogar.<\/p><\/div>\n\n\n<div class=\"pgc-sgb-cb wp-block-pgcsimplygalleryblock-grid \" data-gallery-id=\"11577068\"><div class=\"sgb-preloader\" id=\"pr_11577068\">\n\t<div class=\"sgb-square\" style=\"background:#d4d4d4\"><\/div>\n\t<div class=\"sgb-square\" style=\"background:#d4d4d4\"><\/div>\n\t<div class=\"sgb-square\" style=\"background:#d4d4d4\"><\/div>\n\t<div class=\"sgb-square\" style=\"background:#d4d4d4\"><\/div><\/div><div class=\"simply-gallery-amp pgc_sgb_slider \"><noscript><div class=\"sgb-gallery\"><div class=\"sgb-item\"><a href=\"https:\/maquillaje-domicilio-valencia\/maquillaje-novia12\/\" target=\"_blank\"><img decoding=\"async\" alt=\"Resultado elegante de maquillaje a domicilio Valencia para una boda\" width=\"200\" height=\"300\" loading=\"lazy\" src=\"http:\/\/momentodemaquillaje.com\/wp-content\/uploads\/2024\/12\/Maquillaje-Novia12-200x300.webp\" srcset=\"http:\/\/momentodemaquillaje.com\/wp-content\/uploads\/2024\/12\/Maquillaje-Novia12-200x300.webp 200w,http:\/\/momentodemaquillaje.com\/wp-content\/uploads\/2024\/12\/Maquillaje-Novia12.webp 500w\" sizes=\"auto, 250px\"\/><\/a><\/div><div class=\"sgb-item\"><a href=\"https:\/maquillaje-domicilio-valencia\/maquillaje-sesion-de-fotos2-2\/\" target=\"_blank\"><img decoding=\"async\" alt=\"Transformaci\u00f3n profesional realizada con maquillaje a domicilio en Valencia\" width=\"200\" height=\"300\" loading=\"lazy\" src=\"http:\/\/momentodemaquillaje.com\/wp-content\/uploads\/2024\/12\/Maquillaje-Sesion-de-fotos2-1-200x300.webp\" srcset=\"http:\/\/momentodemaquillaje.com\/wp-content\/uploads\/2024\/12\/Maquillaje-Sesion-de-fotos2-1-200x300.webp 200w,http:\/\/momentodemaquillaje.com\/wp-content\/uploads\/2024\/12\/Maquillaje-Sesion-de-fotos2-1.webp 500w\" sizes=\"auto, 250px\"\/><\/a><\/div><div class=\"sgb-item\"><a href=\"https:\/maquillaje-profesional-valencia\/format_2\/\" target=\"_blank\"><img decoding=\"async\" alt=\"primer plano de una mujer con maquillaje elegante, labios rojos y accesorios brillantes, posando con un vestido negro.\" width=\"200\" height=\"300\" loading=\"lazy\" src=\"http:\/\/momentodemaquillaje.com\/wp-content\/uploads\/2024\/12\/format_2-200x300.webp\" srcset=\"http:\/\/momentodemaquillaje.com\/wp-content\/uploads\/2024\/12\/format_2-200x300.webp 200w,http:\/\/momentodemaquillaje.com\/wp-content\/uploads\/2024\/12\/format_2.webp 500w\" sizes=\"auto, 250px\"\/><\/a><\/div><\/div><\/noscript><\/div><script type=\"application\/json\" class=\"sgb-data\">{\"thumbHieghtRation\":1.5,\"collectionThumbRecomendedWidth\":300,\"thumbSpacing\":40,\"thumbMobileSpacing\":30,\"externalLink\":false,\"captions\":false,\"collectionThumbSubMenuDownload\":false,\"collectionThumbSubMenuShare\":false,\"galleryType\":\"pgc_sgb_grid\",\"galleryId\":\"11577068\",\"images\":[{\"id\":8651,\"title\":\"Maquillaje a Domicilio en Valencia para Bodas, Eventos y M\u00e1s\",\"url\":\"http:\/\/momentodemaquillaje.com\/wp-content\/uploads\/2024\/12\/Maquillaje-Novia12.webp\",\"link\":\"https:\/maquillaje-domicilio-valencia\/maquillaje-novia12\/\",\"alt\":\"Resultado elegante de maquillaje a domicilio Valencia para una boda\",\"description\":\"\",\"caption\":\"\",\"mime\":\"image\/webp\",\"type\":\"image\",\"width\":500,\"height\":750,\"sizes\":{\"thumbnail\":{\"height\":150,\"width\":150,\"url\":\"http:\/\/momentodemaquillaje.com\/wp-content\/uploads\/2024\/12\/Maquillaje-Novia12-150x150.webp\",\"orientation\":\"landscape\"},\"medium\":{\"height\":300,\"width\":200,\"url\":\"http:\/\/momentodemaquillaje.com\/wp-content\/uploads\/2024\/12\/Maquillaje-Novia12-200x300.webp\",\"orientation\":\"portrait\"},\"full\":{\"url\":\"http:\/\/momentodemaquillaje.com\/wp-content\/uploads\/2024\/12\/Maquillaje-Novia12.webp\",\"height\":750,\"width\":500,\"orientation\":\"portrait\"}},\"imageMeta\":{\"aperture\":\"0\",\"credit\":\"\",\"camera\":\"\",\"caption\":\"\",\"created_timestamp\":\"0\",\"copyright\":\"\",\"focal_length\":\"0\",\"iso\":\"0\",\"shutter_speed\":\"0\",\"title\":\"\",\"orientation\":\"0\",\"keywords\":[]},\"meta\":false,\"postlink\":\"https:\/maquillaje-domicilio-valencia\/maquillaje-novia12\/\"},{\"id\":8650,\"title\":\"Maquillaje a Domicilio en Valencia: Servicio Exclusivo y Profesional\",\"url\":\"http:\/\/momentodemaquillaje.com\/wp-content\/uploads\/2024\/12\/Maquillaje-Sesion-de-fotos2-1.webp\",\"link\":\"https:\/maquillaje-domicilio-valencia\/maquillaje-sesion-de-fotos2-2\/\",\"alt\":\"Transformaci\u00f3n profesional realizada con maquillaje a domicilio en Valencia\",\"description\":\"\",\"caption\":\"\",\"mime\":\"image\/webp\",\"type\":\"image\",\"width\":500,\"height\":750,\"sizes\":{\"thumbnail\":{\"height\":150,\"width\":150,\"url\":\"http:\/\/momentodemaquillaje.com\/wp-content\/uploads\/2024\/12\/Maquillaje-Sesion-de-fotos2-1-150x150.webp\",\"orientation\":\"landscape\"},\"medium\":{\"height\":300,\"width\":200,\"url\":\"http:\/\/momentodemaquillaje.com\/wp-content\/uploads\/2024\/12\/Maquillaje-Sesion-de-fotos2-1-200x300.webp\",\"orientation\":\"portrait\"},\"full\":{\"url\":\"http:\/\/momentodemaquillaje.com\/wp-content\/uploads\/2024\/12\/Maquillaje-Sesion-de-fotos2-1.webp\",\"height\":750,\"width\":500,\"orientation\":\"portrait\"}},\"imageMeta\":{\"aperture\":\"0\",\"credit\":\"\",\"camera\":\"\",\"caption\":\"\",\"created_timestamp\":\"0\",\"copyright\":\"\",\"focal_length\":\"0\",\"iso\":\"0\",\"shutter_speed\":\"0\",\"title\":\"\",\"orientation\":\"0\",\"keywords\":[]},\"meta\":false,\"postlink\":\"https:\/maquillaje-domicilio-valencia\/maquillaje-sesion-de-fotos2-2\/\"},{\"id\":7885,\"title\":\"Servicio de Maquillaje a Domicilio en Valencia para Cualquier Ocasi\u00f3n\",\"url\":\"http:\/\/momentodemaquillaje.com\/wp-content\/uploads\/2024\/12\/format_2.webp\",\"link\":\"https:\/maquillaje-profesional-valencia\/format_2\/\",\"alt\":\"primer plano de una mujer con maquillaje elegante, labios rojos y accesorios brillantes, posando con un vestido negro.\",\"description\":\"\",\"caption\":\"\",\"mime\":\"image\/webp\",\"type\":\"image\",\"width\":500,\"height\":750,\"sizes\":{\"thumbnail\":{\"height\":150,\"width\":150,\"url\":\"http:\/\/momentodemaquillaje.com\/wp-content\/uploads\/2024\/12\/format_2-150x150.webp\",\"orientation\":\"landscape\"},\"medium\":{\"height\":300,\"width\":200,\"url\":\"http:\/\/momentodemaquillaje.com\/wp-content\/uploads\/2024\/12\/format_2-200x300.webp\",\"orientation\":\"portrait\"},\"full\":{\"url\":\"http:\/\/momentodemaquillaje.com\/wp-content\/uploads\/2024\/12\/format_2.webp\",\"height\":750,\"width\":500,\"orientation\":\"portrait\"}},\"imageMeta\":{\"aperture\":\"0\",\"credit\":\"\",\"camera\":\"\",\"caption\":\"\",\"created_timestamp\":\"0\",\"copyright\":\"\",\"focal_length\":\"0\",\"iso\":\"0\",\"shutter_speed\":\"0\",\"title\":\"\",\"orientation\":\"0\",\"keywords\":[]},\"meta\":false,\"postlink\":\"https:\/maquillaje-profesional-valencia\/format_2\/\"}],\"galleryData\":\"{\\u0022pageMode\\u0022:false,\\u0022collectionColumns\\u0022:3,\\u0022thumbHieghtRation\\u0022:1,\\u0022collectionThumbRecomendedWidth\\u0022:300,\\u0022thumbSpacing\\u0022:40,\\u0022thumbMobileSpacing\\u0022:30,\\u0022externalLink\\u0022:false,\\u0022externalLinkDefName\\u0022:\\u0022Read More\\u0022,\\u0022externalLinkTextColor\\u0022:\\u0022rgba(0,0,0,1)\\u0022,\\u0022externalLinkBgColor\\u0022:\\u0022rgba(255,255,255,1)\\u0022,\\u0022externalLinkFontSize\\u0022:18,\\u0022captions\\u0022:false,\\u0022captionSrc\\u0022:\\u0022caption\\u0022,\\u0022captionHAlign\\u0022:\\u0022top\\u0022,\\u0022collectionthumbHoverTitleFontSize\\u0022:18,\\u0022collectionthumbRoundedCorners\\u0022:0,\\u0022collectionthumbHoverTitleTextColor\\u0022:\\u0022rgba(255,255,255,1)\\u0022,\\u0022collectionthumbHoverTitleTextBgColor\\u0022:\\u0022rgba(0,0,0,0.8)\\u0022,\\u0022collectionthumbHoverBgColor\\u0022:\\u0022rgba(0,0,0,0.4)\\u0022,\\u0022collectionThumbSubMenuDownload\\u0022:false,\\u0022collectionThumbSubMenuShare\\u0022:false,\\u0022collectionThumbSubMenuBgColor\\u0022:\\u0022rgba(0,0,0,0.4)\\u0022,\\u0022collectionThumbSubMenuBgColorHover\\u0022:\\u0022rgba(255,255,255,1)\\u0022,\\u0022collectionThumbSubMenuIconColor\\u0022:\\u0022rgba(255,255,255,1)\\u0022,\\u0022collectionThumbSubMenuIconColorHover\\u0022:\\u0022rgba(0,0,0,1)\\u0022,\\u0022settingsModalIsOpen\\u0022:false,\\u0022galleryType\\u0022:\\u0022pgc_sgb_grid\\u0022,\\u0022align\\u0022:\\u0022\\u0022,\\u0022galleryId\\u0022:\\u0022f65a5460_1625729490744\\u0022,\\u0022tagsListCustomMode\\u0022:false,\\u0022initGalleryByFirstTag\\u0022:false,\\u0022deepLinkingForTag\\u0022:false,\\u0022galleryTagsList\\u0022:[],\\u0022useClobalSettings\\u0022:false,\\u0022orderBy\\u0022:\\u0022custom\\u0022,\\u0022deepLinking\\u0022:false,\\u0022useLightbox\\u0022:true,\\u0022thumbClickAction\\u0022:\\u0022useLightbox\\u0022,\\u0022numItemsDisplayed\\u0022:0,\\u0022lazyLoading\\u0022:true,\\u0022contentNoPadding\\u0022:false,\\u0022galleryPreloaderColor\\u0022:\\u0022rgba(230,230,230,1)\\u0022,\\u0022galleryBgColor\\u0022:\\u0022rgba(0,0,0,0)\\u0022,\\u0022galleryBorderRadius\\u0022:0,\\u0022customCSS\\u0022:\\u0022.pgcsimplygalleryblock-grid-content {\\u005cn\\u005ctmargin: 0 -40px;\\u005cn}\\u005cn\\u005cn.pgcsimplygalleryblock-grid-collection {\\u005cn\\u005ctoverflow: hidden;\\u005cn}\\u0022,\\u0022itemsPerPage\\u0022:20,\\u0022loadMoreDefName\\u0022:\\u0022Load More\\u0022,\\u0022loadMoreFontSize\\u0022:16,\\u0022loadMoreTextColor\\u0022:\\u0022rgba(255,255,255,1)\\u0022,\\u0022loadMoreBgColor\\u0022:\\u0022rgba(0,0,0,1)\\u0022,\\u0022tagsFilter\\u0022:false,\\u0022tagCloudAll\\u0022:\\u0022All\\u0022,\\u0022tagCloudBgColor\\u0022:\\u0022rgba(153,153,153,1)\\u0022,\\u0022tagCloudBgColorOver\\u0022:\\u0022rgba(253,253,253,1)\\u0022,\\u0022tagCloudTextColor\\u0022:\\u0022rgba(253,253,253,1)\\u0022,\\u0022tagCloudTextColorOver\\u0022:\\u0022rgba(153,153,153,1)\\u0022,\\u0022tagCloudFontSize\\u0022:16,\\u0022modaBgColor\\u0022:\\u0022rgba(0,0,0,0.8)\\u0022,\\u0022modalIconColor\\u0022:\\u0022rgba(255,255,255,1)\\u0022,\\u0022modalIconColorHover\\u0022:\\u0022rgba(255,255,255,0.8)\\u0022,\\u0022shareFacebook\\u0022:false,\\u0022shareTwitter\\u0022:false,\\u0022sharePinterest\\u0022:false,\\u0022sliderItemDownload\\u0022:false,\\u0022shareCopyLink\\u0022:false,\\u0022sharePost\\u0022:\\u0022sharelink\\u0022,\\u0022copyRProtection\\u0022:false,\\u0022copyRAlert\\u0022:\\u0022Hello, this photo is mine!\\u0022,\\u0022sliderScrollNavi\\u0022:false,\\u0022sliderFullSizeViewMode\\u0022:false,\\u0022sliderNextPrevAnimation\\u0022:\\u0022animation\\u0022,\\u0022galleryScrollPositionControll\\u0022:false,\\u0022sliderVideoAutoPlay\\u0022:false,\\u0022sliderTryPlayNext\\u0022:false,\\u0022sliderVideoLoop\\u0022:false,\\u0022sliderItemCounterEnable\\u0022:false,\\u0022sliderCaptionSrc\\u0022:\\u0022caption\\u0022,\\u0022sliderItemTitleEnable\\u0022:false,\\u0022sliderItemTitleFontSize\\u0022:18,\\u0022sliderItemTitleTextColor\\u0022:\\u0022rgba(255,255,255,1)\\u0022,\\u0022itemCounterColor\\u0022:\\u0022rgba(255,255,255,1)\\u0022,\\u0022sliderThumbBarEnable\\u0022:false,\\u0022sliderThumbBarHoverColor\\u0022:\\u0022rgba(240,240,240,1)\\u0022,\\u0022sliderBgColor\\u0022:\\u0022rgba(0,0,0,0.8)\\u0022,\\u0022sliderPreloaderColor\\u0022:\\u0022rgba(240,240,240,1)\\u0022,\\u0022sliderHeaderFooterBgColor\\u0022:\\u0022rgba(0,0,0,0.4)\\u0022,\\u0022sliderNavigationColor\\u0022:\\u0022rgba(0,0,0,0)\\u0022,\\u0022sliderNavigationColorOver\\u0022:\\u0022rgba(255,255,255,0)\\u0022,\\u0022sliderNavigationIconColor\\u0022:\\u0022rgba(255,255,255,0.7)\\u0022,\\u0022sliderNavigationIconColorOver\\u0022:\\u0022rgba(255,255,255,1)\\u0022,\\u0022sliderSlideshow\\u0022:false,\\u0022sliderSlideshowDelay\\u0022:8,\\u0022slideshowIndicatorColor\\u0022:\\u0022rgba(255,255,255,1)\\u0022,\\u0022slideshowIndicatorColorBg\\u0022:\\u0022rgba(255,255,255,0.5)\\u0022,\\u0022sliderThumbSubMenuBackgroundColor\\u0022:\\u0022rgba(255,255,255,0)\\u0022,\\u0022sliderThumbSubMenuBackgroundColorOver\\u0022:\\u0022rgba(255,255,255,0)\\u0022,\\u0022sliderThumbSubMenuIconColor\\u0022:\\u0022rgba(255,255,255,0.7)\\u0022,\\u0022sliderThumbSubMenuIconHoverColor\\u0022:\\u0022rgba(255,255,255,1)\\u0022,\\u0022sliderSocialShareEnabled\\u0022:false,\\u0022sliderZoomEnable\\u0022:false,\\u0022sliderFullscreenEnabled\\u0022:true,\\u0022skin\\u0022:\\u0022grid\\u0022}\",\"customCSS\":\".pgcsimplygalleryblock-grid-content {\\n\\tmargin: 0 -40px;\\n}\\n\\n.pgcsimplygalleryblock-grid-collection {\\n\\toverflow: hidden;\\n}\",\"shareFacebook\":false,\"shareTwitter\":false,\"sharePinterest\":false,\"sliderItemDownload\":false,\"shareCopyLink\":false,\"sliderItemCounterEnable\":false,\"sliderThumbBarEnable\":false,\"sliderNavigationColor\":\"rgba(0,0,0,0)\",\"sliderNavigationColorOver\":\"rgba(255,255,255,0)\",\"sliderNavigationIconColor\":\"rgba(255,255,255,0.7)\",\"sliderNavigationIconColorOver\":\"rgba(255,255,255,1)\",\"sliderSlideshow\":false,\"sliderThumbSubMenuBackgroundColorOver\":\"rgba(255,255,255,0)\",\"sliderThumbSubMenuIconColor\":\"rgba(255,255,255,0.7)\",\"sliderThumbSubMenuIconHoverColor\":\"rgba(255,255,255,1)\",\"sliderSocialShareEnabled\":false,\"sliderZoomEnable\":false,\"TrpContentRestriction\":{\"restriction_type\":\"exclude\",\"selected_languages\":[],\"panel_open\":true},\"itemsMetaDataCollection\":[]}<\/script><script>(function(){if(window.PGC_SGB && window.PGC_SGB.searcher){window.PGC_SGB.searcher.initBlocks()}})()<\/script><\/div>\n\n\n<div class=\"wp-block-stackable-call-to-action stk-block-call-to-action stk-block stk-fc2dbd8 is-style-default\" data-v=\"2\" data-block-id=\"fc2dbd8\"><div class=\"stk-block-call-to-action__content stk-content-align stk-fc2dbd8-column stk-container stk-fc2dbd8-container stk-hover-parent\"><div class=\"has-text-align-center stk-block-content stk-inner-blocks stk-fc2dbd8-inner-blocks\">\n<div class=\"wp-block-buttons is-content-justification-center is-layout-flex wp-container-core-buttons-is-layout-fe0a7de2 wp-block-buttons-is-layout-flex\">\n<div class=\"wp-block-button\"><a class=\"wp-block-button__link wp-element-button\" href=\"https:\/\/momentodemaquillaje.com\/portafolio-maquillaje-profesional\/\">Ver Mas en mi Portafolio<\/a><\/div>\n<\/div>\n<\/div><\/div><\/div>\n\n\n\n<div class=\"wp-block-stackable-columns alignfull stk-block-columns stk-block stk-ce31244 stk-block-background stk--has-background-overlay\" id=\"contacto\" data-block-id=\"ce31244\"><style>.stk-ce31244 {background-color:transparent !important;background-image:url(http:\/\/momentodemaquillaje.com\/wp-content\/uploads\/2021\/07\/flower-decoration-2.svg) !important;background-position:bottom right !important;background-repeat:no-repeat !important;background-size:700px !important;padding-top:0px !important;padding-right:0px !important;padding-bottom:0px !important;padding-left:0px !important;margin-bottom:0px !important;overflow:visible !important;}.stk-ce31244:before{background-color:transparent !important;opacity:0.5 !important;}.stk-ce31244 .stk-container{overflow:visible !important;}@media screen and (max-width:999px){.stk-ce31244 {background-position:top center !important;background-size:400px !important;}}<\/style><div class=\"stk-row stk-inner-blocks stk-block-content stk-content-align stk-ce31244-column\">\n<div class=\"wp-block-stackable-column stk-block-column stk-column stk-block stk-5933707\" data-v=\"4\" id=\"contacto\" data-block-id=\"5933707\"><style>.stk-5933707-container{margin-top:0px !important;margin-right:0px !important;margin-bottom:0px !important;margin-left:0px !important;box-shadow:0px 20px 80px 0px #c1c7d440 !important;max-width:1500px !important;min-width:auto !important;padding-top:8% !important;padding-right:20% !important;padding-bottom:8% !important;padding-left:20% !important;}@media screen and (max-width:999px){.stk-5933707-container{padding-top:8% !important;padding-right:8% !important;padding-bottom:8% !important;padding-left:8% !important;}}@media screen and (max-width:689px){.stk-5933707-container{padding-top:10% !important;padding-right:10% !important;padding-bottom:10% !important;padding-left:10% !important;}}<\/style><div class=\"stk-column-wrapper stk-block-column__content stk-container stk-5933707-container stk-hover-parent\"><div class=\"stk-block-content stk-inner-blocks stk-5933707-inner-blocks\">\n<div class=\"wp-block-stackable-heading stk-block-heading stk-block-heading--v2 stk-block stk-64a7a88\" id=\"como-reservar\" data-block-id=\"64a7a88\"><style>.stk-64a7a88 {max-width:750px !important;min-width:auto !important;margin-right:auto !important;margin-bottom:25px !important;margin-left:auto !important;}.stk-64a7a88 .stk-block-heading__text{font-size:35px !important;line-height:1.5em !important;font-weight:800 !important;}@media screen and (max-width:999px){.stk-64a7a88 {max-width:100% !important;min-width:auto !important;}.stk-64a7a88 .stk-block-heading__text{font-size:35px !important;}}@media screen and (max-width:689px){.stk-64a7a88 {margin-bottom:35px !important;}.stk-64a7a88 .stk-block-heading__text{font-size:30px !important;}}<\/style><h4 class=\"stk-block-heading__text has-text-align-center\">C\u00f3mo Reservar<\/h4><\/div>\n\n\n\n<p class=\"has-text-align-center has-35-font-size wp-block-paragraph\">Escr\u00edbeme por WhatsApp, cont\u00e1ctame por el formulario o m\u00e1ndame un mensaje con los detalles de tu evento. Me adapto a tus horarios y necesidades.<\/p>\n\n\n\n<div class=\"wp-block-stackable-columns stk-block-columns stk-block stk-b09b78d\" data-block-id=\"b09b78d\"><style>.stk-b09b78d .stk--block-align-b09b78d{align-items:center !important;}.stk-b09b78d {margin-bottom:22px !important;}.stk-b09b78d-column{justify-content:center !important;}<\/style><div class=\"stk-row stk-inner-blocks has-text-align-center stk--block-align-b09b78d stk-block-content stk-content-align stk-b09b78d-column stk--flex\">\n<div class=\"wp-block-stackable-column stk-block-column stk-column stk-block stk-294dd71\" data-v=\"4\" data-block-id=\"294dd71\"><div class=\"stk-column-wrapper stk-block-column__content stk-container stk-294dd71-container stk--no-background stk--no-padding\"><div class=\"stk-block-content stk-inner-blocks stk-294dd71-inner-blocks\"><div class=\"ct-block-wrapper\">\n<div class=\"ct-contact-info-block \" style=\"--theme-icon-size:20px;--background-color:rgba(218, 222, 228, 0.5);--background-hover-color:rgba(218, 222, 228, 0.7);\">\n\t\t<ul data-icons-type=\"rounded:outline\">\n\t\t\t\t\t\t\t\t\t\t\t<li class=\"\">\n\t\t\t\t\t<span class=\"ct-icon-container\"><svg width=\"18\" height=\"18\" viewBox=\"0 0 20 20\" aria-hidden=\"true\"><path d=\"M10,0C4.5,0,0,4.5,0,10s4.5,10,10,10s10-4.5,10-10S15.5,0,10,0z M10,18.2c-4.5,0-8.2-3.7-8.2-8.2c0-4.5,3.7-8.2,8.2-8.2c4.5,0,8.2,3.7,8.2,8.2C18.2,14.5,14.5,18.2,10,18.2z M14.4,12.2c-0.2,0.3-0.5,0.5-0.8,0.5c-0.1,0-0.3,0-0.4-0.1l-3.6-1.8c-0.3-0.2-0.5-0.5-0.5-0.8V4.5C9.1,4,9.5,3.6,10,3.6s0.9,0.4,0.9,0.9v4.9L14,11C14.5,11.2,14.7,11.8,14.4,12.2z\"\/><\/svg><\/span>\n\t\t\t\t\t\t\t\t\t\t\t<div class=\"contact-info\">\n\t\t\t\t\t\t\t\t\t\t\t\t\t\t\t<span class=\"contact-title\">\n\t\t\t\t\t\t\t\t\tAbierto\t\t\t\t\t\t\t\t<\/span>\n\t\t\t\t\t\t\t\n\t\t\t\t\t\t\t\t\t\t\t\t\t\t\t<span class=\"contact-text\">\n\t\t\t\t\t\t\t\t\t\n\t\t\t\t\t\t\t\t\t9AM &#8211; 9PM\n\t\t\t\t\t\t\t\t\t\t\t\t\t\t\t\t\t<\/span>\n\t\t\t\t\t\t\t\t\t\t\t\t\t<\/div>\n\t\t\t\t\t\t\t\t\t<\/li>\n\t\t\t\t\t\t\t\t\t\t\t<li class=\"\">\n\t\t\t\t\t<span class=\"ct-icon-container\"><svg width=\"18\" height=\"18\" viewBox=\"0 0 20 20\" aria-hidden=\"true\"><path d=\"M13.5,20H6.5c-1.6,0-2.9-1.3-2.9-2.9V2.9C3.5,1.3,4.8,0,6.5,0h7.1c1.6,0,2.9,1.3,2.9,2.9v14.1C16.5,18.7,15.2,20,13.5,20zM6.7,1.7C5.8,1.7,5,2.5,5,3.4v13.2c0,0.9,0.7,1.7,1.7,1.7h6.6c0.9,0,1.7-0.7,1.7-1.7V3.4c0-0.9-0.7-1.7-1.7-1.7H6.7z\"\/><path d=\"M11.2,4.4H8.8c-0.3,0-0.6-0.3-0.6-0.6s0.3-0.6,0.6-0.6h2.4c0.3,0,0.6,0.3,0.6,0.6S11.5,4.4,11.2,4.4z\"\/><circle cx=\"10\" cy=\"15.7\" r=\"1.2\"\/><\/svg><\/span>\n\t\t\t\t\t\t\t\t\t\t\t<div class=\"contact-info\">\n\t\t\t\t\t\t\t\t\t\t\t\t\t\t\t<span class=\"contact-title\">\n\t\t\t\t\t\t\t\t\tTel\u00e9fono:\t\t\t\t\t\t\t\t<\/span>\n\t\t\t\t\t\t\t\n\t\t\t\t\t\t\t\t\t\t\t\t\t\t\t<span class=\"contact-text\">\n\t\t\t\t\t\t\t\t\t\t\t\t\t\t\t\t\t\t\t<a href=\"tel:+34607016476\" rel=\"nofollow\">\n\t\t\t\t\t\t\t\t\t\n\t\t\t\t\t\t\t\t\t+34 607 01 64 76\n\t\t\t\t\t\t\t\t\t\t\t\t\t\t\t\t\t\t\t<\/a>\n\t\t\t\t\t\t\t\t\t\t\t\t\t\t\t\t\t<\/span>\n\t\t\t\t\t\t\t\t\t\t\t\t\t<\/div>\n\t\t\t\t\t\t\t\t\t<\/li>\n\t\t\t\t\t\t\t\t\t\t\t<li class=\"\">\n\t\t\t\t\t<span class=\"ct-icon-container\"><svg width=\"18\" height=\"18\" viewBox=\"0 0 20 20\" aria-hidden=\"true\"><path d=\"M10,0C4.5,0,0,4.5,0,10s4.5,10,10,10h5v-2h-5c-4.4,0-8-3.6-8-8s3.6-8,8-8s8,3.6,8,8v1.5c0,0.8-0.7,1.5-1.5,1.5S15,12.3,15,11.5V10c0-2.7-2.3-5-5-5s-5,2.3-5,5s2.3,5,5,5c1.4,0,2.7-0.6,3.6-1.6c0.6,0.9,1.7,1.6,2.9,1.6c1.9,0,3.5-1.6,3.5-3.5V10C20,4.5,15.5,0,10,0zM10,7c1.7,0,3,1.3,3,3s-1.3,3-3,3s-3-1.3-3-3S8.3,7,10,7z\"\/><\/svg><\/span>\n\t\t\t\t\t\t\t\t\t\t\t<div class=\"contact-info\">\n\t\t\t\t\t\t\t\t\t\t\t\t\t\t\t<span class=\"contact-title\">\n\t\t\t\t\t\t\t\t\tCorreo\t\t\t\t\t\t\t\t<\/span>\n\t\t\t\t\t\t\t\n\t\t\t\t\t\t\t\t\t\t\t\t\t\t\t<span class=\"contact-text\">\n\t\t\t\t\t\t\t\t\t\t\t\t\t\t\t\t\t\t\t<a href=\"mailto:&#099;on&#116;&#097;&#099;t&#064;&#109;&#111;ment&#111;de&#109;&#097;qu&#105;l&#108;a&#106;e&#046;&#099;&#111;m\" rel=\"nofollow\">\n\t\t\t\t\t\t\t\t\t\n\t\t\t\t\t\t\t\t\tc&#111;&#110;&#116;&#97;c&#116;&#64;mome&#110;&#116;o&#100;e&#109;&#97;&#113;&#117;&#105;llaj&#101;.c&#111;&#109;\n\t\t\t\t\t\t\t\t\t\t\t\t\t\t\t\t\t\t\t<\/a>\n\t\t\t\t\t\t\t\t\t\t\t\t\t\t\t\t\t<\/span>\n\t\t\t\t\t\t\t\t\t\t\t\t\t<\/div>\n\t\t\t\t\t\t\t\t\t<\/li>\n\t\t\t\t\t<\/ul>\n\n\t\t<\/div>\n<\/div><\/div><\/div><\/div>\n<\/div><\/div>\n\n\n<div class=\"wpforms-container wpforms-block wpforms-block-b0b2259d-076c-471d-870e-6c2373ba5d33 ct-custom-button ct-align-center ct-custom-spacing wpforms-render-modern\" id=\"wpforms-205\"><form id=\"wpforms-form-205\" class=\"wpforms-validate wpforms-form\" data-formid=\"205\" method=\"post\" enctype=\"multipart\/form-data\" action=\"\/en\/wp-json\/wp\/v2\/pages\/9357\" data-token=\"2f0997491ae4e02d53f7d6227f55f052\" data-token-time=\"1788513809\"><noscript class=\"wpforms-error-noscript\">Please enable JavaScript in your browser to complete this form.<\/noscript><div id=\"wpforms-error-noscript\" style=\"display: none;\">Please enable JavaScript in your browser to complete this form.<\/div><div class=\"wpforms-field-container\"><div id=\"wpforms-205-field_0-container\" class=\"wpforms-field wpforms-field-name wpforms-one-third wpforms-first\" data-field-id=\"0\"><label class=\"wpforms-field-label wpforms-label-hide\" for=\"wpforms-205-field_0\" aria-hidden=\"false\">Nombre <span class=\"wpforms-required-label\" aria-hidden=\"true\">*<\/span><\/label><input type=\"text\" id=\"wpforms-205-field_0\" class=\"wpforms-field-large wpforms-field-required\" name=\"wpforms[fields][0]\" placeholder=\"Nombre\" aria-errormessage=\"wpforms-205-field_0-error\" required><\/div><div id=\"wpforms-205-field_1-container\" class=\"wpforms-field wpforms-field-email wpforms-one-third\" data-field-id=\"1\"><label class=\"wpforms-field-label wpforms-label-hide\" for=\"wpforms-205-field_1\" aria-hidden=\"false\">Correo <span class=\"wpforms-required-label\" aria-hidden=\"true\">*<\/span><\/label><input type=\"email\" id=\"wpforms-205-field_1\" class=\"wpforms-field-large wpforms-field-required\" name=\"wpforms[fields][1]\" placeholder=\"Correo\" spellcheck=\"false\" aria-errormessage=\"wpforms-205-field_1-error\" required><\/div>\t\t<div id=\"wpforms-205-field_3-container\"\n\t\t\tclass=\"wpforms-field wpforms-field-text\"\n\t\t\tdata-field-type=\"text\"\n\t\t\tdata-field-id=\"3\"\n\t\t\t>\n\t\t\t<label class=\"wpforms-field-label\" for=\"wpforms-205-field_3\" >Telefono Nombre Mensaje<\/label>\n\t\t\t<input type=\"text\" id=\"wpforms-205-field_3\" class=\"wpforms-field-medium\" name=\"wpforms[fields][3]\" >\n\t\t<\/div>\n\t\t<div id=\"wpforms-205-field_6-container\" class=\"wpforms-field wpforms-field-text wpforms-one-third\" data-field-id=\"6\"><label class=\"wpforms-field-label wpforms-label-hide\" for=\"wpforms-205-field_6\" aria-hidden=\"false\">Telefono<\/label><input type=\"text\" id=\"wpforms-205-field_6\" class=\"wpforms-field-large\" name=\"wpforms[fields][6]\" placeholder=\"Tel\u00e9fono\" aria-errormessage=\"wpforms-205-field_6-error\" ><\/div><div id=\"wpforms-205-field_2-container\" class=\"wpforms-field wpforms-field-textarea wpforms-first\" data-field-id=\"2\"><label class=\"wpforms-field-label wpforms-label-hide\" for=\"wpforms-205-field_2\" aria-hidden=\"false\">Mensaje <span class=\"wpforms-required-label\" aria-hidden=\"true\">*<\/span><\/label><textarea id=\"wpforms-205-field_2\" class=\"wpforms-field-medium wpforms-field-required\" name=\"wpforms[fields][2]\" placeholder=\"Mensaje\" aria-errormessage=\"wpforms-205-field_2-error\" required><\/textarea><\/div><script>\n\t\t\t\t( function() {\n\t\t\t\t\tconst style = document.createElement( 'style' );\n\t\t\t\t\tstyle.appendChild( document.createTextNode( '#wpforms-205-field_3-container { position: absolute !important; overflow: hidden !important; display: inline !important; height: 1px !important; width: 1px !important; z-index: -1000 !important; padding: 0 !important; } #wpforms-205-field_3-container input { visibility: hidden; } #wpforms-conversational-form-page #wpforms-205-field_3-container label { counter-increment: none; }' ) );\n\t\t\t\t\tdocument.head.appendChild( style );\n\t\t\t\t\tdocument.currentScript?.remove();\n\t\t\t\t} )();\n\t\t\t<\/script><\/div><!-- .wpforms-field-container --><div class=\"wpforms-recaptcha-container wpforms-is-turnstile\" ><div class=\"wpforms-turnstile\" data-sitekey=\"0x4AAAAAABc5A0qRU06O9v3q\" data-action=\"FormID-205\"><\/div><input type=\"text\" name=\"g-recaptcha-hidden\" class=\"wpforms-recaptcha-hidden\" style=\"position:absolute!important;clip:rect(0,0,0,0)!important;height:1px!important;width:1px!important;border:0!important;overflow:hidden!important;padding:0!important;margin:0!important;\" data-rule-turnstile=\"1\"><\/div><div class=\"wpforms-submit-container\" ><input type=\"hidden\" name=\"wpforms[id]\" value=\"205\"><input type=\"hidden\" name=\"page_title\" value=\"\"><input type=\"hidden\" name=\"page_url\" value=\"https:\/\/momentodemaquillaje.com\/en\/wp-json\/wp\/v2\/pages\/9357\"><input type=\"hidden\" name=\"url_referer\" value=\"\"><button type=\"submit\" name=\"wpforms[submit]\" id=\"wpforms-submit-205\" class=\"wpforms-submit\" data-alt-text=\"Enviar...\" data-submit-text=\"Enviar\" aria-live=\"assertive\" value=\"wpforms-submit\">Enviar<\/button><\/div><\/form><\/div>  <!-- .wpforms-container --><\/div><\/div><\/div>\n<\/div><\/div>\n\n\n\n<div class=\"wp-block-stackable-spacer stk-block-spacer stk--no-padding stk-block stk-e7b9d1e\" data-block-id=\"e7b9d1e\"><style>.stk-e7b9d1e {height:80px !important;}@media screen and (max-width:689px){.stk-e7b9d1e {height:50px !important;}}<\/style><\/div>\n\n\n\n<div class=\"wp-block-stackable-columns alignfull stk-block-columns stk-block stk-aa66c8c stk-block-background stk--has-background-overlay\" data-block-id=\"aa66c8c\"><style>.stk-aa66c8c {background-color:transparent !important;background-image:url(http:\/\/momentodemaquillaje.com\/wp-content\/uploads\/2021\/07\/flower-decoration-2.svg) !important;background-position:bottom right !important;background-repeat:no-repeat !important;background-size:700px !important;padding-top:0px !important;padding-right:0px !important;padding-bottom:0px !important;padding-left:0px !important;margin-bottom:0px !important;overflow:visible !important;}.stk-aa66c8c:before{background-color:transparent !important;opacity:0.5 !important;}.stk-aa66c8c .stk-container{overflow:visible !important;}@media screen and (max-width:999px){.stk-aa66c8c {background-position:top center !important;background-size:400px !important;}}<\/style><div class=\"stk-row stk-inner-blocks stk-block-content stk-content-align stk-aa66c8c-column\">\n<div class=\"wp-block-stackable-column stk-block-column stk-column stk-block stk-7fdcdc6\" data-v=\"4\" data-block-id=\"7fdcdc6\"><style>.stk-7fdcdc6-container{margin-top:0px !important;margin-right:0px !important;margin-bottom:0px !important;margin-left:0px !important;box-shadow:0px 20px 80px 0px #c1c7d440 !important;max-width:1500px !important;min-width:auto !important;padding-top:8% !important;padding-right:20% !important;padding-bottom:8% !important;padding-left:20% !important;}@media screen and (max-width:999px){.stk-7fdcdc6-container{padding-top:8% !important;padding-right:8% !important;padding-bottom:8% !important;padding-left:8% !important;}}@media screen and (max-width:689px){.stk-7fdcdc6-container{padding-top:10% !important;padding-right:10% !important;padding-bottom:10% !important;padding-left:10% !important;}}<\/style><div class=\"stk-column-wrapper stk-block-column__content stk-container stk-7fdcdc6-container stk-hover-parent\"><div class=\"stk-block-content stk-inner-blocks stk-7fdcdc6-inner-blocks\">\n<div class=\"wp-block-stackable-heading stk-block-heading stk-block-heading--v2 stk-block stk-73affec\" id=\"strong-zonas-donde-ofrezco-maquillaje-a-domicilio-en-sueca-y-alrededores-strong\" data-block-id=\"73affec\"><style>.stk-73affec {margin-bottom:5px !important;}.stk-73affec .stk-block-heading__text{font-size:30px !important;line-height:1.5em !important;font-weight:800 !important;}@media screen and (max-width:999px){.stk-73affec .stk-block-heading__text{font-size:35px !important;}}@media screen and (max-width:689px){.stk-73affec .stk-block-heading__text{font-size:24px !important;}}<\/style><h3 class=\"stk-block-heading__text has-text-align-center\"><strong>Zonas donde ofrezco maquillaje a domicilio en Sueca y alrededores<\/strong><\/h3><\/div>\n\n\n\n<p class=\"wp-block-paragraph\">El desplazamiento es <strong>gratuito<\/strong> en todas las zonas de <a href=\"https:\/\/www.google.com\/maps?q=Sueca\">Sueca<\/a>.<\/p>\n\n\n\n<div class=\"wp-block-stackable-map stk-block-map stk-block stk-095e2d3\" data-block-id=\"095e2d3\"><iframe\n\t\t\t\t\t\ttitle=\"Embedded content from Google Maps Platform.\"\n\t\t\t\t\t\tsrc=\"https:\/\/maps.google.com\/maps?q=Sueca&#038;t=&#038;z=15&#038;ie=UTF8&#038;output=embed\"\n\t\t\t\t\t\tstyle=\"border:0;width:100%;max-width:none;max-height:none;height:100%;\"\n\t\t\t\t\t\taria-hidden=\"false\"\n\t\t\t\t\t\ttabIndex=\"0\"\n\t\t\t\t\t\tallowfullscreen\n\t\t\t\t\t\tloading=\"lazy\"\n\t\t\t\t\t\tframeBorder=\"0\"\n\t\t\t\t\t><\/iframe><\/div>\n\n\n\n<div class=\"wp-block-stackable-columns stk-block-columns stk-block stk-ea5cd03\" data-block-id=\"ea5cd03\"><div class=\"stk-row stk-inner-blocks stk-block-content stk-content-align stk-ea5cd03-column\">\n<div class=\"wp-block-stackable-column stk-block-column stk-column stk-block stk-53fced5\" data-v=\"4\" data-block-id=\"53fced5\"><div class=\"stk-column-wrapper stk-block-column__content stk-container stk-53fced5-container stk--no-background stk--no-padding\"><div class=\"stk-block-content stk-inner-blocks stk-53fced5-inner-blocks\">\n<div class=\"wp-block-stackable-icon-label stk-block-icon-label stk-block stk-3a13725\" data-block-id=\"3a13725\"><style>.stk-3a13725 .stk-inner-blocks{gap:34px !important;}@media screen and (max-width:999px){.stk-3a13725 .stk-inner-blocks{gap:34px !important;}}@media screen and (max-width:689px){.stk-3a13725 .stk-inner-blocks{gap:34px !important;}}<\/style><div class=\"stk-row stk-inner-blocks stk-block-content\">\n<div class=\"wp-block-stackable-icon stk-block-icon has-text-align-left stk-block stk-8ebdcf0\" data-block-id=\"8ebdcf0\"><style>.stk-8ebdcf0 .stk--svg-wrapper .stk--inner-svg svg:last-child{height:30px !important;width:30px !important;}<\/style><span class=\"stk--svg-wrapper\"><div class=\"stk--inner-svg\"><svg style=\"height:0;width:0\"><defs><linearGradient id=\"linear-gradient-8ebdcf0\" x1=\"0\" x2=\"100%\" y1=\"0\" y2=\"0\"><stop offset=\"0%\" style=\"stop-opacity:1;stop-color:var(--linear-gradient-8-ebdcf-0-color-1)\"><\/stop><stop offset=\"100%\" style=\"stop-opacity:1;stop-color:var(--linear-gradient-8-ebdcf-0-color-2)\"><\/stop><\/linearGradient><\/defs><\/svg><svg xmlns=\"http:\/\/www.w3.org\/2000\/svg\" viewBox=\"0 0 448 512\" aria-hidden=\"true\" width=\"32\" height=\"32\"><path d=\"M438.6 278.6c12.5-12.5 12.5-32.8 0-45.3l-160-160c-12.5-12.5-32.8-12.5-45.3 0s-12.5 32.8 0 45.3L338.8 224 32 224c-17.7 0-32 14.3-32 32s14.3 32 32 32l306.7 0L233.4 393.4c-12.5 12.5-12.5 32.8 0 45.3s32.8 12.5 45.3 0l160-160z\"\/><\/svg><\/div><\/span><\/div>\n\n\n\n<div class=\"wp-block-stackable-heading stk-block-heading stk-block-heading--v2 stk-block stk-0534ac1\" id=\"el-perello\" data-block-id=\"0534ac1\"><style>.stk-0534ac1 .stk-block-heading__text{font-size:20px !important;}@media screen and (max-width:999px){.stk-0534ac1 .stk-block-heading__text{font-size:20px !important;}}<\/style><h4 class=\"stk-block-heading__text\">El Perell\u00f3<\/h4><\/div>\n<\/div><\/div>\n\n\n\n<div class=\"wp-block-stackable-icon-label stk-block-icon-label stk-block stk-7872d4e\" data-block-id=\"7872d4e\"><style>.stk-7872d4e .stk-inner-blocks{gap:34px !important;}@media screen and (max-width:999px){.stk-7872d4e .stk-inner-blocks{gap:34px !important;}}@media screen and (max-width:689px){.stk-7872d4e .stk-inner-blocks{gap:34px !important;}}<\/style><div class=\"stk-row stk-inner-blocks stk-block-content\">\n<div class=\"wp-block-stackable-icon stk-block-icon has-text-align-left stk-block stk-92760eb\" data-block-id=\"92760eb\"><style>.stk-92760eb .stk--svg-wrapper .stk--inner-svg svg:last-child{height:30px !important;width:30px !important;}<\/style><span class=\"stk--svg-wrapper\"><div class=\"stk--inner-svg\"><svg style=\"height:0;width:0\"><defs><linearGradient id=\"linear-gradient-92760eb\" x1=\"0\" x2=\"100%\" y1=\"0\" y2=\"0\"><stop offset=\"0%\" style=\"stop-opacity:1;stop-color:var(--linear-gradient-92760-eb-color-1)\"><\/stop><stop offset=\"100%\" style=\"stop-opacity:1;stop-color:var(--linear-gradient-92760-eb-color-2)\"><\/stop><\/linearGradient><\/defs><\/svg><svg xmlns=\"http:\/\/www.w3.org\/2000\/svg\" viewBox=\"0 0 448 512\" aria-hidden=\"true\" width=\"32\" height=\"32\"><path d=\"M438.6 278.6c12.5-12.5 12.5-32.8 0-45.3l-160-160c-12.5-12.5-32.8-12.5-45.3 0s-12.5 32.8 0 45.3L338.8 224 32 224c-17.7 0-32 14.3-32 32s14.3 32 32 32l306.7 0L233.4 393.4c-12.5 12.5-12.5 32.8 0 45.3s32.8 12.5 45.3 0l160-160z\"\/><\/svg><\/div><\/span><\/div>\n\n\n\n<div class=\"wp-block-stackable-heading stk-block-heading stk-block-heading--v2 stk-block stk-ca9e09a\" id=\"mareny-de-barraquetes\" data-block-id=\"ca9e09a\"><style>.stk-ca9e09a .stk-block-heading__text{font-size:20px !important;}@media screen and (max-width:999px){.stk-ca9e09a .stk-block-heading__text{font-size:20px !important;}}<\/style><h4 class=\"stk-block-heading__text\">Mareny de Barraquetes<\/h4><\/div>\n<\/div><\/div>\n\n\n\n<div class=\"wp-block-stackable-icon-label stk-block-icon-label stk-block stk-2d7f96e\" data-block-id=\"2d7f96e\"><style>.stk-2d7f96e .stk-inner-blocks{gap:34px !important;}@media screen and (max-width:999px){.stk-2d7f96e .stk-inner-blocks{gap:34px !important;}}@media screen and (max-width:689px){.stk-2d7f96e .stk-inner-blocks{gap:34px !important;}}<\/style><div class=\"stk-row stk-inner-blocks stk-block-content\">\n<div class=\"wp-block-stackable-icon stk-block-icon has-text-align-left stk-block stk-d047b60\" data-block-id=\"d047b60\"><style>.stk-d047b60 .stk--svg-wrapper .stk--inner-svg svg:last-child{height:30px !important;width:30px !important;}<\/style><span class=\"stk--svg-wrapper\"><div class=\"stk--inner-svg\"><svg style=\"height:0;width:0\"><defs><linearGradient id=\"linear-gradient-d047b60\" x1=\"0\" x2=\"100%\" y1=\"0\" y2=\"0\"><stop offset=\"0%\" style=\"stop-opacity:1;stop-color:var(--linear-gradient-d-047-b-60-color-1)\"><\/stop><stop offset=\"100%\" style=\"stop-opacity:1;stop-color:var(--linear-gradient-d-047-b-60-color-2)\"><\/stop><\/linearGradient><\/defs><\/svg><svg xmlns=\"http:\/\/www.w3.org\/2000\/svg\" viewBox=\"0 0 448 512\" aria-hidden=\"true\" width=\"32\" height=\"32\"><path d=\"M438.6 278.6c12.5-12.5 12.5-32.8 0-45.3l-160-160c-12.5-12.5-32.8-12.5-45.3 0s-12.5 32.8 0 45.3L338.8 224 32 224c-17.7 0-32 14.3-32 32s14.3 32 32 32l306.7 0L233.4 393.4c-12.5 12.5-12.5 32.8 0 45.3s32.8 12.5 45.3 0l160-160z\"\/><\/svg><\/div><\/span><\/div>\n\n\n\n<div class=\"wp-block-stackable-heading stk-block-heading stk-block-heading--v2 stk-block stk-bc28d00\" id=\"les-palmeres\" data-block-id=\"bc28d00\"><style>.stk-bc28d00 .stk-block-heading__text{font-size:20px !important;}@media screen and (max-width:999px){.stk-bc28d00 .stk-block-heading__text{font-size:20px !important;}}<\/style><h4 class=\"stk-block-heading__text\">Les Palmeres<\/h4><\/div>\n<\/div><\/div>\n<\/div><\/div><\/div>\n\n\n\n<div class=\"wp-block-stackable-column stk-block-column stk-column stk-block stk-79553ee\" data-v=\"4\" data-block-id=\"79553ee\"><div class=\"stk-column-wrapper stk-block-column__content stk-container stk-79553ee-container stk--no-background stk--no-padding\"><div class=\"stk-block-content stk-inner-blocks stk-79553ee-inner-blocks\">\n<div class=\"wp-block-stackable-icon-label stk-block-icon-label stk-block stk-93fe3c1\" data-block-id=\"93fe3c1\"><style>.stk-93fe3c1 .stk-inner-blocks{gap:34px !important;}@media screen and (max-width:999px){.stk-93fe3c1 .stk-inner-blocks{gap:34px !important;}}@media screen and (max-width:689px){.stk-93fe3c1 .stk-inner-blocks{gap:34px !important;}}<\/style><div class=\"stk-row stk-inner-blocks stk-block-content\">\n<div class=\"wp-block-stackable-icon stk-block-icon has-text-align-left stk-block stk-75fdadf\" data-block-id=\"75fdadf\"><style>.stk-75fdadf .stk--svg-wrapper .stk--inner-svg svg:last-child{height:30px !important;width:30px !important;}<\/style><span class=\"stk--svg-wrapper\"><div class=\"stk--inner-svg\"><svg style=\"height:0;width:0\"><defs><linearGradient id=\"linear-gradient-75fdadf\" x1=\"0\" x2=\"100%\" y1=\"0\" y2=\"0\"><stop offset=\"0%\" style=\"stop-opacity:1;stop-color:var(--linear-gradient-75-fdadf-color-1)\"><\/stop><stop offset=\"100%\" style=\"stop-opacity:1;stop-color:var(--linear-gradient-75-fdadf-color-2)\"><\/stop><\/linearGradient><\/defs><\/svg><svg xmlns=\"http:\/\/www.w3.org\/2000\/svg\" viewBox=\"0 0 448 512\" aria-hidden=\"true\" width=\"32\" height=\"32\"><path d=\"M438.6 278.6c12.5-12.5 12.5-32.8 0-45.3l-160-160c-12.5-12.5-32.8-12.5-45.3 0s-12.5 32.8 0 45.3L338.8 224 32 224c-17.7 0-32 14.3-32 32s14.3 32 32 32l306.7 0L233.4 393.4c-12.5 12.5-12.5 32.8 0 45.3s32.8 12.5 45.3 0l160-160z\"\/><\/svg><\/div><\/span><\/div>\n\n\n\n<div class=\"wp-block-stackable-heading stk-block-heading stk-block-heading--v2 stk-block stk-0c4c0e9\" id=\"el-mareny-blau\" data-block-id=\"0c4c0e9\"><style>.stk-0c4c0e9 .stk-block-heading__text{font-size:20px !important;}@media screen and (max-width:999px){.stk-0c4c0e9 .stk-block-heading__text{font-size:20px !important;}}<\/style><h4 class=\"stk-block-heading__text\">El Mareny Blau<\/h4><\/div>\n<\/div><\/div>\n\n\n\n<div class=\"wp-block-stackable-icon-label stk-block-icon-label stk-block stk-8b1c8c1\" data-block-id=\"8b1c8c1\"><style>.stk-8b1c8c1 .stk-inner-blocks{gap:34px !important;}@media screen and (max-width:999px){.stk-8b1c8c1 .stk-inner-blocks{gap:34px !important;}}@media screen and (max-width:689px){.stk-8b1c8c1 .stk-inner-blocks{gap:34px !important;}}<\/style><div class=\"stk-row stk-inner-blocks stk-block-content\">\n<div class=\"wp-block-stackable-icon stk-block-icon has-text-align-left stk-block stk-ca6ec01\" data-block-id=\"ca6ec01\"><style>.stk-ca6ec01 .stk--svg-wrapper .stk--inner-svg svg:last-child{height:30px !important;width:30px !important;}<\/style><span class=\"stk--svg-wrapper\"><div class=\"stk--inner-svg\"><svg style=\"height:0;width:0\"><defs><linearGradient id=\"linear-gradient-ca6ec01\" x1=\"0\" x2=\"100%\" y1=\"0\" y2=\"0\"><stop offset=\"0%\" style=\"stop-opacity:1;stop-color:var(--linear-gradient-ca-6-ec-01-color-1)\"><\/stop><stop offset=\"100%\" style=\"stop-opacity:1;stop-color:var(--linear-gradient-ca-6-ec-01-color-2)\"><\/stop><\/linearGradient><\/defs><\/svg><svg xmlns=\"http:\/\/www.w3.org\/2000\/svg\" viewBox=\"0 0 448 512\" aria-hidden=\"true\" width=\"32\" height=\"32\"><path d=\"M438.6 278.6c12.5-12.5 12.5-32.8 0-45.3l-160-160c-12.5-12.5-32.8-12.5-45.3 0s-12.5 32.8 0 45.3L338.8 224 32 224c-17.7 0-32 14.3-32 32s14.3 32 32 32l306.7 0L233.4 393.4c-12.5 12.5-12.5 32.8 0 45.3s32.8 12.5 45.3 0l160-160z\"\/><\/svg><\/div><\/span><\/div>\n\n\n\n<div class=\"wp-block-stackable-heading stk-block-heading stk-block-heading--v2 stk-block stk-d8b8532\" id=\"centro\" data-block-id=\"d8b8532\"><style>.stk-d8b8532 .stk-block-heading__text{font-size:20px !important;}@media screen and (max-width:999px){.stk-d8b8532 .stk-block-heading__text{font-size:20px !important;}}<\/style><h4 class=\"stk-block-heading__text\">Centro<\/h4><\/div>\n<\/div><\/div>\n\n\n\n<div class=\"wp-block-stackable-icon-label stk-block-icon-label stk-block stk-352d205\" data-block-id=\"352d205\"><style>.stk-352d205 .stk-inner-blocks{gap:34px !important;}@media screen and (max-width:999px){.stk-352d205 .stk-inner-blocks{gap:34px !important;}}@media screen and (max-width:689px){.stk-352d205 .stk-inner-blocks{gap:34px !important;}}<\/style><div class=\"stk-row stk-inner-blocks stk-block-content\">\n<div class=\"wp-block-stackable-icon stk-block-icon has-text-align-left stk-block stk-10dfe75\" data-block-id=\"10dfe75\"><style>.stk-10dfe75 .stk--svg-wrapper .stk--inner-svg svg:last-child{height:30px !important;width:30px !important;}<\/style><span class=\"stk--svg-wrapper\"><div class=\"stk--inner-svg\"><svg style=\"height:0;width:0\"><defs><linearGradient id=\"linear-gradient-10dfe75\" x1=\"0\" x2=\"100%\" y1=\"0\" y2=\"0\"><stop offset=\"0%\" style=\"stop-opacity:1;stop-color:var(--linear-gradient-10-dfe-75-color-1)\"><\/stop><stop offset=\"100%\" style=\"stop-opacity:1;stop-color:var(--linear-gradient-10-dfe-75-color-2)\"><\/stop><\/linearGradient><\/defs><\/svg><svg xmlns=\"http:\/\/www.w3.org\/2000\/svg\" viewBox=\"0 0 448 512\" aria-hidden=\"true\" width=\"32\" height=\"32\"><path d=\"M438.6 278.6c12.5-12.5 12.5-32.8 0-45.3l-160-160c-12.5-12.5-32.8-12.5-45.3 0s-12.5 32.8 0 45.3L338.8 224 32 224c-17.7 0-32 14.3-32 32s14.3 32 32 32l306.7 0L233.4 393.4c-12.5 12.5-12.5 32.8 0 45.3s32.8 12.5 45.3 0l160-160z\"\/><\/svg><\/div><\/span><\/div>\n\n\n\n<div class=\"wp-block-stackable-heading stk-block-heading stk-block-heading--v2 stk-block stk-b833625\" id=\"el-cabanyal\" data-block-id=\"b833625\"><style>.stk-b833625 .stk-block-heading__text{font-size:20px !important;}@media screen and (max-width:999px){.stk-b833625 .stk-block-heading__text{font-size:20px !important;}}<\/style><h4 class=\"stk-block-heading__text\">El Cabanyal<\/h4><\/div>\n<\/div><\/div>\n<\/div><\/div><\/div>\n<\/div><\/div>\n\n\n\n<button class=\"toggle-button\" onclick=\"toggleVisibility('zonas-list')\">Ver todas las zonas<\/button>\n<\/div><\/div><\/div>\n<\/div><\/div>\n\n\n\n<div class=\"wp-block-stackable-columns alignfull stk-block-columns stk-block stk-21d5088 stk-block-background stk--has-background-overlay\" id=\"zonas-list\" data-block-id=\"21d5088\"><style>.stk-21d5088 {background-color:transparent !important;background-image:url(http:\/\/momentodemaquillaje.com\/wp-content\/uploads\/2021\/07\/flower-decoration-2.svg) !important;background-position:bottom right !important;background-repeat:no-repeat !important;background-size:700px !important;padding-top:0px !important;padding-right:0px !important;padding-bottom:0px !important;padding-left:0px !important;margin-right:0px !important;margin-bottom:0px !important;margin-left:0px !important;overflow:visible !important;}.stk-21d5088:before{background-color:transparent !important;opacity:0.5 !important;}.stk-21d5088 .stk-container{overflow:visible !important;}@media screen and (max-width:999px){.stk-21d5088 {background-position:top center !important;background-size:400px !important;}}<\/style><div class=\"stk-row stk-inner-blocks stk-block-content stk-content-align stk-21d5088-column\">\n<div class=\"wp-block-stackable-column stk-block-column stk-column stk-block stk-6646711\" data-v=\"4\" data-block-id=\"6646711\"><style>.stk-6646711-container{margin-top:0px !important;margin-right:0px !important;margin-bottom:0px !important;margin-left:0px !important;box-shadow:0px 20px 80px 0px #c1c7d440 !important;max-width:1500px !important;min-width:auto !important;padding-top:8% !important;padding-right:10% !important;padding-bottom:8% !important;padding-left:10% !important;}.stk-6646711 {margin-right:0px !important;margin-left:0px !important;}@media screen and (max-width:999px){.stk-6646711-container{padding-top:8% !important;padding-right:8% !important;padding-bottom:8% !important;padding-left:8% !important;}}@media screen and (max-width:689px){.stk-6646711-container{padding-top:10% !important;padding-right:10% !important;padding-bottom:10% !important;padding-left:10% !important;}}<\/style><div class=\"stk-column-wrapper stk-block-column__content stk-container stk-6646711-container stk-hover-parent\"><div class=\"stk-block-content stk-inner-blocks stk-6646711-inner-blocks\">\n<div class=\"wp-block-stackable-columns stk-block-columns stk-block stk-c90259c\" data-block-id=\"c90259c\"><div class=\"stk-row stk-inner-blocks stk-block-content stk-content-align stk-c90259c-column\">\n<div class=\"wp-block-stackable-column stk-block-column stk-column stk-block stk-907a768\" data-v=\"4\" data-block-id=\"907a768\"><style>.stk-907a768 {margin-left:0px !important;}<\/style><div class=\"stk-column-wrapper stk-block-column__content stk-container stk-907a768-container stk--no-background stk--no-padding\"><div class=\"stk-block-content stk-inner-blocks stk-907a768-inner-blocks\">\n<div class=\"wp-block-stackable-heading stk-block-heading stk-block-heading--v2 stk-block stk-23f6eff\" id=\"strong-strong-strong-strong-buscas-maquillaje-a-domicilio-cerca-de-cullera-strong-strong-strong-strong-tambien-trabajo-en\" data-block-id=\"23f6eff\"><style>.stk-23f6eff .stk-block-heading__text{font-size:22px !important;}@media screen and (max-width:999px){.stk-23f6eff .stk-block-heading__text{font-size:22px !important;}}<\/style><h3 class=\"stk-block-heading__text has-text-align-center\"><strong><strong><strong><strong>Buscas Maquillaje a domicilio cerca de Cullera?<\/strong><\/strong><\/strong><\/strong> Tambien trabajo en:<\/h3><\/div>\n<\/div><\/div><\/div>\n<\/div><\/div>\n\n\n\n<div class=\"wp-block-stackable-columns stk-block-columns stk-block stk-0ba358a\" data-block-id=\"0ba358a\"><div class=\"stk-row stk-inner-blocks stk-block-content stk-content-align stk-0ba358a-column\">\n<div class=\"wp-block-stackable-column stk-block-column stk-column stk-block stk-0050c95\" data-v=\"4\" data-block-id=\"0050c95\"><style>.stk-0050c95 {margin-right:0px !important;margin-left:0px !important;}@media screen and (min-width:690px){.stk-0050c95 {flex:var(--stk-flex-grow, 1) 1 calc(50% - var(--stk-column-gap, 0px) * 1 \/ 2 ) !important;}}<\/style><div class=\"stk-column-wrapper stk-block-column__content stk-container stk-0050c95-container stk--no-background stk--no-padding\"><div class=\"stk-block-content stk-inner-blocks stk-0050c95-inner-blocks\">\n<ul class=\"wp-block-list has-small-font-size\">\n<li style=\"font-size:clamp(14px, 0.875rem + ((1vw - 3.2px) * 0.156), 16px);\">Cullera<\/li>\n\n\n\n<li style=\"font-size:clamp(14px, 0.875rem + ((1vw - 3.2px) * 0.156), 16px);\">Alzira<\/li>\n\n\n\n<li style=\"font-size:clamp(14px, 0.875rem + ((1vw - 3.2px) * 0.156), 16px);\">Silla<\/li>\n\n\n\n<li style=\"font-size:clamp(14px, 0.875rem + ((1vw - 3.2px) * 0.156), 16px);\">Picassent<\/li>\n<\/ul>\n<\/div><\/div><\/div>\n\n\n\n<div class=\"wp-block-stackable-column stk-block-column stk-column stk-block stk-08388e7\" data-v=\"4\" data-block-id=\"08388e7\"><style>@media screen and (min-width:690px){.stk-08388e7 {flex:var(--stk-flex-grow, 1) 1 calc(50% - var(--stk-column-gap, 0px) * 1 \/ 2 ) !important;}}<\/style><div class=\"stk-column-wrapper stk-block-column__content stk-container stk-08388e7-container stk--no-background stk--no-padding\"><div class=\"stk-block-content stk-inner-blocks stk-08388e7-inner-blocks\">\n<ul class=\"wp-block-list has-small-font-size\">\n<li style=\"font-size:clamp(14px, 0.875rem + ((1vw - 3.2px) * 0.156), 16px);\">Catarroja<\/li>\n\n\n\n<li style=\"font-size:clamp(14px, 0.875rem + ((1vw - 3.2px) * 0.156), 16px);\">Benet\u00fasser<\/li>\n\n\n\n<li style=\"font-size:clamp(14px, 0.875rem + ((1vw - 3.2px) * 0.156), 16px);\">Paiporta<\/li>\n\n\n\n<li style=\"font-size:clamp(14px, 0.875rem + ((1vw - 3.2px) * 0.156), 16px);\">Gand\u00eda<\/li>\n<\/ul>\n<\/div><\/div><\/div>\n<\/div><\/div>\n\n\n\n<p class=\"has-text-align-center wp-block-paragraph\">Ver todas las zonas donde ofresco <a href=\"https:\/\/momentodemaquillaje.com\/maquillaje-domicilio-valencia\/\">maquillaje a domicilio en Valencia<\/a> y aleadores<\/p>\n<\/div><\/div><\/div>\n<\/div><\/div>\n\n\n\n<div class=\"wp-block-stackable-columns alignfull stk-block-columns stk-block stk-ecf1644 stk-block-background stk--has-background-overlay\" data-block-id=\"ecf1644\"><style>.stk-ecf1644 {background-color:transparent !important;background-image:url(http:\/\/momentodemaquillaje.com\/wp-content\/uploads\/2021\/07\/flower-decoration-2.svg) !important;background-position:bottom right !important;background-repeat:no-repeat !important;background-size:700px !important;padding-top:0px !important;padding-right:0px !important;padding-bottom:0px !important;padding-left:0px !important;margin-bottom:0px !important;overflow:visible !important;}.stk-ecf1644:before{background-color:transparent !important;opacity:0.5 !important;}.stk-ecf1644 .stk-container{overflow:visible !important;}@media screen and (max-width:999px){.stk-ecf1644 {background-position:top center !important;background-size:400px !important;}}<\/style><div class=\"stk-row stk-inner-blocks stk-block-content stk-content-align stk-ecf1644-column\">\n<div class=\"wp-block-stackable-column stk-block-column stk-column stk-block stk-bef538f\" data-v=\"4\" data-block-id=\"bef538f\"><style>.stk-bef538f-container{margin-top:0px !important;margin-right:0px !important;margin-bottom:0px !important;margin-left:0px !important;box-shadow:0px 20px 80px 0px #c1c7d440 !important;max-width:1500px !important;min-width:auto !important;padding-top:8% !important;padding-right:20% !important;padding-bottom:8% !important;padding-left:20% !important;}@media screen and (max-width:999px){.stk-bef538f-container{padding-top:8% !important;padding-right:8% !important;padding-bottom:8% !important;padding-left:8% !important;}}@media screen and (max-width:689px){.stk-bef538f-container{padding-top:10% !important;padding-right:10% !important;padding-bottom:10% !important;padding-left:10% !important;}}<\/style><div class=\"stk-column-wrapper stk-block-column__content stk-container stk-bef538f-container stk-hover-parent\"><div class=\"stk-block-content stk-inner-blocks stk-bef538f-inner-blocks\">\n<div class=\"wp-block-stackable-text stk-block-text stk-block stk-d49b6dd\" data-block-id=\"d49b6dd\"><style>.stk-d49b6dd {max-width:755px !important;min-width:auto !important;margin-right:auto !important;margin-bottom:40px !important;margin-left:auto !important;}@media screen and (max-width:999px){.stk-d49b6dd {margin-bottom:0px !important;}}<\/style><p class=\"stk-block-text__text has-text-align-center\">\u00bfBuscas consejos de expertos y respuestas a tus preguntas? Explora nuestro art\u00edculo para obtener informaci\u00f3n detallada.<\/p><\/div>\n\n\n\n<button class=\"toggle-button\" onclick=\"toggleVisibility('article-content')\">Ver Article<\/button>\n\n\n\n<div class=\"wp-block-stackable-columns stk-block-columns stk-block stk-fc876df\" id=\"article-content\" data-block-id=\"fc876df\"><div class=\"stk-row stk-inner-blocks stk-block-content stk-content-align stk-fc876df-column\">\n<div class=\"wp-block-stackable-column stk-block-column stk-column stk-block stk-cad1fe6\" data-v=\"4\" data-block-id=\"cad1fe6\"><div class=\"stk-column-wrapper stk-block-column__content stk-container stk-cad1fe6-container stk--no-background stk--no-padding\"><div class=\"stk-block-content stk-inner-blocks stk-cad1fe6-inner-blocks\">\n<p class=\"wp-block-paragraph\">\u00a1Hola!<\/p>\n\n\n\n<p class=\"wp-block-paragraph\">Si est\u00e1s organizando tu boda, una comuni\u00f3n, una sesi\u00f3n de fotos o simplemente te apetece darte un mimo, est\u00e1s en el sitio correcto. Soy maquilladora profesional y si est\u00e1s buscando una <strong>maquilladora Sueca<\/strong>, est\u00e1s a un mensaje de sentirte cuidada, escuchada y guapa sin complicaciones.<\/p>\n\n\n\n<p class=\"wp-block-paragraph\">Porque s\u00ed: maquillarse puede ser una experiencia relajante, emocional y divertida. Sobre todo si ocurre en tu propio espacio, con calma, y sin prisas.<\/p>\n\n\n\n<div class=\"wp-block-stackable-heading stk-block-heading stk-block-heading--v2 stk-block stk-9ff12a7\" id=\"strong-maquilladora-sueca-con-servicio-a-domicilio-comodidad-y-confianza-strong\" data-block-id=\"9ff12a7\"><style>.stk-9ff12a7 {max-width:750px !important;min-width:auto !important;margin-right:auto !important;margin-bottom:25px !important;margin-left:auto !important;}.stk-9ff12a7 .stk-block-heading__text{font-size:23px !important;line-height:1.5em !important;font-weight:800 !important;}@media screen and (max-width:999px){.stk-9ff12a7 {max-width:100% !important;min-width:auto !important;}.stk-9ff12a7 .stk-block-heading__text{font-size:35px !important;}}@media screen and (max-width:689px){.stk-9ff12a7 {margin-bottom:35px !important;}.stk-9ff12a7 .stk-block-heading__text{font-size:30px !important;}}<\/style><h2 class=\"stk-block-heading__text has-text-align-left\"><strong>Maquilladora Sueca con servicio a domicilio: comodidad y confianza<\/strong><\/h2><\/div>\n\n\n\n<p class=\"wp-block-paragraph\">Trabajar como <strong>maquilladora Sueca<\/strong> me ha ense\u00f1ado que el ambiente donde te preparas es tan importante como el resultado. Por eso, todos mis servicios son a domicilio. Llego a tu casa con todo listo: productos de calidad, brochas limpias, luz profesional\u2026 y algo m\u00e1s dif\u00edcil de llevar en la maleta: buena energ\u00eda y trato cercano.<\/p>\n\n\n\n<div class=\"wp-block-stackable-heading stk-block-heading stk-block-heading--v2 stk-block stk-06b4be4\" id=\"strong-que-esperar-de-una-maquilladora-sueca-profesional-y-cercana-strong\" data-block-id=\"06b4be4\"><style>.stk-06b4be4 {max-width:750px !important;min-width:auto !important;margin-right:auto !important;margin-bottom:25px !important;margin-left:auto !important;}.stk-06b4be4 .stk-block-heading__text{font-size:23px !important;line-height:1.5em !important;font-weight:800 !important;}@media screen and (max-width:999px){.stk-06b4be4 {max-width:100% !important;min-width:auto !important;}.stk-06b4be4 .stk-block-heading__text{font-size:35px !important;}}@media screen and (max-width:689px){.stk-06b4be4 {margin-bottom:35px !important;}.stk-06b4be4 .stk-block-heading__text{font-size:30px !important;}}<\/style><h3 class=\"stk-block-heading__text has-text-align-left\"><strong>Qu\u00e9 esperar de una maquilladora Sueca profesional y cercana<\/strong><\/h3><\/div>\n\n\n\n<p class=\"wp-block-paragraph\">Mi prioridad eres t\u00fa. Como <strong>maquilladora Sueca<\/strong>, no me interesa hacer \u201cel mismo look de siempre\u201d. Cada rostro tiene su propio equilibrio y cada persona su estilo. Me gusta escucharte, saber qu\u00e9 te gusta, qu\u00e9 no, y construir juntas un maquillaje que se sienta c\u00f3modo, duradero y aut\u00e9ntico.<\/p>\n\n\n\n<div class=\"wp-block-stackable-heading stk-block-heading stk-block-heading--v2 stk-block stk-e5354db\" id=\"strong-maquilladora-sueca-para-bodas-invitadas-y-momentos-especiales-strong\" data-block-id=\"e5354db\"><style>.stk-e5354db {max-width:750px !important;min-width:auto !important;margin-right:auto !important;margin-bottom:25px !important;margin-left:auto !important;}.stk-e5354db .stk-block-heading__text{font-size:23px !important;line-height:1.5em !important;font-weight:800 !important;}@media screen and (max-width:999px){.stk-e5354db {max-width:100% !important;min-width:auto !important;}.stk-e5354db .stk-block-heading__text{font-size:35px !important;}}@media screen and (max-width:689px){.stk-e5354db {margin-bottom:35px !important;}.stk-e5354db .stk-block-heading__text{font-size:30px !important;}}<\/style><h2 class=\"stk-block-heading__text has-text-align-left\"><strong>Maquilladora Sueca para bodas, invitadas y momentos especiales<\/strong><\/h2><\/div>\n\n\n\n<p class=\"wp-block-paragraph\">He tenido la suerte de maquillar a muchas mujeres de Sueca en sus bodas, comuniones, sesiones de fotos o incluso en d\u00edas normales que decidieron hacer especiales. Y algo que siempre se repite es esta frase: <em>\u201c\u00a1Qu\u00e9 bien haberlo hecho en casa!\u201d<\/em><\/p>\n\n\n\n<p class=\"wp-block-paragraph\">Como <strong>maquilladora Sueca<\/strong>, quiero que vivas ese d\u00eda a tu manera, sin carreras ni agobios. Y que el maquillaje sea parte del recuerdo bonito.<\/p>\n\n\n\n<div class=\"wp-block-stackable-heading stk-block-heading stk-block-heading--v2 stk-block stk-3cf3ebd\" id=\"strong-strong-ventajas-del-maquillaje-a-domicilio-en-sueca-strong-strong\" data-block-id=\"3cf3ebd\"><style>.stk-3cf3ebd {max-width:750px !important;min-width:auto !important;margin-right:auto !important;margin-bottom:25px !important;margin-left:auto !important;}.stk-3cf3ebd .stk-block-heading__text{font-size:23px !important;line-height:1.5em !important;font-weight:800 !important;}@media screen and (max-width:999px){.stk-3cf3ebd {max-width:100% !important;min-width:auto !important;}.stk-3cf3ebd .stk-block-heading__text{font-size:35px !important;}}@media screen and (max-width:689px){.stk-3cf3ebd {margin-bottom:35px !important;}.stk-3cf3ebd .stk-block-heading__text{font-size:30px !important;}}<\/style><h3 class=\"stk-block-heading__text has-text-align-left\"><strong><strong>Ventajas del maquillaje a domicilio en Sueca<\/strong><\/strong><\/h3><\/div>\n\n\n\n<ul class=\"wp-block-list\">\n<li>Est\u00e1s en tu casa, a tu ritmo<\/li>\n\n\n\n<li>No tienes que moverte ni esperar turnos<\/li>\n\n\n\n<li>Puedes compartir el momento con tus personas favoritas<\/li>\n\n\n\n<li>Empiezas el d\u00eda m\u00e1s relajada y eso se nota en tu cara<\/li>\n<\/ul>\n\n\n\n<p class=\"wp-block-paragraph\">Y no, no necesitas preocuparte por nada. Yo me encargo de todo el material y del orden para que fluya con tranquilidad.<\/p>\n\n\n\n<div class=\"wp-block-stackable-heading stk-block-heading stk-block-heading--v2 stk-block stk-8dcebdf\" id=\"strong-maquillaje-para-bodas-sueca-tu-historia-tu-estilo-tu-dia-strong\" data-block-id=\"8dcebdf\"><style>.stk-8dcebdf {max-width:750px !important;min-width:auto !important;margin-right:auto !important;margin-bottom:25px !important;margin-left:auto !important;}.stk-8dcebdf .stk-block-heading__text{font-size:23px !important;line-height:1.5em !important;font-weight:800 !important;}@media screen and (max-width:999px){.stk-8dcebdf {max-width:100% !important;min-width:auto !important;}.stk-8dcebdf .stk-block-heading__text{font-size:35px !important;}}@media screen and (max-width:689px){.stk-8dcebdf {margin-bottom:35px !important;}.stk-8dcebdf .stk-block-heading__text{font-size:30px !important;}}<\/style><h2 class=\"stk-block-heading__text has-text-align-left\"><strong>Maquillaje para bodas Sueca \u2013 Tu historia, tu estilo, tu d\u00eda<\/strong><\/h2><\/div>\n\n\n\n<p class=\"wp-block-paragraph\">El <strong>maquillaje para bodas Sueca<\/strong> que dise\u00f1o est\u00e1 pensado para acompa\u00f1arte durante muchas horas, desde la primera l\u00e1grima hasta la \u00faltima foto. Uso productos de larga duraci\u00f3n, resistentes al calor y a la emoci\u00f3n (que sabemos que ese d\u00eda hay de sobra).<\/p>\n\n\n\n<p class=\"wp-block-paragraph\">Pero m\u00e1s all\u00e1 de la t\u00e9cnica, me enfoco en que el maquillaje hable de ti. Que al verte en el espejo digas: <em>\u201c\u00a1Esa soy yo!\u201d<\/em><\/p>\n\n\n\n<div class=\"wp-block-stackable-heading stk-block-heading stk-block-heading--v2 stk-block stk-41b5e2b\" id=\"strong-strong-como-preparamos-juntas-tu-maquillaje-para-bodas-sueca-strong-strong\" data-block-id=\"41b5e2b\"><style>.stk-41b5e2b {max-width:750px !important;min-width:auto !important;margin-right:auto !important;margin-bottom:25px !important;margin-left:auto !important;}.stk-41b5e2b .stk-block-heading__text{font-size:23px !important;line-height:1.5em !important;font-weight:800 !important;}@media screen and (max-width:999px){.stk-41b5e2b {max-width:100% !important;min-width:auto !important;}.stk-41b5e2b .stk-block-heading__text{font-size:35px !important;}}@media screen and (max-width:689px){.stk-41b5e2b {margin-bottom:35px !important;}.stk-41b5e2b .stk-block-heading__text{font-size:30px !important;}}<\/style><h3 class=\"stk-block-heading__text has-text-align-left\"><strong><strong>C\u00f3mo preparamos juntas tu maquillaje para bodas Sueca<\/strong><\/strong><\/h3><\/div>\n\n\n\n<p class=\"wp-block-paragraph\">Hacemos una prueba semanas antes, donde hablamos de todo: vestido, peinado, entorno, iluminaci\u00f3n\u2026 y sobre todo, c\u00f3mo te quieres sentir. El <strong>maquillaje para bodas Sueca<\/strong> tiene que durar, s\u00ed, pero tambi\u00e9n tiene que emocionarte. Porque cuando el maquillaje conecta contigo, el resultado es m\u00e1gico.<\/p>\n\n\n\n<div class=\"wp-block-stackable-heading stk-block-heading stk-block-heading--v2 stk-block stk-6752e32\" id=\"strong-strong-tambien-maquillo-a-tus-invitadas-para-bodas-en-sueca-strong-strong\" data-block-id=\"6752e32\"><style>.stk-6752e32 {max-width:750px !important;min-width:auto !important;margin-right:auto !important;margin-bottom:25px !important;margin-left:auto !important;}.stk-6752e32 .stk-block-heading__text{font-size:23px !important;line-height:1.5em !important;font-weight:800 !important;}@media screen and (max-width:999px){.stk-6752e32 {max-width:100% !important;min-width:auto !important;}.stk-6752e32 .stk-block-heading__text{font-size:35px !important;}}@media screen and (max-width:689px){.stk-6752e32 {margin-bottom:35px !important;}.stk-6752e32 .stk-block-heading__text{font-size:30px !important;}}<\/style><h2 class=\"stk-block-heading__text has-text-align-left\"><strong><strong>Tambi\u00e9n maquillo a tus invitadas para bodas en Sueca<\/strong><\/strong><\/h2><\/div>\n\n\n\n<p class=\"wp-block-paragraph\"> Muchas novias deciden que sus madres, hermanas o amigas m\u00e1s cercanas tambi\u00e9n se maquillen conmigo el mismo d\u00eda. Y lo recomiendo much\u00edsimo: el ambiente se vuelve precioso, relajado y compartido.<br>Organizo los turnos con antelaci\u00f3n para que nadie se estrese y todas est\u00e9n listas a tiempo.<\/p>\n\n\n\n<div class=\"wp-block-stackable-heading stk-block-heading stk-block-heading--v2 stk-block stk-2edebde\" id=\"strong-strong-strong-como-planifico-el-maquillaje-para-bodas-sueca-en-grupo-strong-strong-strong\" data-block-id=\"2edebde\"><style>.stk-2edebde {max-width:750px !important;min-width:auto !important;margin-right:auto !important;margin-bottom:25px !important;margin-left:auto !important;}.stk-2edebde .stk-block-heading__text{font-size:23px !important;line-height:1.5em !important;font-weight:800 !important;}@media screen and (max-width:999px){.stk-2edebde {max-width:100% !important;min-width:auto !important;}.stk-2edebde .stk-block-heading__text{font-size:35px !important;}}@media screen and (max-width:689px){.stk-2edebde {margin-bottom:35px !important;}.stk-2edebde .stk-block-heading__text{font-size:30px !important;}}<\/style><h3 class=\"stk-block-heading__text has-text-align-left\"><strong><strong><strong>C\u00f3mo planifico el maquillaje para bodas Sueca en grupo<\/strong><\/strong><\/strong><\/h3><\/div>\n\n\n\n<p class=\"wp-block-paragraph\">Cuando hay varias personas, lo primero es coordinar bien los horarios. Llego con tiempo de sobra y me adapto al ritmo del grupo. El <strong>maquillaje para bodas Sueca<\/strong> se convierte en una experiencia entre mujeres, de esas que tambi\u00e9n se recuerdan con cari\u00f1o.<\/p>\n\n\n\n<div class=\"wp-block-stackable-heading stk-block-heading stk-block-heading--v2 stk-block stk-f10325a\" id=\"strong-strong-maquillaje-para-novia-sueca-natural-duradero-y-hecho-con-mimo-strong-strong\" data-block-id=\"f10325a\"><style>.stk-f10325a {max-width:750px !important;min-width:auto !important;margin-right:auto !important;margin-bottom:25px !important;margin-left:auto !important;}.stk-f10325a .stk-block-heading__text{font-size:23px !important;line-height:1.5em !important;font-weight:800 !important;}@media screen and (max-width:999px){.stk-f10325a {max-width:100% !important;min-width:auto !important;}.stk-f10325a .stk-block-heading__text{font-size:35px !important;}}@media screen and (max-width:689px){.stk-f10325a {margin-bottom:35px !important;}.stk-f10325a .stk-block-heading__text{font-size:30px !important;}}<\/style><h2 class=\"stk-block-heading__text has-text-align-left\"><strong><strong>Maquillaje para novia Sueca \u2013 Natural, duradero y hecho con mimo<\/strong><\/strong><\/h2><\/div>\n\n\n\n<p class=\"wp-block-paragraph\">El <strong>maquillaje para novia Sueca<\/strong> es, sin duda, uno de mis servicios m\u00e1s especiales. No es solo un maquillaje: es una parte esencial de c\u00f3mo vivir\u00e1s ese d\u00eda.<\/p>\n\n\n\n<p class=\"wp-block-paragraph\">Por eso lo preparo con mucho cuidado. Me gusta que t\u00fa y yo trabajemos juntas ese look, buscando equilibrio entre lo que te gusta y lo que mejor te sienta. Siempre desde el respeto a tu esencia.<\/p>\n\n\n\n<div class=\"wp-block-stackable-heading stk-block-heading stk-block-heading--v2 stk-block stk-1930d42\" id=\"strong-strong-strong-que-incluye-mi-servicio-de-maquillaje-para-novia-sueca-strong-strong-strong\" data-block-id=\"1930d42\"><style>.stk-1930d42 {max-width:750px !important;min-width:auto !important;margin-right:auto !important;margin-bottom:25px !important;margin-left:auto !important;}.stk-1930d42 .stk-block-heading__text{font-size:23px !important;line-height:1.5em !important;font-weight:800 !important;}@media screen and (max-width:999px){.stk-1930d42 {max-width:100% !important;min-width:auto !important;}.stk-1930d42 .stk-block-heading__text{font-size:35px !important;}}@media screen and (max-width:689px){.stk-1930d42 {margin-bottom:35px !important;}.stk-1930d42 .stk-block-heading__text{font-size:30px !important;}}<\/style><h3 class=\"stk-block-heading__text has-text-align-left\"><strong><strong><strong>Qu\u00e9 incluye mi servicio de maquillaje para novia Sueca<\/strong><\/strong><\/strong><\/h3><\/div>\n\n\n\n<ul class=\"wp-block-list\">\n<li>Prueba previa opcional (muy recomendable)<\/li>\n\n\n\n<li>Diagn\u00f3stico de piel y cuidados antes de maquillar<\/li>\n\n\n\n<li>Productos profesionales y resistentes<\/li>\n\n\n\n<li>Maquillaje adaptado al entorno, luz y horario del evento<\/li>\n\n\n\n<li>Trato personal, sin prisas y siempre desde la escucha<\/li>\n<\/ul>\n\n\n\n<p class=\"wp-block-paragraph\">Cada <strong>maquillaje para novia Sueca<\/strong> lo trato como si fuera el m\u00edo. Y me encanta ver c\u00f3mo muchas novias sonr\u00eden m\u00e1s despu\u00e9s de maquillarse, no solo por c\u00f3mo se ven, sino por c\u00f3mo se sienten.<\/p>\n\n\n\n<div class=\"wp-block-stackable-heading stk-block-heading stk-block-heading--v2 stk-block stk-5738071\" id=\"strong-strong-strong-lo-esencial-del-maquillaje-para-novia-sueca-que-te-veas-tu-strong-strong-strong\" data-block-id=\"5738071\"><style>.stk-5738071 {max-width:750px !important;min-width:auto !important;margin-right:auto !important;margin-bottom:25px !important;margin-left:auto !important;}.stk-5738071 .stk-block-heading__text{font-size:23px !important;line-height:1.5em !important;font-weight:800 !important;}@media screen and (max-width:999px){.stk-5738071 {max-width:100% !important;min-width:auto !important;}.stk-5738071 .stk-block-heading__text{font-size:35px !important;}}@media screen and (max-width:689px){.stk-5738071 {margin-bottom:35px !important;}.stk-5738071 .stk-block-heading__text{font-size:30px !important;}}<\/style><h2 class=\"stk-block-heading__text has-text-align-left\"><strong><strong><strong>Lo esencial del maquillaje para novia Sueca: que te veas t\u00fa<\/strong><\/strong><\/strong><\/h2><\/div>\n\n\n\n<p class=\"wp-block-paragraph\">Mi objetivo no es que te veas \u201cperfecta\u201d. Es que te veas t\u00fa, feliz, segura y natural. El maquillaje no debe esconderte ni transformarte. Solo darte ese toque extra que sume a lo bonita que ya eres.<\/p>\n\n\n\n<div class=\"wp-block-stackable-heading stk-block-heading stk-block-heading--v2 stk-block stk-c9cefce\" id=\"strong-strong-por-que-confiar-en-mi-como-maquilladora-en-sueca-strong-strong\" data-block-id=\"c9cefce\"><style>.stk-c9cefce {max-width:750px !important;min-width:auto !important;margin-right:auto !important;margin-bottom:25px !important;margin-left:auto !important;}.stk-c9cefce .stk-block-heading__text{font-size:23px !important;line-height:1.5em !important;font-weight:800 !important;}@media screen and (max-width:999px){.stk-c9cefce {max-width:100% !important;min-width:auto !important;}.stk-c9cefce .stk-block-heading__text{font-size:35px !important;}}@media screen and (max-width:689px){.stk-c9cefce {margin-bottom:35px !important;}.stk-c9cefce .stk-block-heading__text{font-size:30px !important;}}<\/style><h3 class=\"stk-block-heading__text has-text-align-left\"><strong><strong>Por qu\u00e9 confiar en m\u00ed como maquilladora en Sueca<\/strong><\/strong><\/h3><\/div>\n\n\n\n<p class=\"wp-block-paragraph\">Porque no solo maquillo: acompa\u00f1o. Me implico desde el primer mensaje hasta el \u00faltimo brochazo. Me adapto a ti, te escucho, y busco siempre crear un ambiente c\u00f3modo, donde te sientas cuidada de verdad.<\/p>\n\n\n\n<p class=\"wp-block-paragraph\">\ud83d\udce9 \u00bfTienes una boda o evento en Sueca y te apetece un maquillaje que se sienta especial, sin salir de casa? Escr\u00edbeme. Me encantar\u00eda ayudarte a brillar con calma, profesionalidad y cari\u00f1o.<\/p>\n<\/div><\/div><\/div>\n<\/div><\/div>\n<\/div><\/div><\/div>\n<\/div><\/div>\n\n\n\n<div class=\"wp-block-stackable-call-to-action stk-block-call-to-action stk-block stk-6d72726 is-style-default\" data-v=\"2\" data-block-id=\"6d72726\"><div class=\"stk-block-call-to-action__content stk-content-align stk-6d72726-column stk-container stk-6d72726-container stk-hover-parent\"><div class=\"has-text-align-center stk-block-content stk-inner-blocks stk-6d72726-inner-blocks\">\n<div class=\"wp-block-buttons is-content-justification-center is-layout-flex wp-container-core-buttons-is-layout-fe0a7de2 wp-block-buttons-is-layout-flex\">\n<div class=\"wp-block-button\"><a class=\"wp-block-button__link wp-element-button\" href=\"#contacto\">Contactame para una consulta gratuita<\/a><\/div>\n<\/div>\n<\/div><\/div><\/div>\n","protected":false},"excerpt":{"rendered":"<p>Maquillaje a Domicilio en Sueca Servicio Personalizado de Principio a Fin Comodidad Total Atenci\u00f3n Personalizada Versatilidad Calidad Garantizada Tu Especialista en Maquillaje a Domicilio \u00bfBuscando un servicio de maquillaje y peinado a domicilio en Sueca? Si has escrito \u201cmaquillaje cerca de m\u00ed\u201d en Google, bienvenida \ud83d\udc84 Soy Madalina, maquilladora profesional que se desplaza por toda [&hellip;]<\/p>\n","protected":false},"author":1,"featured_media":0,"parent":7910,"menu_order":0,"comment_status":"closed","ping_status":"closed","template":"","meta":{"pgc_sgb_lightbox_settings":"","_joinchat":[],"footnotes":""},"class_list":["post-9357","page","type-page","status-publish","hentry"],"blocksy_meta":{"has_hero_section":"disabled","vertical_spacing_source":"custom","content_area_spacing":"none","styles_descriptor":{"styles":{"desktop":"","tablet":"","mobile":""},"google_fonts":[],"version":7}},"yoast_head":"<!-- This site is optimized with the Yoast SEO plugin v28.4 - https:\/\/yoast.com\/product\/yoast-seo-wordpress\/ -->\n<title>Maquillaje Profesional en Sueca a Domicilio | Reserva Hoy<\/title>\n<meta name=\"description\" content=\"Maquillaje a domicilio en Sueca, donde t\u00fa est\u00e9s. Profesional, puntual y siempre con un estilo que se adapta a ti. \u00a1Escr\u00edbeme y reserva!\" \/>\n<meta name=\"robots\" content=\"index, follow, max-snippet:-1, max-image-preview:large, max-video-preview:-1\" \/>\n<link rel=\"canonical\" href=\"https:\/\/momentodemaquillaje.com\/en\/maquillaje-domicilio-valencia\/sueca\/\" \/>\n<meta property=\"og:locale\" content=\"en_US\" \/>\n<meta property=\"og:type\" content=\"article\" \/>\n<meta property=\"og:title\" content=\"Maquillaje Profesional en Sueca a Domicilio | Reserva Hoy\" \/>\n<meta property=\"og:description\" content=\"Maquillaje a domicilio en Sueca, donde t\u00fa est\u00e9s. Profesional, puntual y siempre con un estilo que se adapta a ti. \u00a1Escr\u00edbeme y reserva!\" \/>\n<meta property=\"og:url\" content=\"https:\/\/momentodemaquillaje.com\/en\/maquillaje-domicilio-valencia\/sueca\/\" \/>\n<meta property=\"og:site_name\" content=\"Momento de Maquillaje\" \/>\n<meta property=\"article:publisher\" content=\"https:\/\/www.facebook.com\/MomentodeMaquillaje\/\" \/>\n<meta property=\"article:modified_time\" content=\"2026-08-31T17:36:11+00:00\" \/>\n<meta property=\"og:image\" content=\"http:\/\/momentodemaquillaje.com\/wp-content\/uploads\/2024\/12\/base_18074349.svg\" \/>\n<meta name=\"twitter:card\" content=\"summary_large_image\" \/>\n<meta name=\"twitter:label1\" content=\"Est. reading time\" \/>\n\t<meta name=\"twitter:data1\" content=\"7 minutes\" \/>\n<script type=\"application\/ld+json\" class=\"yoast-schema-graph\">{\"@context\":\"https:\\\/\\\/schema.org\",\"@graph\":[{\"@type\":\"WebPage\",\"@id\":\"https:\\\/\\\/momentodemaquillaje.com\\\/maquillaje-domicilio-valencia\\\/sueca\\\/\",\"url\":\"https:\\\/\\\/momentodemaquillaje.com\\\/maquillaje-domicilio-valencia\\\/sueca\\\/\",\"name\":\"Maquillaje Profesional en Sueca a Domicilio | Reserva Hoy\",\"isPartOf\":{\"@id\":\"https:\\\/\\\/momentodemaquillaje.com\\\/en\\\/#website\"},\"primaryImageOfPage\":{\"@id\":\"https:\\\/\\\/momentodemaquillaje.com\\\/maquillaje-domicilio-valencia\\\/sueca\\\/#primaryimage\"},\"image\":{\"@id\":\"https:\\\/\\\/momentodemaquillaje.com\\\/maquillaje-domicilio-valencia\\\/sueca\\\/#primaryimage\"},\"thumbnailUrl\":\"http:\\\/\\\/momentodemaquillaje.com\\\/wp-content\\\/uploads\\\/2024\\\/12\\\/base_18074349.svg\",\"datePublished\":\"2025-05-31T10:49:04+00:00\",\"dateModified\":\"2026-08-31T17:36:11+00:00\",\"description\":\"Maquillaje a domicilio en Sueca, donde t\u00fa est\u00e9s. Profesional, puntual y siempre con un estilo que se adapta a ti. \u00a1Escr\u00edbeme y reserva!\",\"breadcrumb\":{\"@id\":\"https:\\\/\\\/momentodemaquillaje.com\\\/maquillaje-domicilio-valencia\\\/sueca\\\/#breadcrumb\"},\"inLanguage\":\"es\",\"potentialAction\":[{\"@type\":\"ReadAction\",\"target\":[\"https:\\\/\\\/momentodemaquillaje.com\\\/maquillaje-domicilio-valencia\\\/sueca\\\/\"]}]},{\"@type\":\"ImageObject\",\"inLanguage\":\"en-US\",\"@id\":\"https:\\\/\\\/momentodemaquillaje.com\\\/maquillaje-domicilio-valencia\\\/sueca\\\/#primaryimage\",\"url\":\"http:\\\/\\\/momentodemaquillaje.com\\\/wp-content\\\/uploads\\\/2024\\\/12\\\/base_18074349.svg\",\"contentUrl\":\"http:\\\/\\\/momentodemaquillaje.com\\\/wp-content\\\/uploads\\\/2024\\\/12\\\/base_18074349.svg\"},{\"@type\":\"BreadcrumbList\",\"@id\":\"https:\\\/\\\/momentodemaquillaje.com\\\/maquillaje-domicilio-valencia\\\/sueca\\\/#breadcrumb\",\"itemListElement\":[{\"@type\":\"ListItem\",\"position\":1,\"name\":\"Inicio\",\"item\":\"https:\\\/\\\/momentodemaquillaje.com\\\/\"},{\"@type\":\"ListItem\",\"position\":2,\"name\":\"Maquillaje a Domicilio Valencia\",\"item\":\"https:\\\/\\\/momentodemaquillaje.com\\\/maquillaje-domicilio-valencia\\\/\"},{\"@type\":\"ListItem\",\"position\":3,\"name\":\"Sueca\"}]},{\"@type\":\"WebSite\",\"@id\":\"https:\\\/\\\/momentodemaquillaje.com\\\/#website\",\"url\":\"https:\\\/\\\/momentodemaquillaje.com\\\/\",\"name\":\"Momento de Maquillaje\",\"description\":\"Maquillaje Profesional Valencia\",\"publisher\":{\"@id\":\"https:\\\/\\\/momentodemaquillaje.com\\\/en\\\/#organization\"},\"potentialAction\":[{\"@type\":\"SearchAction\",\"target\":{\"@type\":\"EntryPoint\",\"urlTemplate\":\"https:\\\/\\\/momentodemaquillaje.com\\\/?s={search_term_string}\"},\"query-input\":{\"@type\":\"PropertyValueSpecification\",\"valueRequired\":true,\"valueName\":\"search_term_string\"}}],\"inLanguage\":\"es\"},{\"@type\":[\"Organization\",\"HealthAndBeautyBusiness\"],\"@id\":\"https:\\\/\\\/momentodemaquillaje.com\\\/en\\\/#organization\",\"name\":\"Momento de Maquillaje\",\"alternateName\":\"Momento de Maquillaje \u2014 Maquilladora profesional en Valencia\",\"url\":\"https:\\\/\\\/momentodemaquillaje.com\\\/en\\\/\",\"description\":\"Servicio de maquilladora y estilista profesional a domicilio en Valencia y provincia. Maquillaje y peinado para novias, eventos, sesiones de fotos, publicidad, teatro y cine, adem\u00e1s de cursos de automaquillaje y glitter bar. Los servicios incluyen maquillaje y peinado (recogidos, semirecogidos y ondas); no se realizan cortes ni coloraci\u00f3n.\",\"additionalType\":\"https:\\\/\\\/www.wikidata.org\\\/wiki\\\/Q935666\",\"telephone\":\"+34607016476\",\"email\":\"contact@momentodemaquillaje.com\",\"priceRange\":\"\u20ac\u20ac\",\"currenciesAccepted\":\"EUR\",\"paymentAccepted\":\"Efectivo, Bizum, Transferencia bancaria\",\"knowsLanguage\":[\"es\",\"en\",\"ro\"],\"hasMap\":\"https:\\\/\\\/maps.app.goo.gl\\\/rUs6Fc3JDNfFVrSo6\",\"logo\":{\"@type\":\"ImageObject\",\"@id\":\"https:\\\/\\\/momentodemaquillaje.com\\\/en\\\/#logo\",\"url\":\"https:\\\/\\\/momentodemaquillaje.com\\\/wp-content\\\/uploads\\\/2025\\\/01\\\/Logo-Black-Transparent-MomentoDeMaquillaje.png\",\"contentUrl\":\"https:\\\/\\\/momentodemaquillaje.com\\\/wp-content\\\/uploads\\\/2025\\\/01\\\/Logo-Black-Transparent-MomentoDeMaquillaje.png\",\"caption\":\"Momento de Maquillaje\"},\"image\":[{\"@type\":\"ImageObject\",\"@id\":\"https:\\\/\\\/momentodemaquillaje.com\\\/en\\\/#logo\"},\"https:\\\/\\\/momentodemaquillaje.com\\\/wp-content\\\/uploads\\\/2024\\\/12\\\/inicio-foto-1.webp\"],\"sameAs\":[\"https:\\\/\\\/www.instagram.com\\\/momentodemaquillaje\\\/\",\"https:\\\/\\\/www.facebook.com\\\/MomentodeMaquillaje\\\/\",\"https:\\\/\\\/www.youtube.com\\\/channel\\\/UCfFfcQ9kVvt2TMVCJGdW0Iw\",\"https:\\\/\\\/www.linkedin.com\\\/in\\\/madalina-ghizdeanu\\\/\",\"https:\\\/\\\/es.pinterest.com\\\/momentodemaquillaje\\\/\",\"https:\\\/\\\/www.bodas.net\\\/belleza-novias\\\/madalina-ghizdeanu--e236136\",\"https:\\\/\\\/maps.app.goo.gl\\\/rUs6Fc3JDNfFVrSo6\"],\"areaServed\":[{\"@type\":\"City\",\"@id\":\"https:\\\/\\\/momentodemaquillaje.com\\\/en\\\/#place-valencia\"},{\"@type\":\"Place\",\"@id\":\"https:\\\/\\\/momentodemaquillaje.com\\\/en\\\/#area-alboraya\",\"name\":\"Alboraya\",\"containedInPlace\":{\"@type\":\"AdministrativeArea\",\"@id\":\"https:\\\/\\\/momentodemaquillaje.com\\\/en\\\/#place-provincia-valencia\"}},{\"@type\":\"Place\",\"@id\":\"https:\\\/\\\/momentodemaquillaje.com\\\/en\\\/#area-mislata\",\"name\":\"Mislata\",\"containedInPlace\":{\"@type\":\"AdministrativeArea\",\"@id\":\"https:\\\/\\\/momentodemaquillaje.com\\\/en\\\/#place-provincia-valencia\"}},{\"@type\":\"Place\",\"@id\":\"https:\\\/\\\/momentodemaquillaje.com\\\/en\\\/#area-burjassot\",\"name\":\"Burjassot\",\"containedInPlace\":{\"@type\":\"AdministrativeArea\",\"@id\":\"https:\\\/\\\/momentodemaquillaje.com\\\/en\\\/#place-provincia-valencia\"}},{\"@type\":\"Place\",\"@id\":\"https:\\\/\\\/momentodemaquillaje.com\\\/en\\\/#area-paterna\",\"name\":\"Paterna\",\"containedInPlace\":{\"@type\":\"AdministrativeArea\",\"@id\":\"https:\\\/\\\/momentodemaquillaje.com\\\/en\\\/#place-provincia-valencia\"}},{\"@type\":\"Place\",\"@id\":\"https:\\\/\\\/momentodemaquillaje.com\\\/en\\\/#area-torrent\",\"name\":\"Torrent\",\"containedInPlace\":{\"@type\":\"AdministrativeArea\",\"@id\":\"https:\\\/\\\/momentodemaquillaje.com\\\/en\\\/#place-provincia-valencia\"}},{\"@type\":\"Place\",\"@id\":\"https:\\\/\\\/momentodemaquillaje.com\\\/en\\\/#area-xirivella\",\"name\":\"Xirivella\",\"containedInPlace\":{\"@type\":\"AdministrativeArea\",\"@id\":\"https:\\\/\\\/momentodemaquillaje.com\\\/en\\\/#place-provincia-valencia\"}},{\"@type\":\"Place\",\"@id\":\"https:\\\/\\\/momentodemaquillaje.com\\\/en\\\/#area-quart-de-poblet\",\"name\":\"Quart de Poblet\",\"containedInPlace\":{\"@type\":\"AdministrativeArea\",\"@id\":\"https:\\\/\\\/momentodemaquillaje.com\\\/en\\\/#place-provincia-valencia\"}},{\"@type\":\"Place\",\"@id\":\"https:\\\/\\\/momentodemaquillaje.com\\\/en\\\/#area-alaquas\",\"name\":\"Alaqu\u00e0s\",\"containedInPlace\":{\"@type\":\"AdministrativeArea\",\"@id\":\"https:\\\/\\\/momentodemaquillaje.com\\\/en\\\/#place-provincia-valencia\"}},{\"@type\":\"Place\",\"@id\":\"https:\\\/\\\/momentodemaquillaje.com\\\/en\\\/#area-manises\",\"name\":\"Manises\",\"containedInPlace\":{\"@type\":\"AdministrativeArea\",\"@id\":\"https:\\\/\\\/momentodemaquillaje.com\\\/en\\\/#place-provincia-valencia\"}},{\"@type\":\"Place\",\"@id\":\"https:\\\/\\\/momentodemaquillaje.com\\\/en\\\/#area-paiporta\",\"name\":\"Paiporta\",\"containedInPlace\":{\"@type\":\"AdministrativeArea\",\"@id\":\"https:\\\/\\\/momentodemaquillaje.com\\\/en\\\/#place-provincia-valencia\"}},{\"@type\":\"Place\",\"@id\":\"https:\\\/\\\/momentodemaquillaje.com\\\/en\\\/#area-sagunto\",\"name\":\"Sagunto\",\"containedInPlace\":{\"@type\":\"AdministrativeArea\",\"@id\":\"https:\\\/\\\/momentodemaquillaje.com\\\/en\\\/#place-provincia-valencia\"}},{\"@type\":\"Place\",\"@id\":\"https:\\\/\\\/momentodemaquillaje.com\\\/en\\\/#area-pucol\",\"name\":\"Pu\u00e7ol\",\"containedInPlace\":{\"@type\":\"AdministrativeArea\",\"@id\":\"https:\\\/\\\/momentodemaquillaje.com\\\/en\\\/#place-provincia-valencia\"}},{\"@type\":\"Place\",\"@id\":\"https:\\\/\\\/momentodemaquillaje.com\\\/en\\\/#area-massamagrell\",\"name\":\"Massamagrell\",\"containedInPlace\":{\"@type\":\"AdministrativeArea\",\"@id\":\"https:\\\/\\\/momentodemaquillaje.com\\\/en\\\/#place-provincia-valencia\"}},{\"@type\":\"Place\",\"@id\":\"https:\\\/\\\/momentodemaquillaje.com\\\/en\\\/#area-rocafort\",\"name\":\"Rocafort\",\"containedInPlace\":{\"@type\":\"AdministrativeArea\",\"@id\":\"https:\\\/\\\/momentodemaquillaje.com\\\/en\\\/#place-provincia-valencia\"}},{\"@type\":\"Place\",\"@id\":\"https:\\\/\\\/momentodemaquillaje.com\\\/en\\\/#area-godella\",\"name\":\"Godella\",\"containedInPlace\":{\"@type\":\"AdministrativeArea\",\"@id\":\"https:\\\/\\\/momentodemaquillaje.com\\\/en\\\/#place-provincia-valencia\"}},{\"@type\":\"Place\",\"@id\":\"https:\\\/\\\/momentodemaquillaje.com\\\/en\\\/#area-picassent\",\"name\":\"Picassent\",\"containedInPlace\":{\"@type\":\"AdministrativeArea\",\"@id\":\"https:\\\/\\\/momentodemaquillaje.com\\\/en\\\/#place-provincia-valencia\"}},{\"@type\":\"Place\",\"@id\":\"https:\\\/\\\/momentodemaquillaje.com\\\/en\\\/#area-moncada\",\"name\":\"Moncada\",\"containedInPlace\":{\"@type\":\"AdministrativeArea\",\"@id\":\"https:\\\/\\\/momentodemaquillaje.com\\\/en\\\/#place-provincia-valencia\"}},{\"@type\":\"Place\",\"@id\":\"https:\\\/\\\/momentodemaquillaje.com\\\/en\\\/#area-silla\",\"name\":\"Silla\",\"containedInPlace\":{\"@type\":\"AdministrativeArea\",\"@id\":\"https:\\\/\\\/momentodemaquillaje.com\\\/en\\\/#place-provincia-valencia\"}},{\"@type\":\"Place\",\"@id\":\"https:\\\/\\\/momentodemaquillaje.com\\\/en\\\/#area-catarroja\",\"name\":\"Catarroja\",\"containedInPlace\":{\"@type\":\"AdministrativeArea\",\"@id\":\"https:\\\/\\\/momentodemaquillaje.com\\\/en\\\/#place-provincia-valencia\"}},{\"@type\":\"Place\",\"@id\":\"https:\\\/\\\/momentodemaquillaje.com\\\/en\\\/#area-benetusser\",\"name\":\"Benet\u00fasser\",\"containedInPlace\":{\"@type\":\"AdministrativeArea\",\"@id\":\"https:\\\/\\\/momentodemaquillaje.com\\\/en\\\/#place-provincia-valencia\"}},{\"@type\":\"Place\",\"@id\":\"https:\\\/\\\/momentodemaquillaje.com\\\/en\\\/#area-cullera\",\"name\":\"Cullera\",\"containedInPlace\":{\"@type\":\"AdministrativeArea\",\"@id\":\"https:\\\/\\\/momentodemaquillaje.com\\\/en\\\/#place-provincia-valencia\"}},{\"@type\":\"Place\",\"@id\":\"https:\\\/\\\/momentodemaquillaje.com\\\/en\\\/#area-gandia\",\"name\":\"Gand\u00eda\",\"containedInPlace\":{\"@type\":\"AdministrativeArea\",\"@id\":\"https:\\\/\\\/momentodemaquillaje.com\\\/en\\\/#place-provincia-valencia\"}},{\"@type\":\"Place\",\"@id\":\"https:\\\/\\\/momentodemaquillaje.com\\\/en\\\/#area-alzira\",\"name\":\"Alzira\",\"containedInPlace\":{\"@type\":\"AdministrativeArea\",\"@id\":\"https:\\\/\\\/momentodemaquillaje.com\\\/en\\\/#place-provincia-valencia\"}},{\"@type\":\"Place\",\"@id\":\"https:\\\/\\\/momentodemaquillaje.com\\\/en\\\/#area-sueca\",\"name\":\"Sueca\",\"containedInPlace\":{\"@type\":\"AdministrativeArea\",\"@id\":\"https:\\\/\\\/momentodemaquillaje.com\\\/en\\\/#place-provincia-valencia\"}},{\"@type\":\"Place\",\"@id\":\"https:\\\/\\\/momentodemaquillaje.com\\\/en\\\/#area-ontinyent\",\"name\":\"Ontinyent\",\"containedInPlace\":{\"@type\":\"AdministrativeArea\",\"@id\":\"https:\\\/\\\/momentodemaquillaje.com\\\/en\\\/#place-provincia-valencia\"}},{\"@type\":\"Place\",\"@id\":\"https:\\\/\\\/momentodemaquillaje.com\\\/en\\\/#area-xativa\",\"name\":\"X\u00e0tiva\",\"containedInPlace\":{\"@type\":\"AdministrativeArea\",\"@id\":\"https:\\\/\\\/momentodemaquillaje.com\\\/en\\\/#place-provincia-valencia\"}},{\"@type\":\"Place\",\"@id\":\"https:\\\/\\\/momentodemaquillaje.com\\\/en\\\/#area-requena\",\"name\":\"Requena\",\"containedInPlace\":{\"@type\":\"AdministrativeArea\",\"@id\":\"https:\\\/\\\/momentodemaquillaje.com\\\/en\\\/#place-provincia-valencia\"}},{\"@type\":\"Place\",\"@id\":\"https:\\\/\\\/momentodemaquillaje.com\\\/en\\\/#area-bunol\",\"name\":\"Bu\u00f1ol\",\"containedInPlace\":{\"@type\":\"AdministrativeArea\",\"@id\":\"https:\\\/\\\/momentodemaquillaje.com\\\/en\\\/#place-provincia-valencia\"}},{\"@type\":\"Place\",\"@id\":\"https:\\\/\\\/momentodemaquillaje.com\\\/en\\\/#area-lliria\",\"name\":\"Ll\u00edria\",\"containedInPlace\":{\"@type\":\"AdministrativeArea\",\"@id\":\"https:\\\/\\\/momentodemaquillaje.com\\\/en\\\/#place-provincia-valencia\"}},{\"@type\":\"Place\",\"@id\":\"https:\\\/\\\/momentodemaquillaje.com\\\/en\\\/#area-oliva\",\"name\":\"Oliva\",\"containedInPlace\":{\"@type\":\"AdministrativeArea\",\"@id\":\"https:\\\/\\\/momentodemaquillaje.com\\\/en\\\/#place-provincia-valencia\"}},{\"@type\":\"GeoCircle\",\"@id\":\"https:\\\/\\\/momentodemaquillaje.com\\\/en\\\/#zona-desplazamiento\",\"name\":\"Zona de desplazamiento\",\"geoMidpoint\":{\"@type\":\"GeoCoordinates\",\"latitude\":39.4699,\"longitude\":-0.3763},\"geoRadius\":\"50000\"}],\"openingHoursSpecification\":[{\"@type\":\"OpeningHoursSpecification\",\"dayOfWeek\":[\"Monday\",\"Tuesday\",\"Wednesday\",\"Thursday\",\"Friday\",\"Saturday\",\"Sunday\"],\"opens\":\"00:00\",\"closes\":\"23:59\"}],\"knowsAbout\":[\"Maquillaje de novia\",\"Peinado de novia\",\"Recogidos para novias\",\"Semirecogidos y ondas\",\"Peinados de fiesta\",\"Maquillaje social\",\"Maquillaje a domicilio\",\"Maquillaje con aer\u00f3grafo\",\"Maquillaje de larga duraci\u00f3n\",\"Caracterizaci\u00f3n\",\"Maquillaje para fotograf\u00eda\",\"Maquillaje de pasarela\",\"Automaquillaje\"],\"founder\":{\"@type\":\"Person\",\"@id\":\"https:\\\/\\\/momentodemaquillaje.com\\\/en\\\/#madalina\"},\"employee\":[{\"@type\":\"Person\",\"@id\":\"https:\\\/\\\/momentodemaquillaje.com\\\/en\\\/#madalina\"}],\"contactPoint\":[{\"@type\":\"ContactPoint\",\"@id\":\"https:\\\/\\\/momentodemaquillaje.com\\\/en\\\/#contactpoint\",\"contactType\":\"customer service\",\"telephone\":\"+34607016476\",\"email\":\"contact@momentodemaquillaje.com\",\"availableLanguage\":[\"es\",\"en\",\"ro\"],\"areaServed\":\"ES\",\"url\":\"https:\\\/\\\/momentodemaquillaje.com\\\/en\\\/contacto\\\/\",\"hoursAvailable\":{\"@type\":\"OpeningHoursSpecification\",\"dayOfWeek\":[\"Monday\",\"Tuesday\",\"Wednesday\",\"Thursday\",\"Friday\",\"Saturday\",\"Sunday\"],\"opens\":\"09:00\",\"closes\":\"21:00\",\"name\":\"Reservas y atenci\u00f3n telef\u00f3nica \\\/ WhatsApp\"}},{\"@type\":\"ContactPoint\",\"@id\":\"https:\\\/\\\/momentodemaquillaje.com\\\/en\\\/#whatsapp\",\"name\":\"WhatsApp\",\"contactType\":\"reservations\",\"url\":\"https:\\\/\\\/wa.me\\\/34607016476\",\"telephone\":\"+34607016476\",\"availableLanguage\":[\"es\",\"en\",\"ro\"],\"areaServed\":\"ES\",\"hoursAvailable\":{\"@type\":\"OpeningHoursSpecification\",\"dayOfWeek\":[\"Monday\",\"Tuesday\",\"Wednesday\",\"Thursday\",\"Friday\",\"Saturday\",\"Sunday\"],\"opens\":\"09:00\",\"closes\":\"21:00\"}}],\"hasOfferCatalog\":{\"@type\":\"OfferCatalog\",\"@id\":\"https:\\\/\\\/momentodemaquillaje.com\\\/en\\\/#catalogo-servicios\",\"name\":\"Servicios de maquillaje profesional en Valencia\",\"itemListElement\":[{\"@type\":\"Offer\",\"itemOffered\":{\"@type\":\"Service\",\"@id\":\"https:\\\/\\\/momentodemaquillaje.com\\\/en\\\/#service-bodas\"}},{\"@type\":\"Offer\",\"itemOffered\":{\"@type\":\"Service\",\"@id\":\"https:\\\/\\\/momentodemaquillaje.com\\\/en\\\/#service-domicilio\"}},{\"@type\":\"Offer\",\"itemOffered\":{\"@type\":\"Service\",\"@id\":\"https:\\\/\\\/momentodemaquillaje.com\\\/en\\\/#service-eventos\"}},{\"@type\":\"Offer\",\"itemOffered\":{\"@type\":\"Service\",\"@id\":\"https:\\\/\\\/momentodemaquillaje.com\\\/en\\\/#service-fotos\"}},{\"@type\":\"Offer\",\"itemOffered\":{\"@type\":\"Service\",\"@id\":\"https:\\\/\\\/momentodemaquillaje.com\\\/en\\\/#service-publicidad\"}},{\"@type\":\"Offer\",\"itemOffered\":{\"@type\":\"Service\",\"@id\":\"https:\\\/\\\/momentodemaquillaje.com\\\/en\\\/#service-teatro\"}},{\"@type\":\"Offer\",\"itemOffered\":{\"@type\":\"Service\",\"@id\":\"https:\\\/\\\/momentodemaquillaje.com\\\/en\\\/#service-automaquillaje\"}},{\"@type\":\"Offer\",\"itemOffered\":{\"@type\":\"Service\",\"@id\":\"https:\\\/\\\/momentodemaquillaje.com\\\/en\\\/#service-glitterbar\"}},{\"@type\":\"Offer\",\"itemOffered\":{\"@type\":\"Service\",\"@id\":\"https:\\\/\\\/momentodemaquillaje.com\\\/en\\\/#service-pasarela\"}}]},\"foundingDate\":\"2017\"},{\"@type\":\"Person\",\"@id\":\"https:\\\/\\\/momentodemaquillaje.com\\\/en\\\/#madalina\",\"name\":\"Madalina Ghizdeanu\",\"givenName\":\"Madalina\",\"familyName\":\"Ghizdeanu\",\"url\":\"https:\\\/\\\/momentodemaquillaje.com\\\/en\\\/sobre-mi\\\/\",\"mainEntityOfPage\":{\"@type\":\"WebPage\",\"@id\":\"https:\\\/\\\/momentodemaquillaje.com\\\/en\\\/sobre-mi\\\/\"},\"image\":\"https:\\\/\\\/momentodemaquillaje.com\\\/wp-content\\\/uploads\\\/2024\\\/12\\\/Maquilladora-Valencia_hero_mobile.webp\",\"jobTitle\":\"Maquilladora profesional\",\"description\":\"Maquilladora y estilista profesional con m\u00e1s de 9 a\u00f1os de experiencia y formaci\u00f3n certificada en Espa\u00f1a y Ruman\u00eda. Especializada en maquillaje de novia, social y de caracterizaci\u00f3n para cine y teatro, aplica t\u00e9cnicas de maquillaje esc\u00e9nico \u2014precisi\u00f3n, durabilidad y control de la iluminaci\u00f3n\u2014 al maquillaje social en Valencia.\",\"worksFor\":{\"@type\":\"Organization\",\"@id\":\"https:\\\/\\\/momentodemaquillaje.com\\\/en\\\/#organization\"},\"hasOccupation\":{\"@type\":\"Occupation\",\"name\":\"Maquilladora profesional\",\"occupationalCategory\":\"39-5091.00\"},\"knowsLanguage\":[\"es\",\"en\",\"ro\"],\"knowsAbout\":[\"Maquillaje de novia\",\"Maquillaje con aer\u00f3grafo\",\"Caracterizaci\u00f3n\",\"Maquillaje para cine y teatro\",\"Colorimetr\u00eda\",\"Peluquer\u00eda de novia\"],\"hasCredential\":[{\"@type\":\"EducationalOccupationalCredential\",\"@id\":\"https:\\\/\\\/momentodemaquillaje.com\\\/en\\\/#credential-1\",\"name\":\"T\u00e9cnico Especialista en Maquillaje de Transformaci\u00f3n y Especial\",\"credentialCategory\":\"degree\",\"recognizedBy\":{\"@type\":\"Organization\",\"name\":\"Ministerul Muncii, Rom\u00e2nia\"}},{\"@type\":\"EducationalOccupationalCredential\",\"@id\":\"https:\\\/\\\/momentodemaquillaje.com\\\/en\\\/#credential-2\",\"name\":\"Professional Beauty & Fashion\",\"credentialCategory\":\"certificate\",\"recognizedBy\":{\"@type\":\"Organization\",\"name\":\"Let's Makeup\"},\"dateCreated\":\"2024-07-30\"},{\"@type\":\"EducationalOccupationalCredential\",\"@id\":\"https:\\\/\\\/momentodemaquillaje.com\\\/en\\\/#credential-3\",\"name\":\"Curso Intensivo de Perfeccionamiento en el Maquillaje\",\"credentialCategory\":\"certificate\",\"recognizedBy\":{\"@type\":\"Organization\",\"name\":\"Let's Makeup\"},\"dateCreated\":\"2023-12-03\"},{\"@type\":\"EducationalOccupationalCredential\",\"@id\":\"https:\\\/\\\/momentodemaquillaje.com\\\/en\\\/#credential-4\",\"name\":\"DIMS PRO \u2014 Curso de Especializaci\u00f3n en Maquillaje\",\"credentialCategory\":\"certificate\",\"recognizedBy\":{\"@type\":\"Organization\",\"name\":\"Diana Ionescu Studio\"},\"dateCreated\":\"2017-01-01\"}],\"sameAs\":[\"https:\\\/\\\/www.instagram.com\\\/momentodemaquillaje\\\/\",\"https:\\\/\\\/www.facebook.com\\\/MomentodeMaquillaje\\\/\",\"https:\\\/\\\/www.youtube.com\\\/channel\\\/UCfFfcQ9kVvt2TMVCJGdW0Iw\",\"https:\\\/\\\/www.linkedin.com\\\/in\\\/madalina-ghizdeanu\\\/\",\"https:\\\/\\\/es.pinterest.com\\\/momentodemaquillaje\\\/\",\"https:\\\/\\\/www.bodas.net\\\/belleza-novias\\\/madalina-ghizdeanu--e236136\",\"https:\\\/\\\/maps.app.goo.gl\\\/rUs6Fc3JDNfFVrSo6\"]},{\"@type\":\"City\",\"@id\":\"https:\\\/\\\/momentodemaquillaje.com\\\/en\\\/#place-valencia\",\"name\":\"Valencia\",\"alternateName\":[\"Val\u00e8ncia\",\"Valencia capital\"],\"sameAs\":[\"https:\\\/\\\/www.wikidata.org\\\/wiki\\\/Q8818\",\"https:\\\/\\\/es.wikipedia.org\\\/wiki\\\/Valencia\"],\"geo\":{\"@type\":\"GeoCoordinates\",\"latitude\":39.4699,\"longitude\":-0.3763},\"address\":{\"@type\":\"PostalAddress\",\"addressLocality\":\"Valencia\",\"addressRegion\":\"Comunidad Valenciana\",\"addressCountry\":\"ES\"},\"containedInPlace\":{\"@type\":\"AdministrativeArea\",\"@id\":\"https:\\\/\\\/momentodemaquillaje.com\\\/en\\\/#place-provincia-valencia\"}},{\"@type\":\"AdministrativeArea\",\"@id\":\"https:\\\/\\\/momentodemaquillaje.com\\\/en\\\/#place-provincia-valencia\",\"name\":\"Provincia de Valencia\",\"alternateName\":\"Prov\u00edncia de Val\u00e8ncia\",\"containedInPlace\":{\"@type\":\"AdministrativeArea\",\"@id\":\"https:\\\/\\\/momentodemaquillaje.com\\\/en\\\/#place-comunidad-valenciana\"}},{\"@type\":\"AdministrativeArea\",\"@id\":\"https:\\\/\\\/momentodemaquillaje.com\\\/en\\\/#place-comunidad-valenciana\",\"name\":\"Comunidad Valenciana\",\"alternateName\":\"Comunitat Valenciana\",\"containedInPlace\":{\"@type\":\"Country\",\"name\":\"Espa\u00f1a\"}}]}<\/script>\n<!-- \/ Yoast SEO plugin. -->","yoast_head_json":{"title":"Maquillaje Profesional en Sueca a Domicilio | Reserva Hoy","description":"Maquillaje a domicilio en Sueca, donde t\u00fa est\u00e9s. Profesional, puntual y siempre con un estilo que se adapta a ti. \u00a1Escr\u00edbeme y reserva!","robots":{"index":"index","follow":"follow","max-snippet":"max-snippet:-1","max-image-preview":"max-image-preview:large","max-video-preview":"max-video-preview:-1"},"canonical":"https:\/\/momentodemaquillaje.com\/en\/maquillaje-domicilio-valencia\/sueca\/","og_locale":"en_US","og_type":"article","og_title":"Maquillaje Profesional en Sueca a Domicilio | Reserva Hoy","og_description":"Maquillaje a domicilio en Sueca, donde t\u00fa est\u00e9s. Profesional, puntual y siempre con un estilo que se adapta a ti. \u00a1Escr\u00edbeme y reserva!","og_url":"https:\/\/momentodemaquillaje.com\/en\/maquillaje-domicilio-valencia\/sueca\/","og_site_name":"Momento de Maquillaje","article_publisher":"https:\/\/www.facebook.com\/MomentodeMaquillaje\/","article_modified_time":"2026-08-31T17:36:11+00:00","og_image":[{"url":"http:\/\/momentodemaquillaje.com\/wp-content\/uploads\/2024\/12\/base_18074349.svg","type":"","width":"","height":""}],"twitter_card":"summary_large_image","twitter_misc":{"Est. reading time":"7 minutes"},"schema":{"@context":"https:\/\/schema.org","@graph":[{"@type":"WebPage","@id":"https:\/\/momentodemaquillaje.com\/maquillaje-domicilio-valencia\/sueca\/","url":"https:\/\/momentodemaquillaje.com\/maquillaje-domicilio-valencia\/sueca\/","name":"Maquillaje Profesional en Sueca a Domicilio | Reserva Hoy","isPartOf":{"@id":"https:\/\/momentodemaquillaje.com\/en\/#website"},"primaryImageOfPage":{"@id":"https:\/\/momentodemaquillaje.com\/maquillaje-domicilio-valencia\/sueca\/#primaryimage"},"image":{"@id":"https:\/\/momentodemaquillaje.com\/maquillaje-domicilio-valencia\/sueca\/#primaryimage"},"thumbnailUrl":"http:\/\/momentodemaquillaje.com\/wp-content\/uploads\/2024\/12\/base_18074349.svg","datePublished":"2025-05-31T10:49:04+00:00","dateModified":"2026-08-31T17:36:11+00:00","description":"Maquillaje a domicilio en Sueca, donde t\u00fa est\u00e9s. Profesional, puntual y siempre con un estilo que se adapta a ti. \u00a1Escr\u00edbeme y reserva!","breadcrumb":{"@id":"https:\/\/momentodemaquillaje.com\/maquillaje-domicilio-valencia\/sueca\/#breadcrumb"},"inLanguage":"es","potentialAction":[{"@type":"ReadAction","target":["https:\/\/momentodemaquillaje.com\/maquillaje-domicilio-valencia\/sueca\/"]}]},{"@type":"ImageObject","inLanguage":"en-US","@id":"https:\/\/momentodemaquillaje.com\/maquillaje-domicilio-valencia\/sueca\/#primaryimage","url":"http:\/\/momentodemaquillaje.com\/wp-content\/uploads\/2024\/12\/base_18074349.svg","contentUrl":"http:\/\/momentodemaquillaje.com\/wp-content\/uploads\/2024\/12\/base_18074349.svg"},{"@type":"BreadcrumbList","@id":"https:\/\/momentodemaquillaje.com\/maquillaje-domicilio-valencia\/sueca\/#breadcrumb","itemListElement":[{"@type":"ListItem","position":1,"name":"Inicio","item":"https:\/\/momentodemaquillaje.com\/"},{"@type":"ListItem","position":2,"name":"Maquillaje a Domicilio Valencia","item":"https:\/\/momentodemaquillaje.com\/maquillaje-domicilio-valencia\/"},{"@type":"ListItem","position":3,"name":"Sueca"}]},{"@type":"WebSite","@id":"https:\/\/momentodemaquillaje.com\/#website","url":"https:\/\/momentodemaquillaje.com\/","name":"Momento de Maquillaje","description":"Professional Makeup Valencia","publisher":{"@id":"https:\/\/momentodemaquillaje.com\/en\/#organization"},"potentialAction":[{"@type":"SearchAction","target":{"@type":"EntryPoint","urlTemplate":"https:\/\/momentodemaquillaje.com\/?s={search_term_string}"},"query-input":{"@type":"PropertyValueSpecification","valueRequired":true,"valueName":"search_term_string"}}],"inLanguage":"es"},{"@type":["Organization","HealthAndBeautyBusiness"],"@id":"https:\/\/momentodemaquillaje.com\/en\/#organization","name":"Momento de Maquillaje","alternateName":"Momento de Maquillaje \u2014 Maquilladora profesional en Valencia","url":"https:\/\/momentodemaquillaje.com\/en\/","description":"Professional makeup artist and hairstylist services available at your home in Valencia and the surrounding province. Makeup and hairstyling for brides, events, photoshoots, advertising, theater, and film, as well as self-makeup courses and glitter bar sessions. Services include makeup and hairstyling (updos, half-updos, and waves); haircuts and coloring are not included.","additionalType":"https:\/\/www.wikidata.org\/wiki\/Q935666","telephone":"+34607016476","email":"contact@momentodemaquillaje.com","priceRange":"\u20ac\u20ac","currenciesAccepted":"EUR","paymentAccepted":"Efectivo, Bizum, Transferencia bancaria","knowsLanguage":["es","en","ro"],"hasMap":"https:\/\/maps.app.goo.gl\/rUs6Fc3JDNfFVrSo6","logo":{"@type":"ImageObject","@id":"https:\/\/momentodemaquillaje.com\/en\/#logo","url":"https:\/\/momentodemaquillaje.com\/wp-content\/uploads\/2025\/01\/Logo-Black-Transparent-MomentoDeMaquillaje.png","contentUrl":"https:\/\/momentodemaquillaje.com\/wp-content\/uploads\/2025\/01\/Logo-Black-Transparent-MomentoDeMaquillaje.png","caption":"Momento de Maquillaje"},"image":[{"@type":"ImageObject","@id":"https:\/\/momentodemaquillaje.com\/en\/#logo"},"https:\/\/momentodemaquillaje.com\/wp-content\/uploads\/2024\/12\/inicio-foto-1.webp"],"sameAs":["https:\/\/www.instagram.com\/momentodemaquillaje\/","https:\/\/www.facebook.com\/MomentodeMaquillaje\/","https:\/\/www.youtube.com\/channel\/UCfFfcQ9kVvt2TMVCJGdW0Iw","https:\/\/www.linkedin.com\/in\/madalina-ghizdeanu\/","https:\/\/es.pinterest.com\/momentodemaquillaje\/","https:\/\/www.bodas.net\/belleza-novias\/madalina-ghizdeanu--e236136","https:\/\/maps.app.goo.gl\/rUs6Fc3JDNfFVrSo6"],"areaServed":[{"@type":"City","@id":"https:\/\/momentodemaquillaje.com\/en\/#place-valencia"},{"@type":"Place","@id":"https:\/\/momentodemaquillaje.com\/en\/#area-alboraya","name":"Alboraya","containedInPlace":{"@type":"AdministrativeArea","@id":"https:\/\/momentodemaquillaje.com\/en\/#place-provincia-valencia"}},{"@type":"Place","@id":"https:\/\/momentodemaquillaje.com\/en\/#area-mislata","name":"Mislata","containedInPlace":{"@type":"AdministrativeArea","@id":"https:\/\/momentodemaquillaje.com\/en\/#place-provincia-valencia"}},{"@type":"Place","@id":"https:\/\/momentodemaquillaje.com\/en\/#area-burjassot","name":"Burjassot","containedInPlace":{"@type":"AdministrativeArea","@id":"https:\/\/momentodemaquillaje.com\/en\/#place-provincia-valencia"}},{"@type":"Place","@id":"https:\/\/momentodemaquillaje.com\/en\/#area-paterna","name":"Paterna","containedInPlace":{"@type":"AdministrativeArea","@id":"https:\/\/momentodemaquillaje.com\/en\/#place-provincia-valencia"}},{"@type":"Place","@id":"https:\/\/momentodemaquillaje.com\/en\/#area-torrent","name":"Torrent","containedInPlace":{"@type":"AdministrativeArea","@id":"https:\/\/momentodemaquillaje.com\/en\/#place-provincia-valencia"}},{"@type":"Place","@id":"https:\/\/momentodemaquillaje.com\/en\/#area-xirivella","name":"Xirivella","containedInPlace":{"@type":"AdministrativeArea","@id":"https:\/\/momentodemaquillaje.com\/en\/#place-provincia-valencia"}},{"@type":"Place","@id":"https:\/\/momentodemaquillaje.com\/en\/#area-quart-de-poblet","name":"Quart de Poblet","containedInPlace":{"@type":"AdministrativeArea","@id":"https:\/\/momentodemaquillaje.com\/en\/#place-provincia-valencia"}},{"@type":"Place","@id":"https:\/\/momentodemaquillaje.com\/en\/#area-alaquas","name":"Alaqu\u00e0s","containedInPlace":{"@type":"AdministrativeArea","@id":"https:\/\/momentodemaquillaje.com\/en\/#place-provincia-valencia"}},{"@type":"Place","@id":"https:\/\/momentodemaquillaje.com\/en\/#area-manises","name":"Manises","containedInPlace":{"@type":"AdministrativeArea","@id":"https:\/\/momentodemaquillaje.com\/en\/#place-provincia-valencia"}},{"@type":"Place","@id":"https:\/\/momentodemaquillaje.com\/en\/#area-paiporta","name":"Paiporta","containedInPlace":{"@type":"AdministrativeArea","@id":"https:\/\/momentodemaquillaje.com\/en\/#place-provincia-valencia"}},{"@type":"Place","@id":"https:\/\/momentodemaquillaje.com\/en\/#area-sagunto","name":"Sagunto","containedInPlace":{"@type":"AdministrativeArea","@id":"https:\/\/momentodemaquillaje.com\/en\/#place-provincia-valencia"}},{"@type":"Place","@id":"https:\/\/momentodemaquillaje.com\/en\/#area-pucol","name":"Pu\u00e7ol","containedInPlace":{"@type":"AdministrativeArea","@id":"https:\/\/momentodemaquillaje.com\/en\/#place-provincia-valencia"}},{"@type":"Place","@id":"https:\/\/momentodemaquillaje.com\/en\/#area-massamagrell","name":"Massamagrell","containedInPlace":{"@type":"AdministrativeArea","@id":"https:\/\/momentodemaquillaje.com\/en\/#place-provincia-valencia"}},{"@type":"Place","@id":"https:\/\/momentodemaquillaje.com\/en\/#area-rocafort","name":"Rocafort","containedInPlace":{"@type":"AdministrativeArea","@id":"https:\/\/momentodemaquillaje.com\/en\/#place-provincia-valencia"}},{"@type":"Place","@id":"https:\/\/momentodemaquillaje.com\/en\/#area-godella","name":"Godella","containedInPlace":{"@type":"AdministrativeArea","@id":"https:\/\/momentodemaquillaje.com\/en\/#place-provincia-valencia"}},{"@type":"Place","@id":"https:\/\/momentodemaquillaje.com\/en\/#area-picassent","name":"Picassent","containedInPlace":{"@type":"AdministrativeArea","@id":"https:\/\/momentodemaquillaje.com\/en\/#place-provincia-valencia"}},{"@type":"Place","@id":"https:\/\/momentodemaquillaje.com\/en\/#area-moncada","name":"Moncada","containedInPlace":{"@type":"AdministrativeArea","@id":"https:\/\/momentodemaquillaje.com\/en\/#place-provincia-valencia"}},{"@type":"Place","@id":"https:\/\/momentodemaquillaje.com\/en\/#area-silla","name":"Silla","containedInPlace":{"@type":"AdministrativeArea","@id":"https:\/\/momentodemaquillaje.com\/en\/#place-provincia-valencia"}},{"@type":"Place","@id":"https:\/\/momentodemaquillaje.com\/en\/#area-catarroja","name":"Catarroja","containedInPlace":{"@type":"AdministrativeArea","@id":"https:\/\/momentodemaquillaje.com\/en\/#place-provincia-valencia"}},{"@type":"Place","@id":"https:\/\/momentodemaquillaje.com\/en\/#area-benetusser","name":"Benet\u00fasser","containedInPlace":{"@type":"AdministrativeArea","@id":"https:\/\/momentodemaquillaje.com\/en\/#place-provincia-valencia"}},{"@type":"Place","@id":"https:\/\/momentodemaquillaje.com\/en\/#area-cullera","name":"Cullera","containedInPlace":{"@type":"AdministrativeArea","@id":"https:\/\/momentodemaquillaje.com\/en\/#place-provincia-valencia"}},{"@type":"Place","@id":"https:\/\/momentodemaquillaje.com\/en\/#area-gandia","name":"Gand\u00eda","containedInPlace":{"@type":"AdministrativeArea","@id":"https:\/\/momentodemaquillaje.com\/en\/#place-provincia-valencia"}},{"@type":"Place","@id":"https:\/\/momentodemaquillaje.com\/en\/#area-alzira","name":"Alzira","containedInPlace":{"@type":"AdministrativeArea","@id":"https:\/\/momentodemaquillaje.com\/en\/#place-provincia-valencia"}},{"@type":"Place","@id":"https:\/\/momentodemaquillaje.com\/en\/#area-sueca","name":"Sueca","containedInPlace":{"@type":"AdministrativeArea","@id":"https:\/\/momentodemaquillaje.com\/en\/#place-provincia-valencia"}},{"@type":"Place","@id":"https:\/\/momentodemaquillaje.com\/en\/#area-ontinyent","name":"Ontinyent","containedInPlace":{"@type":"AdministrativeArea","@id":"https:\/\/momentodemaquillaje.com\/en\/#place-provincia-valencia"}},{"@type":"Place","@id":"https:\/\/momentodemaquillaje.com\/en\/#area-xativa","name":"X\u00e0tiva","containedInPlace":{"@type":"AdministrativeArea","@id":"https:\/\/momentodemaquillaje.com\/en\/#place-provincia-valencia"}},{"@type":"Place","@id":"https:\/\/momentodemaquillaje.com\/en\/#area-requena","name":"Requena","containedInPlace":{"@type":"AdministrativeArea","@id":"https:\/\/momentodemaquillaje.com\/en\/#place-provincia-valencia"}},{"@type":"Place","@id":"https:\/\/momentodemaquillaje.com\/en\/#area-bunol","name":"Bu\u00f1ol","containedInPlace":{"@type":"AdministrativeArea","@id":"https:\/\/momentodemaquillaje.com\/en\/#place-provincia-valencia"}},{"@type":"Place","@id":"https:\/\/momentodemaquillaje.com\/en\/#area-lliria","name":"Ll\u00edria","containedInPlace":{"@type":"AdministrativeArea","@id":"https:\/\/momentodemaquillaje.com\/en\/#place-provincia-valencia"}},{"@type":"Place","@id":"https:\/\/momentodemaquillaje.com\/en\/#area-oliva","name":"Oliva","containedInPlace":{"@type":"AdministrativeArea","@id":"https:\/\/momentodemaquillaje.com\/en\/#place-provincia-valencia"}},{"@type":"GeoCircle","@id":"https:\/\/momentodemaquillaje.com\/en\/#zona-desplazamiento","name":"Zona de desplazamiento","geoMidpoint":{"@type":"GeoCoordinates","latitude":39.4699,"longitude":-0.3763},"geoRadius":"50000"}],"openingHoursSpecification":[{"@type":"OpeningHoursSpecification","dayOfWeek":["Monday","Tuesday","Wednesday","Thursday","Friday","Saturday","Sunday"],"opens":"00:00","closes":"23:59"}],"knowsAbout":["Maquillaje de novia","Peinado de novia","Recogidos para novias","Semirecogidos y ondas","Peinados de fiesta","Maquillaje social","Maquillaje a domicilio","Maquillaje con aer\u00f3grafo","Maquillaje de larga duraci\u00f3n","Caracterizaci\u00f3n","Maquillaje para fotograf\u00eda","Maquillaje de pasarela","Automaquillaje"],"founder":{"@type":"Person","@id":"https:\/\/momentodemaquillaje.com\/en\/#madalina"},"employee":[{"@type":"Person","@id":"https:\/\/momentodemaquillaje.com\/en\/#madalina"}],"contactPoint":[{"@type":"ContactPoint","@id":"https:\/\/momentodemaquillaje.com\/en\/#contactpoint","contactType":"customer service","telephone":"+34607016476","email":"contact@momentodemaquillaje.com","availableLanguage":["es","en","ro"],"areaServed":"ES","url":"https:\/\/momentodemaquillaje.com\/en\/contacto\/","hoursAvailable":{"@type":"OpeningHoursSpecification","dayOfWeek":["Monday","Tuesday","Wednesday","Thursday","Friday","Saturday","Sunday"],"opens":"09:00","closes":"21:00","name":"Reservas y atenci\u00f3n telef\u00f3nica \/ WhatsApp"}},{"@type":"ContactPoint","@id":"https:\/\/momentodemaquillaje.com\/en\/#whatsapp","name":"WhatsApp","contactType":"reservations","url":"https:\/\/wa.me\/34607016476","telephone":"+34607016476","availableLanguage":["es","en","ro"],"areaServed":"ES","hoursAvailable":{"@type":"OpeningHoursSpecification","dayOfWeek":["Monday","Tuesday","Wednesday","Thursday","Friday","Saturday","Sunday"],"opens":"09:00","closes":"21:00"}}],"hasOfferCatalog":{"@type":"OfferCatalog","@id":"https:\/\/momentodemaquillaje.com\/en\/#catalogo-servicios","name":"Servicios de maquillaje profesional en Valencia","itemListElement":[{"@type":"Offer","itemOffered":{"@type":"Service","@id":"https:\/\/momentodemaquillaje.com\/en\/#service-bodas"}},{"@type":"Offer","itemOffered":{"@type":"Service","@id":"https:\/\/momentodemaquillaje.com\/en\/#service-domicilio"}},{"@type":"Offer","itemOffered":{"@type":"Service","@id":"https:\/\/momentodemaquillaje.com\/en\/#service-eventos"}},{"@type":"Offer","itemOffered":{"@type":"Service","@id":"https:\/\/momentodemaquillaje.com\/en\/#service-fotos"}},{"@type":"Offer","itemOffered":{"@type":"Service","@id":"https:\/\/momentodemaquillaje.com\/en\/#service-publicidad"}},{"@type":"Offer","itemOffered":{"@type":"Service","@id":"https:\/\/momentodemaquillaje.com\/en\/#service-teatro"}},{"@type":"Offer","itemOffered":{"@type":"Service","@id":"https:\/\/momentodemaquillaje.com\/en\/#service-automaquillaje"}},{"@type":"Offer","itemOffered":{"@type":"Service","@id":"https:\/\/momentodemaquillaje.com\/en\/#service-glitterbar"}},{"@type":"Offer","itemOffered":{"@type":"Service","@id":"https:\/\/momentodemaquillaje.com\/en\/#service-pasarela"}}]},"foundingDate":"2017"},{"@type":"Person","@id":"https:\/\/momentodemaquillaje.com\/en\/#madalina","name":"Madalina Ghizdeanu","givenName":"Madalina","familyName":"Ghizdeanu","url":"https:\/\/momentodemaquillaje.com\/en\/sobre-mi\/","mainEntityOfPage":{"@type":"WebPage","@id":"https:\/\/momentodemaquillaje.com\/en\/sobre-mi\/"},"image":"https:\/\/momentodemaquillaje.com\/wp-content\/uploads\/2024\/12\/Maquilladora-Valencia_hero_mobile.webp","jobTitle":"Maquilladora profesional","description":"Professional makeup artist and stylist with over 9 years of experience and certified training in Spain and Romania. Specializing in bridal, special occasion, and character makeup for film and theater, she applies stage makeup techniques\u2014precision, durability, and lighting control\u2014to makeup for special occasions in Valencia.","worksFor":{"@type":"Organization","@id":"https:\/\/momentodemaquillaje.com\/en\/#organization"},"hasOccupation":{"@type":"Occupation","name":"Maquilladora profesional","occupationalCategory":"39-5091.00"},"knowsLanguage":["es","en","ro"],"knowsAbout":["Maquillaje de novia","Maquillaje con aer\u00f3grafo","Caracterizaci\u00f3n","Maquillaje para cine y teatro","Colorimetr\u00eda","Peluquer\u00eda de novia"],"hasCredential":[{"@type":"EducationalOccupationalCredential","@id":"https:\/\/momentodemaquillaje.com\/en\/#credential-1","name":"T\u00e9cnico Especialista en Maquillaje de Transformaci\u00f3n y Especial","credentialCategory":"degree","recognizedBy":{"@type":"Organization","name":"Ministerul Muncii, Rom\u00e2nia"}},{"@type":"EducationalOccupationalCredential","@id":"https:\/\/momentodemaquillaje.com\/en\/#credential-2","name":"Professional Beauty & Fashion","credentialCategory":"certificate","recognizedBy":{"@type":"Organization","name":"Let's Makeup"},"dateCreated":"2024-07-30"},{"@type":"EducationalOccupationalCredential","@id":"https:\/\/momentodemaquillaje.com\/en\/#credential-3","name":"Curso Intensivo de Perfeccionamiento en el Maquillaje","credentialCategory":"certificate","recognizedBy":{"@type":"Organization","name":"Let's Makeup"},"dateCreated":"2023-12-03"},{"@type":"EducationalOccupationalCredential","@id":"https:\/\/momentodemaquillaje.com\/en\/#credential-4","name":"DIMS PRO \u2014 Curso de Especializaci\u00f3n en Maquillaje","credentialCategory":"certificate","recognizedBy":{"@type":"Organization","name":"Diana Ionescu Studio"},"dateCreated":"2017-01-01"}],"sameAs":["https:\/\/www.instagram.com\/momentodemaquillaje\/","https:\/\/www.facebook.com\/MomentodeMaquillaje\/","https:\/\/www.youtube.com\/channel\/UCfFfcQ9kVvt2TMVCJGdW0Iw","https:\/\/www.linkedin.com\/in\/madalina-ghizdeanu\/","https:\/\/es.pinterest.com\/momentodemaquillaje\/","https:\/\/www.bodas.net\/belleza-novias\/madalina-ghizdeanu--e236136","https:\/\/maps.app.goo.gl\/rUs6Fc3JDNfFVrSo6"]},{"@type":"City","@id":"https:\/\/momentodemaquillaje.com\/en\/#place-valencia","name":"Valencia","alternateName":["Val\u00e8ncia","Valencia capital"],"sameAs":["https:\/\/www.wikidata.org\/wiki\/Q8818","https:\/\/es.wikipedia.org\/wiki\/Valencia"],"geo":{"@type":"GeoCoordinates","latitude":39.4699,"longitude":-0.3763},"address":{"@type":"PostalAddress","addressLocality":"Valencia","addressRegion":"Comunidad Valenciana","addressCountry":"ES"},"containedInPlace":{"@type":"AdministrativeArea","@id":"https:\/\/momentodemaquillaje.com\/en\/#place-provincia-valencia"}},{"@type":"AdministrativeArea","@id":"https:\/\/momentodemaquillaje.com\/en\/#place-provincia-valencia","name":"Province of Valencia","alternateName":"Prov\u00edncia de Val\u00e8ncia","containedInPlace":{"@type":"AdministrativeArea","@id":"https:\/\/momentodemaquillaje.com\/en\/#place-comunidad-valenciana"}},{"@type":"AdministrativeArea","@id":"https:\/\/momentodemaquillaje.com\/en\/#place-comunidad-valenciana","name":"Valencian Community","alternateName":"Comunitat Valenciana","containedInPlace":{"@type":"Country","name":"Espa\u00f1a"}}]}},"_links":{"self":[{"href":"https:\/\/momentodemaquillaje.com\/en\/wp-json\/wp\/v2\/pages\/9357","targetHints":{"allow":["GET"]}}],"collection":[{"href":"https:\/\/momentodemaquillaje.com\/en\/wp-json\/wp\/v2\/pages"}],"about":[{"href":"https:\/\/momentodemaquillaje.com\/en\/wp-json\/wp\/v2\/types\/page"}],"author":[{"embeddable":true,"href":"https:\/\/momentodemaquillaje.com\/en\/wp-json\/wp\/v2\/users\/1"}],"replies":[{"embeddable":true,"href":"https:\/\/momentodemaquillaje.com\/en\/wp-json\/wp\/v2\/comments?post=9357"}],"version-history":[{"count":12,"href":"https:\/\/momentodemaquillaje.com\/en\/wp-json\/wp\/v2\/pages\/9357\/revisions"}],"predecessor-version":[{"id":10542,"href":"https:\/\/momentodemaquillaje.com\/en\/wp-json\/wp\/v2\/pages\/9357\/revisions\/10542"}],"up":[{"embeddable":true,"href":"https:\/\/momentodemaquillaje.com\/en\/wp-json\/wp\/v2\/pages\/7910"}],"wp:attachment":[{"href":"https:\/\/momentodemaquillaje.com\/en\/wp-json\/wp\/v2\/media?parent=9357"}],"curies":[{"name":"wp","href":"https:\/\/api.w.org\/{rel}","templated":true}]}}