{"id":8694,"date":"2024-12-28T12:46:24","date_gmt":"2024-12-28T11:46:24","guid":{"rendered":"https:\/?post_type=pgc_simply_gallery&#038;p=8694"},"modified":"2026-06-27T15:12:56","modified_gmt":"2026-06-27T13:12:56","slug":"bodas","status":"publish","type":"pgc_simply_gallery","link":"https:\/\/momentodemaquillaje.com\/en\/pgc_simply_gallery\/bodas\/","title":{"rendered":"Weddings"},"content":{"rendered":"<div class=\"pgc-sgb-cb wp-block-pgcsimplygalleryblock-grid \" data-gallery-id=\"f2d17463\"><div class=\"sgb-preloader\" id=\"pr_f2d17463\">\n\t<div class=\"sgb-square\" style=\"background:#d4d4d4\"><\/div>\n\t<div class=\"sgb-square\" style=\"background:#d4d4d4\"><\/div>\n\t<div class=\"sgb-square\" style=\"background:#d4d4d4\"><\/div>\n\t<div class=\"sgb-square\" style=\"background:#d4d4d4\"><\/div><\/div><div class=\"simply-gallery-amp pgc_sgb_slider \"><noscript><div class=\"sgb-gallery\"><div class=\"sgb-item\"><a href=\"https:\/\/momentodemaquillaje.com\/wp-content\/uploads\/2026\/06\/WhatsApp-Image-2026-06-27-at-11.46.01-1.webp\"><img decoding=\"async\" alt=\"Novia Valencia \u00b7 Junio 2026\" width=\"200\" height=\"300\" loading=\"lazy\" src=\"https:\/\/momentodemaquillaje.com\/wp-content\/uploads\/2026\/06\/WhatsApp-Image-2026-06-27-at-11.46.01-1-200x300.webp\" srcset=\"https:\/\/momentodemaquillaje.com\/wp-content\/uploads\/2026\/06\/WhatsApp-Image-2026-06-27-at-11.46.01-1-200x300.webp 200w,https:\/\/momentodemaquillaje.com\/wp-content\/uploads\/2026\/06\/WhatsApp-Image-2026-06-27-at-11.46.01-1.webp 500w\" sizes=\"auto, 250px\"\/><\/a><\/div><div class=\"sgb-item\"><a href=\"https:\/\/momentodemaquillaje.com\/wp-content\/uploads\/2026\/06\/WhatsApp-Image-2026-06-27-at-11.46.01.webp\"><img decoding=\"async\" alt=\"Novia Valencia \u00b7 Junio 2026\" width=\"200\" height=\"300\" loading=\"lazy\" src=\"https:\/\/momentodemaquillaje.com\/wp-content\/uploads\/2026\/06\/WhatsApp-Image-2026-06-27-at-11.46.01-200x300.webp\" srcset=\"https:\/\/momentodemaquillaje.com\/wp-content\/uploads\/2026\/06\/WhatsApp-Image-2026-06-27-at-11.46.01-200x300.webp 200w,https:\/\/momentodemaquillaje.com\/wp-content\/uploads\/2026\/06\/WhatsApp-Image-2026-06-27-at-11.46.01.webp 500w\" sizes=\"auto, 250px\"\/><\/a><\/div><div class=\"sgb-item\"><a href=\"https:\/\/momentodemaquillaje.com\/wp-content\/uploads\/2024\/12\/Maquillaje-Novia12-1.webp\"><img decoding=\"async\" alt=\"\" width=\"200\" height=\"300\" loading=\"lazy\" src=\"https:\/\/momentodemaquillaje.com\/wp-content\/uploads\/2024\/12\/Maquillaje-Novia12-1-200x300.webp\" srcset=\"https:\/\/momentodemaquillaje.com\/wp-content\/uploads\/2024\/12\/Maquillaje-Novia12-1-200x300.webp 200w,https:\/\/momentodemaquillaje.com\/wp-content\/uploads\/2024\/12\/Maquillaje-Novia12-1.webp 500w\" sizes=\"auto, 250px\"\/><\/a><\/div><div class=\"sgb-item\"><a href=\"https:\/\/momentodemaquillaje.com\/wp-content\/uploads\/2024\/12\/Maquillaje-Novia-Valencia-2025-18.jpg\"><img decoding=\"async\" alt=\"Maquillaje de novia en Valencia con peinado lateral decorado con flores, piel luminosa y estilo elegante para el d\u00eda de la boda\" width=\"200\" height=\"300\" loading=\"lazy\" src=\"https:\/\/momentodemaquillaje.com\/wp-content\/uploads\/2024\/12\/Maquillaje-Novia-Valencia-2025-18-200x300.jpg\" srcset=\"https:\/\/momentodemaquillaje.com\/wp-content\/uploads\/2024\/12\/Maquillaje-Novia-Valencia-2025-18-200x300.jpg 200w,https:\/\/momentodemaquillaje.com\/wp-content\/uploads\/2024\/12\/Maquillaje-Novia-Valencia-2025-18-683x1024.jpg 683w,https:\/\/momentodemaquillaje.com\/wp-content\/uploads\/2024\/12\/Maquillaje-Novia-Valencia-2025-18.jpg 1000w\" sizes=\"auto, 250px\"\/><\/a><\/div><div class=\"sgb-item\"><a href=\"https:\/\/momentodemaquillaje.com\/wp-content\/uploads\/2026\/06\/0AF3AFD5-1B1C-480D-B4A9-A2BAA247AF0F_1_105_c.webp\"><img decoding=\"async\" alt=\"Novia Valencia \u00b7 10:25 \u00b7 Marzo 2026\" width=\"200\" height=\"300\" loading=\"lazy\" src=\"https:\/\/momentodemaquillaje.com\/wp-content\/uploads\/2026\/06\/0AF3AFD5-1B1C-480D-B4A9-A2BAA247AF0F_1_105_c-200x300.webp\" srcset=\"https:\/\/momentodemaquillaje.com\/wp-content\/uploads\/2026\/06\/0AF3AFD5-1B1C-480D-B4A9-A2BAA247AF0F_1_105_c-200x300.webp 200w,https:\/\/momentodemaquillaje.com\/wp-content\/uploads\/2026\/06\/0AF3AFD5-1B1C-480D-B4A9-A2BAA247AF0F_1_105_c.webp 500w\" sizes=\"auto, 250px\"\/><\/a><\/div><div class=\"sgb-item\"><a href=\"https:\/\/momentodemaquillaje.com\/wp-content\/uploads\/2026\/06\/F89581F7-8ADE-4870-B0FB-5CA82DB684B5_1_105_c-4.webp\"><img decoding=\"async\" alt=\"Novia Valencia \u00b7 11:00 \u00b7 Marzo 2026\" width=\"200\" height=\"300\" loading=\"lazy\" src=\"https:\/\/momentodemaquillaje.com\/wp-content\/uploads\/2026\/06\/F89581F7-8ADE-4870-B0FB-5CA82DB684B5_1_105_c-4-200x300.webp\" srcset=\"https:\/\/momentodemaquillaje.com\/wp-content\/uploads\/2026\/06\/F89581F7-8ADE-4870-B0FB-5CA82DB684B5_1_105_c-4-200x300.webp 200w,https:\/\/momentodemaquillaje.com\/wp-content\/uploads\/2026\/06\/F89581F7-8ADE-4870-B0FB-5CA82DB684B5_1_105_c-4.webp 500w\" sizes=\"auto, 250px\"\/><\/a><\/div><div class=\"sgb-item\"><a href=\"https:\/\/momentodemaquillaje.com\/wp-content\/uploads\/2024\/12\/Maquillaje-Novia-Valencia-2025-35.webp\"><img decoding=\"async\" alt=\"\" width=\"200\" height=\"300\" loading=\"lazy\" src=\"https:\/\/momentodemaquillaje.com\/wp-content\/uploads\/2024\/12\/Maquillaje-Novia-Valencia-2025-35-200x300.webp\" srcset=\"https:\/\/momentodemaquillaje.com\/wp-content\/uploads\/2024\/12\/Maquillaje-Novia-Valencia-2025-35-200x300.webp 200w,https:\/\/momentodemaquillaje.com\/wp-content\/uploads\/2024\/12\/Maquillaje-Novia-Valencia-2025-35-683x1024.webp 683w,https:\/\/momentodemaquillaje.com\/wp-content\/uploads\/2024\/12\/Maquillaje-Novia-Valencia-2025-35.webp 1000w\" sizes=\"auto, 250px\"\/><\/a><\/div><div class=\"sgb-item\"><a href=\"https:\/\/momentodemaquillaje.com\/wp-content\/uploads\/2024\/12\/Maquillaje-Novia20.webp\"><img decoding=\"async\" alt=\"\" width=\"200\" height=\"300\" loading=\"lazy\" src=\"https:\/\/momentodemaquillaje.com\/wp-content\/uploads\/2024\/12\/Maquillaje-Novia20-200x300.webp\" srcset=\"https:\/\/momentodemaquillaje.com\/wp-content\/uploads\/2024\/12\/Maquillaje-Novia20-200x300.webp 200w,https:\/\/momentodemaquillaje.com\/wp-content\/uploads\/2024\/12\/Maquillaje-Novia20.webp 500w\" sizes=\"auto, 250px\"\/><\/a><\/div><div class=\"sgb-item\"><a href=\"https:\/\/momentodemaquillaje.com\/wp-content\/uploads\/2024\/12\/Maquillaje-Novia-Valencia-2025-33.webp\"><img decoding=\"async\" alt=\"\" width=\"200\" height=\"300\" loading=\"lazy\" src=\"https:\/\/momentodemaquillaje.com\/wp-content\/uploads\/2024\/12\/Maquillaje-Novia-Valencia-2025-33-200x300.webp\" srcset=\"https:\/\/momentodemaquillaje.com\/wp-content\/uploads\/2024\/12\/Maquillaje-Novia-Valencia-2025-33-200x300.webp 200w,https:\/\/momentodemaquillaje.com\/wp-content\/uploads\/2024\/12\/Maquillaje-Novia-Valencia-2025-33-683x1024.webp 683w,https:\/\/momentodemaquillaje.com\/wp-content\/uploads\/2024\/12\/Maquillaje-Novia-Valencia-2025-33.webp 1000w\" sizes=\"auto, 250px\"\/><\/a><\/div><div class=\"sgb-item\"><a href=\"https:\/\/momentodemaquillaje.com\/wp-content\/uploads\/2024\/12\/Maquillaje-Novia-Valencia-2025-34.webp\"><img decoding=\"async\" alt=\"\" width=\"200\" height=\"300\" loading=\"lazy\" src=\"https:\/\/momentodemaquillaje.com\/wp-content\/uploads\/2024\/12\/Maquillaje-Novia-Valencia-2025-34-200x300.webp\" srcset=\"https:\/\/momentodemaquillaje.com\/wp-content\/uploads\/2024\/12\/Maquillaje-Novia-Valencia-2025-34-200x300.webp 200w,https:\/\/momentodemaquillaje.com\/wp-content\/uploads\/2024\/12\/Maquillaje-Novia-Valencia-2025-34-683x1024.webp 683w,https:\/\/momentodemaquillaje.com\/wp-content\/uploads\/2024\/12\/Maquillaje-Novia-Valencia-2025-34.webp 1000w\" sizes=\"auto, 250px\"\/><\/a><\/div><div class=\"sgb-item\"><a href=\"https:\/\/momentodemaquillaje.com\/wp-content\/uploads\/2024\/12\/Maquillaje-Novia-Valencia-2025-4.jpg\"><img decoding=\"async\" alt=\"Novia en Valencia con maquillaje natural y luminoso, vestido blanco de encaje y ramo de flores, look rom\u00e1ntico y elegante para boda\" width=\"200\" height=\"300\" loading=\"lazy\" src=\"https:\/\/momentodemaquillaje.com\/wp-content\/uploads\/2024\/12\/Maquillaje-Novia-Valencia-2025-4-200x300.jpg\" srcset=\"https:\/\/momentodemaquillaje.com\/wp-content\/uploads\/2024\/12\/Maquillaje-Novia-Valencia-2025-4-200x300.jpg 200w,https:\/\/momentodemaquillaje.com\/wp-content\/uploads\/2024\/12\/Maquillaje-Novia-Valencia-2025-4-683x1024.jpg 683w,https:\/\/momentodemaquillaje.com\/wp-content\/uploads\/2024\/12\/Maquillaje-Novia-Valencia-2025-4.jpg 1000w\" sizes=\"auto, 250px\"\/><\/a><\/div><div class=\"sgb-item\"><a href=\"https:\/\/momentodemaquillaje.com\/wp-content\/uploads\/2024\/12\/Maquillaje-Novia-Valencia-2025-1.jpg\"><img decoding=\"async\" alt=\"Maquillaje de novia en Valencia con sombras rosadas y labios nude, look elegante y luminoso ideal para boda\" width=\"200\" height=\"300\" loading=\"lazy\" src=\"https:\/\/momentodemaquillaje.com\/wp-content\/uploads\/2024\/12\/Maquillaje-Novia-Valencia-2025-1-200x300.jpg\" srcset=\"https:\/\/momentodemaquillaje.com\/wp-content\/uploads\/2024\/12\/Maquillaje-Novia-Valencia-2025-1-200x300.jpg 200w,https:\/\/momentodemaquillaje.com\/wp-content\/uploads\/2024\/12\/Maquillaje-Novia-Valencia-2025-1-683x1024.jpg 683w,https:\/\/momentodemaquillaje.com\/wp-content\/uploads\/2024\/12\/Maquillaje-Novia-Valencia-2025-1.jpg 1000w\" sizes=\"auto, 250px\"\/><\/a><\/div><div class=\"sgb-item\"><a href=\"https:\/\/momentodemaquillaje.com\/wp-content\/uploads\/2024\/12\/Maquillaje-Novia-Valencia-2025-2.jpg\"><img decoding=\"async\" alt=\"Recogido bajo trenzado para novia en Valencia, peinado elegante y sofisticado que complementa el maquillaje de novia\" width=\"200\" height=\"300\" loading=\"lazy\" src=\"https:\/\/momentodemaquillaje.com\/wp-content\/uploads\/2024\/12\/Maquillaje-Novia-Valencia-2025-2-200x300.jpg\" srcset=\"https:\/\/momentodemaquillaje.com\/wp-content\/uploads\/2024\/12\/Maquillaje-Novia-Valencia-2025-2-200x300.jpg 200w,https:\/\/momentodemaquillaje.com\/wp-content\/uploads\/2024\/12\/Maquillaje-Novia-Valencia-2025-2-683x1024.jpg 683w,https:\/\/momentodemaquillaje.com\/wp-content\/uploads\/2024\/12\/Maquillaje-Novia-Valencia-2025-2.jpg 1000w\" sizes=\"auto, 250px\"\/><\/a><\/div><div class=\"sgb-item\"><a href=\"https:\/\/momentodemaquillaje.com\/wp-content\/uploads\/2024\/12\/Maquillaje-Novia-Valencia-2025-15.jpg\"><img decoding=\"async\" alt=\"Maquillaje para invitada de boda en Valencia con piel luminosa y sombras suaves, estilo elegante que complementa el maquillaje de novia\" width=\"200\" height=\"300\" loading=\"lazy\" src=\"https:\/\/momentodemaquillaje.com\/wp-content\/uploads\/2024\/12\/Maquillaje-Novia-Valencia-2025-15-200x300.jpg\" srcset=\"https:\/\/momentodemaquillaje.com\/wp-content\/uploads\/2024\/12\/Maquillaje-Novia-Valencia-2025-15-200x300.jpg 200w,https:\/\/momentodemaquillaje.com\/wp-content\/uploads\/2024\/12\/Maquillaje-Novia-Valencia-2025-15-683x1024.jpg 683w,https:\/\/momentodemaquillaje.com\/wp-content\/uploads\/2024\/12\/Maquillaje-Novia-Valencia-2025-15.jpg 1000w\" sizes=\"auto, 250px\"\/><\/a><\/div><div class=\"sgb-item\"><a href=\"https:\/\/momentodemaquillaje.com\/wp-content\/uploads\/2024\/12\/Maquillaje-Novia-Valencia-2025-9.jpg\"><img decoding=\"async\" alt=\"Peinado de novia en Valencia con ondas laterales y adornos florales, maquillaje elegante y luminoso para boda\" width=\"200\" height=\"300\" loading=\"lazy\" src=\"https:\/\/momentodemaquillaje.com\/wp-content\/uploads\/2024\/12\/Maquillaje-Novia-Valencia-2025-9-200x300.jpg\" srcset=\"https:\/\/momentodemaquillaje.com\/wp-content\/uploads\/2024\/12\/Maquillaje-Novia-Valencia-2025-9-200x300.jpg 200w,https:\/\/momentodemaquillaje.com\/wp-content\/uploads\/2024\/12\/Maquillaje-Novia-Valencia-2025-9-683x1024.jpg 683w,https:\/\/momentodemaquillaje.com\/wp-content\/uploads\/2024\/12\/Maquillaje-Novia-Valencia-2025-9.jpg 1000w\" sizes=\"auto, 250px\"\/><\/a><\/div><div class=\"sgb-item\"><a href=\"https:\/\/momentodemaquillaje.com\/wp-content\/uploads\/2024\/12\/Maquillaje-Novia-Valencia-2025-28.jpg\"><img decoding=\"async\" alt=\"Novia en Valencia con maquillaje elegante y recogido bajo decorado con flores, look sofisticado y natural para boda\" width=\"200\" height=\"300\" loading=\"lazy\" src=\"https:\/\/momentodemaquillaje.com\/wp-content\/uploads\/2024\/12\/Maquillaje-Novia-Valencia-2025-28-200x300.jpg\" srcset=\"https:\/\/momentodemaquillaje.com\/wp-content\/uploads\/2024\/12\/Maquillaje-Novia-Valencia-2025-28-200x300.jpg 200w,https:\/\/momentodemaquillaje.com\/wp-content\/uploads\/2024\/12\/Maquillaje-Novia-Valencia-2025-28-683x1024.jpg 683w,https:\/\/momentodemaquillaje.com\/wp-content\/uploads\/2024\/12\/Maquillaje-Novia-Valencia-2025-28.jpg 1000w\" sizes=\"auto, 250px\"\/><\/a><\/div><div class=\"sgb-item\"><a href=\"https:\/\/momentodemaquillaje.com\/wp-content\/uploads\/2024\/12\/Maquillaje-Novia-Valencia-2025-17.jpg\"><img decoding=\"async\" alt=\"Maquillaje para invitada elegante en Valencia con labios nude y ojos definidos, estilo moderno que acompa\u00f1a al maquillaje de novia\" width=\"200\" height=\"300\" loading=\"lazy\" src=\"https:\/\/momentodemaquillaje.com\/wp-content\/uploads\/2024\/12\/Maquillaje-Novia-Valencia-2025-17-200x300.jpg\" srcset=\"https:\/\/momentodemaquillaje.com\/wp-content\/uploads\/2024\/12\/Maquillaje-Novia-Valencia-2025-17-200x300.jpg 200w,https:\/\/momentodemaquillaje.com\/wp-content\/uploads\/2024\/12\/Maquillaje-Novia-Valencia-2025-17-683x1024.jpg 683w,https:\/\/momentodemaquillaje.com\/wp-content\/uploads\/2024\/12\/Maquillaje-Novia-Valencia-2025-17.jpg 1000w\" sizes=\"auto, 250px\"\/><\/a><\/div><div class=\"sgb-item\"><a href=\"https:\/\/momentodemaquillaje.com\/wp-content\/uploads\/2024\/12\/Maquillaje-Novia30.webp\"><img decoding=\"async\" alt=\"\" width=\"200\" height=\"300\" loading=\"lazy\" src=\"https:\/\/momentodemaquillaje.com\/wp-content\/uploads\/2024\/12\/Maquillaje-Novia30-200x300.webp\" srcset=\"https:\/\/momentodemaquillaje.com\/wp-content\/uploads\/2024\/12\/Maquillaje-Novia30-200x300.webp 200w,https:\/\/momentodemaquillaje.com\/wp-content\/uploads\/2024\/12\/Maquillaje-Novia30.webp 500w\" sizes=\"auto, 250px\"\/><\/a><\/div><div class=\"sgb-item\"><a href=\"https:\/\/momentodemaquillaje.com\/wp-content\/uploads\/2024\/12\/Maquillaje-Novia-Valencia-2025-3.jpg\"><img decoding=\"async\" alt=\"Maquillaje de novia en Valencia con acabado natural y luminoso, resaltando la piel radiante y sonrisa fresca\" width=\"200\" height=\"300\" loading=\"lazy\" src=\"https:\/\/momentodemaquillaje.com\/wp-content\/uploads\/2024\/12\/Maquillaje-Novia-Valencia-2025-3-200x300.jpg\" srcset=\"https:\/\/momentodemaquillaje.com\/wp-content\/uploads\/2024\/12\/Maquillaje-Novia-Valencia-2025-3-200x300.jpg 200w,https:\/\/momentodemaquillaje.com\/wp-content\/uploads\/2024\/12\/Maquillaje-Novia-Valencia-2025-3-683x1024.jpg 683w,https:\/\/momentodemaquillaje.com\/wp-content\/uploads\/2024\/12\/Maquillaje-Novia-Valencia-2025-3.jpg 1000w\" sizes=\"auto, 250px\"\/><\/a><\/div><div class=\"sgb-item\"><a href=\"https:\/\/momentodemaquillaje.com\/wp-content\/uploads\/2024\/12\/Maquillaje-Novia9.webp\"><img decoding=\"async\" alt=\"\" width=\"200\" height=\"300\" loading=\"lazy\" src=\"https:\/\/momentodemaquillaje.com\/wp-content\/uploads\/2024\/12\/Maquillaje-Novia9-200x300.webp\" srcset=\"https:\/\/momentodemaquillaje.com\/wp-content\/uploads\/2024\/12\/Maquillaje-Novia9-200x300.webp 200w,https:\/\/momentodemaquillaje.com\/wp-content\/uploads\/2024\/12\/Maquillaje-Novia9.webp 500w\" sizes=\"auto, 250px\"\/><\/a><\/div><div class=\"sgb-item\"><a href=\"https:\/\/momentodemaquillaje.com\/wp-content\/uploads\/2024\/12\/Maquillaje-Novia-Valencia-2025-8.jpg\"><img decoding=\"async\" alt=\"Maquillaje de novia en Valencia con rizos naturales, piel luminosa y sombras suaves, estilo fresco y elegante para boda\" width=\"200\" height=\"300\" loading=\"lazy\" src=\"https:\/\/momentodemaquillaje.com\/wp-content\/uploads\/2024\/12\/Maquillaje-Novia-Valencia-2025-8-200x300.jpg\" srcset=\"https:\/\/momentodemaquillaje.com\/wp-content\/uploads\/2024\/12\/Maquillaje-Novia-Valencia-2025-8-200x300.jpg 200w,https:\/\/momentodemaquillaje.com\/wp-content\/uploads\/2024\/12\/Maquillaje-Novia-Valencia-2025-8-683x1024.jpg 683w,https:\/\/momentodemaquillaje.com\/wp-content\/uploads\/2024\/12\/Maquillaje-Novia-Valencia-2025-8.jpg 1000w\" sizes=\"auto, 250px\"\/><\/a><\/div><div class=\"sgb-item\"><a href=\"https:\/\/momentodemaquillaje.com\/wp-content\/uploads\/2024\/12\/Maquillaje-Novia-Valencia-2025-10.jpg\"><img decoding=\"async\" alt=\"Maquillaje de novia en Valencia con ondas suaves, piel luminosa y sonrisa natural, estilo rom\u00e1ntico ideal para boda\" width=\"200\" height=\"300\" loading=\"lazy\" src=\"https:\/\/momentodemaquillaje.com\/wp-content\/uploads\/2024\/12\/Maquillaje-Novia-Valencia-2025-10-200x300.jpg\" srcset=\"https:\/\/momentodemaquillaje.com\/wp-content\/uploads\/2024\/12\/Maquillaje-Novia-Valencia-2025-10-200x300.jpg 200w,https:\/\/momentodemaquillaje.com\/wp-content\/uploads\/2024\/12\/Maquillaje-Novia-Valencia-2025-10-683x1024.jpg 683w,https:\/\/momentodemaquillaje.com\/wp-content\/uploads\/2024\/12\/Maquillaje-Novia-Valencia-2025-10.jpg 1000w\" sizes=\"auto, 250px\"\/><\/a><\/div><div class=\"sgb-item\"><a href=\"https:\/\/momentodemaquillaje.com\/wp-content\/uploads\/2024\/12\/Maquillaje-Novia3.webp\"><img decoding=\"async\" alt=\"\" width=\"200\" height=\"300\" loading=\"lazy\" src=\"https:\/\/momentodemaquillaje.com\/wp-content\/uploads\/2024\/12\/Maquillaje-Novia3-200x300.webp\" srcset=\"https:\/\/momentodemaquillaje.com\/wp-content\/uploads\/2024\/12\/Maquillaje-Novia3-200x300.webp 200w,https:\/\/momentodemaquillaje.com\/wp-content\/uploads\/2024\/12\/Maquillaje-Novia3.webp 500w\" sizes=\"auto, 250px\"\/><\/a><\/div><div class=\"sgb-item\"><a href=\"https:\/\/momentodemaquillaje.com\/wp-content\/uploads\/2024\/12\/Maquillaje-Novia-Valencia-2025-5.jpg\"><img decoding=\"async\" alt=\"Maquillaje para la hermana de la novia en Valencia con ondas suaves y acabado natural, look juvenil y sofisticado que complementa el maquillaje de novia\" width=\"200\" height=\"300\" loading=\"lazy\" src=\"https:\/\/momentodemaquillaje.com\/wp-content\/uploads\/2024\/12\/Maquillaje-Novia-Valencia-2025-5-200x300.jpg\" srcset=\"https:\/\/momentodemaquillaje.com\/wp-content\/uploads\/2024\/12\/Maquillaje-Novia-Valencia-2025-5-200x300.jpg 200w,https:\/\/momentodemaquillaje.com\/wp-content\/uploads\/2024\/12\/Maquillaje-Novia-Valencia-2025-5-683x1024.jpg 683w,https:\/\/momentodemaquillaje.com\/wp-content\/uploads\/2024\/12\/Maquillaje-Novia-Valencia-2025-5.jpg 1000w\" sizes=\"auto, 250px\"\/><\/a><\/div><div class=\"sgb-item\"><a href=\"https:\/\/momentodemaquillaje.com\/wp-content\/uploads\/2024\/12\/Maquillaje-Novia-Valencia-2025-6.jpg\"><img decoding=\"async\" alt=\"Maquillaje para la madre de la novia en Valencia con ondas suaves y labios naturales, look elegante que acompa\u00f1a al maquillaje de novia\" width=\"200\" height=\"300\" loading=\"lazy\" src=\"https:\/\/momentodemaquillaje.com\/wp-content\/uploads\/2024\/12\/Maquillaje-Novia-Valencia-2025-6-200x300.jpg\" srcset=\"https:\/\/momentodemaquillaje.com\/wp-content\/uploads\/2024\/12\/Maquillaje-Novia-Valencia-2025-6-200x300.jpg 200w,https:\/\/momentodemaquillaje.com\/wp-content\/uploads\/2024\/12\/Maquillaje-Novia-Valencia-2025-6-683x1024.jpg 683w,https:\/\/momentodemaquillaje.com\/wp-content\/uploads\/2024\/12\/Maquillaje-Novia-Valencia-2025-6.jpg 1000w\" sizes=\"auto, 250px\"\/><\/a><\/div><div class=\"sgb-item\"><a href=\"https:\/\/momentodemaquillaje.com\/wp-content\/uploads\/2024\/12\/Maquillaje-Novia-Valencia-2025-7.jpg\"><img decoding=\"async\" alt=\"Peinado de novia en Valencia con ondas sueltas y acabado brillante, complemento ideal para un maquillaje de novia natural y elegante\" width=\"200\" height=\"300\" loading=\"lazy\" src=\"https:\/\/momentodemaquillaje.com\/wp-content\/uploads\/2024\/12\/Maquillaje-Novia-Valencia-2025-7-200x300.jpg\" srcset=\"https:\/\/momentodemaquillaje.com\/wp-content\/uploads\/2024\/12\/Maquillaje-Novia-Valencia-2025-7-200x300.jpg 200w,https:\/\/momentodemaquillaje.com\/wp-content\/uploads\/2024\/12\/Maquillaje-Novia-Valencia-2025-7-683x1024.jpg 683w,https:\/\/momentodemaquillaje.com\/wp-content\/uploads\/2024\/12\/Maquillaje-Novia-Valencia-2025-7.jpg 1000w\" sizes=\"auto, 250px\"\/><\/a><\/div><div class=\"sgb-item\"><a href=\"https:\/\/momentodemaquillaje.com\/wp-content\/uploads\/2024\/12\/Maquillaje-Novia-Valencia-2025-11.jpg\"><img decoding=\"async\" alt=\"Maquillaje para dama de honor en Valencia con vestido azul y corona, estilo juvenil y sofisticado que acompa\u00f1a al maquillaje de novia\" width=\"200\" height=\"300\" loading=\"lazy\" src=\"https:\/\/momentodemaquillaje.com\/wp-content\/uploads\/2024\/12\/Maquillaje-Novia-Valencia-2025-11-200x300.jpg\" srcset=\"https:\/\/momentodemaquillaje.com\/wp-content\/uploads\/2024\/12\/Maquillaje-Novia-Valencia-2025-11-200x300.jpg 200w,https:\/\/momentodemaquillaje.com\/wp-content\/uploads\/2024\/12\/Maquillaje-Novia-Valencia-2025-11-683x1024.jpg 683w,https:\/\/momentodemaquillaje.com\/wp-content\/uploads\/2024\/12\/Maquillaje-Novia-Valencia-2025-11.jpg 1000w\" sizes=\"auto, 250px\"\/><\/a><\/div><div class=\"sgb-item\"><a href=\"https:\/\/momentodemaquillaje.com\/wp-content\/uploads\/2024\/12\/Maquillaje-Novia-Valencia-2025-12.jpg\"><img decoding=\"async\" alt=\"Maquillaje para la madre de la novia en Valencia con ojos ahumados y labios naturales, look elegante que complementa el maquillaje de novia\" width=\"200\" height=\"300\" loading=\"lazy\" src=\"https:\/\/momentodemaquillaje.com\/wp-content\/uploads\/2024\/12\/Maquillaje-Novia-Valencia-2025-12-200x300.jpg\" srcset=\"https:\/\/momentodemaquillaje.com\/wp-content\/uploads\/2024\/12\/Maquillaje-Novia-Valencia-2025-12-200x300.jpg 200w,https:\/\/momentodemaquillaje.com\/wp-content\/uploads\/2024\/12\/Maquillaje-Novia-Valencia-2025-12-683x1024.jpg 683w,https:\/\/momentodemaquillaje.com\/wp-content\/uploads\/2024\/12\/Maquillaje-Novia-Valencia-2025-12.jpg 1000w\" sizes=\"auto, 250px\"\/><\/a><\/div><div class=\"sgb-item\"><a href=\"https:\/\/momentodemaquillaje.com\/wp-content\/uploads\/2024\/12\/Maquillaje-Novia-Valencia-2025-13.jpg\"><img decoding=\"async\" alt=\"Maquillaje para invitada de boda en Valencia con acabado natural y labios suaves, estilo elegante que complementa el maquillaje de novia\" width=\"200\" height=\"300\" loading=\"lazy\" src=\"https:\/\/momentodemaquillaje.com\/wp-content\/uploads\/2024\/12\/Maquillaje-Novia-Valencia-2025-13-200x300.jpg\" srcset=\"https:\/\/momentodemaquillaje.com\/wp-content\/uploads\/2024\/12\/Maquillaje-Novia-Valencia-2025-13-200x300.jpg 200w,https:\/\/momentodemaquillaje.com\/wp-content\/uploads\/2024\/12\/Maquillaje-Novia-Valencia-2025-13-683x1024.jpg 683w,https:\/\/momentodemaquillaje.com\/wp-content\/uploads\/2024\/12\/Maquillaje-Novia-Valencia-2025-13.jpg 1000w\" sizes=\"auto, 250px\"\/><\/a><\/div><div class=\"sgb-item\"><a href=\"https:\/\/momentodemaquillaje.com\/wp-content\/uploads\/2024\/12\/Maquillaje-Novia-Valencia-2025-14.jpg\"><img decoding=\"async\" alt=\"Maquillaje natural para novio en Valencia con acabado fresco y piel uniforme, look discreto que complementa el maquillaje de novia\" width=\"200\" height=\"300\" loading=\"lazy\" src=\"https:\/\/momentodemaquillaje.com\/wp-content\/uploads\/2024\/12\/Maquillaje-Novia-Valencia-2025-14-200x300.jpg\" srcset=\"https:\/\/momentodemaquillaje.com\/wp-content\/uploads\/2024\/12\/Maquillaje-Novia-Valencia-2025-14-200x300.jpg 200w,https:\/\/momentodemaquillaje.com\/wp-content\/uploads\/2024\/12\/Maquillaje-Novia-Valencia-2025-14-683x1024.jpg 683w,https:\/\/momentodemaquillaje.com\/wp-content\/uploads\/2024\/12\/Maquillaje-Novia-Valencia-2025-14.jpg 1000w\" sizes=\"auto, 250px\"\/><\/a><\/div><div class=\"sgb-item\"><a href=\"https:\/\/momentodemaquillaje.com\/wp-content\/uploads\/2024\/12\/MaquillajeNovia22.webp\"><img decoding=\"async\" alt=\"\" width=\"200\" height=\"300\" loading=\"lazy\" src=\"https:\/\/momentodemaquillaje.com\/wp-content\/uploads\/2024\/12\/MaquillajeNovia22-200x300.webp\" srcset=\"https:\/\/momentodemaquillaje.com\/wp-content\/uploads\/2024\/12\/MaquillajeNovia22-200x300.webp 200w,https:\/\/momentodemaquillaje.com\/wp-content\/uploads\/2024\/12\/MaquillajeNovia22.webp 500w\" sizes=\"auto, 250px\"\/><\/a><\/div><div class=\"sgb-item\"><a href=\"https:\/\/momentodemaquillaje.com\/wp-content\/uploads\/2024\/12\/Maquillaje-Novia-Valencia-2025-16.jpg\"><img decoding=\"async\" alt=\"Maquillaje para invitada de boda en Valencia con labios rojos y piel luminosa, estilo elegante que resalta junto al maquillaje de novia\" width=\"200\" height=\"300\" loading=\"lazy\" src=\"https:\/\/momentodemaquillaje.com\/wp-content\/uploads\/2024\/12\/Maquillaje-Novia-Valencia-2025-16-200x300.jpg\" srcset=\"https:\/\/momentodemaquillaje.com\/wp-content\/uploads\/2024\/12\/Maquillaje-Novia-Valencia-2025-16-200x300.jpg 200w,https:\/\/momentodemaquillaje.com\/wp-content\/uploads\/2024\/12\/Maquillaje-Novia-Valencia-2025-16-683x1024.jpg 683w,https:\/\/momentodemaquillaje.com\/wp-content\/uploads\/2024\/12\/Maquillaje-Novia-Valencia-2025-16.jpg 1000w\" sizes=\"auto, 250px\"\/><\/a><\/div><div class=\"sgb-item\"><a href=\"https:\/\/momentodemaquillaje.com\/wp-content\/uploads\/2024\/12\/Maquillaje-Novia-Valencia-2025-19.jpg\"><img decoding=\"async\" alt=\"Maquillaje de novia en Valencia con piel luminosa y ojos marcados, look elegante y cl\u00e1sico ideal para boda\" width=\"200\" height=\"300\" loading=\"lazy\" src=\"https:\/\/momentodemaquillaje.com\/wp-content\/uploads\/2024\/12\/Maquillaje-Novia-Valencia-2025-19-200x300.jpg\" srcset=\"https:\/\/momentodemaquillaje.com\/wp-content\/uploads\/2024\/12\/Maquillaje-Novia-Valencia-2025-19-200x300.jpg 200w,https:\/\/momentodemaquillaje.com\/wp-content\/uploads\/2024\/12\/Maquillaje-Novia-Valencia-2025-19-683x1024.jpg 683w,https:\/\/momentodemaquillaje.com\/wp-content\/uploads\/2024\/12\/Maquillaje-Novia-Valencia-2025-19.jpg 1000w\" sizes=\"auto, 250px\"\/><\/a><\/div><div class=\"sgb-item\"><a href=\"https:\/\/momentodemaquillaje.com\/wp-content\/uploads\/2024\/12\/Maquillaje-Novia-Valencia-2025-20.jpg\"><img decoding=\"async\" alt=\"Novia en Valencia durante los preparativos con maquillaje natural y luminoso, look elegante y rom\u00e1ntico antes de la boda\" width=\"200\" height=\"300\" loading=\"lazy\" src=\"https:\/\/momentodemaquillaje.com\/wp-content\/uploads\/2024\/12\/Maquillaje-Novia-Valencia-2025-20-200x300.jpg\" srcset=\"https:\/\/momentodemaquillaje.com\/wp-content\/uploads\/2024\/12\/Maquillaje-Novia-Valencia-2025-20-200x300.jpg 200w,https:\/\/momentodemaquillaje.com\/wp-content\/uploads\/2024\/12\/Maquillaje-Novia-Valencia-2025-20-683x1024.jpg 683w,https:\/\/momentodemaquillaje.com\/wp-content\/uploads\/2024\/12\/Maquillaje-Novia-Valencia-2025-20.jpg 1000w\" sizes=\"auto, 250px\"\/><\/a><\/div><div class=\"sgb-item\"><a href=\"https:\/\/momentodemaquillaje.com\/wp-content\/uploads\/2024\/12\/Maquillaje-Novia-Valencia-2025-21.jpg\"><img decoding=\"async\" alt=\"Maquillaje de novia en Valencia con ondas sueltas y piel luminosa, estilo rom\u00e1ntico y natural para boda al aire libre\" width=\"200\" height=\"300\" loading=\"lazy\" src=\"https:\/\/momentodemaquillaje.com\/wp-content\/uploads\/2024\/12\/Maquillaje-Novia-Valencia-2025-21-200x300.jpg\" srcset=\"https:\/\/momentodemaquillaje.com\/wp-content\/uploads\/2024\/12\/Maquillaje-Novia-Valencia-2025-21-200x300.jpg 200w,https:\/\/momentodemaquillaje.com\/wp-content\/uploads\/2024\/12\/Maquillaje-Novia-Valencia-2025-21-683x1024.jpg 683w,https:\/\/momentodemaquillaje.com\/wp-content\/uploads\/2024\/12\/Maquillaje-Novia-Valencia-2025-21.jpg 1000w\" sizes=\"auto, 250px\"\/><\/a><\/div><div class=\"sgb-item\"><a href=\"https:\/\/momentodemaquillaje.com\/wp-content\/uploads\/2024\/12\/Maquillaje-Novia-Valencia-2025-29.jpg\"><img decoding=\"async\" alt=\"Maquillaje de novia en Valencia con piel luminosa y ojos definidos, look cl\u00e1sico y elegante ideal para el d\u00eda de la boda\" width=\"200\" height=\"300\" loading=\"lazy\" src=\"https:\/\/momentodemaquillaje.com\/wp-content\/uploads\/2024\/12\/Maquillaje-Novia-Valencia-2025-29-200x300.jpg\" srcset=\"https:\/\/momentodemaquillaje.com\/wp-content\/uploads\/2024\/12\/Maquillaje-Novia-Valencia-2025-29-200x300.jpg 200w,https:\/\/momentodemaquillaje.com\/wp-content\/uploads\/2024\/12\/Maquillaje-Novia-Valencia-2025-29-683x1024.jpg 683w,https:\/\/momentodemaquillaje.com\/wp-content\/uploads\/2024\/12\/Maquillaje-Novia-Valencia-2025-29.jpg 1000w\" sizes=\"auto, 250px\"\/><\/a><\/div><div class=\"sgb-item\"><a href=\"https:\/\/momentodemaquillaje.com\/wp-content\/uploads\/2024\/12\/Maquillaje-Novia-Valencia-2025-22.jpg\"><img decoding=\"async\" alt=\"Maquillaje para la madre de la novia en Valencia con acabado natural y labios suaves, look elegante y radiante que acompa\u00f1a al maquillaje de novia\" width=\"200\" height=\"300\" loading=\"lazy\" src=\"https:\/\/momentodemaquillaje.com\/wp-content\/uploads\/2024\/12\/Maquillaje-Novia-Valencia-2025-22-200x300.jpg\" srcset=\"https:\/\/momentodemaquillaje.com\/wp-content\/uploads\/2024\/12\/Maquillaje-Novia-Valencia-2025-22-200x300.jpg 200w,https:\/\/momentodemaquillaje.com\/wp-content\/uploads\/2024\/12\/Maquillaje-Novia-Valencia-2025-22-683x1024.jpg 683w,https:\/\/momentodemaquillaje.com\/wp-content\/uploads\/2024\/12\/Maquillaje-Novia-Valencia-2025-22.jpg 1000w\" sizes=\"auto, 250px\"\/><\/a><\/div><div class=\"sgb-item\"><a href=\"https:\/\/momentodemaquillaje.com\/wp-content\/uploads\/2024\/12\/Maquillaje-Novia-Valencia-2025-23.jpg\"><img decoding=\"async\" alt=\"Maquillaje para la madre de la novia en Valencia con ojos definidos y piel luminosa, estilo elegante que complementa el maquillaje de novia\" width=\"200\" height=\"300\" loading=\"lazy\" src=\"https:\/\/momentodemaquillaje.com\/wp-content\/uploads\/2024\/12\/Maquillaje-Novia-Valencia-2025-23-200x300.jpg\" srcset=\"https:\/\/momentodemaquillaje.com\/wp-content\/uploads\/2024\/12\/Maquillaje-Novia-Valencia-2025-23-200x300.jpg 200w,https:\/\/momentodemaquillaje.com\/wp-content\/uploads\/2024\/12\/Maquillaje-Novia-Valencia-2025-23-683x1024.jpg 683w,https:\/\/momentodemaquillaje.com\/wp-content\/uploads\/2024\/12\/Maquillaje-Novia-Valencia-2025-23.jpg 1000w\" sizes=\"auto, 250px\"\/><\/a><\/div><div class=\"sgb-item\"><a href=\"https:\/\/momentodemaquillaje.com\/wp-content\/uploads\/2024\/12\/Maquillaje-Novia-Valencia-2025-24.jpg\"><img decoding=\"async\" alt=\"Maquillaje para invitada de boda en Valencia con ojos definidos y piel bronceada, estilo radiante que acompa\u00f1a al maquillaje de novia\" width=\"200\" height=\"300\" loading=\"lazy\" src=\"https:\/\/momentodemaquillaje.com\/wp-content\/uploads\/2024\/12\/Maquillaje-Novia-Valencia-2025-24-200x300.jpg\" srcset=\"https:\/\/momentodemaquillaje.com\/wp-content\/uploads\/2024\/12\/Maquillaje-Novia-Valencia-2025-24-200x300.jpg 200w,https:\/\/momentodemaquillaje.com\/wp-content\/uploads\/2024\/12\/Maquillaje-Novia-Valencia-2025-24-683x1024.jpg 683w,https:\/\/momentodemaquillaje.com\/wp-content\/uploads\/2024\/12\/Maquillaje-Novia-Valencia-2025-24.jpg 1000w\" sizes=\"auto, 250px\"\/><\/a><\/div><div class=\"sgb-item\"><a href=\"https:\/\/momentodemaquillaje.com\/wp-content\/uploads\/2024\/12\/Maquillaje-Novia-Valencia-2025-25.jpg\"><img decoding=\"async\" alt=\"Peinado y maquillaje para dama de honor en Valencia con ondas marcadas y detalle de corona, look sofisticado que acompa\u00f1a al maquillaje de novia\" width=\"200\" height=\"300\" loading=\"lazy\" src=\"https:\/\/momentodemaquillaje.com\/wp-content\/uploads\/2024\/12\/Maquillaje-Novia-Valencia-2025-25-200x300.jpg\" srcset=\"https:\/\/momentodemaquillaje.com\/wp-content\/uploads\/2024\/12\/Maquillaje-Novia-Valencia-2025-25-200x300.jpg 200w,https:\/\/momentodemaquillaje.com\/wp-content\/uploads\/2024\/12\/Maquillaje-Novia-Valencia-2025-25-683x1024.jpg 683w,https:\/\/momentodemaquillaje.com\/wp-content\/uploads\/2024\/12\/Maquillaje-Novia-Valencia-2025-25.jpg 1000w\" sizes=\"auto, 250px\"\/><\/a><\/div><div class=\"sgb-item\"><a href=\"https:\/\/momentodemaquillaje.com\/wp-content\/uploads\/2024\/12\/Maquillaje-Novia-Valencia-2025-26.jpg\"><img decoding=\"async\" alt=\"\" width=\"200\" height=\"300\" loading=\"lazy\" src=\"https:\/\/momentodemaquillaje.com\/wp-content\/uploads\/2024\/12\/Maquillaje-Novia-Valencia-2025-26-200x300.jpg\" srcset=\"https:\/\/momentodemaquillaje.com\/wp-content\/uploads\/2024\/12\/Maquillaje-Novia-Valencia-2025-26-200x300.jpg 200w,https:\/\/momentodemaquillaje.com\/wp-content\/uploads\/2024\/12\/Maquillaje-Novia-Valencia-2025-26-683x1024.jpg 683w,https:\/\/momentodemaquillaje.com\/wp-content\/uploads\/2024\/12\/Maquillaje-Novia-Valencia-2025-26.jpg 1000w\" sizes=\"auto, 250px\"\/><\/a><\/div><div class=\"sgb-item\"><a href=\"https:\/\/momentodemaquillaje.com\/wp-content\/uploads\/2024\/12\/Maquillaje-Novia-Valencia-2025-27.jpg\"><img decoding=\"async\" alt=\"Peinado de novia en Valencia con ondas marcadas y brillo natural, estilo elegante que complementa el maquillaje de novia\" width=\"200\" height=\"300\" loading=\"lazy\" src=\"https:\/\/momentodemaquillaje.com\/wp-content\/uploads\/2024\/12\/Maquillaje-Novia-Valencia-2025-27-200x300.jpg\" srcset=\"https:\/\/momentodemaquillaje.com\/wp-content\/uploads\/2024\/12\/Maquillaje-Novia-Valencia-2025-27-200x300.jpg 200w,https:\/\/momentodemaquillaje.com\/wp-content\/uploads\/2024\/12\/Maquillaje-Novia-Valencia-2025-27-683x1024.jpg 683w,https:\/\/momentodemaquillaje.com\/wp-content\/uploads\/2024\/12\/Maquillaje-Novia-Valencia-2025-27.jpg 1000w\" sizes=\"auto, 250px\"\/><\/a><\/div><div class=\"sgb-item\"><a href=\"https:\/\/momentodemaquillaje.com\/wp-content\/uploads\/2024\/12\/Maquillaje-Novia-Valencia-2025-30.jpg\"><img decoding=\"async\" alt=\"Maquillaje para invitada de boda en Valencia con labios color vino y piel luminosa, estilo elegante que complementa el maquillaje de novia\" width=\"200\" height=\"300\" loading=\"lazy\" src=\"https:\/\/momentodemaquillaje.com\/wp-content\/uploads\/2024\/12\/Maquillaje-Novia-Valencia-2025-30-200x300.jpg\" srcset=\"https:\/\/momentodemaquillaje.com\/wp-content\/uploads\/2024\/12\/Maquillaje-Novia-Valencia-2025-30-200x300.jpg 200w,https:\/\/momentodemaquillaje.com\/wp-content\/uploads\/2024\/12\/Maquillaje-Novia-Valencia-2025-30-683x1024.jpg 683w,https:\/\/momentodemaquillaje.com\/wp-content\/uploads\/2024\/12\/Maquillaje-Novia-Valencia-2025-30.jpg 1000w\" sizes=\"auto, 250px\"\/><\/a><\/div><div class=\"sgb-item\"><a href=\"https:\/\/momentodemaquillaje.com\/wp-content\/uploads\/2024\/12\/Maquillaje-Novia-Valencia-2025-31.jpg\"><img decoding=\"async\" alt=\"Peinado de novia en Valencia con ondas sueltas y tocado de flores blancas, estilo rom\u00e1ntico que complementa el maquillaje de novia\" width=\"200\" height=\"300\" loading=\"lazy\" src=\"https:\/\/momentodemaquillaje.com\/wp-content\/uploads\/2024\/12\/Maquillaje-Novia-Valencia-2025-31-200x300.jpg\" srcset=\"https:\/\/momentodemaquillaje.com\/wp-content\/uploads\/2024\/12\/Maquillaje-Novia-Valencia-2025-31-200x300.jpg 200w,https:\/\/momentodemaquillaje.com\/wp-content\/uploads\/2024\/12\/Maquillaje-Novia-Valencia-2025-31-683x1024.jpg 683w,https:\/\/momentodemaquillaje.com\/wp-content\/uploads\/2024\/12\/Maquillaje-Novia-Valencia-2025-31.jpg 1000w\" sizes=\"auto, 250px\"\/><\/a><\/div><div class=\"sgb-item\"><a href=\"https:\/\/momentodemaquillaje.com\/wp-content\/uploads\/2024\/12\/Maquillaje-Novia-Valencia-2025-32.jpg\"><img decoding=\"async\" alt=\"Maquillaje de novia en Valencia con piel luminosa, ondas laterales y adornos florales, estilo elegante y rom\u00e1ntico para boda\" width=\"200\" height=\"300\" loading=\"lazy\" src=\"https:\/\/momentodemaquillaje.com\/wp-content\/uploads\/2024\/12\/Maquillaje-Novia-Valencia-2025-32-200x300.jpg\" srcset=\"https:\/\/momentodemaquillaje.com\/wp-content\/uploads\/2024\/12\/Maquillaje-Novia-Valencia-2025-32-200x300.jpg 200w,https:\/\/momentodemaquillaje.com\/wp-content\/uploads\/2024\/12\/Maquillaje-Novia-Valencia-2025-32-683x1024.jpg 683w,https:\/\/momentodemaquillaje.com\/wp-content\/uploads\/2024\/12\/Maquillaje-Novia-Valencia-2025-32.jpg 1000w\" sizes=\"auto, 250px\"\/><\/a><\/div><div class=\"sgb-item\"><a href=\"https:\/\/momentodemaquillaje.com\/wp-content\/uploads\/2024\/12\/Maquillaje-Novia16.webp\"><img decoding=\"async\" alt=\"\" width=\"200\" height=\"300\" loading=\"lazy\" src=\"https:\/\/momentodemaquillaje.com\/wp-content\/uploads\/2024\/12\/Maquillaje-Novia16-200x300.webp\" srcset=\"https:\/\/momentodemaquillaje.com\/wp-content\/uploads\/2024\/12\/Maquillaje-Novia16-200x300.webp 200w,https:\/\/momentodemaquillaje.com\/wp-content\/uploads\/2024\/12\/Maquillaje-Novia16.webp 500w\" sizes=\"auto, 250px\"\/><\/a><\/div><div class=\"sgb-item\"><a href=\"https:\/\/momentodemaquillaje.com\/wp-content\/uploads\/2024\/12\/Maquillaje-Novia14.jpg\"><img decoding=\"async\" alt=\"\" width=\"200\" height=\"300\" loading=\"lazy\" src=\"https:\/\/momentodemaquillaje.com\/wp-content\/uploads\/2024\/12\/Maquillaje-Novia14-200x300.jpg\" srcset=\"https:\/\/momentodemaquillaje.com\/wp-content\/uploads\/2024\/12\/Maquillaje-Novia14-200x300.jpg 200w,https:\/\/momentodemaquillaje.com\/wp-content\/uploads\/2024\/12\/Maquillaje-Novia14.jpg 500w\" sizes=\"auto, 250px\"\/><\/a><\/div><div class=\"sgb-item\"><a href=\"https:\/\/momentodemaquillaje.com\/wp-content\/uploads\/2024\/12\/Maquillaje-Novia1.webp\"><img decoding=\"async\" alt=\"\" width=\"200\" height=\"300\" loading=\"lazy\" src=\"https:\/\/momentodemaquillaje.com\/wp-content\/uploads\/2024\/12\/Maquillaje-Novia1-200x300.webp\" srcset=\"https:\/\/momentodemaquillaje.com\/wp-content\/uploads\/2024\/12\/Maquillaje-Novia1-200x300.webp 200w,https:\/\/momentodemaquillaje.com\/wp-content\/uploads\/2024\/12\/Maquillaje-Novia1.webp 500w\" sizes=\"auto, 250px\"\/><\/a><\/div><div class=\"sgb-item\"><a href=\"https:\/\/momentodemaquillaje.com\/wp-content\/uploads\/2024\/12\/Maquillaje-Novia15.webp\"><img decoding=\"async\" alt=\"\" width=\"200\" height=\"300\" loading=\"lazy\" src=\"https:\/\/momentodemaquillaje.com\/wp-content\/uploads\/2024\/12\/Maquillaje-Novia15-200x300.webp\" srcset=\"https:\/\/momentodemaquillaje.com\/wp-content\/uploads\/2024\/12\/Maquillaje-Novia15-200x300.webp 200w,https:\/\/momentodemaquillaje.com\/wp-content\/uploads\/2024\/12\/Maquillaje-Novia15.webp 500w\" sizes=\"auto, 250px\"\/><\/a><\/div><div class=\"sgb-item\"><a href=\"https:\/\/momentodemaquillaje.com\/wp-content\/uploads\/2024\/12\/Maquillaje-Novia17.webp\"><img decoding=\"async\" alt=\"\" width=\"200\" height=\"300\" loading=\"lazy\" src=\"https:\/\/momentodemaquillaje.com\/wp-content\/uploads\/2024\/12\/Maquillaje-Novia17-200x300.webp\" srcset=\"https:\/\/momentodemaquillaje.com\/wp-content\/uploads\/2024\/12\/Maquillaje-Novia17-200x300.webp 200w,https:\/\/momentodemaquillaje.com\/wp-content\/uploads\/2024\/12\/Maquillaje-Novia17.webp 500w\" sizes=\"auto, 250px\"\/><\/a><\/div><div class=\"sgb-item\"><a href=\"https:\/\/momentodemaquillaje.com\/wp-content\/uploads\/2024\/12\/Maquillaje-Novia21.webp\"><img decoding=\"async\" alt=\"\" width=\"200\" height=\"300\" loading=\"lazy\" src=\"https:\/\/momentodemaquillaje.com\/wp-content\/uploads\/2024\/12\/Maquillaje-Novia21-200x300.webp\" srcset=\"https:\/\/momentodemaquillaje.com\/wp-content\/uploads\/2024\/12\/Maquillaje-Novia21-200x300.webp 200w,https:\/\/momentodemaquillaje.com\/wp-content\/uploads\/2024\/12\/Maquillaje-Novia21.webp 500w\" sizes=\"auto, 250px\"\/><\/a><\/div><div class=\"sgb-item\"><a href=\"https:\/\/momentodemaquillaje.com\/wp-content\/uploads\/2024\/12\/Maquillaje-Novia7.jpg\"><img decoding=\"async\" alt=\"\" width=\"200\" height=\"300\" loading=\"lazy\" src=\"https:\/\/momentodemaquillaje.com\/wp-content\/uploads\/2024\/12\/Maquillaje-Novia7-200x300.jpg\" srcset=\"https:\/\/momentodemaquillaje.com\/wp-content\/uploads\/2024\/12\/Maquillaje-Novia7-200x300.jpg 200w,https:\/\/momentodemaquillaje.com\/wp-content\/uploads\/2024\/12\/Maquillaje-Novia7.jpg 500w\" sizes=\"auto, 250px\"\/><\/a><\/div><div class=\"sgb-item\"><a href=\"https:\/\/momentodemaquillaje.com\/wp-content\/uploads\/2024\/12\/Maquillaje-Novia13.webp\"><img decoding=\"async\" alt=\"\" width=\"200\" height=\"300\" loading=\"lazy\" src=\"https:\/\/momentodemaquillaje.com\/wp-content\/uploads\/2024\/12\/Maquillaje-Novia13-200x300.webp\" srcset=\"https:\/\/momentodemaquillaje.com\/wp-content\/uploads\/2024\/12\/Maquillaje-Novia13-200x300.webp 200w,https:\/\/momentodemaquillaje.com\/wp-content\/uploads\/2024\/12\/Maquillaje-Novia13.webp 500w\" sizes=\"auto, 250px\"\/><\/a><\/div><div class=\"sgb-item\"><a href=\"https:\/\/momentodemaquillaje.com\/wp-content\/uploads\/2024\/12\/Maquillaje-Novia8.webp\"><img decoding=\"async\" alt=\"\" width=\"200\" height=\"300\" loading=\"lazy\" src=\"https:\/\/momentodemaquillaje.com\/wp-content\/uploads\/2024\/12\/Maquillaje-Novia8-200x300.webp\" srcset=\"https:\/\/momentodemaquillaje.com\/wp-content\/uploads\/2024\/12\/Maquillaje-Novia8-200x300.webp 200w,https:\/\/momentodemaquillaje.com\/wp-content\/uploads\/2024\/12\/Maquillaje-Novia8.webp 500w\" sizes=\"auto, 250px\"\/><\/a><\/div><div class=\"sgb-item\"><a href=\"https:\/\/momentodemaquillaje.com\/wp-content\/uploads\/2024\/12\/Maquillaje-Novia2.webp\"><img decoding=\"async\" alt=\"\" width=\"200\" height=\"300\" loading=\"lazy\" src=\"https:\/\/momentodemaquillaje.com\/wp-content\/uploads\/2024\/12\/Maquillaje-Novia2-200x300.webp\" srcset=\"https:\/\/momentodemaquillaje.com\/wp-content\/uploads\/2024\/12\/Maquillaje-Novia2-200x300.webp 200w,https:\/\/momentodemaquillaje.com\/wp-content\/uploads\/2024\/12\/Maquillaje-Novia2.webp 500w\" sizes=\"auto, 250px\"\/><\/a><\/div><div class=\"sgb-item\"><a href=\"https:\/\/momentodemaquillaje.com\/wp-content\/uploads\/2024\/12\/Maquillaje-Novia10.jpg\"><img decoding=\"async\" alt=\"\" width=\"200\" height=\"300\" loading=\"lazy\" src=\"https:\/\/momentodemaquillaje.com\/wp-content\/uploads\/2024\/12\/Maquillaje-Novia10-200x300.jpg\" srcset=\"https:\/\/momentodemaquillaje.com\/wp-content\/uploads\/2024\/12\/Maquillaje-Novia10-200x300.jpg 200w,https:\/\/momentodemaquillaje.com\/wp-content\/uploads\/2024\/12\/Maquillaje-Novia10.jpg 500w\" sizes=\"auto, 250px\"\/><\/a><\/div><div class=\"sgb-item\"><a href=\"https:\/\/momentodemaquillaje.com\/wp-content\/uploads\/2024\/12\/Maquillaje-Novia11.webp\"><img decoding=\"async\" alt=\"\" width=\"200\" height=\"300\" loading=\"lazy\" src=\"https:\/\/momentodemaquillaje.com\/wp-content\/uploads\/2024\/12\/Maquillaje-Novia11-200x300.webp\" srcset=\"https:\/\/momentodemaquillaje.com\/wp-content\/uploads\/2024\/12\/Maquillaje-Novia11-200x300.webp 200w,https:\/\/momentodemaquillaje.com\/wp-content\/uploads\/2024\/12\/Maquillaje-Novia11.webp 500w\" sizes=\"auto, 250px\"\/><\/a><\/div><div class=\"sgb-item\"><a href=\"https:\/\/momentodemaquillaje.com\/wp-content\/uploads\/2024\/12\/maquillajenovia25.webp\"><img decoding=\"async\" alt=\"\" width=\"200\" height=\"300\" loading=\"lazy\" src=\"https:\/\/momentodemaquillaje.com\/wp-content\/uploads\/2024\/12\/maquillajenovia25-200x300.webp\" srcset=\"https:\/\/momentodemaquillaje.com\/wp-content\/uploads\/2024\/12\/maquillajenovia25-200x300.webp 200w,https:\/\/momentodemaquillaje.com\/wp-content\/uploads\/2024\/12\/maquillajenovia25.webp 500w\" sizes=\"auto, 250px\"\/><\/a><\/div><div class=\"sgb-item\"><a href=\"https:\/\/momentodemaquillaje.com\/wp-content\/uploads\/2024\/12\/maquillajenovia23.webp\"><img decoding=\"async\" alt=\"\" width=\"200\" height=\"300\" loading=\"lazy\" src=\"https:\/\/momentodemaquillaje.com\/wp-content\/uploads\/2024\/12\/maquillajenovia23-200x300.webp\" srcset=\"https:\/\/momentodemaquillaje.com\/wp-content\/uploads\/2024\/12\/maquillajenovia23-200x300.webp 200w,https:\/\/momentodemaquillaje.com\/wp-content\/uploads\/2024\/12\/maquillajenovia23.webp 500w\" sizes=\"auto, 250px\"\/><\/a><\/div><div class=\"sgb-item\"><a href=\"https:\/\/momentodemaquillaje.com\/wp-content\/uploads\/2024\/12\/maquillajenovia24.webp\"><img decoding=\"async\" alt=\"\" width=\"200\" height=\"300\" loading=\"lazy\" src=\"https:\/\/momentodemaquillaje.com\/wp-content\/uploads\/2024\/12\/maquillajenovia24-200x300.webp\" srcset=\"https:\/\/momentodemaquillaje.com\/wp-content\/uploads\/2024\/12\/maquillajenovia24-200x300.webp 200w,https:\/\/momentodemaquillaje.com\/wp-content\/uploads\/2024\/12\/maquillajenovia24.webp 500w\" sizes=\"auto, 250px\"\/><\/a><\/div><div class=\"sgb-item\"><a href=\"https:\/\/momentodemaquillaje.com\/wp-content\/uploads\/2024\/12\/maquillajenovia27.webp\"><img decoding=\"async\" alt=\"\" width=\"200\" height=\"300\" loading=\"lazy\" src=\"https:\/\/momentodemaquillaje.com\/wp-content\/uploads\/2024\/12\/maquillajenovia27-200x300.webp\" srcset=\"https:\/\/momentodemaquillaje.com\/wp-content\/uploads\/2024\/12\/maquillajenovia27-200x300.webp 200w,https:\/\/momentodemaquillaje.com\/wp-content\/uploads\/2024\/12\/maquillajenovia27.webp 500w\" sizes=\"auto, 250px\"\/><\/a><\/div><div class=\"sgb-item\"><a href=\"https:\/\/momentodemaquillaje.com\/wp-content\/uploads\/2024\/12\/Maquillaje-Novia5.webp\"><img decoding=\"async\" alt=\"\" width=\"200\" height=\"300\" loading=\"lazy\" src=\"https:\/\/momentodemaquillaje.com\/wp-content\/uploads\/2024\/12\/Maquillaje-Novia5-200x300.webp\" srcset=\"https:\/\/momentodemaquillaje.com\/wp-content\/uploads\/2024\/12\/Maquillaje-Novia5-200x300.webp 200w,https:\/\/momentodemaquillaje.com\/wp-content\/uploads\/2024\/12\/Maquillaje-Novia5.webp 500w\" sizes=\"auto, 250px\"\/><\/a><\/div><div class=\"sgb-item\"><a href=\"https:\/\/momentodemaquillaje.com\/wp-content\/uploads\/2024\/12\/Maquillaje-Novia6.webp\"><img decoding=\"async\" alt=\"\" width=\"200\" height=\"300\" loading=\"lazy\" src=\"https:\/\/momentodemaquillaje.com\/wp-content\/uploads\/2024\/12\/Maquillaje-Novia6-200x300.webp\" srcset=\"https:\/\/momentodemaquillaje.com\/wp-content\/uploads\/2024\/12\/Maquillaje-Novia6-200x300.webp 200w,https:\/\/momentodemaquillaje.com\/wp-content\/uploads\/2024\/12\/Maquillaje-Novia6.webp 500w\" sizes=\"auto, 250px\"\/><\/a><\/div><div class=\"sgb-item\"><a href=\"https:\/\/momentodemaquillaje.com\/wp-content\/uploads\/2024\/12\/Maquillaje-Novia18.webp\"><img decoding=\"async\" alt=\"\" width=\"200\" height=\"300\" loading=\"lazy\" src=\"https:\/\/momentodemaquillaje.com\/wp-content\/uploads\/2024\/12\/Maquillaje-Novia18-200x300.webp\" srcset=\"https:\/\/momentodemaquillaje.com\/wp-content\/uploads\/2024\/12\/Maquillaje-Novia18-200x300.webp 200w,https:\/\/momentodemaquillaje.com\/wp-content\/uploads\/2024\/12\/Maquillaje-Novia18.webp 500w\" sizes=\"auto, 250px\"\/><\/a><\/div><div class=\"sgb-item\"><a href=\"https:\/\/momentodemaquillaje.com\/wp-content\/uploads\/2024\/12\/maquillajenovia26.webp\"><img decoding=\"async\" alt=\"\" width=\"200\" height=\"300\" loading=\"lazy\" src=\"https:\/\/momentodemaquillaje.com\/wp-content\/uploads\/2024\/12\/maquillajenovia26-200x300.webp\" srcset=\"https:\/\/momentodemaquillaje.com\/wp-content\/uploads\/2024\/12\/maquillajenovia26-200x300.webp 200w,https:\/\/momentodemaquillaje.com\/wp-content\/uploads\/2024\/12\/maquillajenovia26.webp 500w\" sizes=\"auto, 250px\"\/><\/a><\/div><div class=\"sgb-item\"><a href=\"https:\/\/momentodemaquillaje.com\/wp-content\/uploads\/2024\/12\/Maquillaje-Novia19.webp\"><img decoding=\"async\" alt=\"\" width=\"200\" height=\"300\" loading=\"lazy\" src=\"https:\/\/momentodemaquillaje.com\/wp-content\/uploads\/2024\/12\/Maquillaje-Novia19-200x300.webp\" srcset=\"https:\/\/momentodemaquillaje.com\/wp-content\/uploads\/2024\/12\/Maquillaje-Novia19-200x300.webp 200w,https:\/\/momentodemaquillaje.com\/wp-content\/uploads\/2024\/12\/Maquillaje-Novia19.webp 500w\" sizes=\"auto, 250px\"\/><\/a><\/div><div class=\"sgb-item\"><a href=\"https:\/\/momentodemaquillaje.com\/wp-content\/uploads\/2024\/12\/maquillajenovia28.webp\"><img decoding=\"async\" alt=\"\" width=\"200\" height=\"300\" loading=\"lazy\" src=\"https:\/\/momentodemaquillaje.com\/wp-content\/uploads\/2024\/12\/maquillajenovia28-200x300.webp\" srcset=\"https:\/\/momentodemaquillaje.com\/wp-content\/uploads\/2024\/12\/maquillajenovia28-200x300.webp 200w,https:\/\/momentodemaquillaje.com\/wp-content\/uploads\/2024\/12\/maquillajenovia28.webp 500w\" sizes=\"auto, 250px\"\/><\/a><\/div><div class=\"sgb-item\"><a href=\"https:\/\/momentodemaquillaje.com\/wp-content\/uploads\/2024\/12\/Maquillaje-Novia4.webp\"><img decoding=\"async\" alt=\"\" width=\"200\" height=\"300\" loading=\"lazy\" src=\"https:\/\/momentodemaquillaje.com\/wp-content\/uploads\/2024\/12\/Maquillaje-Novia4-200x300.webp\" srcset=\"https:\/\/momentodemaquillaje.com\/wp-content\/uploads\/2024\/12\/Maquillaje-Novia4-200x300.webp 200w,https:\/\/momentodemaquillaje.com\/wp-content\/uploads\/2024\/12\/Maquillaje-Novia4.webp 500w\" sizes=\"auto, 250px\"\/><\/a><\/div><div class=\"sgb-item\"><a href=\"https:\/\/momentodemaquillaje.com\/wp-content\/uploads\/2026\/06\/FA73A96E-D833-4FF8-A877-A4F18B803AB5_1_105_c.webp\"><img decoding=\"async\" alt=\"Novia Valencia \u00b7 11:59 \u00b7 Enero 2026\" width=\"200\" height=\"300\" loading=\"lazy\" src=\"https:\/\/momentodemaquillaje.com\/wp-content\/uploads\/2026\/06\/FA73A96E-D833-4FF8-A877-A4F18B803AB5_1_105_c-200x300.webp\" srcset=\"https:\/\/momentodemaquillaje.com\/wp-content\/uploads\/2026\/06\/FA73A96E-D833-4FF8-A877-A4F18B803AB5_1_105_c-200x300.webp 200w,https:\/\/momentodemaquillaje.com\/wp-content\/uploads\/2026\/06\/FA73A96E-D833-4FF8-A877-A4F18B803AB5_1_105_c.webp 500w\" sizes=\"auto, 250px\"\/><\/a><\/div><div class=\"sgb-item\"><a href=\"https:\/\/momentodemaquillaje.com\/wp-content\/uploads\/2026\/06\/3CD686FA-D61B-4413-A303-4C20E1C524EB_1_105_c.webp\"><img decoding=\"async\" alt=\"Novia Valencia \u00b7 12:08 \u00b7 Marzo 2026\" width=\"200\" height=\"300\" loading=\"lazy\" src=\"https:\/\/momentodemaquillaje.com\/wp-content\/uploads\/2026\/06\/3CD686FA-D61B-4413-A303-4C20E1C524EB_1_105_c-200x300.webp\" srcset=\"https:\/\/momentodemaquillaje.com\/wp-content\/uploads\/2026\/06\/3CD686FA-D61B-4413-A303-4C20E1C524EB_1_105_c-200x300.webp 200w,https:\/\/momentodemaquillaje.com\/wp-content\/uploads\/2026\/06\/3CD686FA-D61B-4413-A303-4C20E1C524EB_1_105_c.webp 500w\" sizes=\"auto, 250px\"\/><\/a><\/div><div class=\"sgb-item\"><a href=\"https:\/\/momentodemaquillaje.com\/wp-content\/uploads\/2026\/06\/8DCF9D6A-4056-4CAA-A691-D84A9B194706_1_105_c.webp\"><img decoding=\"async\" alt=\"Novia Valencia \u00b7 Junio 2026\" width=\"200\" height=\"300\" loading=\"lazy\" src=\"https:\/\/momentodemaquillaje.com\/wp-content\/uploads\/2026\/06\/8DCF9D6A-4056-4CAA-A691-D84A9B194706_1_105_c-200x300.webp\" srcset=\"https:\/\/momentodemaquillaje.com\/wp-content\/uploads\/2026\/06\/8DCF9D6A-4056-4CAA-A691-D84A9B194706_1_105_c-200x300.webp 200w,https:\/\/momentodemaquillaje.com\/wp-content\/uploads\/2026\/06\/8DCF9D6A-4056-4CAA-A691-D84A9B194706_1_105_c.webp 500w\" sizes=\"auto, 250px\"\/><\/a><\/div><div class=\"sgb-item\"><a href=\"https:\/\/momentodemaquillaje.com\/wp-content\/uploads\/2026\/06\/89BB590F-F8D8-42D9-BFFD-F2CE14272D51_1_105_c.webp\"><img decoding=\"async\" alt=\"Novia Valencia \u00b7 10:53 \u00b7 Marzo 2026\" width=\"200\" height=\"300\" loading=\"lazy\" src=\"https:\/\/momentodemaquillaje.com\/wp-content\/uploads\/2026\/06\/89BB590F-F8D8-42D9-BFFD-F2CE14272D51_1_105_c-200x300.webp\" srcset=\"https:\/\/momentodemaquillaje.com\/wp-content\/uploads\/2026\/06\/89BB590F-F8D8-42D9-BFFD-F2CE14272D51_1_105_c-200x300.webp 200w,https:\/\/momentodemaquillaje.com\/wp-content\/uploads\/2026\/06\/89BB590F-F8D8-42D9-BFFD-F2CE14272D51_1_105_c.webp 500w\" sizes=\"auto, 250px\"\/><\/a><\/div><div class=\"sgb-item\"><a href=\"https:\/\/momentodemaquillaje.com\/wp-content\/uploads\/2026\/06\/E769B370-2704-46D1-AF3B-C07828C7A92C_1_105_c.webp\"><img decoding=\"async\" alt=\"Novia Valencia \u00b7 15:39 \u00b7 Marzo 2026\" width=\"200\" height=\"300\" loading=\"lazy\" src=\"https:\/\/momentodemaquillaje.com\/wp-content\/uploads\/2026\/06\/E769B370-2704-46D1-AF3B-C07828C7A92C_1_105_c-200x300.webp\" srcset=\"https:\/\/momentodemaquillaje.com\/wp-content\/uploads\/2026\/06\/E769B370-2704-46D1-AF3B-C07828C7A92C_1_105_c-200x300.webp 200w,https:\/\/momentodemaquillaje.com\/wp-content\/uploads\/2026\/06\/E769B370-2704-46D1-AF3B-C07828C7A92C_1_105_c.webp 500w\" sizes=\"auto, 250px\"\/><\/a><\/div><div class=\"sgb-item\"><a href=\"https:\/\/momentodemaquillaje.com\/wp-content\/uploads\/2026\/06\/88CB5204-D025-49E9-A64F-48121F4FC1C6_1_105_c.webp\"><img decoding=\"async\" alt=\"Novia Valencia \u00b7 06:53 \u00b7 Marzo 2026\" width=\"200\" height=\"300\" loading=\"lazy\" src=\"https:\/\/momentodemaquillaje.com\/wp-content\/uploads\/2026\/06\/88CB5204-D025-49E9-A64F-48121F4FC1C6_1_105_c-200x300.webp\" srcset=\"https:\/\/momentodemaquillaje.com\/wp-content\/uploads\/2026\/06\/88CB5204-D025-49E9-A64F-48121F4FC1C6_1_105_c-200x300.webp 200w,https:\/\/momentodemaquillaje.com\/wp-content\/uploads\/2026\/06\/88CB5204-D025-49E9-A64F-48121F4FC1C6_1_105_c.webp 500w\" sizes=\"auto, 250px\"\/><\/a><\/div><div class=\"sgb-item\"><a href=\"https:\/\/momentodemaquillaje.com\/wp-content\/uploads\/2026\/06\/201B9ECE-4AFB-417C-A4F0-BE2455458BD8_1_105_c.webp\"><img decoding=\"async\" alt=\"Novia Valencia \u00b7 10:41 \u00b7 Febrero 2026\" width=\"200\" height=\"300\" loading=\"lazy\" src=\"https:\/\/momentodemaquillaje.com\/wp-content\/uploads\/2026\/06\/201B9ECE-4AFB-417C-A4F0-BE2455458BD8_1_105_c-200x300.webp\" srcset=\"https:\/\/momentodemaquillaje.com\/wp-content\/uploads\/2026\/06\/201B9ECE-4AFB-417C-A4F0-BE2455458BD8_1_105_c-200x300.webp 200w,https:\/\/momentodemaquillaje.com\/wp-content\/uploads\/2026\/06\/201B9ECE-4AFB-417C-A4F0-BE2455458BD8_1_105_c.webp 500w\" sizes=\"auto, 250px\"\/><\/a><\/div><div class=\"sgb-item\"><a href=\"https:\/\/momentodemaquillaje.com\/wp-content\/uploads\/2026\/06\/04E61AA5-EADB-4D3C-A81F-B1271829DFD0_1_105_c.webp\"><img decoding=\"async\" alt=\"Novia Valencia \u00b7 10:41 \u00b7 Febrero 2026\" width=\"200\" height=\"300\" loading=\"lazy\" src=\"https:\/\/momentodemaquillaje.com\/wp-content\/uploads\/2026\/06\/04E61AA5-EADB-4D3C-A81F-B1271829DFD0_1_105_c-200x300.webp\" srcset=\"https:\/\/momentodemaquillaje.com\/wp-content\/uploads\/2026\/06\/04E61AA5-EADB-4D3C-A81F-B1271829DFD0_1_105_c-200x300.webp 200w,https:\/\/momentodemaquillaje.com\/wp-content\/uploads\/2026\/06\/04E61AA5-EADB-4D3C-A81F-B1271829DFD0_1_105_c.webp 500w\" sizes=\"auto, 250px\"\/><\/a><\/div><div class=\"sgb-item\"><a href=\"https:\/\/momentodemaquillaje.com\/wp-content\/uploads\/2026\/06\/7C17353D-772D-42F4-B5DD-7F5E686E2BD9_1_105_c.webp\"><img decoding=\"async\" alt=\"Novia Valencia \u00b7 Junio 2026\" width=\"200\" height=\"300\" loading=\"lazy\" src=\"https:\/\/momentodemaquillaje.com\/wp-content\/uploads\/2026\/06\/7C17353D-772D-42F4-B5DD-7F5E686E2BD9_1_105_c-200x300.webp\" srcset=\"https:\/\/momentodemaquillaje.com\/wp-content\/uploads\/2026\/06\/7C17353D-772D-42F4-B5DD-7F5E686E2BD9_1_105_c-200x300.webp 200w,https:\/\/momentodemaquillaje.com\/wp-content\/uploads\/2026\/06\/7C17353D-772D-42F4-B5DD-7F5E686E2BD9_1_105_c.webp 500w\" sizes=\"auto, 250px\"\/><\/a><\/div><div class=\"sgb-item\"><a href=\"https:\/\/momentodemaquillaje.com\/wp-content\/uploads\/2026\/06\/B1313E92-8D6A-45AC-868F-5BBF0B9B94BC_1_105_c.webp\"><img decoding=\"async\" alt=\"Novia Valencia \u00b7 11:56 \u00b7 Enero 2026\" width=\"200\" height=\"300\" loading=\"lazy\" src=\"https:\/\/momentodemaquillaje.com\/wp-content\/uploads\/2026\/06\/B1313E92-8D6A-45AC-868F-5BBF0B9B94BC_1_105_c-200x300.webp\" srcset=\"https:\/\/momentodemaquillaje.com\/wp-content\/uploads\/2026\/06\/B1313E92-8D6A-45AC-868F-5BBF0B9B94BC_1_105_c-200x300.webp 200w,https:\/\/momentodemaquillaje.com\/wp-content\/uploads\/2026\/06\/B1313E92-8D6A-45AC-868F-5BBF0B9B94BC_1_105_c.webp 500w\" sizes=\"auto, 250px\"\/><\/a><\/div><div class=\"sgb-item\"><a href=\"https:\/\/momentodemaquillaje.com\/wp-content\/uploads\/2026\/06\/2682F1EB-D85F-42FA-BAFD-0F793B85FA0D_1_105_c.webp\"><img decoding=\"async\" alt=\"Novia Valencia \u00b7 11:55 \u00b7 Enero 2026\" width=\"200\" height=\"300\" loading=\"lazy\" src=\"https:\/\/momentodemaquillaje.com\/wp-content\/uploads\/2026\/06\/2682F1EB-D85F-42FA-BAFD-0F793B85FA0D_1_105_c-200x300.webp\" srcset=\"https:\/\/momentodemaquillaje.com\/wp-content\/uploads\/2026\/06\/2682F1EB-D85F-42FA-BAFD-0F793B85FA0D_1_105_c-200x300.webp 200w,https:\/\/momentodemaquillaje.com\/wp-content\/uploads\/2026\/06\/2682F1EB-D85F-42FA-BAFD-0F793B85FA0D_1_105_c.webp 500w\" sizes=\"auto, 250px\"\/><\/a><\/div><div class=\"sgb-item\"><a href=\"https:\/\/momentodemaquillaje.com\/wp-content\/uploads\/2026\/06\/00F93002-079E-4FCC-AF10-91B1B091B720_1_105_c.webp\"><img decoding=\"async\" alt=\"Novia Valencia \u00b7 10:05 \u00b7 Diciembre 2025\" width=\"200\" height=\"300\" loading=\"lazy\" src=\"https:\/\/momentodemaquillaje.com\/wp-content\/uploads\/2026\/06\/00F93002-079E-4FCC-AF10-91B1B091B720_1_105_c-200x300.webp\" srcset=\"https:\/\/momentodemaquillaje.com\/wp-content\/uploads\/2026\/06\/00F93002-079E-4FCC-AF10-91B1B091B720_1_105_c-200x300.webp 200w,https:\/\/momentodemaquillaje.com\/wp-content\/uploads\/2026\/06\/00F93002-079E-4FCC-AF10-91B1B091B720_1_105_c.webp 500w\" sizes=\"auto, 250px\"\/><\/a><\/div><div class=\"sgb-item\"><a href=\"https:\/\/momentodemaquillaje.com\/wp-content\/uploads\/2026\/06\/C4A2F838-D7C3-4441-A88B-CFC2DD9C6825_1_105_c.webp\"><img decoding=\"async\" alt=\"Novia Valencia \u00b7 10:14 \u00b7 Enero 2026\" width=\"200\" height=\"300\" loading=\"lazy\" src=\"https:\/\/momentodemaquillaje.com\/wp-content\/uploads\/2026\/06\/C4A2F838-D7C3-4441-A88B-CFC2DD9C6825_1_105_c-200x300.webp\" srcset=\"https:\/\/momentodemaquillaje.com\/wp-content\/uploads\/2026\/06\/C4A2F838-D7C3-4441-A88B-CFC2DD9C6825_1_105_c-200x300.webp 200w,https:\/\/momentodemaquillaje.com\/wp-content\/uploads\/2026\/06\/C4A2F838-D7C3-4441-A88B-CFC2DD9C6825_1_105_c.webp 500w\" sizes=\"auto, 250px\"\/><\/a><\/div><div class=\"sgb-item\"><a href=\"https:\/\/momentodemaquillaje.com\/wp-content\/uploads\/2026\/06\/39888430-1DCC-4142-801E-160051F75E66_1_105_c.webp\"><img decoding=\"async\" alt=\"Novia Valencia \u00b7 10:14 \u00b7 Enero 2026\" width=\"200\" height=\"300\" loading=\"lazy\" src=\"https:\/\/momentodemaquillaje.com\/wp-content\/uploads\/2026\/06\/39888430-1DCC-4142-801E-160051F75E66_1_105_c-200x300.webp\" srcset=\"https:\/\/momentodemaquillaje.com\/wp-content\/uploads\/2026\/06\/39888430-1DCC-4142-801E-160051F75E66_1_105_c-200x300.webp 200w,https:\/\/momentodemaquillaje.com\/wp-content\/uploads\/2026\/06\/39888430-1DCC-4142-801E-160051F75E66_1_105_c.webp 500w\" sizes=\"auto, 250px\"\/><\/a><\/div><div class=\"sgb-item\"><a href=\"https:\/\/momentodemaquillaje.com\/wp-content\/uploads\/2026\/06\/6638857B-CDD0-472E-A3AF-14CBF5F48F1D_1_105_c.webp\"><img decoding=\"async\" alt=\"Novia Valencia \u00b7 11:59 \u00b7 Enero 2026\" width=\"200\" height=\"300\" loading=\"lazy\" src=\"https:\/\/momentodemaquillaje.com\/wp-content\/uploads\/2026\/06\/6638857B-CDD0-472E-A3AF-14CBF5F48F1D_1_105_c-200x300.webp\" srcset=\"https:\/\/momentodemaquillaje.com\/wp-content\/uploads\/2026\/06\/6638857B-CDD0-472E-A3AF-14CBF5F48F1D_1_105_c-200x300.webp 200w,https:\/\/momentodemaquillaje.com\/wp-content\/uploads\/2026\/06\/6638857B-CDD0-472E-A3AF-14CBF5F48F1D_1_105_c.webp 500w\" sizes=\"auto, 250px\"\/><\/a><\/div><div class=\"sgb-item\"><a href=\"https:\/\/momentodemaquillaje.com\/wp-content\/uploads\/2026\/06\/6835D250-E8B0-45E5-B4E9-F11DAEB33FF2_1_105_c.webp\"><img decoding=\"async\" alt=\"Novia Valencia \u00b7 11:59 \u00b7 Enero 2026\" width=\"200\" height=\"300\" loading=\"lazy\" src=\"https:\/\/momentodemaquillaje.com\/wp-content\/uploads\/2026\/06\/6835D250-E8B0-45E5-B4E9-F11DAEB33FF2_1_105_c-200x300.webp\" srcset=\"https:\/\/momentodemaquillaje.com\/wp-content\/uploads\/2026\/06\/6835D250-E8B0-45E5-B4E9-F11DAEB33FF2_1_105_c-200x300.webp 200w,https:\/\/momentodemaquillaje.com\/wp-content\/uploads\/2026\/06\/6835D250-E8B0-45E5-B4E9-F11DAEB33FF2_1_105_c.webp 500w\" sizes=\"auto, 250px\"\/><\/a><\/div><div class=\"sgb-item\"><a href=\"https:\/\/momentodemaquillaje.com\/wp-content\/uploads\/2026\/06\/87326E92-D7EA-441E-9652-12C90C33F164.webp\"><img decoding=\"async\" alt=\"Novia Valencia \u00b7 Junio 2026\" width=\"200\" height=\"300\" loading=\"lazy\" src=\"https:\/\/momentodemaquillaje.com\/wp-content\/uploads\/2026\/06\/87326E92-D7EA-441E-9652-12C90C33F164-200x300.webp\" srcset=\"https:\/\/momentodemaquillaje.com\/wp-content\/uploads\/2026\/06\/87326E92-D7EA-441E-9652-12C90C33F164-200x300.webp 200w,https:\/\/momentodemaquillaje.com\/wp-content\/uploads\/2026\/06\/87326E92-D7EA-441E-9652-12C90C33F164.webp 500w\" sizes=\"auto, 250px\"\/><\/a><\/div><\/div><\/noscript><\/div><script type=\"application\/json\" class=\"sgb-data\">{\"thumbHieghtRation\":1.5,\"thumbSpacing\":40,\"galleryType\":\"pgc_sgb_grid\",\"galleryId\":\"f2d17463\",\"images\":[{\"id\":10046,\"title\":\"Novia Valencia \u00b7 Junio 2026\",\"url\":\"https:\/\/momentodemaquillaje.com\/wp-content\/uploads\/2026\/06\/WhatsApp-Image-2026-06-27-at-11.46.01-1.webp\",\"link\":\"https:\/\/momentodemaquillaje.com\/whatsapp-image-2026-06-27-at-11-46-01-1\/\",\"alt\":\"Novia Valencia \u00b7 Junio 2026\",\"description\":\"\",\"caption\":\"\",\"mime\":\"image\/webp\",\"type\":\"image\",\"width\":500,\"height\":750,\"sizes\":{\"thumbnail\":{\"height\":150,\"width\":150,\"url\":\"https:\/\/momentodemaquillaje.com\/wp-content\/uploads\/2026\/06\/WhatsApp-Image-2026-06-27-at-11.46.01-1-150x150.webp\",\"orientation\":\"landscape\"},\"medium\":{\"height\":300,\"width\":200,\"url\":\"https:\/\/momentodemaquillaje.com\/wp-content\/uploads\/2026\/06\/WhatsApp-Image-2026-06-27-at-11.46.01-1-200x300.webp\",\"orientation\":\"portrait\"},\"full\":{\"url\":\"https:\/\/momentodemaquillaje.com\/wp-content\/uploads\/2026\/06\/WhatsApp-Image-2026-06-27-at-11.46.01-1.webp\",\"height\":750,\"width\":500,\"orientation\":\"portrait\"}},\"imageMeta\":{\"aperture\":\"0\",\"credit\":\"\",\"camera\":\"\",\"caption\":\"\",\"created_timestamp\":\"0\",\"copyright\":\"\",\"focal_length\":\"0\",\"iso\":\"0\",\"shutter_speed\":\"0\",\"title\":\"\",\"orientation\":\"0\",\"keywords\":[],\"alt\":\"\"},\"meta\":false},{\"id\":10047,\"title\":\"Novia Valencia \u00b7 Junio 2026\",\"url\":\"https:\/\/momentodemaquillaje.com\/wp-content\/uploads\/2026\/06\/WhatsApp-Image-2026-06-27-at-11.46.01.webp\",\"link\":\"https:\/\/momentodemaquillaje.com\/whatsapp-image-2026-06-27-at-11-46-01\/\",\"alt\":\"Novia Valencia \u00b7 Junio 2026\",\"description\":\"\",\"caption\":\"\",\"mime\":\"image\/webp\",\"type\":\"image\",\"width\":500,\"height\":750,\"sizes\":{\"thumbnail\":{\"height\":150,\"width\":150,\"url\":\"https:\/\/momentodemaquillaje.com\/wp-content\/uploads\/2026\/06\/WhatsApp-Image-2026-06-27-at-11.46.01-150x150.webp\",\"orientation\":\"landscape\"},\"medium\":{\"height\":300,\"width\":200,\"url\":\"https:\/\/momentodemaquillaje.com\/wp-content\/uploads\/2026\/06\/WhatsApp-Image-2026-06-27-at-11.46.01-200x300.webp\",\"orientation\":\"portrait\"},\"full\":{\"url\":\"https:\/\/momentodemaquillaje.com\/wp-content\/uploads\/2026\/06\/WhatsApp-Image-2026-06-27-at-11.46.01.webp\",\"height\":750,\"width\":500,\"orientation\":\"portrait\"}},\"imageMeta\":{\"aperture\":\"0\",\"credit\":\"\",\"camera\":\"\",\"caption\":\"\",\"created_timestamp\":\"0\",\"copyright\":\"\",\"focal_length\":\"0\",\"iso\":\"0\",\"shutter_speed\":\"0\",\"title\":\"\",\"orientation\":\"0\",\"keywords\":[],\"alt\":\"\"},\"meta\":false},{\"id\":8701,\"title\":\"Maquillaje Novia12\",\"url\":\"https:\/\/momentodemaquillaje.com\/wp-content\/uploads\/2024\/12\/Maquillaje-Novia12-1.webp\",\"link\":\"https:\/\/momentodemaquillaje.com\/pgc_simply_gallery\/bodas\/maquillaje-novia12-2\/\",\"alt\":\"\",\"description\":\"\",\"caption\":\"\",\"mime\":\"image\/webp\",\"type\":\"image\",\"width\":500,\"height\":750,\"sizes\":{\"thumbnail\":{\"height\":150,\"width\":150,\"url\":\"https:\/\/momentodemaquillaje.com\/wp-content\/uploads\/2024\/12\/Maquillaje-Novia12-1-150x150.webp\",\"orientation\":\"landscape\"},\"medium\":{\"height\":300,\"width\":200,\"url\":\"https:\/\/momentodemaquillaje.com\/wp-content\/uploads\/2024\/12\/Maquillaje-Novia12-1-200x300.webp\",\"orientation\":\"portrait\"},\"full\":{\"url\":\"https:\/\/momentodemaquillaje.com\/wp-content\/uploads\/2024\/12\/Maquillaje-Novia12-1.webp\",\"height\":750,\"width\":500,\"orientation\":\"portrait\"}},\"imageMeta\":{\"aperture\":\"0\",\"credit\":\"\",\"camera\":\"\",\"caption\":\"\",\"created_timestamp\":\"0\",\"copyright\":\"\",\"focal_length\":\"0\",\"iso\":\"0\",\"shutter_speed\":\"0\",\"title\":\"\",\"orientation\":\"0\",\"keywords\":[]},\"meta\":false},{\"id\":9513,\"title\":\"Maquillaje-Novia-Valencia-2025-18\",\"url\":\"https:\/\/momentodemaquillaje.com\/wp-content\/uploads\/2024\/12\/Maquillaje-Novia-Valencia-2025-18.jpg\",\"link\":\"https:\/\/momentodemaquillaje.com\/pgc_simply_gallery\/bodas\/maquillaje-novia-valencia-2025-18\/\",\"alt\":\"Maquillaje de novia en Valencia con peinado lateral decorado con flores, piel luminosa y estilo elegante para el d\u00eda de la boda\",\"description\":\"\",\"caption\":\"\",\"mime\":\"image\/jpeg\",\"type\":\"image\",\"width\":1000,\"height\":1500,\"sizes\":{\"thumbnail\":{\"height\":150,\"width\":150,\"url\":\"https:\/\/momentodemaquillaje.com\/wp-content\/uploads\/2024\/12\/Maquillaje-Novia-Valencia-2025-18-150x150.jpg\",\"orientation\":\"landscape\"},\"medium\":{\"height\":300,\"width\":200,\"url\":\"https:\/\/momentodemaquillaje.com\/wp-content\/uploads\/2024\/12\/Maquillaje-Novia-Valencia-2025-18-200x300.jpg\",\"orientation\":\"portrait\"},\"large\":{\"height\":1024,\"width\":683,\"url\":\"https:\/\/momentodemaquillaje.com\/wp-content\/uploads\/2024\/12\/Maquillaje-Novia-Valencia-2025-18-683x1024.jpg\",\"orientation\":\"portrait\"},\"full\":{\"url\":\"https:\/\/momentodemaquillaje.com\/wp-content\/uploads\/2024\/12\/Maquillaje-Novia-Valencia-2025-18.jpg\",\"height\":1500,\"width\":1000,\"orientation\":\"portrait\"}},\"imageMeta\":{\"aperture\":\"0\",\"credit\":\"\",\"camera\":\"\",\"caption\":\"\",\"created_timestamp\":\"0\",\"copyright\":\"\",\"focal_length\":\"0\",\"iso\":\"0\",\"shutter_speed\":\"0\",\"title\":\"\",\"orientation\":\"1\",\"keywords\":[]},\"meta\":false},{\"id\":9915,\"title\":\"Novia Valencia \u00b7 10:25 \u00b7 Marzo 2026\",\"url\":\"https:\/\/momentodemaquillaje.com\/wp-content\/uploads\/2026\/06\/0AF3AFD5-1B1C-480D-B4A9-A2BAA247AF0F_1_105_c.webp\",\"link\":\"https:\/\/momentodemaquillaje.com\/0af3afd5-1b1c-480d-b4a9-a2baa247af0f_1_105_c\/\",\"alt\":\"Novia Valencia \u00b7 10:25 \u00b7 Marzo 2026\",\"description\":\"\",\"caption\":\"\",\"mime\":\"image\/webp\",\"type\":\"image\",\"width\":500,\"height\":750,\"sizes\":{\"thumbnail\":{\"height\":150,\"width\":150,\"url\":\"https:\/\/momentodemaquillaje.com\/wp-content\/uploads\/2026\/06\/0AF3AFD5-1B1C-480D-B4A9-A2BAA247AF0F_1_105_c-150x150.webp\",\"orientation\":\"landscape\"},\"medium\":{\"height\":300,\"width\":200,\"url\":\"https:\/\/momentodemaquillaje.com\/wp-content\/uploads\/2026\/06\/0AF3AFD5-1B1C-480D-B4A9-A2BAA247AF0F_1_105_c-200x300.webp\",\"orientation\":\"portrait\"},\"full\":{\"url\":\"https:\/\/momentodemaquillaje.com\/wp-content\/uploads\/2026\/06\/0AF3AFD5-1B1C-480D-B4A9-A2BAA247AF0F_1_105_c.webp\",\"height\":750,\"width\":500,\"orientation\":\"portrait\"}},\"imageMeta\":{\"aperture\":\"0\",\"credit\":\"\",\"camera\":\"\",\"caption\":\"\",\"created_timestamp\":\"0\",\"copyright\":\"\",\"focal_length\":\"0\",\"iso\":\"0\",\"shutter_speed\":\"0\",\"title\":\"\",\"orientation\":\"0\",\"keywords\":[],\"alt\":\"\"},\"meta\":false},{\"id\":9905,\"title\":\"Novia Valencia \u00b7 11:00 \u00b7 Marzo 2026\",\"url\":\"https:\/\/momentodemaquillaje.com\/wp-content\/uploads\/2026\/06\/F89581F7-8ADE-4870-B0FB-5CA82DB684B5_1_105_c-4.webp\",\"link\":\"https:\/\/momentodemaquillaje.com\/f89581f7-8ade-4870-b0fb-5ca82db684b5_1_105_c-4\/\",\"alt\":\"Novia Valencia \u00b7 11:00 \u00b7 Marzo 2026\",\"description\":\"\",\"caption\":\"\",\"mime\":\"image\/webp\",\"type\":\"image\",\"width\":500,\"height\":750,\"sizes\":{\"thumbnail\":{\"height\":150,\"width\":150,\"url\":\"https:\/\/momentodemaquillaje.com\/wp-content\/uploads\/2026\/06\/F89581F7-8ADE-4870-B0FB-5CA82DB684B5_1_105_c-4-150x150.webp\",\"orientation\":\"landscape\"},\"medium\":{\"height\":300,\"width\":200,\"url\":\"https:\/\/momentodemaquillaje.com\/wp-content\/uploads\/2026\/06\/F89581F7-8ADE-4870-B0FB-5CA82DB684B5_1_105_c-4-200x300.webp\",\"orientation\":\"portrait\"},\"full\":{\"url\":\"https:\/\/momentodemaquillaje.com\/wp-content\/uploads\/2026\/06\/F89581F7-8ADE-4870-B0FB-5CA82DB684B5_1_105_c-4.webp\",\"height\":750,\"width\":500,\"orientation\":\"portrait\"}},\"imageMeta\":{\"aperture\":\"0\",\"credit\":\"\",\"camera\":\"\",\"caption\":\"\",\"created_timestamp\":\"0\",\"copyright\":\"\",\"focal_length\":\"0\",\"iso\":\"0\",\"shutter_speed\":\"0\",\"title\":\"\",\"orientation\":\"0\",\"keywords\":[],\"alt\":\"\"},\"meta\":false},{\"id\":9548,\"title\":\"Maquillaje-Novia-Valencia-2025-35\",\"url\":\"https:\/\/momentodemaquillaje.com\/wp-content\/uploads\/2024\/12\/Maquillaje-Novia-Valencia-2025-35.webp\",\"link\":\"https:\/\/momentodemaquillaje.com\/pgc_simply_gallery\/bodas\/maquillaje-novia-valencia-2025-35\/\",\"alt\":\"\",\"description\":\"\",\"caption\":\"\",\"mime\":\"image\/webp\",\"type\":\"image\",\"width\":1000,\"height\":1500,\"sizes\":{\"thumbnail\":{\"height\":150,\"width\":150,\"url\":\"https:\/\/momentodemaquillaje.com\/wp-content\/uploads\/2024\/12\/Maquillaje-Novia-Valencia-2025-35-150x150.webp\",\"orientation\":\"landscape\"},\"medium\":{\"height\":300,\"width\":200,\"url\":\"https:\/\/momentodemaquillaje.com\/wp-content\/uploads\/2024\/12\/Maquillaje-Novia-Valencia-2025-35-200x300.webp\",\"orientation\":\"portrait\"},\"large\":{\"height\":1024,\"width\":683,\"url\":\"https:\/\/momentodemaquillaje.com\/wp-content\/uploads\/2024\/12\/Maquillaje-Novia-Valencia-2025-35-683x1024.webp\",\"orientation\":\"portrait\"},\"full\":{\"url\":\"https:\/\/momentodemaquillaje.com\/wp-content\/uploads\/2024\/12\/Maquillaje-Novia-Valencia-2025-35.webp\",\"height\":1500,\"width\":1000,\"orientation\":\"portrait\"}},\"imageMeta\":{\"aperture\":\"0\",\"credit\":\"\",\"camera\":\"\",\"caption\":\"\",\"created_timestamp\":\"0\",\"copyright\":\"\",\"focal_length\":\"0\",\"iso\":\"0\",\"shutter_speed\":\"0\",\"title\":\"\",\"orientation\":\"0\",\"keywords\":[]},\"meta\":false},{\"id\":8715,\"title\":\"Maquillaje Novia20\",\"url\":\"https:\/\/momentodemaquillaje.com\/wp-content\/uploads\/2024\/12\/Maquillaje-Novia20.webp\",\"link\":\"https:\/\/momentodemaquillaje.com\/pgc_simply_gallery\/bodas\/maquillaje-novia20\/\",\"alt\":\"\",\"description\":\"\",\"caption\":\"\",\"mime\":\"image\/webp\",\"type\":\"image\",\"width\":500,\"height\":750,\"sizes\":{\"thumbnail\":{\"height\":150,\"width\":150,\"url\":\"https:\/\/momentodemaquillaje.com\/wp-content\/uploads\/2024\/12\/Maquillaje-Novia20-150x150.webp\",\"orientation\":\"landscape\"},\"medium\":{\"height\":300,\"width\":200,\"url\":\"https:\/\/momentodemaquillaje.com\/wp-content\/uploads\/2024\/12\/Maquillaje-Novia20-200x300.webp\",\"orientation\":\"portrait\"},\"full\":{\"url\":\"https:\/\/momentodemaquillaje.com\/wp-content\/uploads\/2024\/12\/Maquillaje-Novia20.webp\",\"height\":750,\"width\":500,\"orientation\":\"portrait\"}},\"imageMeta\":{\"aperture\":\"0\",\"credit\":\"\",\"camera\":\"\",\"caption\":\"\",\"created_timestamp\":\"0\",\"copyright\":\"\",\"focal_length\":\"0\",\"iso\":\"0\",\"shutter_speed\":\"0\",\"title\":\"\",\"orientation\":\"0\",\"keywords\":[]},\"meta\":false},{\"id\":9550,\"title\":\"Maquillaje-Novia-Valencia-2025-33\",\"url\":\"https:\/\/momentodemaquillaje.com\/wp-content\/uploads\/2024\/12\/Maquillaje-Novia-Valencia-2025-33.webp\",\"link\":\"https:\/\/momentodemaquillaje.com\/pgc_simply_gallery\/bodas\/maquillaje-novia-valencia-2025-33\/\",\"alt\":\"\",\"description\":\"\",\"caption\":\"\",\"mime\":\"image\/webp\",\"type\":\"image\",\"width\":1000,\"height\":1500,\"sizes\":{\"thumbnail\":{\"height\":150,\"width\":150,\"url\":\"https:\/\/momentodemaquillaje.com\/wp-content\/uploads\/2024\/12\/Maquillaje-Novia-Valencia-2025-33-150x150.webp\",\"orientation\":\"landscape\"},\"medium\":{\"height\":300,\"width\":200,\"url\":\"https:\/\/momentodemaquillaje.com\/wp-content\/uploads\/2024\/12\/Maquillaje-Novia-Valencia-2025-33-200x300.webp\",\"orientation\":\"portrait\"},\"large\":{\"height\":1024,\"width\":683,\"url\":\"https:\/\/momentodemaquillaje.com\/wp-content\/uploads\/2024\/12\/Maquillaje-Novia-Valencia-2025-33-683x1024.webp\",\"orientation\":\"portrait\"},\"full\":{\"url\":\"https:\/\/momentodemaquillaje.com\/wp-content\/uploads\/2024\/12\/Maquillaje-Novia-Valencia-2025-33.webp\",\"height\":1500,\"width\":1000,\"orientation\":\"portrait\"}},\"imageMeta\":{\"aperture\":\"0\",\"credit\":\"\",\"camera\":\"\",\"caption\":\"\",\"created_timestamp\":\"0\",\"copyright\":\"\",\"focal_length\":\"0\",\"iso\":\"0\",\"shutter_speed\":\"0\",\"title\":\"\",\"orientation\":\"0\",\"keywords\":[]},\"meta\":false},{\"id\":9549,\"title\":\"Maquillaje-Novia-Valencia-2025-34\",\"url\":\"https:\/\/momentodemaquillaje.com\/wp-content\/uploads\/2024\/12\/Maquillaje-Novia-Valencia-2025-34.webp\",\"link\":\"https:\/\/momentodemaquillaje.com\/pgc_simply_gallery\/bodas\/maquillaje-novia-valencia-2025-34\/\",\"alt\":\"\",\"description\":\"\",\"caption\":\"\",\"mime\":\"image\/webp\",\"type\":\"image\",\"width\":1000,\"height\":1500,\"sizes\":{\"thumbnail\":{\"height\":150,\"width\":150,\"url\":\"https:\/\/momentodemaquillaje.com\/wp-content\/uploads\/2024\/12\/Maquillaje-Novia-Valencia-2025-34-150x150.webp\",\"orientation\":\"landscape\"},\"medium\":{\"height\":300,\"width\":200,\"url\":\"https:\/\/momentodemaquillaje.com\/wp-content\/uploads\/2024\/12\/Maquillaje-Novia-Valencia-2025-34-200x300.webp\",\"orientation\":\"portrait\"},\"large\":{\"height\":1024,\"width\":683,\"url\":\"https:\/\/momentodemaquillaje.com\/wp-content\/uploads\/2024\/12\/Maquillaje-Novia-Valencia-2025-34-683x1024.webp\",\"orientation\":\"portrait\"},\"full\":{\"url\":\"https:\/\/momentodemaquillaje.com\/wp-content\/uploads\/2024\/12\/Maquillaje-Novia-Valencia-2025-34.webp\",\"height\":1500,\"width\":1000,\"orientation\":\"portrait\"}},\"imageMeta\":{\"aperture\":\"0\",\"credit\":\"\",\"camera\":\"\",\"caption\":\"\",\"created_timestamp\":\"0\",\"copyright\":\"\",\"focal_length\":\"0\",\"iso\":\"0\",\"shutter_speed\":\"0\",\"title\":\"\",\"orientation\":\"0\",\"keywords\":[]},\"meta\":false},{\"id\":9527,\"title\":\"Maquillaje-Novia-Valencia-2025-4\",\"url\":\"https:\/\/momentodemaquillaje.com\/wp-content\/uploads\/2024\/12\/Maquillaje-Novia-Valencia-2025-4.jpg\",\"link\":\"https:\/\/momentodemaquillaje.com\/pgc_simply_gallery\/bodas\/maquillaje-novia-valencia-2025-4\/\",\"alt\":\"Novia en Valencia con maquillaje natural y luminoso, vestido blanco de encaje y ramo de flores, look rom\u00e1ntico y elegante para boda\",\"description\":\"\",\"caption\":\"\",\"mime\":\"image\/jpeg\",\"type\":\"image\",\"width\":1000,\"height\":1500,\"sizes\":{\"thumbnail\":{\"height\":150,\"width\":150,\"url\":\"https:\/\/momentodemaquillaje.com\/wp-content\/uploads\/2024\/12\/Maquillaje-Novia-Valencia-2025-4-150x150.jpg\",\"orientation\":\"landscape\"},\"medium\":{\"height\":300,\"width\":200,\"url\":\"https:\/\/momentodemaquillaje.com\/wp-content\/uploads\/2024\/12\/Maquillaje-Novia-Valencia-2025-4-200x300.jpg\",\"orientation\":\"portrait\"},\"large\":{\"height\":1024,\"width\":683,\"url\":\"https:\/\/momentodemaquillaje.com\/wp-content\/uploads\/2024\/12\/Maquillaje-Novia-Valencia-2025-4-683x1024.jpg\",\"orientation\":\"portrait\"},\"full\":{\"url\":\"https:\/\/momentodemaquillaje.com\/wp-content\/uploads\/2024\/12\/Maquillaje-Novia-Valencia-2025-4.jpg\",\"height\":1500,\"width\":1000,\"orientation\":\"portrait\"}},\"imageMeta\":{\"aperture\":\"0\",\"credit\":\"\",\"camera\":\"\",\"caption\":\"\",\"created_timestamp\":\"0\",\"copyright\":\"\",\"focal_length\":\"0\",\"iso\":\"0\",\"shutter_speed\":\"0\",\"title\":\"\",\"orientation\":\"1\",\"keywords\":[]},\"meta\":false},{\"id\":9530,\"title\":\"Maquillaje-Novia-Valencia-2025-1\",\"url\":\"https:\/\/momentodemaquillaje.com\/wp-content\/uploads\/2024\/12\/Maquillaje-Novia-Valencia-2025-1.jpg\",\"link\":\"https:\/\/momentodemaquillaje.com\/pgc_simply_gallery\/bodas\/maquillaje-novia-valencia-2025-1\/\",\"alt\":\"Maquillaje de novia en Valencia con sombras rosadas y labios nude, look elegante y luminoso ideal para boda\",\"description\":\"\",\"caption\":\"\",\"mime\":\"image\/jpeg\",\"type\":\"image\",\"width\":1000,\"height\":1500,\"sizes\":{\"thumbnail\":{\"height\":150,\"width\":150,\"url\":\"https:\/\/momentodemaquillaje.com\/wp-content\/uploads\/2024\/12\/Maquillaje-Novia-Valencia-2025-1-150x150.jpg\",\"orientation\":\"landscape\"},\"medium\":{\"height\":300,\"width\":200,\"url\":\"https:\/\/momentodemaquillaje.com\/wp-content\/uploads\/2024\/12\/Maquillaje-Novia-Valencia-2025-1-200x300.jpg\",\"orientation\":\"portrait\"},\"large\":{\"height\":1024,\"width\":683,\"url\":\"https:\/\/momentodemaquillaje.com\/wp-content\/uploads\/2024\/12\/Maquillaje-Novia-Valencia-2025-1-683x1024.jpg\",\"orientation\":\"portrait\"},\"full\":{\"url\":\"https:\/\/momentodemaquillaje.com\/wp-content\/uploads\/2024\/12\/Maquillaje-Novia-Valencia-2025-1.jpg\",\"height\":1500,\"width\":1000,\"orientation\":\"portrait\"}},\"imageMeta\":{\"aperture\":\"0\",\"credit\":\"\",\"camera\":\"\",\"caption\":\"\",\"created_timestamp\":\"0\",\"copyright\":\"\",\"focal_length\":\"0\",\"iso\":\"0\",\"shutter_speed\":\"0\",\"title\":\"\",\"orientation\":\"1\",\"keywords\":[]},\"meta\":false},{\"id\":9529,\"title\":\"Maquillaje y peinado de novia en Valencia \u2013 Recogido elegante con acabado pulido\",\"url\":\"https:\/\/momentodemaquillaje.com\/wp-content\/uploads\/2024\/12\/Maquillaje-Novia-Valencia-2025-2.jpg\",\"link\":\"https:\/\/momentodemaquillaje.com\/pgc_simply_gallery\/bodas\/maquillaje-novia-valencia-2025-2\/\",\"alt\":\"Recogido bajo trenzado para novia en Valencia, peinado elegante y sofisticado que complementa el maquillaje de novia\",\"description\":\"\",\"caption\":\"\",\"mime\":\"image\/jpeg\",\"type\":\"image\",\"width\":1000,\"height\":1500,\"sizes\":{\"thumbnail\":{\"height\":150,\"width\":150,\"url\":\"https:\/\/momentodemaquillaje.com\/wp-content\/uploads\/2024\/12\/Maquillaje-Novia-Valencia-2025-2-150x150.jpg\",\"orientation\":\"landscape\"},\"medium\":{\"height\":300,\"width\":200,\"url\":\"https:\/\/momentodemaquillaje.com\/wp-content\/uploads\/2024\/12\/Maquillaje-Novia-Valencia-2025-2-200x300.jpg\",\"orientation\":\"portrait\"},\"large\":{\"height\":1024,\"width\":683,\"url\":\"https:\/\/momentodemaquillaje.com\/wp-content\/uploads\/2024\/12\/Maquillaje-Novia-Valencia-2025-2-683x1024.jpg\",\"orientation\":\"portrait\"},\"full\":{\"url\":\"https:\/\/momentodemaquillaje.com\/wp-content\/uploads\/2024\/12\/Maquillaje-Novia-Valencia-2025-2.jpg\",\"height\":1500,\"width\":1000,\"orientation\":\"portrait\"}},\"imageMeta\":{\"aperture\":\"0\",\"credit\":\"\",\"camera\":\"\",\"caption\":\"\",\"created_timestamp\":\"0\",\"copyright\":\"\",\"focal_length\":\"0\",\"iso\":\"0\",\"shutter_speed\":\"0\",\"title\":\"\",\"orientation\":\"1\",\"keywords\":[]},\"meta\":false},{\"id\":9516,\"title\":\"Maquillaje-Novia-Valencia-2025-15\",\"url\":\"https:\/\/momentodemaquillaje.com\/wp-content\/uploads\/2024\/12\/Maquillaje-Novia-Valencia-2025-15.jpg\",\"link\":\"https:\/\/momentodemaquillaje.com\/pgc_simply_gallery\/bodas\/maquillaje-novia-valencia-2025-15\/\",\"alt\":\"Maquillaje para invitada de boda en Valencia con piel luminosa y sombras suaves, estilo elegante que complementa el maquillaje de novia\",\"description\":\"\",\"caption\":\"\",\"mime\":\"image\/jpeg\",\"type\":\"image\",\"width\":1000,\"height\":1500,\"sizes\":{\"thumbnail\":{\"height\":150,\"width\":150,\"url\":\"https:\/\/momentodemaquillaje.com\/wp-content\/uploads\/2024\/12\/Maquillaje-Novia-Valencia-2025-15-150x150.jpg\",\"orientation\":\"landscape\"},\"medium\":{\"height\":300,\"width\":200,\"url\":\"https:\/\/momentodemaquillaje.com\/wp-content\/uploads\/2024\/12\/Maquillaje-Novia-Valencia-2025-15-200x300.jpg\",\"orientation\":\"portrait\"},\"large\":{\"height\":1024,\"width\":683,\"url\":\"https:\/\/momentodemaquillaje.com\/wp-content\/uploads\/2024\/12\/Maquillaje-Novia-Valencia-2025-15-683x1024.jpg\",\"orientation\":\"portrait\"},\"full\":{\"url\":\"https:\/\/momentodemaquillaje.com\/wp-content\/uploads\/2024\/12\/Maquillaje-Novia-Valencia-2025-15.jpg\",\"height\":1500,\"width\":1000,\"orientation\":\"portrait\"}},\"imageMeta\":{\"aperture\":\"0\",\"credit\":\"\",\"camera\":\"\",\"caption\":\"\",\"created_timestamp\":\"0\",\"copyright\":\"\",\"focal_length\":\"0\",\"iso\":\"0\",\"shutter_speed\":\"0\",\"title\":\"\",\"orientation\":\"1\",\"keywords\":[]},\"meta\":false},{\"id\":9522,\"title\":\"Maquillaje y peinado de novia en Valencia \u2013 Recogido lateral con detalle floral\",\"url\":\"https:\/\/momentodemaquillaje.com\/wp-content\/uploads\/2024\/12\/Maquillaje-Novia-Valencia-2025-9.jpg\",\"link\":\"https:\/\/momentodemaquillaje.com\/pgc_simply_gallery\/bodas\/maquillaje-novia-valencia-2025-9\/\",\"alt\":\"Peinado de novia en Valencia con ondas laterales y adornos florales, maquillaje elegante y luminoso para boda\",\"description\":\"\",\"caption\":\"\",\"mime\":\"image\/jpeg\",\"type\":\"image\",\"width\":1000,\"height\":1500,\"sizes\":{\"thumbnail\":{\"height\":150,\"width\":150,\"url\":\"https:\/\/momentodemaquillaje.com\/wp-content\/uploads\/2024\/12\/Maquillaje-Novia-Valencia-2025-9-150x150.jpg\",\"orientation\":\"landscape\"},\"medium\":{\"height\":300,\"width\":200,\"url\":\"https:\/\/momentodemaquillaje.com\/wp-content\/uploads\/2024\/12\/Maquillaje-Novia-Valencia-2025-9-200x300.jpg\",\"orientation\":\"portrait\"},\"large\":{\"height\":1024,\"width\":683,\"url\":\"https:\/\/momentodemaquillaje.com\/wp-content\/uploads\/2024\/12\/Maquillaje-Novia-Valencia-2025-9-683x1024.jpg\",\"orientation\":\"portrait\"},\"full\":{\"url\":\"https:\/\/momentodemaquillaje.com\/wp-content\/uploads\/2024\/12\/Maquillaje-Novia-Valencia-2025-9.jpg\",\"height\":1500,\"width\":1000,\"orientation\":\"portrait\"}},\"imageMeta\":{\"aperture\":\"0\",\"credit\":\"\",\"camera\":\"\",\"caption\":\"\",\"created_timestamp\":\"0\",\"copyright\":\"\",\"focal_length\":\"0\",\"iso\":\"0\",\"shutter_speed\":\"0\",\"title\":\"\",\"orientation\":\"1\",\"keywords\":[]},\"meta\":false},{\"id\":9503,\"title\":\"Maquillaje-Novia-Valencia-2025-28\",\"url\":\"https:\/\/momentodemaquillaje.com\/wp-content\/uploads\/2024\/12\/Maquillaje-Novia-Valencia-2025-28.jpg\",\"link\":\"https:\/\/momentodemaquillaje.com\/pgc_simply_gallery\/bodas\/maquillaje-novia-valencia-2025-28\/\",\"alt\":\"Novia en Valencia con maquillaje elegante y recogido bajo decorado con flores, look sofisticado y natural para boda\",\"description\":\"\",\"caption\":\"\",\"mime\":\"image\/jpeg\",\"type\":\"image\",\"width\":1000,\"height\":1500,\"sizes\":{\"thumbnail\":{\"height\":150,\"width\":150,\"url\":\"https:\/\/momentodemaquillaje.com\/wp-content\/uploads\/2024\/12\/Maquillaje-Novia-Valencia-2025-28-150x150.jpg\",\"orientation\":\"landscape\"},\"medium\":{\"height\":300,\"width\":200,\"url\":\"https:\/\/momentodemaquillaje.com\/wp-content\/uploads\/2024\/12\/Maquillaje-Novia-Valencia-2025-28-200x300.jpg\",\"orientation\":\"portrait\"},\"large\":{\"height\":1024,\"width\":683,\"url\":\"https:\/\/momentodemaquillaje.com\/wp-content\/uploads\/2024\/12\/Maquillaje-Novia-Valencia-2025-28-683x1024.jpg\",\"orientation\":\"portrait\"},\"full\":{\"url\":\"https:\/\/momentodemaquillaje.com\/wp-content\/uploads\/2024\/12\/Maquillaje-Novia-Valencia-2025-28.jpg\",\"height\":1500,\"width\":1000,\"orientation\":\"portrait\"}},\"imageMeta\":{\"aperture\":\"0\",\"credit\":\"\",\"camera\":\"\",\"caption\":\"\",\"created_timestamp\":\"0\",\"copyright\":\"\",\"focal_length\":\"0\",\"iso\":\"0\",\"shutter_speed\":\"0\",\"title\":\"\",\"orientation\":\"1\",\"keywords\":[]},\"meta\":false},{\"id\":9514,\"title\":\"Maquillaje para invitada elegante en Valencia \u2013 Look sofisticado y moderno\",\"url\":\"https:\/\/momentodemaquillaje.com\/wp-content\/uploads\/2024\/12\/Maquillaje-Novia-Valencia-2025-17.jpg\",\"link\":\"https:\/\/momentodemaquillaje.com\/pgc_simply_gallery\/bodas\/maquillaje-novia-valencia-2025-17\/\",\"alt\":\"Maquillaje para invitada elegante en Valencia con labios nude y ojos definidos, estilo moderno que acompa\u00f1a al maquillaje de novia\",\"description\":\"\",\"caption\":\"\",\"mime\":\"image\/jpeg\",\"type\":\"image\",\"width\":1000,\"height\":1500,\"sizes\":{\"thumbnail\":{\"height\":150,\"width\":150,\"url\":\"https:\/\/momentodemaquillaje.com\/wp-content\/uploads\/2024\/12\/Maquillaje-Novia-Valencia-2025-17-150x150.jpg\",\"orientation\":\"landscape\"},\"medium\":{\"height\":300,\"width\":200,\"url\":\"https:\/\/momentodemaquillaje.com\/wp-content\/uploads\/2024\/12\/Maquillaje-Novia-Valencia-2025-17-200x300.jpg\",\"orientation\":\"portrait\"},\"large\":{\"height\":1024,\"width\":683,\"url\":\"https:\/\/momentodemaquillaje.com\/wp-content\/uploads\/2024\/12\/Maquillaje-Novia-Valencia-2025-17-683x1024.jpg\",\"orientation\":\"portrait\"},\"full\":{\"url\":\"https:\/\/momentodemaquillaje.com\/wp-content\/uploads\/2024\/12\/Maquillaje-Novia-Valencia-2025-17.jpg\",\"height\":1500,\"width\":1000,\"orientation\":\"portrait\"}},\"imageMeta\":{\"aperture\":\"0\",\"credit\":\"\",\"camera\":\"\",\"caption\":\"\",\"created_timestamp\":\"0\",\"copyright\":\"\",\"focal_length\":\"0\",\"iso\":\"0\",\"shutter_speed\":\"0\",\"title\":\"\",\"orientation\":\"1\",\"keywords\":[]},\"meta\":false},{\"id\":8703,\"title\":\"Maquillaje Novia30\",\"url\":\"https:\/\/momentodemaquillaje.com\/wp-content\/uploads\/2024\/12\/Maquillaje-Novia30.webp\",\"link\":\"https:\/\/momentodemaquillaje.com\/pgc_simply_gallery\/bodas\/maquillaje-novia30\/\",\"alt\":\"\",\"description\":\"\",\"caption\":\"\",\"mime\":\"image\/webp\",\"type\":\"image\",\"width\":500,\"height\":750,\"sizes\":{\"thumbnail\":{\"height\":150,\"width\":150,\"url\":\"https:\/\/momentodemaquillaje.com\/wp-content\/uploads\/2024\/12\/Maquillaje-Novia30-150x150.webp\",\"orientation\":\"landscape\"},\"medium\":{\"height\":300,\"width\":200,\"url\":\"https:\/\/momentodemaquillaje.com\/wp-content\/uploads\/2024\/12\/Maquillaje-Novia30-200x300.webp\",\"orientation\":\"portrait\"},\"full\":{\"url\":\"https:\/\/momentodemaquillaje.com\/wp-content\/uploads\/2024\/12\/Maquillaje-Novia30.webp\",\"height\":750,\"width\":500,\"orientation\":\"portrait\"}},\"imageMeta\":{\"aperture\":\"0\",\"credit\":\"\",\"camera\":\"\",\"caption\":\"\",\"created_timestamp\":\"0\",\"copyright\":\"\",\"focal_length\":\"0\",\"iso\":\"0\",\"shutter_speed\":\"0\",\"title\":\"\",\"orientation\":\"0\",\"keywords\":[]},\"meta\":false},{\"id\":9528,\"title\":\"Maquillaje-Novia-Natural-Valencia-2025-3\",\"url\":\"https:\/\/momentodemaquillaje.com\/wp-content\/uploads\/2024\/12\/Maquillaje-Novia-Valencia-2025-3.jpg\",\"link\":\"https:\/\/momentodemaquillaje.com\/pgc_simply_gallery\/bodas\/maquillaje-novia-valencia-2025-3\/\",\"alt\":\"Maquillaje de novia en Valencia con acabado natural y luminoso, resaltando la piel radiante y sonrisa fresca\",\"description\":\"\",\"caption\":\"\",\"mime\":\"image\/jpeg\",\"type\":\"image\",\"width\":1000,\"height\":1500,\"sizes\":{\"thumbnail\":{\"height\":150,\"width\":150,\"url\":\"https:\/\/momentodemaquillaje.com\/wp-content\/uploads\/2024\/12\/Maquillaje-Novia-Valencia-2025-3-150x150.jpg\",\"orientation\":\"landscape\"},\"medium\":{\"height\":300,\"width\":200,\"url\":\"https:\/\/momentodemaquillaje.com\/wp-content\/uploads\/2024\/12\/Maquillaje-Novia-Valencia-2025-3-200x300.jpg\",\"orientation\":\"portrait\"},\"large\":{\"height\":1024,\"width\":683,\"url\":\"https:\/\/momentodemaquillaje.com\/wp-content\/uploads\/2024\/12\/Maquillaje-Novia-Valencia-2025-3-683x1024.jpg\",\"orientation\":\"portrait\"},\"full\":{\"url\":\"https:\/\/momentodemaquillaje.com\/wp-content\/uploads\/2024\/12\/Maquillaje-Novia-Valencia-2025-3.jpg\",\"height\":1500,\"width\":1000,\"orientation\":\"portrait\"}},\"imageMeta\":{\"aperture\":\"0\",\"credit\":\"\",\"camera\":\"\",\"caption\":\"\",\"created_timestamp\":\"0\",\"copyright\":\"\",\"focal_length\":\"0\",\"iso\":\"0\",\"shutter_speed\":\"0\",\"title\":\"\",\"orientation\":\"1\",\"keywords\":[]},\"meta\":false},{\"id\":8712,\"title\":\"Maquillaje Novia9\",\"url\":\"https:\/\/momentodemaquillaje.com\/wp-content\/uploads\/2024\/12\/Maquillaje-Novia9.webp\",\"link\":\"https:\/\/momentodemaquillaje.com\/pgc_simply_gallery\/bodas\/maquillaje-novia9\/\",\"alt\":\"\",\"description\":\"\",\"caption\":\"\",\"mime\":\"image\/webp\",\"type\":\"image\",\"width\":500,\"height\":750,\"sizes\":{\"thumbnail\":{\"height\":150,\"width\":150,\"url\":\"https:\/\/momentodemaquillaje.com\/wp-content\/uploads\/2024\/12\/Maquillaje-Novia9-150x150.webp\",\"orientation\":\"landscape\"},\"medium\":{\"height\":300,\"width\":200,\"url\":\"https:\/\/momentodemaquillaje.com\/wp-content\/uploads\/2024\/12\/Maquillaje-Novia9-200x300.webp\",\"orientation\":\"portrait\"},\"full\":{\"url\":\"https:\/\/momentodemaquillaje.com\/wp-content\/uploads\/2024\/12\/Maquillaje-Novia9.webp\",\"height\":750,\"width\":500,\"orientation\":\"portrait\"}},\"imageMeta\":{\"aperture\":\"0\",\"credit\":\"\",\"camera\":\"\",\"caption\":\"\",\"created_timestamp\":\"0\",\"copyright\":\"\",\"focal_length\":\"0\",\"iso\":\"0\",\"shutter_speed\":\"0\",\"title\":\"\",\"orientation\":\"0\",\"keywords\":[]},\"meta\":false},{\"id\":9523,\"title\":\"Maquillaje-Novia-Valencia-2025-8\",\"url\":\"https:\/\/momentodemaquillaje.com\/wp-content\/uploads\/2024\/12\/Maquillaje-Novia-Valencia-2025-8.jpg\",\"link\":\"https:\/\/momentodemaquillaje.com\/pgc_simply_gallery\/bodas\/maquillaje-novia-valencia-2025-8\/\",\"alt\":\"Maquillaje de novia en Valencia con rizos naturales, piel luminosa y sombras suaves, estilo fresco y elegante para boda\",\"description\":\"\",\"caption\":\"\",\"mime\":\"image\/jpeg\",\"type\":\"image\",\"width\":1000,\"height\":1500,\"sizes\":{\"thumbnail\":{\"height\":150,\"width\":150,\"url\":\"https:\/\/momentodemaquillaje.com\/wp-content\/uploads\/2024\/12\/Maquillaje-Novia-Valencia-2025-8-150x150.jpg\",\"orientation\":\"landscape\"},\"medium\":{\"height\":300,\"width\":200,\"url\":\"https:\/\/momentodemaquillaje.com\/wp-content\/uploads\/2024\/12\/Maquillaje-Novia-Valencia-2025-8-200x300.jpg\",\"orientation\":\"portrait\"},\"large\":{\"height\":1024,\"width\":683,\"url\":\"https:\/\/momentodemaquillaje.com\/wp-content\/uploads\/2024\/12\/Maquillaje-Novia-Valencia-2025-8-683x1024.jpg\",\"orientation\":\"portrait\"},\"full\":{\"url\":\"https:\/\/momentodemaquillaje.com\/wp-content\/uploads\/2024\/12\/Maquillaje-Novia-Valencia-2025-8.jpg\",\"height\":1500,\"width\":1000,\"orientation\":\"portrait\"}},\"imageMeta\":{\"aperture\":\"0\",\"credit\":\"\",\"camera\":\"\",\"caption\":\"\",\"created_timestamp\":\"0\",\"copyright\":\"\",\"focal_length\":\"0\",\"iso\":\"0\",\"shutter_speed\":\"0\",\"title\":\"\",\"orientation\":\"1\",\"keywords\":[]},\"meta\":false},{\"id\":9521,\"title\":\"Maquillaje-Novia-Valencia-2025-10\",\"url\":\"https:\/\/momentodemaquillaje.com\/wp-content\/uploads\/2024\/12\/Maquillaje-Novia-Valencia-2025-10.jpg\",\"link\":\"https:\/\/momentodemaquillaje.com\/pgc_simply_gallery\/bodas\/maquillaje-novia-valencia-2025-10\/\",\"alt\":\"Maquillaje de novia en Valencia con ondas suaves, piel luminosa y sonrisa natural, estilo rom\u00e1ntico ideal para boda\",\"description\":\"\",\"caption\":\"\",\"mime\":\"image\/jpeg\",\"type\":\"image\",\"width\":1000,\"height\":1500,\"sizes\":{\"thumbnail\":{\"height\":150,\"width\":150,\"url\":\"https:\/\/momentodemaquillaje.com\/wp-content\/uploads\/2024\/12\/Maquillaje-Novia-Valencia-2025-10-150x150.jpg\",\"orientation\":\"landscape\"},\"medium\":{\"height\":300,\"width\":200,\"url\":\"https:\/\/momentodemaquillaje.com\/wp-content\/uploads\/2024\/12\/Maquillaje-Novia-Valencia-2025-10-200x300.jpg\",\"orientation\":\"portrait\"},\"large\":{\"height\":1024,\"width\":683,\"url\":\"https:\/\/momentodemaquillaje.com\/wp-content\/uploads\/2024\/12\/Maquillaje-Novia-Valencia-2025-10-683x1024.jpg\",\"orientation\":\"portrait\"},\"full\":{\"url\":\"https:\/\/momentodemaquillaje.com\/wp-content\/uploads\/2024\/12\/Maquillaje-Novia-Valencia-2025-10.jpg\",\"height\":1500,\"width\":1000,\"orientation\":\"portrait\"}},\"imageMeta\":{\"aperture\":\"0\",\"credit\":\"\",\"camera\":\"\",\"caption\":\"\",\"created_timestamp\":\"0\",\"copyright\":\"\",\"focal_length\":\"0\",\"iso\":\"0\",\"shutter_speed\":\"0\",\"title\":\"\",\"orientation\":\"1\",\"keywords\":[]},\"meta\":false},{\"id\":8704,\"title\":\"Maquillaje Novia3\",\"url\":\"https:\/\/momentodemaquillaje.com\/wp-content\/uploads\/2024\/12\/Maquillaje-Novia3.webp\",\"link\":\"https:\/\/momentodemaquillaje.com\/pgc_simply_gallery\/bodas\/maquillaje-novia3\/\",\"alt\":\"\",\"description\":\"\",\"caption\":\"\",\"mime\":\"image\/webp\",\"type\":\"image\",\"width\":500,\"height\":750,\"sizes\":{\"thumbnail\":{\"height\":150,\"width\":150,\"url\":\"https:\/\/momentodemaquillaje.com\/wp-content\/uploads\/2024\/12\/Maquillaje-Novia3-150x150.webp\",\"orientation\":\"landscape\"},\"medium\":{\"height\":300,\"width\":200,\"url\":\"https:\/\/momentodemaquillaje.com\/wp-content\/uploads\/2024\/12\/Maquillaje-Novia3-200x300.webp\",\"orientation\":\"portrait\"},\"full\":{\"url\":\"https:\/\/momentodemaquillaje.com\/wp-content\/uploads\/2024\/12\/Maquillaje-Novia3.webp\",\"height\":750,\"width\":500,\"orientation\":\"portrait\"}},\"imageMeta\":{\"aperture\":\"0\",\"credit\":\"\",\"camera\":\"\",\"caption\":\"\",\"created_timestamp\":\"0\",\"copyright\":\"\",\"focal_length\":\"0\",\"iso\":\"0\",\"shutter_speed\":\"0\",\"title\":\"\",\"orientation\":\"0\",\"keywords\":[]},\"meta\":false},{\"id\":9526,\"title\":\"Maquillaje para la hermana de la novia \u2013 Estilo elegante en Valencia\",\"url\":\"https:\/\/momentodemaquillaje.com\/wp-content\/uploads\/2024\/12\/Maquillaje-Novia-Valencia-2025-5.jpg\",\"link\":\"https:\/\/momentodemaquillaje.com\/pgc_simply_gallery\/bodas\/maquillaje-novia-valencia-2025-5\/\",\"alt\":\"Maquillaje para la hermana de la novia en Valencia con ondas suaves y acabado natural, look juvenil y sofisticado que complementa el maquillaje de novia\",\"description\":\"\",\"caption\":\"\",\"mime\":\"image\/jpeg\",\"type\":\"image\",\"width\":1000,\"height\":1500,\"sizes\":{\"thumbnail\":{\"height\":150,\"width\":150,\"url\":\"https:\/\/momentodemaquillaje.com\/wp-content\/uploads\/2024\/12\/Maquillaje-Novia-Valencia-2025-5-150x150.jpg\",\"orientation\":\"landscape\"},\"medium\":{\"height\":300,\"width\":200,\"url\":\"https:\/\/momentodemaquillaje.com\/wp-content\/uploads\/2024\/12\/Maquillaje-Novia-Valencia-2025-5-200x300.jpg\",\"orientation\":\"portrait\"},\"large\":{\"height\":1024,\"width\":683,\"url\":\"https:\/\/momentodemaquillaje.com\/wp-content\/uploads\/2024\/12\/Maquillaje-Novia-Valencia-2025-5-683x1024.jpg\",\"orientation\":\"portrait\"},\"full\":{\"url\":\"https:\/\/momentodemaquillaje.com\/wp-content\/uploads\/2024\/12\/Maquillaje-Novia-Valencia-2025-5.jpg\",\"height\":1500,\"width\":1000,\"orientation\":\"portrait\"}},\"imageMeta\":{\"aperture\":\"0\",\"credit\":\"\",\"camera\":\"\",\"caption\":\"\",\"created_timestamp\":\"0\",\"copyright\":\"\",\"focal_length\":\"0\",\"iso\":\"0\",\"shutter_speed\":\"0\",\"title\":\"\",\"orientation\":\"1\",\"keywords\":[]},\"meta\":false},{\"id\":9525,\"title\":\"Maquillaje para la madre de la novia en Valencia \u2013 Elegancia y sofisticaci\u00f3n\",\"url\":\"https:\/\/momentodemaquillaje.com\/wp-content\/uploads\/2024\/12\/Maquillaje-Novia-Valencia-2025-6.jpg\",\"link\":\"https:\/\/momentodemaquillaje.com\/pgc_simply_gallery\/bodas\/maquillaje-novia-valencia-2025-6\/\",\"alt\":\"Maquillaje para la madre de la novia en Valencia con ondas suaves y labios naturales, look elegante que acompa\u00f1a al maquillaje de novia\",\"description\":\"\",\"caption\":\"\",\"mime\":\"image\/jpeg\",\"type\":\"image\",\"width\":1000,\"height\":1500,\"sizes\":{\"thumbnail\":{\"height\":150,\"width\":150,\"url\":\"https:\/\/momentodemaquillaje.com\/wp-content\/uploads\/2024\/12\/Maquillaje-Novia-Valencia-2025-6-150x150.jpg\",\"orientation\":\"landscape\"},\"medium\":{\"height\":300,\"width\":200,\"url\":\"https:\/\/momentodemaquillaje.com\/wp-content\/uploads\/2024\/12\/Maquillaje-Novia-Valencia-2025-6-200x300.jpg\",\"orientation\":\"portrait\"},\"large\":{\"height\":1024,\"width\":683,\"url\":\"https:\/\/momentodemaquillaje.com\/wp-content\/uploads\/2024\/12\/Maquillaje-Novia-Valencia-2025-6-683x1024.jpg\",\"orientation\":\"portrait\"},\"full\":{\"url\":\"https:\/\/momentodemaquillaje.com\/wp-content\/uploads\/2024\/12\/Maquillaje-Novia-Valencia-2025-6.jpg\",\"height\":1500,\"width\":1000,\"orientation\":\"portrait\"}},\"imageMeta\":{\"aperture\":\"0\",\"credit\":\"\",\"camera\":\"\",\"caption\":\"\",\"created_timestamp\":\"0\",\"copyright\":\"\",\"focal_length\":\"0\",\"iso\":\"0\",\"shutter_speed\":\"0\",\"title\":\"\",\"orientation\":\"1\",\"keywords\":[]},\"meta\":false},{\"id\":9524,\"title\":\"Maquillaje-Novia-Valencia-2025-7\",\"url\":\"https:\/\/momentodemaquillaje.com\/wp-content\/uploads\/2024\/12\/Maquillaje-Novia-Valencia-2025-7.jpg\",\"link\":\"https:\/\/momentodemaquillaje.com\/pgc_simply_gallery\/bodas\/maquillaje-novia-valencia-2025-7\/\",\"alt\":\"Peinado de novia en Valencia con ondas sueltas y acabado brillante, complemento ideal para un maquillaje de novia natural y elegante\",\"description\":\"\",\"caption\":\"\",\"mime\":\"image\/jpeg\",\"type\":\"image\",\"width\":1000,\"height\":1500,\"sizes\":{\"thumbnail\":{\"height\":150,\"width\":150,\"url\":\"https:\/\/momentodemaquillaje.com\/wp-content\/uploads\/2024\/12\/Maquillaje-Novia-Valencia-2025-7-150x150.jpg\",\"orientation\":\"landscape\"},\"medium\":{\"height\":300,\"width\":200,\"url\":\"https:\/\/momentodemaquillaje.com\/wp-content\/uploads\/2024\/12\/Maquillaje-Novia-Valencia-2025-7-200x300.jpg\",\"orientation\":\"portrait\"},\"large\":{\"height\":1024,\"width\":683,\"url\":\"https:\/\/momentodemaquillaje.com\/wp-content\/uploads\/2024\/12\/Maquillaje-Novia-Valencia-2025-7-683x1024.jpg\",\"orientation\":\"portrait\"},\"full\":{\"url\":\"https:\/\/momentodemaquillaje.com\/wp-content\/uploads\/2024\/12\/Maquillaje-Novia-Valencia-2025-7.jpg\",\"height\":1500,\"width\":1000,\"orientation\":\"portrait\"}},\"imageMeta\":{\"aperture\":\"0\",\"credit\":\"\",\"camera\":\"\",\"caption\":\"\",\"created_timestamp\":\"0\",\"copyright\":\"\",\"focal_length\":\"0\",\"iso\":\"0\",\"shutter_speed\":\"0\",\"title\":\"\",\"orientation\":\"1\",\"keywords\":[]},\"meta\":false},{\"id\":9520,\"title\":\"Maquillaje-Novia-Valencia-2025-11\",\"url\":\"https:\/\/momentodemaquillaje.com\/wp-content\/uploads\/2024\/12\/Maquillaje-Novia-Valencia-2025-11.jpg\",\"link\":\"https:\/\/momentodemaquillaje.com\/pgc_simply_gallery\/bodas\/maquillaje-novia-valencia-2025-11\/\",\"alt\":\"Maquillaje para dama de honor en Valencia con vestido azul y corona, estilo juvenil y sofisticado que acompa\u00f1a al maquillaje de novia\",\"description\":\"\",\"caption\":\"\",\"mime\":\"image\/jpeg\",\"type\":\"image\",\"width\":1000,\"height\":1500,\"sizes\":{\"thumbnail\":{\"height\":150,\"width\":150,\"url\":\"https:\/\/momentodemaquillaje.com\/wp-content\/uploads\/2024\/12\/Maquillaje-Novia-Valencia-2025-11-150x150.jpg\",\"orientation\":\"landscape\"},\"medium\":{\"height\":300,\"width\":200,\"url\":\"https:\/\/momentodemaquillaje.com\/wp-content\/uploads\/2024\/12\/Maquillaje-Novia-Valencia-2025-11-200x300.jpg\",\"orientation\":\"portrait\"},\"large\":{\"height\":1024,\"width\":683,\"url\":\"https:\/\/momentodemaquillaje.com\/wp-content\/uploads\/2024\/12\/Maquillaje-Novia-Valencia-2025-11-683x1024.jpg\",\"orientation\":\"portrait\"},\"full\":{\"url\":\"https:\/\/momentodemaquillaje.com\/wp-content\/uploads\/2024\/12\/Maquillaje-Novia-Valencia-2025-11.jpg\",\"height\":1500,\"width\":1000,\"orientation\":\"portrait\"}},\"imageMeta\":{\"aperture\":\"0\",\"credit\":\"\",\"camera\":\"\",\"caption\":\"\",\"created_timestamp\":\"0\",\"copyright\":\"\",\"focal_length\":\"0\",\"iso\":\"0\",\"shutter_speed\":\"0\",\"title\":\"\",\"orientation\":\"1\",\"keywords\":[]},\"meta\":false},{\"id\":9519,\"title\":\"Maquillaje-Novia-Valencia-2025-12\",\"url\":\"https:\/\/momentodemaquillaje.com\/wp-content\/uploads\/2024\/12\/Maquillaje-Novia-Valencia-2025-12.jpg\",\"link\":\"https:\/\/momentodemaquillaje.com\/pgc_simply_gallery\/bodas\/maquillaje-novia-valencia-2025-12\/\",\"alt\":\"Maquillaje para la madre de la novia en Valencia con ojos ahumados y labios naturales, look elegante que complementa el maquillaje de novia\",\"description\":\"\",\"caption\":\"\",\"mime\":\"image\/jpeg\",\"type\":\"image\",\"width\":1000,\"height\":1500,\"sizes\":{\"thumbnail\":{\"height\":150,\"width\":150,\"url\":\"https:\/\/momentodemaquillaje.com\/wp-content\/uploads\/2024\/12\/Maquillaje-Novia-Valencia-2025-12-150x150.jpg\",\"orientation\":\"landscape\"},\"medium\":{\"height\":300,\"width\":200,\"url\":\"https:\/\/momentodemaquillaje.com\/wp-content\/uploads\/2024\/12\/Maquillaje-Novia-Valencia-2025-12-200x300.jpg\",\"orientation\":\"portrait\"},\"large\":{\"height\":1024,\"width\":683,\"url\":\"https:\/\/momentodemaquillaje.com\/wp-content\/uploads\/2024\/12\/Maquillaje-Novia-Valencia-2025-12-683x1024.jpg\",\"orientation\":\"portrait\"},\"full\":{\"url\":\"https:\/\/momentodemaquillaje.com\/wp-content\/uploads\/2024\/12\/Maquillaje-Novia-Valencia-2025-12.jpg\",\"height\":1500,\"width\":1000,\"orientation\":\"portrait\"}},\"imageMeta\":{\"aperture\":\"0\",\"credit\":\"\",\"camera\":\"\",\"caption\":\"\",\"created_timestamp\":\"0\",\"copyright\":\"\",\"focal_length\":\"0\",\"iso\":\"0\",\"shutter_speed\":\"0\",\"title\":\"\",\"orientation\":\"1\",\"keywords\":[]},\"meta\":false},{\"id\":9518,\"title\":\"Maquillaje-Novia-Valencia-2025-13\",\"url\":\"https:\/\/momentodemaquillaje.com\/wp-content\/uploads\/2024\/12\/Maquillaje-Novia-Valencia-2025-13.jpg\",\"link\":\"https:\/\/momentodemaquillaje.com\/pgc_simply_gallery\/bodas\/maquillaje-novia-valencia-2025-13\/\",\"alt\":\"Maquillaje para invitada de boda en Valencia con acabado natural y labios suaves, estilo elegante que complementa el maquillaje de novia\",\"description\":\"\",\"caption\":\"\",\"mime\":\"image\/jpeg\",\"type\":\"image\",\"width\":1000,\"height\":1500,\"sizes\":{\"thumbnail\":{\"height\":150,\"width\":150,\"url\":\"https:\/\/momentodemaquillaje.com\/wp-content\/uploads\/2024\/12\/Maquillaje-Novia-Valencia-2025-13-150x150.jpg\",\"orientation\":\"landscape\"},\"medium\":{\"height\":300,\"width\":200,\"url\":\"https:\/\/momentodemaquillaje.com\/wp-content\/uploads\/2024\/12\/Maquillaje-Novia-Valencia-2025-13-200x300.jpg\",\"orientation\":\"portrait\"},\"large\":{\"height\":1024,\"width\":683,\"url\":\"https:\/\/momentodemaquillaje.com\/wp-content\/uploads\/2024\/12\/Maquillaje-Novia-Valencia-2025-13-683x1024.jpg\",\"orientation\":\"portrait\"},\"full\":{\"url\":\"https:\/\/momentodemaquillaje.com\/wp-content\/uploads\/2024\/12\/Maquillaje-Novia-Valencia-2025-13.jpg\",\"height\":1500,\"width\":1000,\"orientation\":\"portrait\"}},\"imageMeta\":{\"aperture\":\"0\",\"credit\":\"\",\"camera\":\"\",\"caption\":\"\",\"created_timestamp\":\"0\",\"copyright\":\"\",\"focal_length\":\"0\",\"iso\":\"0\",\"shutter_speed\":\"0\",\"title\":\"\",\"orientation\":\"1\",\"keywords\":[]},\"meta\":false},{\"id\":9517,\"title\":\"Maquillaje natural para novio en Valencia \u2013 Look fresco y elegante\",\"url\":\"https:\/\/momentodemaquillaje.com\/wp-content\/uploads\/2024\/12\/Maquillaje-Novia-Valencia-2025-14.jpg\",\"link\":\"https:\/\/momentodemaquillaje.com\/pgc_simply_gallery\/bodas\/maquillaje-novia-valencia-2025-14\/\",\"alt\":\"Maquillaje natural para novio en Valencia con acabado fresco y piel uniforme, look discreto que complementa el maquillaje de novia\",\"description\":\"\",\"caption\":\"\",\"mime\":\"image\/jpeg\",\"type\":\"image\",\"width\":1000,\"height\":1500,\"sizes\":{\"thumbnail\":{\"height\":150,\"width\":150,\"url\":\"https:\/\/momentodemaquillaje.com\/wp-content\/uploads\/2024\/12\/Maquillaje-Novia-Valencia-2025-14-150x150.jpg\",\"orientation\":\"landscape\"},\"medium\":{\"height\":300,\"width\":200,\"url\":\"https:\/\/momentodemaquillaje.com\/wp-content\/uploads\/2024\/12\/Maquillaje-Novia-Valencia-2025-14-200x300.jpg\",\"orientation\":\"portrait\"},\"large\":{\"height\":1024,\"width\":683,\"url\":\"https:\/\/momentodemaquillaje.com\/wp-content\/uploads\/2024\/12\/Maquillaje-Novia-Valencia-2025-14-683x1024.jpg\",\"orientation\":\"portrait\"},\"full\":{\"url\":\"https:\/\/momentodemaquillaje.com\/wp-content\/uploads\/2024\/12\/Maquillaje-Novia-Valencia-2025-14.jpg\",\"height\":1500,\"width\":1000,\"orientation\":\"portrait\"}},\"imageMeta\":{\"aperture\":\"0\",\"credit\":\"\",\"camera\":\"\",\"caption\":\"\",\"created_timestamp\":\"0\",\"copyright\":\"\",\"focal_length\":\"0\",\"iso\":\"0\",\"shutter_speed\":\"0\",\"title\":\"\",\"orientation\":\"1\",\"keywords\":[]},\"meta\":false},{\"id\":8698,\"title\":\"MaquillajeNovia22\",\"url\":\"https:\/\/momentodemaquillaje.com\/wp-content\/uploads\/2024\/12\/MaquillajeNovia22.webp\",\"link\":\"https:\/\/momentodemaquillaje.com\/pgc_simply_gallery\/bodas\/maquillajenovia22\/\",\"alt\":\"\",\"description\":\"\",\"caption\":\"\",\"mime\":\"image\/webp\",\"type\":\"image\",\"width\":500,\"height\":750,\"sizes\":{\"thumbnail\":{\"height\":150,\"width\":150,\"url\":\"https:\/\/momentodemaquillaje.com\/wp-content\/uploads\/2024\/12\/MaquillajeNovia22-150x150.webp\",\"orientation\":\"landscape\"},\"medium\":{\"height\":300,\"width\":200,\"url\":\"https:\/\/momentodemaquillaje.com\/wp-content\/uploads\/2024\/12\/MaquillajeNovia22-200x300.webp\",\"orientation\":\"portrait\"},\"full\":{\"url\":\"https:\/\/momentodemaquillaje.com\/wp-content\/uploads\/2024\/12\/MaquillajeNovia22.webp\",\"height\":750,\"width\":500,\"orientation\":\"portrait\"}},\"imageMeta\":{\"aperture\":\"0\",\"credit\":\"\",\"camera\":\"\",\"caption\":\"\",\"created_timestamp\":\"0\",\"copyright\":\"\",\"focal_length\":\"0\",\"iso\":\"0\",\"shutter_speed\":\"0\",\"title\":\"\",\"orientation\":\"0\",\"keywords\":[]},\"meta\":false},{\"id\":9515,\"title\":\"Maquillaje para invitada de boda en Valencia \u2013 Look sofisticado con labios rojos\",\"url\":\"https:\/\/momentodemaquillaje.com\/wp-content\/uploads\/2024\/12\/Maquillaje-Novia-Valencia-2025-16.jpg\",\"link\":\"https:\/\/momentodemaquillaje.com\/pgc_simply_gallery\/bodas\/maquillaje-novia-valencia-2025-16\/\",\"alt\":\"Maquillaje para invitada de boda en Valencia con labios rojos y piel luminosa, estilo elegante que resalta junto al maquillaje de novia\",\"description\":\"\",\"caption\":\"\",\"mime\":\"image\/jpeg\",\"type\":\"image\",\"width\":1000,\"height\":1500,\"sizes\":{\"thumbnail\":{\"height\":150,\"width\":150,\"url\":\"https:\/\/momentodemaquillaje.com\/wp-content\/uploads\/2024\/12\/Maquillaje-Novia-Valencia-2025-16-150x150.jpg\",\"orientation\":\"landscape\"},\"medium\":{\"height\":300,\"width\":200,\"url\":\"https:\/\/momentodemaquillaje.com\/wp-content\/uploads\/2024\/12\/Maquillaje-Novia-Valencia-2025-16-200x300.jpg\",\"orientation\":\"portrait\"},\"large\":{\"height\":1024,\"width\":683,\"url\":\"https:\/\/momentodemaquillaje.com\/wp-content\/uploads\/2024\/12\/Maquillaje-Novia-Valencia-2025-16-683x1024.jpg\",\"orientation\":\"portrait\"},\"full\":{\"url\":\"https:\/\/momentodemaquillaje.com\/wp-content\/uploads\/2024\/12\/Maquillaje-Novia-Valencia-2025-16.jpg\",\"height\":1500,\"width\":1000,\"orientation\":\"portrait\"}},\"imageMeta\":{\"aperture\":\"0\",\"credit\":\"\",\"camera\":\"\",\"caption\":\"\",\"created_timestamp\":\"0\",\"copyright\":\"\",\"focal_length\":\"0\",\"iso\":\"0\",\"shutter_speed\":\"0\",\"title\":\"\",\"orientation\":\"1\",\"keywords\":[]},\"meta\":false},{\"id\":9512,\"title\":\"Maquillaje-Novia-Valencia-2025-19\",\"url\":\"https:\/\/momentodemaquillaje.com\/wp-content\/uploads\/2024\/12\/Maquillaje-Novia-Valencia-2025-19.jpg\",\"link\":\"https:\/\/momentodemaquillaje.com\/pgc_simply_gallery\/bodas\/maquillaje-novia-valencia-2025-19\/\",\"alt\":\"Maquillaje de novia en Valencia con piel luminosa y ojos marcados, look elegante y cl\u00e1sico ideal para boda\",\"description\":\"\",\"caption\":\"\",\"mime\":\"image\/jpeg\",\"type\":\"image\",\"width\":1000,\"height\":1500,\"sizes\":{\"thumbnail\":{\"height\":150,\"width\":150,\"url\":\"https:\/\/momentodemaquillaje.com\/wp-content\/uploads\/2024\/12\/Maquillaje-Novia-Valencia-2025-19-150x150.jpg\",\"orientation\":\"landscape\"},\"medium\":{\"height\":300,\"width\":200,\"url\":\"https:\/\/momentodemaquillaje.com\/wp-content\/uploads\/2024\/12\/Maquillaje-Novia-Valencia-2025-19-200x300.jpg\",\"orientation\":\"portrait\"},\"large\":{\"height\":1024,\"width\":683,\"url\":\"https:\/\/momentodemaquillaje.com\/wp-content\/uploads\/2024\/12\/Maquillaje-Novia-Valencia-2025-19-683x1024.jpg\",\"orientation\":\"portrait\"},\"full\":{\"url\":\"https:\/\/momentodemaquillaje.com\/wp-content\/uploads\/2024\/12\/Maquillaje-Novia-Valencia-2025-19.jpg\",\"height\":1500,\"width\":1000,\"orientation\":\"portrait\"}},\"imageMeta\":{\"aperture\":\"0\",\"credit\":\"\",\"camera\":\"\",\"caption\":\"\",\"created_timestamp\":\"0\",\"copyright\":\"\",\"focal_length\":\"0\",\"iso\":\"0\",\"shutter_speed\":\"0\",\"title\":\"\",\"orientation\":\"1\",\"keywords\":[]},\"meta\":false},{\"id\":9511,\"title\":\"Maquillaje-Novia-Valencia-2025-20\",\"url\":\"https:\/\/momentodemaquillaje.com\/wp-content\/uploads\/2024\/12\/Maquillaje-Novia-Valencia-2025-20.jpg\",\"link\":\"https:\/\/momentodemaquillaje.com\/pgc_simply_gallery\/bodas\/maquillaje-novia-valencia-2025-20\/\",\"alt\":\"Novia en Valencia durante los preparativos con maquillaje natural y luminoso, look elegante y rom\u00e1ntico antes de la boda\",\"description\":\"\",\"caption\":\"\",\"mime\":\"image\/jpeg\",\"type\":\"image\",\"width\":1000,\"height\":1500,\"sizes\":{\"thumbnail\":{\"height\":150,\"width\":150,\"url\":\"https:\/\/momentodemaquillaje.com\/wp-content\/uploads\/2024\/12\/Maquillaje-Novia-Valencia-2025-20-150x150.jpg\",\"orientation\":\"landscape\"},\"medium\":{\"height\":300,\"width\":200,\"url\":\"https:\/\/momentodemaquillaje.com\/wp-content\/uploads\/2024\/12\/Maquillaje-Novia-Valencia-2025-20-200x300.jpg\",\"orientation\":\"portrait\"},\"large\":{\"height\":1024,\"width\":683,\"url\":\"https:\/\/momentodemaquillaje.com\/wp-content\/uploads\/2024\/12\/Maquillaje-Novia-Valencia-2025-20-683x1024.jpg\",\"orientation\":\"portrait\"},\"full\":{\"url\":\"https:\/\/momentodemaquillaje.com\/wp-content\/uploads\/2024\/12\/Maquillaje-Novia-Valencia-2025-20.jpg\",\"height\":1500,\"width\":1000,\"orientation\":\"portrait\"}},\"imageMeta\":{\"aperture\":\"0\",\"credit\":\"\",\"camera\":\"\",\"caption\":\"\",\"created_timestamp\":\"0\",\"copyright\":\"\",\"focal_length\":\"0\",\"iso\":\"0\",\"shutter_speed\":\"0\",\"title\":\"\",\"orientation\":\"1\",\"keywords\":[]},\"meta\":false},{\"id\":9510,\"title\":\"Maquillaje-Novia-Valencia-2025-21\",\"url\":\"https:\/\/momentodemaquillaje.com\/wp-content\/uploads\/2024\/12\/Maquillaje-Novia-Valencia-2025-21.jpg\",\"link\":\"https:\/\/momentodemaquillaje.com\/pgc_simply_gallery\/bodas\/maquillaje-novia-valencia-2025-21\/\",\"alt\":\"Maquillaje de novia en Valencia con ondas sueltas y piel luminosa, estilo rom\u00e1ntico y natural para boda al aire libre\",\"description\":\"\",\"caption\":\"\",\"mime\":\"image\/jpeg\",\"type\":\"image\",\"width\":1000,\"height\":1500,\"sizes\":{\"thumbnail\":{\"height\":150,\"width\":150,\"url\":\"https:\/\/momentodemaquillaje.com\/wp-content\/uploads\/2024\/12\/Maquillaje-Novia-Valencia-2025-21-150x150.jpg\",\"orientation\":\"landscape\"},\"medium\":{\"height\":300,\"width\":200,\"url\":\"https:\/\/momentodemaquillaje.com\/wp-content\/uploads\/2024\/12\/Maquillaje-Novia-Valencia-2025-21-200x300.jpg\",\"orientation\":\"portrait\"},\"large\":{\"height\":1024,\"width\":683,\"url\":\"https:\/\/momentodemaquillaje.com\/wp-content\/uploads\/2024\/12\/Maquillaje-Novia-Valencia-2025-21-683x1024.jpg\",\"orientation\":\"portrait\"},\"full\":{\"url\":\"https:\/\/momentodemaquillaje.com\/wp-content\/uploads\/2024\/12\/Maquillaje-Novia-Valencia-2025-21.jpg\",\"height\":1500,\"width\":1000,\"orientation\":\"portrait\"}},\"imageMeta\":{\"aperture\":\"0\",\"credit\":\"\",\"camera\":\"\",\"caption\":\"\",\"created_timestamp\":\"0\",\"copyright\":\"\",\"focal_length\":\"0\",\"iso\":\"0\",\"shutter_speed\":\"0\",\"title\":\"\",\"orientation\":\"1\",\"keywords\":[]},\"meta\":false},{\"id\":9502,\"title\":\"Maquillaje-Novia-Valencia-2025-29\",\"url\":\"https:\/\/momentodemaquillaje.com\/wp-content\/uploads\/2024\/12\/Maquillaje-Novia-Valencia-2025-29.jpg\",\"link\":\"https:\/\/momentodemaquillaje.com\/pgc_simply_gallery\/bodas\/maquillaje-novia-valencia-2025-29\/\",\"alt\":\"Maquillaje de novia en Valencia con piel luminosa y ojos definidos, look cl\u00e1sico y elegante ideal para el d\u00eda de la boda\",\"description\":\"\",\"caption\":\"\",\"mime\":\"image\/jpeg\",\"type\":\"image\",\"width\":1000,\"height\":1500,\"sizes\":{\"thumbnail\":{\"height\":150,\"width\":150,\"url\":\"https:\/\/momentodemaquillaje.com\/wp-content\/uploads\/2024\/12\/Maquillaje-Novia-Valencia-2025-29-150x150.jpg\",\"orientation\":\"landscape\"},\"medium\":{\"height\":300,\"width\":200,\"url\":\"https:\/\/momentodemaquillaje.com\/wp-content\/uploads\/2024\/12\/Maquillaje-Novia-Valencia-2025-29-200x300.jpg\",\"orientation\":\"portrait\"},\"large\":{\"height\":1024,\"width\":683,\"url\":\"https:\/\/momentodemaquillaje.com\/wp-content\/uploads\/2024\/12\/Maquillaje-Novia-Valencia-2025-29-683x1024.jpg\",\"orientation\":\"portrait\"},\"full\":{\"url\":\"https:\/\/momentodemaquillaje.com\/wp-content\/uploads\/2024\/12\/Maquillaje-Novia-Valencia-2025-29.jpg\",\"height\":1500,\"width\":1000,\"orientation\":\"portrait\"}},\"imageMeta\":{\"aperture\":\"0\",\"credit\":\"\",\"camera\":\"\",\"caption\":\"\",\"created_timestamp\":\"0\",\"copyright\":\"\",\"focal_length\":\"0\",\"iso\":\"0\",\"shutter_speed\":\"0\",\"title\":\"\",\"orientation\":\"1\",\"keywords\":[]},\"meta\":false},{\"id\":9509,\"title\":\"Maquillaje-Novia-Valencia-2025-22\",\"url\":\"https:\/\/momentodemaquillaje.com\/wp-content\/uploads\/2024\/12\/Maquillaje-Novia-Valencia-2025-22.jpg\",\"link\":\"https:\/\/momentodemaquillaje.com\/pgc_simply_gallery\/bodas\/maquillaje-novia-valencia-2025-22\/\",\"alt\":\"Maquillaje para la madre de la novia en Valencia con acabado natural y labios suaves, look elegante y radiante que acompa\u00f1a al maquillaje de novia\",\"description\":\"\",\"caption\":\"\",\"mime\":\"image\/jpeg\",\"type\":\"image\",\"width\":1000,\"height\":1500,\"sizes\":{\"thumbnail\":{\"height\":150,\"width\":150,\"url\":\"https:\/\/momentodemaquillaje.com\/wp-content\/uploads\/2024\/12\/Maquillaje-Novia-Valencia-2025-22-150x150.jpg\",\"orientation\":\"landscape\"},\"medium\":{\"height\":300,\"width\":200,\"url\":\"https:\/\/momentodemaquillaje.com\/wp-content\/uploads\/2024\/12\/Maquillaje-Novia-Valencia-2025-22-200x300.jpg\",\"orientation\":\"portrait\"},\"large\":{\"height\":1024,\"width\":683,\"url\":\"https:\/\/momentodemaquillaje.com\/wp-content\/uploads\/2024\/12\/Maquillaje-Novia-Valencia-2025-22-683x1024.jpg\",\"orientation\":\"portrait\"},\"full\":{\"url\":\"https:\/\/momentodemaquillaje.com\/wp-content\/uploads\/2024\/12\/Maquillaje-Novia-Valencia-2025-22.jpg\",\"height\":1500,\"width\":1000,\"orientation\":\"portrait\"}},\"imageMeta\":{\"aperture\":\"0\",\"credit\":\"\",\"camera\":\"\",\"caption\":\"\",\"created_timestamp\":\"0\",\"copyright\":\"\",\"focal_length\":\"0\",\"iso\":\"0\",\"shutter_speed\":\"0\",\"title\":\"\",\"orientation\":\"1\",\"keywords\":[]},\"meta\":false},{\"id\":9508,\"title\":\"Maquillaje-Novia-Valencia-2025-23\",\"url\":\"https:\/\/momentodemaquillaje.com\/wp-content\/uploads\/2024\/12\/Maquillaje-Novia-Valencia-2025-23.jpg\",\"link\":\"https:\/\/momentodemaquillaje.com\/pgc_simply_gallery\/bodas\/maquillaje-novia-valencia-2025-23\/\",\"alt\":\"Maquillaje para la madre de la novia en Valencia con ojos definidos y piel luminosa, estilo elegante que complementa el maquillaje de novia\",\"description\":\"\",\"caption\":\"\",\"mime\":\"image\/jpeg\",\"type\":\"image\",\"width\":1000,\"height\":1500,\"sizes\":{\"thumbnail\":{\"height\":150,\"width\":150,\"url\":\"https:\/\/momentodemaquillaje.com\/wp-content\/uploads\/2024\/12\/Maquillaje-Novia-Valencia-2025-23-150x150.jpg\",\"orientation\":\"landscape\"},\"medium\":{\"height\":300,\"width\":200,\"url\":\"https:\/\/momentodemaquillaje.com\/wp-content\/uploads\/2024\/12\/Maquillaje-Novia-Valencia-2025-23-200x300.jpg\",\"orientation\":\"portrait\"},\"large\":{\"height\":1024,\"width\":683,\"url\":\"https:\/\/momentodemaquillaje.com\/wp-content\/uploads\/2024\/12\/Maquillaje-Novia-Valencia-2025-23-683x1024.jpg\",\"orientation\":\"portrait\"},\"full\":{\"url\":\"https:\/\/momentodemaquillaje.com\/wp-content\/uploads\/2024\/12\/Maquillaje-Novia-Valencia-2025-23.jpg\",\"height\":1500,\"width\":1000,\"orientation\":\"portrait\"}},\"imageMeta\":{\"aperture\":\"0\",\"credit\":\"\",\"camera\":\"\",\"caption\":\"\",\"created_timestamp\":\"0\",\"copyright\":\"\",\"focal_length\":\"0\",\"iso\":\"0\",\"shutter_speed\":\"0\",\"title\":\"\",\"orientation\":\"1\",\"keywords\":[]},\"meta\":false},{\"id\":9507,\"title\":\"Maquillaje-Novia-Valencia-2025-24\",\"url\":\"https:\/\/momentodemaquillaje.com\/wp-content\/uploads\/2024\/12\/Maquillaje-Novia-Valencia-2025-24.jpg\",\"link\":\"https:\/\/momentodemaquillaje.com\/pgc_simply_gallery\/bodas\/maquillaje-novia-valencia-2025-24\/\",\"alt\":\"Maquillaje para invitada de boda en Valencia con ojos definidos y piel bronceada, estilo radiante que acompa\u00f1a al maquillaje de novia\",\"description\":\"\",\"caption\":\"\",\"mime\":\"image\/jpeg\",\"type\":\"image\",\"width\":1000,\"height\":1500,\"sizes\":{\"thumbnail\":{\"height\":150,\"width\":150,\"url\":\"https:\/\/momentodemaquillaje.com\/wp-content\/uploads\/2024\/12\/Maquillaje-Novia-Valencia-2025-24-150x150.jpg\",\"orientation\":\"landscape\"},\"medium\":{\"height\":300,\"width\":200,\"url\":\"https:\/\/momentodemaquillaje.com\/wp-content\/uploads\/2024\/12\/Maquillaje-Novia-Valencia-2025-24-200x300.jpg\",\"orientation\":\"portrait\"},\"large\":{\"height\":1024,\"width\":683,\"url\":\"https:\/\/momentodemaquillaje.com\/wp-content\/uploads\/2024\/12\/Maquillaje-Novia-Valencia-2025-24-683x1024.jpg\",\"orientation\":\"portrait\"},\"full\":{\"url\":\"https:\/\/momentodemaquillaje.com\/wp-content\/uploads\/2024\/12\/Maquillaje-Novia-Valencia-2025-24.jpg\",\"height\":1500,\"width\":1000,\"orientation\":\"portrait\"}},\"imageMeta\":{\"aperture\":\"0\",\"credit\":\"\",\"camera\":\"\",\"caption\":\"\",\"created_timestamp\":\"0\",\"copyright\":\"\",\"focal_length\":\"0\",\"iso\":\"0\",\"shutter_speed\":\"0\",\"title\":\"\",\"orientation\":\"1\",\"keywords\":[]},\"meta\":false},{\"id\":9506,\"title\":\"Maquillaje-Novia-Valencia-2025-25\",\"url\":\"https:\/\/momentodemaquillaje.com\/wp-content\/uploads\/2024\/12\/Maquillaje-Novia-Valencia-2025-25.jpg\",\"link\":\"https:\/\/momentodemaquillaje.com\/pgc_simply_gallery\/bodas\/maquillaje-novia-valencia-2025-25\/\",\"alt\":\"Peinado y maquillaje para dama de honor en Valencia con ondas marcadas y detalle de corona, look sofisticado que acompa\u00f1a al maquillaje de novia\",\"description\":\"\",\"caption\":\"\",\"mime\":\"image\/jpeg\",\"type\":\"image\",\"width\":1000,\"height\":1500,\"sizes\":{\"thumbnail\":{\"height\":150,\"width\":150,\"url\":\"https:\/\/momentodemaquillaje.com\/wp-content\/uploads\/2024\/12\/Maquillaje-Novia-Valencia-2025-25-150x150.jpg\",\"orientation\":\"landscape\"},\"medium\":{\"height\":300,\"width\":200,\"url\":\"https:\/\/momentodemaquillaje.com\/wp-content\/uploads\/2024\/12\/Maquillaje-Novia-Valencia-2025-25-200x300.jpg\",\"orientation\":\"portrait\"},\"large\":{\"height\":1024,\"width\":683,\"url\":\"https:\/\/momentodemaquillaje.com\/wp-content\/uploads\/2024\/12\/Maquillaje-Novia-Valencia-2025-25-683x1024.jpg\",\"orientation\":\"portrait\"},\"full\":{\"url\":\"https:\/\/momentodemaquillaje.com\/wp-content\/uploads\/2024\/12\/Maquillaje-Novia-Valencia-2025-25.jpg\",\"height\":1500,\"width\":1000,\"orientation\":\"portrait\"}},\"imageMeta\":{\"aperture\":\"0\",\"credit\":\"\",\"camera\":\"\",\"caption\":\"\",\"created_timestamp\":\"0\",\"copyright\":\"\",\"focal_length\":\"0\",\"iso\":\"0\",\"shutter_speed\":\"0\",\"title\":\"\",\"orientation\":\"1\",\"keywords\":[]},\"meta\":false},{\"id\":9505,\"title\":\"Maquillaje-Novia-Valencia-2025-26\",\"url\":\"https:\/\/momentodemaquillaje.com\/wp-content\/uploads\/2024\/12\/Maquillaje-Novia-Valencia-2025-26.jpg\",\"link\":\"https:\/\/momentodemaquillaje.com\/pgc_simply_gallery\/bodas\/maquillaje-novia-valencia-2025-26\/\",\"alt\":\"\",\"description\":\"\",\"caption\":\"\",\"mime\":\"image\/jpeg\",\"type\":\"image\",\"width\":1000,\"height\":1500,\"sizes\":{\"thumbnail\":{\"height\":150,\"width\":150,\"url\":\"https:\/\/momentodemaquillaje.com\/wp-content\/uploads\/2024\/12\/Maquillaje-Novia-Valencia-2025-26-150x150.jpg\",\"orientation\":\"landscape\"},\"medium\":{\"height\":300,\"width\":200,\"url\":\"https:\/\/momentodemaquillaje.com\/wp-content\/uploads\/2024\/12\/Maquillaje-Novia-Valencia-2025-26-200x300.jpg\",\"orientation\":\"portrait\"},\"large\":{\"height\":1024,\"width\":683,\"url\":\"https:\/\/momentodemaquillaje.com\/wp-content\/uploads\/2024\/12\/Maquillaje-Novia-Valencia-2025-26-683x1024.jpg\",\"orientation\":\"portrait\"},\"full\":{\"url\":\"https:\/\/momentodemaquillaje.com\/wp-content\/uploads\/2024\/12\/Maquillaje-Novia-Valencia-2025-26.jpg\",\"height\":1500,\"width\":1000,\"orientation\":\"portrait\"}},\"imageMeta\":{\"aperture\":\"0\",\"credit\":\"\",\"camera\":\"\",\"caption\":\"\",\"created_timestamp\":\"0\",\"copyright\":\"\",\"focal_length\":\"0\",\"iso\":\"0\",\"shutter_speed\":\"0\",\"title\":\"\",\"orientation\":\"1\",\"keywords\":[]},\"meta\":false},{\"id\":9504,\"title\":\"Maquillaje-Novia-Valencia-2025-27\",\"url\":\"https:\/\/momentodemaquillaje.com\/wp-content\/uploads\/2024\/12\/Maquillaje-Novia-Valencia-2025-27.jpg\",\"link\":\"https:\/\/momentodemaquillaje.com\/pgc_simply_gallery\/bodas\/maquillaje-novia-valencia-2025-27\/\",\"alt\":\"Peinado de novia en Valencia con ondas marcadas y brillo natural, estilo elegante que complementa el maquillaje de novia\",\"description\":\"\",\"caption\":\"\",\"mime\":\"image\/jpeg\",\"type\":\"image\",\"width\":1000,\"height\":1500,\"sizes\":{\"thumbnail\":{\"height\":150,\"width\":150,\"url\":\"https:\/\/momentodemaquillaje.com\/wp-content\/uploads\/2024\/12\/Maquillaje-Novia-Valencia-2025-27-150x150.jpg\",\"orientation\":\"landscape\"},\"medium\":{\"height\":300,\"width\":200,\"url\":\"https:\/\/momentodemaquillaje.com\/wp-content\/uploads\/2024\/12\/Maquillaje-Novia-Valencia-2025-27-200x300.jpg\",\"orientation\":\"portrait\"},\"large\":{\"height\":1024,\"width\":683,\"url\":\"https:\/\/momentodemaquillaje.com\/wp-content\/uploads\/2024\/12\/Maquillaje-Novia-Valencia-2025-27-683x1024.jpg\",\"orientation\":\"portrait\"},\"full\":{\"url\":\"https:\/\/momentodemaquillaje.com\/wp-content\/uploads\/2024\/12\/Maquillaje-Novia-Valencia-2025-27.jpg\",\"height\":1500,\"width\":1000,\"orientation\":\"portrait\"}},\"imageMeta\":{\"aperture\":\"0\",\"credit\":\"\",\"camera\":\"\",\"caption\":\"\",\"created_timestamp\":\"0\",\"copyright\":\"\",\"focal_length\":\"0\",\"iso\":\"0\",\"shutter_speed\":\"0\",\"title\":\"\",\"orientation\":\"1\",\"keywords\":[]},\"meta\":false},{\"id\":9501,\"title\":\"Maquillaje-Novia-Valencia-2025-30\",\"url\":\"https:\/\/momentodemaquillaje.com\/wp-content\/uploads\/2024\/12\/Maquillaje-Novia-Valencia-2025-30.jpg\",\"link\":\"https:\/\/momentodemaquillaje.com\/pgc_simply_gallery\/bodas\/maquillaje-novia-valencia-2025-30\/\",\"alt\":\"Maquillaje para invitada de boda en Valencia con labios color vino y piel luminosa, estilo elegante que complementa el maquillaje de novia\",\"description\":\"\",\"caption\":\"\",\"mime\":\"image\/jpeg\",\"type\":\"image\",\"width\":1000,\"height\":1500,\"sizes\":{\"thumbnail\":{\"height\":150,\"width\":150,\"url\":\"https:\/\/momentodemaquillaje.com\/wp-content\/uploads\/2024\/12\/Maquillaje-Novia-Valencia-2025-30-150x150.jpg\",\"orientation\":\"landscape\"},\"medium\":{\"height\":300,\"width\":200,\"url\":\"https:\/\/momentodemaquillaje.com\/wp-content\/uploads\/2024\/12\/Maquillaje-Novia-Valencia-2025-30-200x300.jpg\",\"orientation\":\"portrait\"},\"large\":{\"height\":1024,\"width\":683,\"url\":\"https:\/\/momentodemaquillaje.com\/wp-content\/uploads\/2024\/12\/Maquillaje-Novia-Valencia-2025-30-683x1024.jpg\",\"orientation\":\"portrait\"},\"full\":{\"url\":\"https:\/\/momentodemaquillaje.com\/wp-content\/uploads\/2024\/12\/Maquillaje-Novia-Valencia-2025-30.jpg\",\"height\":1500,\"width\":1000,\"orientation\":\"portrait\"}},\"imageMeta\":{\"aperture\":\"0\",\"credit\":\"\",\"camera\":\"\",\"caption\":\"\",\"created_timestamp\":\"0\",\"copyright\":\"\",\"focal_length\":\"0\",\"iso\":\"0\",\"shutter_speed\":\"0\",\"title\":\"\",\"orientation\":\"1\",\"keywords\":[]},\"meta\":false},{\"id\":9500,\"title\":\"Maquillaje-Novia-Valencia-2025-31\",\"url\":\"https:\/\/momentodemaquillaje.com\/wp-content\/uploads\/2024\/12\/Maquillaje-Novia-Valencia-2025-31.jpg\",\"link\":\"https:\/\/momentodemaquillaje.com\/pgc_simply_gallery\/bodas\/maquillaje-novia-valencia-2025-31\/\",\"alt\":\"Peinado de novia en Valencia con ondas sueltas y tocado de flores blancas, estilo rom\u00e1ntico que complementa el maquillaje de novia\",\"description\":\"\",\"caption\":\"\",\"mime\":\"image\/jpeg\",\"type\":\"image\",\"width\":1000,\"height\":1500,\"sizes\":{\"thumbnail\":{\"height\":150,\"width\":150,\"url\":\"https:\/\/momentodemaquillaje.com\/wp-content\/uploads\/2024\/12\/Maquillaje-Novia-Valencia-2025-31-150x150.jpg\",\"orientation\":\"landscape\"},\"medium\":{\"height\":300,\"width\":200,\"url\":\"https:\/\/momentodemaquillaje.com\/wp-content\/uploads\/2024\/12\/Maquillaje-Novia-Valencia-2025-31-200x300.jpg\",\"orientation\":\"portrait\"},\"large\":{\"height\":1024,\"width\":683,\"url\":\"https:\/\/momentodemaquillaje.com\/wp-content\/uploads\/2024\/12\/Maquillaje-Novia-Valencia-2025-31-683x1024.jpg\",\"orientation\":\"portrait\"},\"full\":{\"url\":\"https:\/\/momentodemaquillaje.com\/wp-content\/uploads\/2024\/12\/Maquillaje-Novia-Valencia-2025-31.jpg\",\"height\":1500,\"width\":1000,\"orientation\":\"portrait\"}},\"imageMeta\":{\"aperture\":\"0\",\"credit\":\"\",\"camera\":\"\",\"caption\":\"\",\"created_timestamp\":\"0\",\"copyright\":\"\",\"focal_length\":\"0\",\"iso\":\"0\",\"shutter_speed\":\"0\",\"title\":\"\",\"orientation\":\"1\",\"keywords\":[]},\"meta\":false},{\"id\":9499,\"title\":\"Maquillaje-Novia-Valencia-2025-32\",\"url\":\"https:\/\/momentodemaquillaje.com\/wp-content\/uploads\/2024\/12\/Maquillaje-Novia-Valencia-2025-32.jpg\",\"link\":\"https:\/\/momentodemaquillaje.com\/pgc_simply_gallery\/bodas\/maquillaje-novia-valencia-2025-32\/\",\"alt\":\"Maquillaje de novia en Valencia con piel luminosa, ondas laterales y adornos florales, estilo elegante y rom\u00e1ntico para boda\",\"description\":\"\",\"caption\":\"\",\"mime\":\"image\/jpeg\",\"type\":\"image\",\"width\":1000,\"height\":1500,\"sizes\":{\"thumbnail\":{\"height\":150,\"width\":150,\"url\":\"https:\/\/momentodemaquillaje.com\/wp-content\/uploads\/2024\/12\/Maquillaje-Novia-Valencia-2025-32-150x150.jpg\",\"orientation\":\"landscape\"},\"medium\":{\"height\":300,\"width\":200,\"url\":\"https:\/\/momentodemaquillaje.com\/wp-content\/uploads\/2024\/12\/Maquillaje-Novia-Valencia-2025-32-200x300.jpg\",\"orientation\":\"portrait\"},\"large\":{\"height\":1024,\"width\":683,\"url\":\"https:\/\/momentodemaquillaje.com\/wp-content\/uploads\/2024\/12\/Maquillaje-Novia-Valencia-2025-32-683x1024.jpg\",\"orientation\":\"portrait\"},\"full\":{\"url\":\"https:\/\/momentodemaquillaje.com\/wp-content\/uploads\/2024\/12\/Maquillaje-Novia-Valencia-2025-32.jpg\",\"height\":1500,\"width\":1000,\"orientation\":\"portrait\"}},\"imageMeta\":{\"aperture\":\"0\",\"credit\":\"\",\"camera\":\"\",\"caption\":\"\",\"created_timestamp\":\"0\",\"copyright\":\"\",\"focal_length\":\"0\",\"iso\":\"0\",\"shutter_speed\":\"0\",\"title\":\"\",\"orientation\":\"1\",\"keywords\":[]},\"meta\":false},{\"id\":8695,\"title\":\"Maquillaje Novia16\",\"url\":\"https:\/\/momentodemaquillaje.com\/wp-content\/uploads\/2024\/12\/Maquillaje-Novia16.webp\",\"link\":\"https:\/\/momentodemaquillaje.com\/pgc_simply_gallery\/bodas\/maquillaje-novia16\/\",\"alt\":\"\",\"description\":\"\",\"caption\":\"\",\"mime\":\"image\/webp\",\"type\":\"image\",\"width\":500,\"height\":750,\"sizes\":{\"thumbnail\":{\"height\":150,\"width\":150,\"url\":\"https:\/\/momentodemaquillaje.com\/wp-content\/uploads\/2024\/12\/Maquillaje-Novia16-150x150.webp\",\"orientation\":\"landscape\"},\"medium\":{\"height\":300,\"width\":200,\"url\":\"https:\/\/momentodemaquillaje.com\/wp-content\/uploads\/2024\/12\/Maquillaje-Novia16-200x300.webp\",\"orientation\":\"portrait\"},\"full\":{\"url\":\"https:\/\/momentodemaquillaje.com\/wp-content\/uploads\/2024\/12\/Maquillaje-Novia16.webp\",\"height\":750,\"width\":500,\"orientation\":\"portrait\"}},\"imageMeta\":{\"aperture\":\"0\",\"credit\":\"\",\"camera\":\"\",\"caption\":\"\",\"created_timestamp\":\"0\",\"copyright\":\"\",\"focal_length\":\"0\",\"iso\":\"0\",\"shutter_speed\":\"0\",\"title\":\"\",\"orientation\":\"0\",\"keywords\":[]},\"meta\":false},{\"id\":8714,\"title\":\"Maquillaje Novia14\",\"url\":\"https:\/\/momentodemaquillaje.com\/wp-content\/uploads\/2024\/12\/Maquillaje-Novia14.jpg\",\"link\":\"https:\/\/momentodemaquillaje.com\/pgc_simply_gallery\/bodas\/maquillaje-novia14\/\",\"alt\":\"\",\"description\":\"\",\"caption\":\"\",\"mime\":\"image\/jpeg\",\"type\":\"image\",\"width\":500,\"height\":750,\"sizes\":{\"thumbnail\":{\"height\":150,\"width\":150,\"url\":\"https:\/\/momentodemaquillaje.com\/wp-content\/uploads\/2024\/12\/Maquillaje-Novia14-150x150.jpg\",\"orientation\":\"landscape\"},\"medium\":{\"height\":300,\"width\":200,\"url\":\"https:\/\/momentodemaquillaje.com\/wp-content\/uploads\/2024\/12\/Maquillaje-Novia14-200x300.jpg\",\"orientation\":\"portrait\"},\"full\":{\"url\":\"https:\/\/momentodemaquillaje.com\/wp-content\/uploads\/2024\/12\/Maquillaje-Novia14.jpg\",\"height\":750,\"width\":500,\"orientation\":\"portrait\"}},\"imageMeta\":{\"aperture\":\"2.4\",\"credit\":\"\",\"camera\":\"SM-G975F\",\"caption\":\"\",\"created_timestamp\":\"1630669578\",\"copyright\":\"\",\"focal_length\":\"4.32\",\"iso\":\"50\",\"shutter_speed\":\"0.003968253968254\",\"title\":\"\",\"orientation\":\"0\",\"keywords\":[]},\"meta\":false},{\"id\":8696,\"title\":\"Maquillaje Novia1\",\"url\":\"https:\/\/momentodemaquillaje.com\/wp-content\/uploads\/2024\/12\/Maquillaje-Novia1.webp\",\"link\":\"https:\/\/momentodemaquillaje.com\/pgc_simply_gallery\/bodas\/maquillaje-novia1\/\",\"alt\":\"\",\"description\":\"\",\"caption\":\"\",\"mime\":\"image\/webp\",\"type\":\"image\",\"width\":500,\"height\":750,\"sizes\":{\"thumbnail\":{\"height\":150,\"width\":150,\"url\":\"https:\/\/momentodemaquillaje.com\/wp-content\/uploads\/2024\/12\/Maquillaje-Novia1-150x150.webp\",\"orientation\":\"landscape\"},\"medium\":{\"height\":300,\"width\":200,\"url\":\"https:\/\/momentodemaquillaje.com\/wp-content\/uploads\/2024\/12\/Maquillaje-Novia1-200x300.webp\",\"orientation\":\"portrait\"},\"full\":{\"url\":\"https:\/\/momentodemaquillaje.com\/wp-content\/uploads\/2024\/12\/Maquillaje-Novia1.webp\",\"height\":750,\"width\":500,\"orientation\":\"portrait\"}},\"imageMeta\":{\"aperture\":\"0\",\"credit\":\"\",\"camera\":\"\",\"caption\":\"\",\"created_timestamp\":\"0\",\"copyright\":\"\",\"focal_length\":\"0\",\"iso\":\"0\",\"shutter_speed\":\"0\",\"title\":\"\",\"orientation\":\"0\",\"keywords\":[]},\"meta\":false},{\"id\":8697,\"title\":\"Maquillaje Novia15\",\"url\":\"https:\/\/momentodemaquillaje.com\/wp-content\/uploads\/2024\/12\/Maquillaje-Novia15.webp\",\"link\":\"https:\/\/momentodemaquillaje.com\/pgc_simply_gallery\/bodas\/maquillaje-novia15\/\",\"alt\":\"\",\"description\":\"\",\"caption\":\"\",\"mime\":\"image\/webp\",\"type\":\"image\",\"width\":500,\"height\":750,\"sizes\":{\"thumbnail\":{\"height\":150,\"width\":150,\"url\":\"https:\/\/momentodemaquillaje.com\/wp-content\/uploads\/2024\/12\/Maquillaje-Novia15-150x150.webp\",\"orientation\":\"landscape\"},\"medium\":{\"height\":300,\"width\":200,\"url\":\"https:\/\/momentodemaquillaje.com\/wp-content\/uploads\/2024\/12\/Maquillaje-Novia15-200x300.webp\",\"orientation\":\"portrait\"},\"full\":{\"url\":\"https:\/\/momentodemaquillaje.com\/wp-content\/uploads\/2024\/12\/Maquillaje-Novia15.webp\",\"height\":750,\"width\":500,\"orientation\":\"portrait\"}},\"imageMeta\":{\"aperture\":\"0\",\"credit\":\"\",\"camera\":\"\",\"caption\":\"\",\"created_timestamp\":\"0\",\"copyright\":\"\",\"focal_length\":\"0\",\"iso\":\"0\",\"shutter_speed\":\"0\",\"title\":\"\",\"orientation\":\"0\",\"keywords\":[]},\"meta\":false},{\"id\":8699,\"title\":\"Maquillaje Novia17\",\"url\":\"https:\/\/momentodemaquillaje.com\/wp-content\/uploads\/2024\/12\/Maquillaje-Novia17.webp\",\"link\":\"https:\/\/momentodemaquillaje.com\/pgc_simply_gallery\/bodas\/maquillaje-novia17\/\",\"alt\":\"\",\"description\":\"\",\"caption\":\"\",\"mime\":\"image\/webp\",\"type\":\"image\",\"width\":500,\"height\":750,\"sizes\":{\"thumbnail\":{\"height\":150,\"width\":150,\"url\":\"https:\/\/momentodemaquillaje.com\/wp-content\/uploads\/2024\/12\/Maquillaje-Novia17-150x150.webp\",\"orientation\":\"landscape\"},\"medium\":{\"height\":300,\"width\":200,\"url\":\"https:\/\/momentodemaquillaje.com\/wp-content\/uploads\/2024\/12\/Maquillaje-Novia17-200x300.webp\",\"orientation\":\"portrait\"},\"full\":{\"url\":\"https:\/\/momentodemaquillaje.com\/wp-content\/uploads\/2024\/12\/Maquillaje-Novia17.webp\",\"height\":750,\"width\":500,\"orientation\":\"portrait\"}},\"imageMeta\":{\"aperture\":\"0\",\"credit\":\"\",\"camera\":\"\",\"caption\":\"\",\"created_timestamp\":\"0\",\"copyright\":\"\",\"focal_length\":\"0\",\"iso\":\"0\",\"shutter_speed\":\"0\",\"title\":\"\",\"orientation\":\"0\",\"keywords\":[]},\"meta\":false},{\"id\":8700,\"title\":\"Maquillaje Novia21\",\"url\":\"https:\/\/momentodemaquillaje.com\/wp-content\/uploads\/2024\/12\/Maquillaje-Novia21.webp\",\"link\":\"https:\/\/momentodemaquillaje.com\/pgc_simply_gallery\/bodas\/maquillaje-novia21\/\",\"alt\":\"\",\"description\":\"\",\"caption\":\"\",\"mime\":\"image\/webp\",\"type\":\"image\",\"width\":500,\"height\":750,\"sizes\":{\"thumbnail\":{\"height\":150,\"width\":150,\"url\":\"https:\/\/momentodemaquillaje.com\/wp-content\/uploads\/2024\/12\/Maquillaje-Novia21-150x150.webp\",\"orientation\":\"landscape\"},\"medium\":{\"height\":300,\"width\":200,\"url\":\"https:\/\/momentodemaquillaje.com\/wp-content\/uploads\/2024\/12\/Maquillaje-Novia21-200x300.webp\",\"orientation\":\"portrait\"},\"full\":{\"url\":\"https:\/\/momentodemaquillaje.com\/wp-content\/uploads\/2024\/12\/Maquillaje-Novia21.webp\",\"height\":750,\"width\":500,\"orientation\":\"portrait\"}},\"imageMeta\":{\"aperture\":\"0\",\"credit\":\"\",\"camera\":\"\",\"caption\":\"\",\"created_timestamp\":\"0\",\"copyright\":\"\",\"focal_length\":\"0\",\"iso\":\"0\",\"shutter_speed\":\"0\",\"title\":\"\",\"orientation\":\"0\",\"keywords\":[]},\"meta\":false},{\"id\":8702,\"title\":\"Maquillaje Novia7\",\"url\":\"https:\/\/momentodemaquillaje.com\/wp-content\/uploads\/2024\/12\/Maquillaje-Novia7.jpg\",\"link\":\"https:\/\/momentodemaquillaje.com\/pgc_simply_gallery\/bodas\/maquillaje-novia7\/\",\"alt\":\"\",\"description\":\"\",\"caption\":\"\",\"mime\":\"image\/jpeg\",\"type\":\"image\",\"width\":500,\"height\":750,\"sizes\":{\"thumbnail\":{\"height\":150,\"width\":150,\"url\":\"https:\/\/momentodemaquillaje.com\/wp-content\/uploads\/2024\/12\/Maquillaje-Novia7-150x150.jpg\",\"orientation\":\"landscape\"},\"medium\":{\"height\":300,\"width\":200,\"url\":\"https:\/\/momentodemaquillaje.com\/wp-content\/uploads\/2024\/12\/Maquillaje-Novia7-200x300.jpg\",\"orientation\":\"portrait\"},\"full\":{\"url\":\"https:\/\/momentodemaquillaje.com\/wp-content\/uploads\/2024\/12\/Maquillaje-Novia7.jpg\",\"height\":750,\"width\":500,\"orientation\":\"portrait\"}},\"imageMeta\":{\"aperture\":\"0\",\"credit\":\"\",\"camera\":\"\",\"caption\":\"\",\"created_timestamp\":\"0\",\"copyright\":\"\",\"focal_length\":\"0\",\"iso\":\"0\",\"shutter_speed\":\"0\",\"title\":\"\",\"orientation\":\"0\",\"keywords\":[]},\"meta\":false},{\"id\":8705,\"title\":\"Maquillaje Novia13\",\"url\":\"https:\/\/momentodemaquillaje.com\/wp-content\/uploads\/2024\/12\/Maquillaje-Novia13.webp\",\"link\":\"https:\/\/momentodemaquillaje.com\/pgc_simply_gallery\/bodas\/maquillaje-novia13\/\",\"alt\":\"\",\"description\":\"\",\"caption\":\"\",\"mime\":\"image\/webp\",\"type\":\"image\",\"width\":500,\"height\":750,\"sizes\":{\"thumbnail\":{\"height\":150,\"width\":150,\"url\":\"https:\/\/momentodemaquillaje.com\/wp-content\/uploads\/2024\/12\/Maquillaje-Novia13-150x150.webp\",\"orientation\":\"landscape\"},\"medium\":{\"height\":300,\"width\":200,\"url\":\"https:\/\/momentodemaquillaje.com\/wp-content\/uploads\/2024\/12\/Maquillaje-Novia13-200x300.webp\",\"orientation\":\"portrait\"},\"full\":{\"url\":\"https:\/\/momentodemaquillaje.com\/wp-content\/uploads\/2024\/12\/Maquillaje-Novia13.webp\",\"height\":750,\"width\":500,\"orientation\":\"portrait\"}},\"imageMeta\":{\"aperture\":\"0\",\"credit\":\"\",\"camera\":\"\",\"caption\":\"\",\"created_timestamp\":\"0\",\"copyright\":\"\",\"focal_length\":\"0\",\"iso\":\"0\",\"shutter_speed\":\"0\",\"title\":\"\",\"orientation\":\"0\",\"keywords\":[]},\"meta\":false},{\"id\":8706,\"title\":\"Maquillaje Novia8\",\"url\":\"https:\/\/momentodemaquillaje.com\/wp-content\/uploads\/2024\/12\/Maquillaje-Novia8.webp\",\"link\":\"https:\/\/momentodemaquillaje.com\/pgc_simply_gallery\/bodas\/maquillaje-novia8\/\",\"alt\":\"\",\"description\":\"\",\"caption\":\"\",\"mime\":\"image\/webp\",\"type\":\"image\",\"width\":500,\"height\":750,\"sizes\":{\"thumbnail\":{\"height\":150,\"width\":150,\"url\":\"https:\/\/momentodemaquillaje.com\/wp-content\/uploads\/2024\/12\/Maquillaje-Novia8-150x150.webp\",\"orientation\":\"landscape\"},\"medium\":{\"height\":300,\"width\":200,\"url\":\"https:\/\/momentodemaquillaje.com\/wp-content\/uploads\/2024\/12\/Maquillaje-Novia8-200x300.webp\",\"orientation\":\"portrait\"},\"full\":{\"url\":\"https:\/\/momentodemaquillaje.com\/wp-content\/uploads\/2024\/12\/Maquillaje-Novia8.webp\",\"height\":750,\"width\":500,\"orientation\":\"portrait\"}},\"imageMeta\":{\"aperture\":\"0\",\"credit\":\"\",\"camera\":\"\",\"caption\":\"\",\"created_timestamp\":\"0\",\"copyright\":\"\",\"focal_length\":\"0\",\"iso\":\"0\",\"shutter_speed\":\"0\",\"title\":\"\",\"orientation\":\"0\",\"keywords\":[]},\"meta\":false},{\"id\":8720,\"title\":\"Maquillaje Novia2\",\"url\":\"https:\/\/momentodemaquillaje.com\/wp-content\/uploads\/2024\/12\/Maquillaje-Novia2.webp\",\"link\":\"https:\/\/momentodemaquillaje.com\/pgc_simply_gallery\/bodas\/maquillaje-novia2\/\",\"alt\":\"\",\"description\":\"\",\"caption\":\"\",\"mime\":\"image\/webp\",\"type\":\"image\",\"width\":500,\"height\":750,\"sizes\":{\"thumbnail\":{\"height\":150,\"width\":150,\"url\":\"https:\/\/momentodemaquillaje.com\/wp-content\/uploads\/2024\/12\/Maquillaje-Novia2-150x150.webp\",\"orientation\":\"landscape\"},\"medium\":{\"height\":300,\"width\":200,\"url\":\"https:\/\/momentodemaquillaje.com\/wp-content\/uploads\/2024\/12\/Maquillaje-Novia2-200x300.webp\",\"orientation\":\"portrait\"},\"full\":{\"url\":\"https:\/\/momentodemaquillaje.com\/wp-content\/uploads\/2024\/12\/Maquillaje-Novia2.webp\",\"height\":750,\"width\":500,\"orientation\":\"portrait\"}},\"imageMeta\":{\"aperture\":\"0\",\"credit\":\"\",\"camera\":\"\",\"caption\":\"\",\"created_timestamp\":\"0\",\"copyright\":\"\",\"focal_length\":\"0\",\"iso\":\"0\",\"shutter_speed\":\"0\",\"title\":\"\",\"orientation\":\"0\",\"keywords\":[]},\"meta\":false},{\"id\":8707,\"title\":\"Maquillaje Novia10\",\"url\":\"https:\/\/momentodemaquillaje.com\/wp-content\/uploads\/2024\/12\/Maquillaje-Novia10.jpg\",\"link\":\"https:\/\/momentodemaquillaje.com\/pgc_simply_gallery\/bodas\/maquillaje-novia10\/\",\"alt\":\"\",\"description\":\"\",\"caption\":\"\",\"mime\":\"image\/jpeg\",\"type\":\"image\",\"width\":500,\"height\":750,\"sizes\":{\"thumbnail\":{\"height\":150,\"width\":150,\"url\":\"https:\/\/momentodemaquillaje.com\/wp-content\/uploads\/2024\/12\/Maquillaje-Novia10-150x150.jpg\",\"orientation\":\"landscape\"},\"medium\":{\"height\":300,\"width\":200,\"url\":\"https:\/\/momentodemaquillaje.com\/wp-content\/uploads\/2024\/12\/Maquillaje-Novia10-200x300.jpg\",\"orientation\":\"portrait\"},\"full\":{\"url\":\"https:\/\/momentodemaquillaje.com\/wp-content\/uploads\/2024\/12\/Maquillaje-Novia10.jpg\",\"height\":750,\"width\":500,\"orientation\":\"portrait\"}},\"imageMeta\":{\"aperture\":\"0\",\"credit\":\"\",\"camera\":\"\",\"caption\":\"\",\"created_timestamp\":\"0\",\"copyright\":\"\",\"focal_length\":\"0\",\"iso\":\"0\",\"shutter_speed\":\"0\",\"title\":\"\",\"orientation\":\"0\",\"keywords\":[]},\"meta\":false},{\"id\":8708,\"title\":\"Maquillaje Novia11\",\"url\":\"https:\/\/momentodemaquillaje.com\/wp-content\/uploads\/2024\/12\/Maquillaje-Novia11.webp\",\"link\":\"https:\/\/momentodemaquillaje.com\/pgc_simply_gallery\/bodas\/maquillaje-novia11\/\",\"alt\":\"\",\"description\":\"\",\"caption\":\"\",\"mime\":\"image\/webp\",\"type\":\"image\",\"width\":500,\"height\":750,\"sizes\":{\"thumbnail\":{\"height\":150,\"width\":150,\"url\":\"https:\/\/momentodemaquillaje.com\/wp-content\/uploads\/2024\/12\/Maquillaje-Novia11-150x150.webp\",\"orientation\":\"landscape\"},\"medium\":{\"height\":300,\"width\":200,\"url\":\"https:\/\/momentodemaquillaje.com\/wp-content\/uploads\/2024\/12\/Maquillaje-Novia11-200x300.webp\",\"orientation\":\"portrait\"},\"full\":{\"url\":\"https:\/\/momentodemaquillaje.com\/wp-content\/uploads\/2024\/12\/Maquillaje-Novia11.webp\",\"height\":750,\"width\":500,\"orientation\":\"portrait\"}},\"imageMeta\":{\"aperture\":\"0\",\"credit\":\"\",\"camera\":\"\",\"caption\":\"\",\"created_timestamp\":\"0\",\"copyright\":\"\",\"focal_length\":\"0\",\"iso\":\"0\",\"shutter_speed\":\"0\",\"title\":\"\",\"orientation\":\"0\",\"keywords\":[]},\"meta\":false},{\"id\":8709,\"title\":\"maquillajenovia25\",\"url\":\"https:\/\/momentodemaquillaje.com\/wp-content\/uploads\/2024\/12\/maquillajenovia25.webp\",\"link\":\"https:\/\/momentodemaquillaje.com\/pgc_simply_gallery\/bodas\/maquillajenovia25\/\",\"alt\":\"\",\"description\":\"\",\"caption\":\"\",\"mime\":\"image\/webp\",\"type\":\"image\",\"width\":500,\"height\":750,\"sizes\":{\"thumbnail\":{\"height\":150,\"width\":150,\"url\":\"https:\/\/momentodemaquillaje.com\/wp-content\/uploads\/2024\/12\/maquillajenovia25-150x150.webp\",\"orientation\":\"landscape\"},\"medium\":{\"height\":300,\"width\":200,\"url\":\"https:\/\/momentodemaquillaje.com\/wp-content\/uploads\/2024\/12\/maquillajenovia25-200x300.webp\",\"orientation\":\"portrait\"},\"full\":{\"url\":\"https:\/\/momentodemaquillaje.com\/wp-content\/uploads\/2024\/12\/maquillajenovia25.webp\",\"height\":750,\"width\":500,\"orientation\":\"portrait\"}},\"imageMeta\":{\"aperture\":\"0\",\"credit\":\"\",\"camera\":\"\",\"caption\":\"\",\"created_timestamp\":\"0\",\"copyright\":\"\",\"focal_length\":\"0\",\"iso\":\"0\",\"shutter_speed\":\"0\",\"title\":\"\",\"orientation\":\"0\",\"keywords\":[]},\"meta\":false},{\"id\":8710,\"title\":\"maquillajenovia23\",\"url\":\"https:\/\/momentodemaquillaje.com\/wp-content\/uploads\/2024\/12\/maquillajenovia23.webp\",\"link\":\"https:\/\/momentodemaquillaje.com\/pgc_simply_gallery\/bodas\/maquillajenovia23\/\",\"alt\":\"\",\"description\":\"\",\"caption\":\"\",\"mime\":\"image\/webp\",\"type\":\"image\",\"width\":500,\"height\":750,\"sizes\":{\"thumbnail\":{\"height\":150,\"width\":150,\"url\":\"https:\/\/momentodemaquillaje.com\/wp-content\/uploads\/2024\/12\/maquillajenovia23-150x150.webp\",\"orientation\":\"landscape\"},\"medium\":{\"height\":300,\"width\":200,\"url\":\"https:\/\/momentodemaquillaje.com\/wp-content\/uploads\/2024\/12\/maquillajenovia23-200x300.webp\",\"orientation\":\"portrait\"},\"full\":{\"url\":\"https:\/\/momentodemaquillaje.com\/wp-content\/uploads\/2024\/12\/maquillajenovia23.webp\",\"height\":750,\"width\":500,\"orientation\":\"portrait\"}},\"imageMeta\":{\"aperture\":\"0\",\"credit\":\"\",\"camera\":\"\",\"caption\":\"\",\"created_timestamp\":\"0\",\"copyright\":\"\",\"focal_length\":\"0\",\"iso\":\"0\",\"shutter_speed\":\"0\",\"title\":\"\",\"orientation\":\"0\",\"keywords\":[]},\"meta\":false},{\"id\":8711,\"title\":\"maquillajenovia24\",\"url\":\"https:\/\/momentodemaquillaje.com\/wp-content\/uploads\/2024\/12\/maquillajenovia24.webp\",\"link\":\"https:\/\/momentodemaquillaje.com\/pgc_simply_gallery\/bodas\/maquillajenovia24\/\",\"alt\":\"\",\"description\":\"\",\"caption\":\"\",\"mime\":\"image\/webp\",\"type\":\"image\",\"width\":500,\"height\":750,\"sizes\":{\"thumbnail\":{\"height\":150,\"width\":150,\"url\":\"https:\/\/momentodemaquillaje.com\/wp-content\/uploads\/2024\/12\/maquillajenovia24-150x150.webp\",\"orientation\":\"landscape\"},\"medium\":{\"height\":300,\"width\":200,\"url\":\"https:\/\/momentodemaquillaje.com\/wp-content\/uploads\/2024\/12\/maquillajenovia24-200x300.webp\",\"orientation\":\"portrait\"},\"full\":{\"url\":\"https:\/\/momentodemaquillaje.com\/wp-content\/uploads\/2024\/12\/maquillajenovia24.webp\",\"height\":750,\"width\":500,\"orientation\":\"portrait\"}},\"imageMeta\":{\"aperture\":\"0\",\"credit\":\"\",\"camera\":\"\",\"caption\":\"\",\"created_timestamp\":\"0\",\"copyright\":\"\",\"focal_length\":\"0\",\"iso\":\"0\",\"shutter_speed\":\"0\",\"title\":\"\",\"orientation\":\"0\",\"keywords\":[]},\"meta\":false},{\"id\":8713,\"title\":\"maquillajenovia27\",\"url\":\"https:\/\/momentodemaquillaje.com\/wp-content\/uploads\/2024\/12\/maquillajenovia27.webp\",\"link\":\"https:\/\/momentodemaquillaje.com\/pgc_simply_gallery\/bodas\/maquillajenovia27\/\",\"alt\":\"\",\"description\":\"\",\"caption\":\"\",\"mime\":\"image\/webp\",\"type\":\"image\",\"width\":500,\"height\":750,\"sizes\":{\"thumbnail\":{\"height\":150,\"width\":150,\"url\":\"https:\/\/momentodemaquillaje.com\/wp-content\/uploads\/2024\/12\/maquillajenovia27-150x150.webp\",\"orientation\":\"landscape\"},\"medium\":{\"height\":300,\"width\":200,\"url\":\"https:\/\/momentodemaquillaje.com\/wp-content\/uploads\/2024\/12\/maquillajenovia27-200x300.webp\",\"orientation\":\"portrait\"},\"full\":{\"url\":\"https:\/\/momentodemaquillaje.com\/wp-content\/uploads\/2024\/12\/maquillajenovia27.webp\",\"height\":750,\"width\":500,\"orientation\":\"portrait\"}},\"imageMeta\":{\"aperture\":\"0\",\"credit\":\"\",\"camera\":\"\",\"caption\":\"\",\"created_timestamp\":\"0\",\"copyright\":\"\",\"focal_length\":\"0\",\"iso\":\"0\",\"shutter_speed\":\"0\",\"title\":\"\",\"orientation\":\"0\",\"keywords\":[]},\"meta\":false},{\"id\":8716,\"title\":\"Maquillaje Novia5\",\"url\":\"https:\/\/momentodemaquillaje.com\/wp-content\/uploads\/2024\/12\/Maquillaje-Novia5.webp\",\"link\":\"https:\/\/momentodemaquillaje.com\/pgc_simply_gallery\/bodas\/maquillaje-novia5\/\",\"alt\":\"\",\"description\":\"\",\"caption\":\"\",\"mime\":\"image\/webp\",\"type\":\"image\",\"width\":500,\"height\":750,\"sizes\":{\"thumbnail\":{\"height\":150,\"width\":150,\"url\":\"https:\/\/momentodemaquillaje.com\/wp-content\/uploads\/2024\/12\/Maquillaje-Novia5-150x150.webp\",\"orientation\":\"landscape\"},\"medium\":{\"height\":300,\"width\":200,\"url\":\"https:\/\/momentodemaquillaje.com\/wp-content\/uploads\/2024\/12\/Maquillaje-Novia5-200x300.webp\",\"orientation\":\"portrait\"},\"full\":{\"url\":\"https:\/\/momentodemaquillaje.com\/wp-content\/uploads\/2024\/12\/Maquillaje-Novia5.webp\",\"height\":750,\"width\":500,\"orientation\":\"portrait\"}},\"imageMeta\":{\"aperture\":\"0\",\"credit\":\"\",\"camera\":\"\",\"caption\":\"\",\"created_timestamp\":\"0\",\"copyright\":\"\",\"focal_length\":\"0\",\"iso\":\"0\",\"shutter_speed\":\"0\",\"title\":\"\",\"orientation\":\"0\",\"keywords\":[]},\"meta\":false},{\"id\":8717,\"title\":\"Maquillaje Novia6\",\"url\":\"https:\/\/momentodemaquillaje.com\/wp-content\/uploads\/2024\/12\/Maquillaje-Novia6.webp\",\"link\":\"https:\/\/momentodemaquillaje.com\/pgc_simply_gallery\/bodas\/maquillaje-novia6\/\",\"alt\":\"\",\"description\":\"\",\"caption\":\"\",\"mime\":\"image\/webp\",\"type\":\"image\",\"width\":500,\"height\":750,\"sizes\":{\"thumbnail\":{\"height\":150,\"width\":150,\"url\":\"https:\/\/momentodemaquillaje.com\/wp-content\/uploads\/2024\/12\/Maquillaje-Novia6-150x150.webp\",\"orientation\":\"landscape\"},\"medium\":{\"height\":300,\"width\":200,\"url\":\"https:\/\/momentodemaquillaje.com\/wp-content\/uploads\/2024\/12\/Maquillaje-Novia6-200x300.webp\",\"orientation\":\"portrait\"},\"full\":{\"url\":\"https:\/\/momentodemaquillaje.com\/wp-content\/uploads\/2024\/12\/Maquillaje-Novia6.webp\",\"height\":750,\"width\":500,\"orientation\":\"portrait\"}},\"imageMeta\":{\"aperture\":\"0\",\"credit\":\"\",\"camera\":\"\",\"caption\":\"\",\"created_timestamp\":\"0\",\"copyright\":\"\",\"focal_length\":\"0\",\"iso\":\"0\",\"shutter_speed\":\"0\",\"title\":\"\",\"orientation\":\"0\",\"keywords\":[]},\"meta\":false},{\"id\":8718,\"title\":\"Maquillaje Novia18\",\"url\":\"https:\/\/momentodemaquillaje.com\/wp-content\/uploads\/2024\/12\/Maquillaje-Novia18.webp\",\"link\":\"https:\/\/momentodemaquillaje.com\/pgc_simply_gallery\/bodas\/maquillaje-novia18\/\",\"alt\":\"\",\"description\":\"\",\"caption\":\"\",\"mime\":\"image\/webp\",\"type\":\"image\",\"width\":500,\"height\":750,\"sizes\":{\"thumbnail\":{\"height\":150,\"width\":150,\"url\":\"https:\/\/momentodemaquillaje.com\/wp-content\/uploads\/2024\/12\/Maquillaje-Novia18-150x150.webp\",\"orientation\":\"landscape\"},\"medium\":{\"height\":300,\"width\":200,\"url\":\"https:\/\/momentodemaquillaje.com\/wp-content\/uploads\/2024\/12\/Maquillaje-Novia18-200x300.webp\",\"orientation\":\"portrait\"},\"full\":{\"url\":\"https:\/\/momentodemaquillaje.com\/wp-content\/uploads\/2024\/12\/Maquillaje-Novia18.webp\",\"height\":750,\"width\":500,\"orientation\":\"portrait\"}},\"imageMeta\":{\"aperture\":\"0\",\"credit\":\"\",\"camera\":\"\",\"caption\":\"\",\"created_timestamp\":\"0\",\"copyright\":\"\",\"focal_length\":\"0\",\"iso\":\"0\",\"shutter_speed\":\"0\",\"title\":\"\",\"orientation\":\"0\",\"keywords\":[]},\"meta\":false},{\"id\":8719,\"title\":\"maquillajenovia26\",\"url\":\"https:\/\/momentodemaquillaje.com\/wp-content\/uploads\/2024\/12\/maquillajenovia26.webp\",\"link\":\"https:\/\/momentodemaquillaje.com\/pgc_simply_gallery\/bodas\/maquillajenovia26\/\",\"alt\":\"\",\"description\":\"\",\"caption\":\"\",\"mime\":\"image\/webp\",\"type\":\"image\",\"width\":500,\"height\":750,\"sizes\":{\"thumbnail\":{\"height\":150,\"width\":150,\"url\":\"https:\/\/momentodemaquillaje.com\/wp-content\/uploads\/2024\/12\/maquillajenovia26-150x150.webp\",\"orientation\":\"landscape\"},\"medium\":{\"height\":300,\"width\":200,\"url\":\"https:\/\/momentodemaquillaje.com\/wp-content\/uploads\/2024\/12\/maquillajenovia26-200x300.webp\",\"orientation\":\"portrait\"},\"full\":{\"url\":\"https:\/\/momentodemaquillaje.com\/wp-content\/uploads\/2024\/12\/maquillajenovia26.webp\",\"height\":750,\"width\":500,\"orientation\":\"portrait\"}},\"imageMeta\":{\"aperture\":\"0\",\"credit\":\"\",\"camera\":\"\",\"caption\":\"\",\"created_timestamp\":\"0\",\"copyright\":\"\",\"focal_length\":\"0\",\"iso\":\"0\",\"shutter_speed\":\"0\",\"title\":\"\",\"orientation\":\"0\",\"keywords\":[]},\"meta\":false},{\"id\":8721,\"title\":\"Maquillaje Novia19\",\"url\":\"https:\/\/momentodemaquillaje.com\/wp-content\/uploads\/2024\/12\/Maquillaje-Novia19.webp\",\"link\":\"https:\/\/momentodemaquillaje.com\/pgc_simply_gallery\/bodas\/maquillaje-novia19\/\",\"alt\":\"\",\"description\":\"\",\"caption\":\"\",\"mime\":\"image\/webp\",\"type\":\"image\",\"width\":500,\"height\":750,\"sizes\":{\"thumbnail\":{\"height\":150,\"width\":150,\"url\":\"https:\/\/momentodemaquillaje.com\/wp-content\/uploads\/2024\/12\/Maquillaje-Novia19-150x150.webp\",\"orientation\":\"landscape\"},\"medium\":{\"height\":300,\"width\":200,\"url\":\"https:\/\/momentodemaquillaje.com\/wp-content\/uploads\/2024\/12\/Maquillaje-Novia19-200x300.webp\",\"orientation\":\"portrait\"},\"full\":{\"url\":\"https:\/\/momentodemaquillaje.com\/wp-content\/uploads\/2024\/12\/Maquillaje-Novia19.webp\",\"height\":750,\"width\":500,\"orientation\":\"portrait\"}},\"imageMeta\":{\"aperture\":\"0\",\"credit\":\"\",\"camera\":\"\",\"caption\":\"\",\"created_timestamp\":\"0\",\"copyright\":\"\",\"focal_length\":\"0\",\"iso\":\"0\",\"shutter_speed\":\"0\",\"title\":\"\",\"orientation\":\"0\",\"keywords\":[]},\"meta\":false},{\"id\":8722,\"title\":\"maquillajenovia28\",\"url\":\"https:\/\/momentodemaquillaje.com\/wp-content\/uploads\/2024\/12\/maquillajenovia28.webp\",\"link\":\"https:\/\/momentodemaquillaje.com\/pgc_simply_gallery\/bodas\/maquillajenovia28\/\",\"alt\":\"\",\"description\":\"\",\"caption\":\"\",\"mime\":\"image\/webp\",\"type\":\"image\",\"width\":500,\"height\":750,\"sizes\":{\"thumbnail\":{\"height\":150,\"width\":150,\"url\":\"https:\/\/momentodemaquillaje.com\/wp-content\/uploads\/2024\/12\/maquillajenovia28-150x150.webp\",\"orientation\":\"landscape\"},\"medium\":{\"height\":300,\"width\":200,\"url\":\"https:\/\/momentodemaquillaje.com\/wp-content\/uploads\/2024\/12\/maquillajenovia28-200x300.webp\",\"orientation\":\"portrait\"},\"full\":{\"url\":\"https:\/\/momentodemaquillaje.com\/wp-content\/uploads\/2024\/12\/maquillajenovia28.webp\",\"height\":750,\"width\":500,\"orientation\":\"portrait\"}},\"imageMeta\":{\"aperture\":\"0\",\"credit\":\"\",\"camera\":\"\",\"caption\":\"\",\"created_timestamp\":\"0\",\"copyright\":\"\",\"focal_length\":\"0\",\"iso\":\"0\",\"shutter_speed\":\"0\",\"title\":\"\",\"orientation\":\"0\",\"keywords\":[]},\"meta\":false},{\"id\":8723,\"title\":\"Maquillaje Novia4\",\"url\":\"https:\/\/momentodemaquillaje.com\/wp-content\/uploads\/2024\/12\/Maquillaje-Novia4.webp\",\"link\":\"https:\/\/momentodemaquillaje.com\/pgc_simply_gallery\/bodas\/maquillaje-novia4\/\",\"alt\":\"\",\"description\":\"\",\"caption\":\"\",\"mime\":\"image\/webp\",\"type\":\"image\",\"width\":500,\"height\":750,\"sizes\":{\"thumbnail\":{\"height\":150,\"width\":150,\"url\":\"https:\/\/momentodemaquillaje.com\/wp-content\/uploads\/2024\/12\/Maquillaje-Novia4-150x150.webp\",\"orientation\":\"landscape\"},\"medium\":{\"height\":300,\"width\":200,\"url\":\"https:\/\/momentodemaquillaje.com\/wp-content\/uploads\/2024\/12\/Maquillaje-Novia4-200x300.webp\",\"orientation\":\"portrait\"},\"full\":{\"url\":\"https:\/\/momentodemaquillaje.com\/wp-content\/uploads\/2024\/12\/Maquillaje-Novia4.webp\",\"height\":750,\"width\":500,\"orientation\":\"portrait\"}},\"imageMeta\":{\"aperture\":\"0\",\"credit\":\"\",\"camera\":\"\",\"caption\":\"\",\"created_timestamp\":\"0\",\"copyright\":\"\",\"focal_length\":\"0\",\"iso\":\"0\",\"shutter_speed\":\"0\",\"title\":\"\",\"orientation\":\"0\",\"keywords\":[]},\"meta\":false},{\"id\":9906,\"title\":\"Novia Valencia \u00b7 11:59 \u00b7 Enero 2026\",\"url\":\"https:\/\/momentodemaquillaje.com\/wp-content\/uploads\/2026\/06\/FA73A96E-D833-4FF8-A877-A4F18B803AB5_1_105_c.webp\",\"link\":\"https:\/\/momentodemaquillaje.com\/fa73a96e-d833-4ff8-a877-a4f18b803ab5_1_105_c\/\",\"alt\":\"Novia Valencia \u00b7 11:59 \u00b7 Enero 2026\",\"description\":\"\",\"caption\":\"\",\"mime\":\"image\/webp\",\"type\":\"image\",\"width\":500,\"height\":750,\"sizes\":{\"thumbnail\":{\"height\":150,\"width\":150,\"url\":\"https:\/\/momentodemaquillaje.com\/wp-content\/uploads\/2026\/06\/FA73A96E-D833-4FF8-A877-A4F18B803AB5_1_105_c-150x150.webp\",\"orientation\":\"landscape\"},\"medium\":{\"height\":300,\"width\":200,\"url\":\"https:\/\/momentodemaquillaje.com\/wp-content\/uploads\/2026\/06\/FA73A96E-D833-4FF8-A877-A4F18B803AB5_1_105_c-200x300.webp\",\"orientation\":\"portrait\"},\"full\":{\"url\":\"https:\/\/momentodemaquillaje.com\/wp-content\/uploads\/2026\/06\/FA73A96E-D833-4FF8-A877-A4F18B803AB5_1_105_c.webp\",\"height\":750,\"width\":500,\"orientation\":\"portrait\"}},\"imageMeta\":{\"aperture\":\"0\",\"credit\":\"\",\"camera\":\"\",\"caption\":\"\",\"created_timestamp\":\"0\",\"copyright\":\"\",\"focal_length\":\"0\",\"iso\":\"0\",\"shutter_speed\":\"0\",\"title\":\"\",\"orientation\":\"0\",\"keywords\":[],\"alt\":\"\"},\"meta\":false},{\"id\":9908,\"title\":\"Novia Valencia \u00b7 12:08 \u00b7 Marzo 2026\",\"url\":\"https:\/\/momentodemaquillaje.com\/wp-content\/uploads\/2026\/06\/3CD686FA-D61B-4413-A303-4C20E1C524EB_1_105_c.webp\",\"link\":\"https:\/\/momentodemaquillaje.com\/3cd686fa-d61b-4413-a303-4c20e1c524eb_1_105_c\/\",\"alt\":\"Novia Valencia \u00b7 12:08 \u00b7 Marzo 2026\",\"description\":\"\",\"caption\":\"\",\"mime\":\"image\/webp\",\"type\":\"image\",\"width\":500,\"height\":750,\"sizes\":{\"thumbnail\":{\"height\":150,\"width\":150,\"url\":\"https:\/\/momentodemaquillaje.com\/wp-content\/uploads\/2026\/06\/3CD686FA-D61B-4413-A303-4C20E1C524EB_1_105_c-150x150.webp\",\"orientation\":\"landscape\"},\"medium\":{\"height\":300,\"width\":200,\"url\":\"https:\/\/momentodemaquillaje.com\/wp-content\/uploads\/2026\/06\/3CD686FA-D61B-4413-A303-4C20E1C524EB_1_105_c-200x300.webp\",\"orientation\":\"portrait\"},\"full\":{\"url\":\"https:\/\/momentodemaquillaje.com\/wp-content\/uploads\/2026\/06\/3CD686FA-D61B-4413-A303-4C20E1C524EB_1_105_c.webp\",\"height\":750,\"width\":500,\"orientation\":\"portrait\"}},\"imageMeta\":{\"aperture\":\"0\",\"credit\":\"\",\"camera\":\"\",\"caption\":\"\",\"created_timestamp\":\"0\",\"copyright\":\"\",\"focal_length\":\"0\",\"iso\":\"0\",\"shutter_speed\":\"0\",\"title\":\"\",\"orientation\":\"0\",\"keywords\":[],\"alt\":\"\"},\"meta\":false},{\"id\":9909,\"title\":\"Novia Valencia \u00b7 Junio 2026\",\"url\":\"https:\/\/momentodemaquillaje.com\/wp-content\/uploads\/2026\/06\/8DCF9D6A-4056-4CAA-A691-D84A9B194706_1_105_c.webp\",\"link\":\"https:\/\/momentodemaquillaje.com\/8dcf9d6a-4056-4caa-a691-d84a9b194706_1_105_c\/\",\"alt\":\"Novia Valencia \u00b7 Junio 2026\",\"description\":\"\",\"caption\":\"\",\"mime\":\"image\/webp\",\"type\":\"image\",\"width\":500,\"height\":750,\"sizes\":{\"thumbnail\":{\"height\":150,\"width\":150,\"url\":\"https:\/\/momentodemaquillaje.com\/wp-content\/uploads\/2026\/06\/8DCF9D6A-4056-4CAA-A691-D84A9B194706_1_105_c-150x150.webp\",\"orientation\":\"landscape\"},\"medium\":{\"height\":300,\"width\":200,\"url\":\"https:\/\/momentodemaquillaje.com\/wp-content\/uploads\/2026\/06\/8DCF9D6A-4056-4CAA-A691-D84A9B194706_1_105_c-200x300.webp\",\"orientation\":\"portrait\"},\"full\":{\"url\":\"https:\/\/momentodemaquillaje.com\/wp-content\/uploads\/2026\/06\/8DCF9D6A-4056-4CAA-A691-D84A9B194706_1_105_c.webp\",\"height\":750,\"width\":500,\"orientation\":\"portrait\"}},\"imageMeta\":{\"aperture\":\"0\",\"credit\":\"\",\"camera\":\"\",\"caption\":\"\",\"created_timestamp\":\"0\",\"copyright\":\"\",\"focal_length\":\"0\",\"iso\":\"0\",\"shutter_speed\":\"0\",\"title\":\"\",\"orientation\":\"0\",\"keywords\":[],\"alt\":\"\"},\"meta\":false},{\"id\":9922,\"title\":\"Novia Valencia \u00b7 10:53 \u00b7 Marzo 2026\",\"url\":\"https:\/\/momentodemaquillaje.com\/wp-content\/uploads\/2026\/06\/89BB590F-F8D8-42D9-BFFD-F2CE14272D51_1_105_c.webp\",\"link\":\"https:\/\/momentodemaquillaje.com\/89bb590f-f8d8-42d9-bffd-f2ce14272d51_1_105_c\/\",\"alt\":\"Novia Valencia \u00b7 10:53 \u00b7 Marzo 2026\",\"description\":\"\",\"caption\":\"\",\"mime\":\"image\/webp\",\"type\":\"image\",\"width\":500,\"height\":750,\"sizes\":{\"thumbnail\":{\"height\":150,\"width\":150,\"url\":\"https:\/\/momentodemaquillaje.com\/wp-content\/uploads\/2026\/06\/89BB590F-F8D8-42D9-BFFD-F2CE14272D51_1_105_c-150x150.webp\",\"orientation\":\"landscape\"},\"medium\":{\"height\":300,\"width\":200,\"url\":\"https:\/\/momentodemaquillaje.com\/wp-content\/uploads\/2026\/06\/89BB590F-F8D8-42D9-BFFD-F2CE14272D51_1_105_c-200x300.webp\",\"orientation\":\"portrait\"},\"full\":{\"url\":\"https:\/\/momentodemaquillaje.com\/wp-content\/uploads\/2026\/06\/89BB590F-F8D8-42D9-BFFD-F2CE14272D51_1_105_c.webp\",\"height\":750,\"width\":500,\"orientation\":\"portrait\"}},\"imageMeta\":{\"aperture\":\"0\",\"credit\":\"\",\"camera\":\"\",\"caption\":\"\",\"created_timestamp\":\"0\",\"copyright\":\"\",\"focal_length\":\"0\",\"iso\":\"0\",\"shutter_speed\":\"0\",\"title\":\"\",\"orientation\":\"0\",\"keywords\":[],\"alt\":\"\"},\"meta\":false},{\"id\":9910,\"title\":\"Novia Valencia \u00b7 15:39 \u00b7 Marzo 2026\",\"url\":\"https:\/\/momentodemaquillaje.com\/wp-content\/uploads\/2026\/06\/E769B370-2704-46D1-AF3B-C07828C7A92C_1_105_c.webp\",\"link\":\"https:\/\/momentodemaquillaje.com\/e769b370-2704-46d1-af3b-c07828c7a92c_1_105_c\/\",\"alt\":\"Novia Valencia \u00b7 15:39 \u00b7 Marzo 2026\",\"description\":\"\",\"caption\":\"\",\"mime\":\"image\/webp\",\"type\":\"image\",\"width\":500,\"height\":750,\"sizes\":{\"thumbnail\":{\"height\":150,\"width\":150,\"url\":\"https:\/\/momentodemaquillaje.com\/wp-content\/uploads\/2026\/06\/E769B370-2704-46D1-AF3B-C07828C7A92C_1_105_c-150x150.webp\",\"orientation\":\"landscape\"},\"medium\":{\"height\":300,\"width\":200,\"url\":\"https:\/\/momentodemaquillaje.com\/wp-content\/uploads\/2026\/06\/E769B370-2704-46D1-AF3B-C07828C7A92C_1_105_c-200x300.webp\",\"orientation\":\"portrait\"},\"full\":{\"url\":\"https:\/\/momentodemaquillaje.com\/wp-content\/uploads\/2026\/06\/E769B370-2704-46D1-AF3B-C07828C7A92C_1_105_c.webp\",\"height\":750,\"width\":500,\"orientation\":\"portrait\"}},\"imageMeta\":{\"aperture\":\"0\",\"credit\":\"\",\"camera\":\"\",\"caption\":\"\",\"created_timestamp\":\"0\",\"copyright\":\"\",\"focal_length\":\"0\",\"iso\":\"0\",\"shutter_speed\":\"0\",\"title\":\"\",\"orientation\":\"0\",\"keywords\":[],\"alt\":\"\"},\"meta\":false},{\"id\":9923,\"title\":\"Novia Valencia \u00b7 06:53 \u00b7 Marzo 2026\",\"url\":\"https:\/\/momentodemaquillaje.com\/wp-content\/uploads\/2026\/06\/88CB5204-D025-49E9-A64F-48121F4FC1C6_1_105_c.webp\",\"link\":\"https:\/\/momentodemaquillaje.com\/88cb5204-d025-49e9-a64f-48121f4fc1c6_1_105_c\/\",\"alt\":\"Novia Valencia \u00b7 06:53 \u00b7 Marzo 2026\",\"description\":\"\",\"caption\":\"\",\"mime\":\"image\/webp\",\"type\":\"image\",\"width\":500,\"height\":750,\"sizes\":{\"thumbnail\":{\"height\":150,\"width\":150,\"url\":\"https:\/\/momentodemaquillaje.com\/wp-content\/uploads\/2026\/06\/88CB5204-D025-49E9-A64F-48121F4FC1C6_1_105_c-150x150.webp\",\"orientation\":\"landscape\"},\"medium\":{\"height\":300,\"width\":200,\"url\":\"https:\/\/momentodemaquillaje.com\/wp-content\/uploads\/2026\/06\/88CB5204-D025-49E9-A64F-48121F4FC1C6_1_105_c-200x300.webp\",\"orientation\":\"portrait\"},\"full\":{\"url\":\"https:\/\/momentodemaquillaje.com\/wp-content\/uploads\/2026\/06\/88CB5204-D025-49E9-A64F-48121F4FC1C6_1_105_c.webp\",\"height\":750,\"width\":500,\"orientation\":\"portrait\"}},\"imageMeta\":{\"aperture\":\"0\",\"credit\":\"\",\"camera\":\"\",\"caption\":\"\",\"created_timestamp\":\"0\",\"copyright\":\"\",\"focal_length\":\"0\",\"iso\":\"0\",\"shutter_speed\":\"0\",\"title\":\"\",\"orientation\":\"0\",\"keywords\":[],\"alt\":\"\"},\"meta\":false},{\"id\":9913,\"title\":\"Novia Valencia \u00b7 10:41 \u00b7 Febrero 2026\",\"url\":\"https:\/\/momentodemaquillaje.com\/wp-content\/uploads\/2026\/06\/201B9ECE-4AFB-417C-A4F0-BE2455458BD8_1_105_c.webp\",\"link\":\"https:\/\/momentodemaquillaje.com\/201b9ece-4afb-417c-a4f0-be2455458bd8_1_105_c\/\",\"alt\":\"Novia Valencia \u00b7 10:41 \u00b7 Febrero 2026\",\"description\":\"\",\"caption\":\"\",\"mime\":\"image\/webp\",\"type\":\"image\",\"width\":500,\"height\":750,\"sizes\":{\"thumbnail\":{\"height\":150,\"width\":150,\"url\":\"https:\/\/momentodemaquillaje.com\/wp-content\/uploads\/2026\/06\/201B9ECE-4AFB-417C-A4F0-BE2455458BD8_1_105_c-150x150.webp\",\"orientation\":\"landscape\"},\"medium\":{\"height\":300,\"width\":200,\"url\":\"https:\/\/momentodemaquillaje.com\/wp-content\/uploads\/2026\/06\/201B9ECE-4AFB-417C-A4F0-BE2455458BD8_1_105_c-200x300.webp\",\"orientation\":\"portrait\"},\"full\":{\"url\":\"https:\/\/momentodemaquillaje.com\/wp-content\/uploads\/2026\/06\/201B9ECE-4AFB-417C-A4F0-BE2455458BD8_1_105_c.webp\",\"height\":750,\"width\":500,\"orientation\":\"portrait\"}},\"imageMeta\":{\"aperture\":\"0\",\"credit\":\"\",\"camera\":\"\",\"caption\":\"\",\"created_timestamp\":\"0\",\"copyright\":\"\",\"focal_length\":\"0\",\"iso\":\"0\",\"shutter_speed\":\"0\",\"title\":\"\",\"orientation\":\"0\",\"keywords\":[],\"alt\":\"\"},\"meta\":false},{\"id\":9914,\"title\":\"Novia Valencia \u00b7 10:41 \u00b7 Febrero 2026\",\"url\":\"https:\/\/momentodemaquillaje.com\/wp-content\/uploads\/2026\/06\/04E61AA5-EADB-4D3C-A81F-B1271829DFD0_1_105_c.webp\",\"link\":\"https:\/\/momentodemaquillaje.com\/04e61aa5-eadb-4d3c-a81f-b1271829dfd0_1_105_c\/\",\"alt\":\"Novia Valencia \u00b7 10:41 \u00b7 Febrero 2026\",\"description\":\"\",\"caption\":\"\",\"mime\":\"image\/webp\",\"type\":\"image\",\"width\":500,\"height\":750,\"sizes\":{\"thumbnail\":{\"height\":150,\"width\":150,\"url\":\"https:\/\/momentodemaquillaje.com\/wp-content\/uploads\/2026\/06\/04E61AA5-EADB-4D3C-A81F-B1271829DFD0_1_105_c-150x150.webp\",\"orientation\":\"landscape\"},\"medium\":{\"height\":300,\"width\":200,\"url\":\"https:\/\/momentodemaquillaje.com\/wp-content\/uploads\/2026\/06\/04E61AA5-EADB-4D3C-A81F-B1271829DFD0_1_105_c-200x300.webp\",\"orientation\":\"portrait\"},\"full\":{\"url\":\"https:\/\/momentodemaquillaje.com\/wp-content\/uploads\/2026\/06\/04E61AA5-EADB-4D3C-A81F-B1271829DFD0_1_105_c.webp\",\"height\":750,\"width\":500,\"orientation\":\"portrait\"}},\"imageMeta\":{\"aperture\":\"0\",\"credit\":\"\",\"camera\":\"\",\"caption\":\"\",\"created_timestamp\":\"0\",\"copyright\":\"\",\"focal_length\":\"0\",\"iso\":\"0\",\"shutter_speed\":\"0\",\"title\":\"\",\"orientation\":\"0\",\"keywords\":[],\"alt\":\"\"},\"meta\":false},{\"id\":9916,\"title\":\"Novia Valencia \u00b7 Junio 2026\",\"url\":\"https:\/\/momentodemaquillaje.com\/wp-content\/uploads\/2026\/06\/7C17353D-772D-42F4-B5DD-7F5E686E2BD9_1_105_c.webp\",\"link\":\"https:\/\/momentodemaquillaje.com\/7c17353d-772d-42f4-b5dd-7f5e686e2bd9_1_105_c\/\",\"alt\":\"Novia Valencia \u00b7 Junio 2026\",\"description\":\"\",\"caption\":\"\",\"mime\":\"image\/webp\",\"type\":\"image\",\"width\":500,\"height\":750,\"sizes\":{\"thumbnail\":{\"height\":150,\"width\":150,\"url\":\"https:\/\/momentodemaquillaje.com\/wp-content\/uploads\/2026\/06\/7C17353D-772D-42F4-B5DD-7F5E686E2BD9_1_105_c-150x150.webp\",\"orientation\":\"landscape\"},\"medium\":{\"height\":300,\"width\":200,\"url\":\"https:\/\/momentodemaquillaje.com\/wp-content\/uploads\/2026\/06\/7C17353D-772D-42F4-B5DD-7F5E686E2BD9_1_105_c-200x300.webp\",\"orientation\":\"portrait\"},\"full\":{\"url\":\"https:\/\/momentodemaquillaje.com\/wp-content\/uploads\/2026\/06\/7C17353D-772D-42F4-B5DD-7F5E686E2BD9_1_105_c.webp\",\"height\":750,\"width\":500,\"orientation\":\"portrait\"}},\"imageMeta\":{\"aperture\":\"0\",\"credit\":\"\",\"camera\":\"\",\"caption\":\"\",\"created_timestamp\":\"0\",\"copyright\":\"\",\"focal_length\":\"0\",\"iso\":\"0\",\"shutter_speed\":\"0\",\"title\":\"\",\"orientation\":\"0\",\"keywords\":[],\"alt\":\"\"},\"meta\":false},{\"id\":9917,\"title\":\"Novia Valencia \u00b7 11:56 \u00b7 Enero 2026\",\"url\":\"https:\/\/momentodemaquillaje.com\/wp-content\/uploads\/2026\/06\/B1313E92-8D6A-45AC-868F-5BBF0B9B94BC_1_105_c.webp\",\"link\":\"https:\/\/momentodemaquillaje.com\/b1313e92-8d6a-45ac-868f-5bbf0b9b94bc_1_105_c\/\",\"alt\":\"Novia Valencia \u00b7 11:56 \u00b7 Enero 2026\",\"description\":\"\",\"caption\":\"\",\"mime\":\"image\/webp\",\"type\":\"image\",\"width\":500,\"height\":750,\"sizes\":{\"thumbnail\":{\"height\":150,\"width\":150,\"url\":\"https:\/\/momentodemaquillaje.com\/wp-content\/uploads\/2026\/06\/B1313E92-8D6A-45AC-868F-5BBF0B9B94BC_1_105_c-150x150.webp\",\"orientation\":\"landscape\"},\"medium\":{\"height\":300,\"width\":200,\"url\":\"https:\/\/momentodemaquillaje.com\/wp-content\/uploads\/2026\/06\/B1313E92-8D6A-45AC-868F-5BBF0B9B94BC_1_105_c-200x300.webp\",\"orientation\":\"portrait\"},\"full\":{\"url\":\"https:\/\/momentodemaquillaje.com\/wp-content\/uploads\/2026\/06\/B1313E92-8D6A-45AC-868F-5BBF0B9B94BC_1_105_c.webp\",\"height\":750,\"width\":500,\"orientation\":\"portrait\"}},\"imageMeta\":{\"aperture\":\"0\",\"credit\":\"\",\"camera\":\"\",\"caption\":\"\",\"created_timestamp\":\"0\",\"copyright\":\"\",\"focal_length\":\"0\",\"iso\":\"0\",\"shutter_speed\":\"0\",\"title\":\"\",\"orientation\":\"0\",\"keywords\":[],\"alt\":\"\"},\"meta\":false},{\"id\":9918,\"title\":\"Novia Valencia \u00b7 11:55 \u00b7 Enero 2026\",\"url\":\"https:\/\/momentodemaquillaje.com\/wp-content\/uploads\/2026\/06\/2682F1EB-D85F-42FA-BAFD-0F793B85FA0D_1_105_c.webp\",\"link\":\"https:\/\/momentodemaquillaje.com\/2682f1eb-d85f-42fa-bafd-0f793b85fa0d_1_105_c\/\",\"alt\":\"Novia Valencia \u00b7 11:55 \u00b7 Enero 2026\",\"description\":\"\",\"caption\":\"\",\"mime\":\"image\/webp\",\"type\":\"image\",\"width\":500,\"height\":750,\"sizes\":{\"thumbnail\":{\"height\":150,\"width\":150,\"url\":\"https:\/\/momentodemaquillaje.com\/wp-content\/uploads\/2026\/06\/2682F1EB-D85F-42FA-BAFD-0F793B85FA0D_1_105_c-150x150.webp\",\"orientation\":\"landscape\"},\"medium\":{\"height\":300,\"width\":200,\"url\":\"https:\/\/momentodemaquillaje.com\/wp-content\/uploads\/2026\/06\/2682F1EB-D85F-42FA-BAFD-0F793B85FA0D_1_105_c-200x300.webp\",\"orientation\":\"portrait\"},\"full\":{\"url\":\"https:\/\/momentodemaquillaje.com\/wp-content\/uploads\/2026\/06\/2682F1EB-D85F-42FA-BAFD-0F793B85FA0D_1_105_c.webp\",\"height\":750,\"width\":500,\"orientation\":\"portrait\"}},\"imageMeta\":{\"aperture\":\"0\",\"credit\":\"\",\"camera\":\"\",\"caption\":\"\",\"created_timestamp\":\"0\",\"copyright\":\"\",\"focal_length\":\"0\",\"iso\":\"0\",\"shutter_speed\":\"0\",\"title\":\"\",\"orientation\":\"0\",\"keywords\":[],\"alt\":\"\"},\"meta\":false},{\"id\":9919,\"title\":\"Novia Valencia \u00b7 10:05 \u00b7 Diciembre 2025\",\"url\":\"https:\/\/momentodemaquillaje.com\/wp-content\/uploads\/2026\/06\/00F93002-079E-4FCC-AF10-91B1B091B720_1_105_c.webp\",\"link\":\"https:\/\/momentodemaquillaje.com\/00f93002-079e-4fcc-af10-91b1b091b720_1_105_c\/\",\"alt\":\"Novia Valencia \u00b7 10:05 \u00b7 Diciembre 2025\",\"description\":\"\",\"caption\":\"\",\"mime\":\"image\/webp\",\"type\":\"image\",\"width\":500,\"height\":750,\"sizes\":{\"thumbnail\":{\"height\":150,\"width\":150,\"url\":\"https:\/\/momentodemaquillaje.com\/wp-content\/uploads\/2026\/06\/00F93002-079E-4FCC-AF10-91B1B091B720_1_105_c-150x150.webp\",\"orientation\":\"landscape\"},\"medium\":{\"height\":300,\"width\":200,\"url\":\"https:\/\/momentodemaquillaje.com\/wp-content\/uploads\/2026\/06\/00F93002-079E-4FCC-AF10-91B1B091B720_1_105_c-200x300.webp\",\"orientation\":\"portrait\"},\"full\":{\"url\":\"https:\/\/momentodemaquillaje.com\/wp-content\/uploads\/2026\/06\/00F93002-079E-4FCC-AF10-91B1B091B720_1_105_c.webp\",\"height\":750,\"width\":500,\"orientation\":\"portrait\"}},\"imageMeta\":{\"aperture\":\"0\",\"credit\":\"\",\"camera\":\"\",\"caption\":\"\",\"created_timestamp\":\"0\",\"copyright\":\"\",\"focal_length\":\"0\",\"iso\":\"0\",\"shutter_speed\":\"0\",\"title\":\"\",\"orientation\":\"0\",\"keywords\":[],\"alt\":\"\"},\"meta\":false},{\"id\":9920,\"title\":\"Novia Valencia \u00b7 10:14 \u00b7 Enero 2026\",\"url\":\"https:\/\/momentodemaquillaje.com\/wp-content\/uploads\/2026\/06\/C4A2F838-D7C3-4441-A88B-CFC2DD9C6825_1_105_c.webp\",\"link\":\"https:\/\/momentodemaquillaje.com\/c4a2f838-d7c3-4441-a88b-cfc2dd9c6825_1_105_c\/\",\"alt\":\"Novia Valencia \u00b7 10:14 \u00b7 Enero 2026\",\"description\":\"\",\"caption\":\"\",\"mime\":\"image\/webp\",\"type\":\"image\",\"width\":500,\"height\":750,\"sizes\":{\"thumbnail\":{\"height\":150,\"width\":150,\"url\":\"https:\/\/momentodemaquillaje.com\/wp-content\/uploads\/2026\/06\/C4A2F838-D7C3-4441-A88B-CFC2DD9C6825_1_105_c-150x150.webp\",\"orientation\":\"landscape\"},\"medium\":{\"height\":300,\"width\":200,\"url\":\"https:\/\/momentodemaquillaje.com\/wp-content\/uploads\/2026\/06\/C4A2F838-D7C3-4441-A88B-CFC2DD9C6825_1_105_c-200x300.webp\",\"orientation\":\"portrait\"},\"full\":{\"url\":\"https:\/\/momentodemaquillaje.com\/wp-content\/uploads\/2026\/06\/C4A2F838-D7C3-4441-A88B-CFC2DD9C6825_1_105_c.webp\",\"height\":750,\"width\":500,\"orientation\":\"portrait\"}},\"imageMeta\":{\"aperture\":\"0\",\"credit\":\"\",\"camera\":\"\",\"caption\":\"\",\"created_timestamp\":\"0\",\"copyright\":\"\",\"focal_length\":\"0\",\"iso\":\"0\",\"shutter_speed\":\"0\",\"title\":\"\",\"orientation\":\"0\",\"keywords\":[],\"alt\":\"\"},\"meta\":false},{\"id\":9921,\"title\":\"Novia Valencia \u00b7 10:14 \u00b7 Enero 2026\",\"url\":\"https:\/\/momentodemaquillaje.com\/wp-content\/uploads\/2026\/06\/39888430-1DCC-4142-801E-160051F75E66_1_105_c.webp\",\"link\":\"https:\/\/momentodemaquillaje.com\/39888430-1dcc-4142-801e-160051f75e66_1_105_c\/\",\"alt\":\"Novia Valencia \u00b7 10:14 \u00b7 Enero 2026\",\"description\":\"\",\"caption\":\"\",\"mime\":\"image\/webp\",\"type\":\"image\",\"width\":500,\"height\":750,\"sizes\":{\"thumbnail\":{\"height\":150,\"width\":150,\"url\":\"https:\/\/momentodemaquillaje.com\/wp-content\/uploads\/2026\/06\/39888430-1DCC-4142-801E-160051F75E66_1_105_c-150x150.webp\",\"orientation\":\"landscape\"},\"medium\":{\"height\":300,\"width\":200,\"url\":\"https:\/\/momentodemaquillaje.com\/wp-content\/uploads\/2026\/06\/39888430-1DCC-4142-801E-160051F75E66_1_105_c-200x300.webp\",\"orientation\":\"portrait\"},\"full\":{\"url\":\"https:\/\/momentodemaquillaje.com\/wp-content\/uploads\/2026\/06\/39888430-1DCC-4142-801E-160051F75E66_1_105_c.webp\",\"height\":750,\"width\":500,\"orientation\":\"portrait\"}},\"imageMeta\":{\"aperture\":\"0\",\"credit\":\"\",\"camera\":\"\",\"caption\":\"\",\"created_timestamp\":\"0\",\"copyright\":\"\",\"focal_length\":\"0\",\"iso\":\"0\",\"shutter_speed\":\"0\",\"title\":\"\",\"orientation\":\"0\",\"keywords\":[],\"alt\":\"\"},\"meta\":false},{\"id\":9924,\"title\":\"Novia Valencia \u00b7 11:59 \u00b7 Enero 2026\",\"url\":\"https:\/\/momentodemaquillaje.com\/wp-content\/uploads\/2026\/06\/6638857B-CDD0-472E-A3AF-14CBF5F48F1D_1_105_c.webp\",\"link\":\"https:\/\/momentodemaquillaje.com\/6638857b-cdd0-472e-a3af-14cbf5f48f1d_1_105_c\/\",\"alt\":\"Novia Valencia \u00b7 11:59 \u00b7 Enero 2026\",\"description\":\"\",\"caption\":\"\",\"mime\":\"image\/webp\",\"type\":\"image\",\"width\":500,\"height\":750,\"sizes\":{\"thumbnail\":{\"height\":150,\"width\":150,\"url\":\"https:\/\/momentodemaquillaje.com\/wp-content\/uploads\/2026\/06\/6638857B-CDD0-472E-A3AF-14CBF5F48F1D_1_105_c-150x150.webp\",\"orientation\":\"landscape\"},\"medium\":{\"height\":300,\"width\":200,\"url\":\"https:\/\/momentodemaquillaje.com\/wp-content\/uploads\/2026\/06\/6638857B-CDD0-472E-A3AF-14CBF5F48F1D_1_105_c-200x300.webp\",\"orientation\":\"portrait\"},\"full\":{\"url\":\"https:\/\/momentodemaquillaje.com\/wp-content\/uploads\/2026\/06\/6638857B-CDD0-472E-A3AF-14CBF5F48F1D_1_105_c.webp\",\"height\":750,\"width\":500,\"orientation\":\"portrait\"}},\"imageMeta\":{\"aperture\":\"0\",\"credit\":\"\",\"camera\":\"\",\"caption\":\"\",\"created_timestamp\":\"0\",\"copyright\":\"\",\"focal_length\":\"0\",\"iso\":\"0\",\"shutter_speed\":\"0\",\"title\":\"\",\"orientation\":\"0\",\"keywords\":[],\"alt\":\"\"},\"meta\":false},{\"id\":9925,\"title\":\"Novia Valencia \u00b7 11:59 \u00b7 Enero 2026\",\"url\":\"https:\/\/momentodemaquillaje.com\/wp-content\/uploads\/2026\/06\/6835D250-E8B0-45E5-B4E9-F11DAEB33FF2_1_105_c.webp\",\"link\":\"https:\/\/momentodemaquillaje.com\/6835d250-e8b0-45e5-b4e9-f11daeb33ff2_1_105_c\/\",\"alt\":\"Novia Valencia \u00b7 11:59 \u00b7 Enero 2026\",\"description\":\"\",\"caption\":\"\",\"mime\":\"image\/webp\",\"type\":\"image\",\"width\":500,\"height\":750,\"sizes\":{\"thumbnail\":{\"height\":150,\"width\":150,\"url\":\"https:\/\/momentodemaquillaje.com\/wp-content\/uploads\/2026\/06\/6835D250-E8B0-45E5-B4E9-F11DAEB33FF2_1_105_c-150x150.webp\",\"orientation\":\"landscape\"},\"medium\":{\"height\":300,\"width\":200,\"url\":\"https:\/\/momentodemaquillaje.com\/wp-content\/uploads\/2026\/06\/6835D250-E8B0-45E5-B4E9-F11DAEB33FF2_1_105_c-200x300.webp\",\"orientation\":\"portrait\"},\"full\":{\"url\":\"https:\/\/momentodemaquillaje.com\/wp-content\/uploads\/2026\/06\/6835D250-E8B0-45E5-B4E9-F11DAEB33FF2_1_105_c.webp\",\"height\":750,\"width\":500,\"orientation\":\"portrait\"}},\"imageMeta\":{\"aperture\":\"0\",\"credit\":\"\",\"camera\":\"\",\"caption\":\"\",\"created_timestamp\":\"0\",\"copyright\":\"\",\"focal_length\":\"0\",\"iso\":\"0\",\"shutter_speed\":\"0\",\"title\":\"\",\"orientation\":\"0\",\"keywords\":[],\"alt\":\"\"},\"meta\":false},{\"id\":9927,\"title\":\"Novia Valencia \u00b7 Junio 2026\",\"url\":\"https:\/\/momentodemaquillaje.com\/wp-content\/uploads\/2026\/06\/87326E92-D7EA-441E-9652-12C90C33F164.webp\",\"link\":\"https:\/\/momentodemaquillaje.com\/87326e92-d7ea-441e-9652-12c90c33f164\/\",\"alt\":\"Novia Valencia \u00b7 Junio 2026\",\"description\":\"\",\"caption\":\"\",\"mime\":\"image\/webp\",\"type\":\"image\",\"width\":500,\"height\":750,\"sizes\":{\"thumbnail\":{\"height\":150,\"width\":150,\"url\":\"https:\/\/momentodemaquillaje.com\/wp-content\/uploads\/2026\/06\/87326E92-D7EA-441E-9652-12C90C33F164-150x150.webp\",\"orientation\":\"landscape\"},\"medium\":{\"height\":300,\"width\":200,\"url\":\"https:\/\/momentodemaquillaje.com\/wp-content\/uploads\/2026\/06\/87326E92-D7EA-441E-9652-12C90C33F164-200x300.webp\",\"orientation\":\"portrait\"},\"full\":{\"url\":\"https:\/\/momentodemaquillaje.com\/wp-content\/uploads\/2026\/06\/87326E92-D7EA-441E-9652-12C90C33F164.webp\",\"height\":750,\"width\":500,\"orientation\":\"portrait\"}},\"imageMeta\":{\"aperture\":\"0\",\"credit\":\"\",\"camera\":\"\",\"caption\":\"\",\"created_timestamp\":\"0\",\"copyright\":\"\",\"focal_length\":\"0\",\"iso\":\"0\",\"shutter_speed\":\"0\",\"title\":\"\",\"orientation\":\"0\",\"keywords\":[],\"alt\":\"\"},\"meta\":false}],\"itemsMetaDataCollection\":[{\"link\":\"\",\"linkTarget\":\"_self\",\"linkText\":\"\",\"tags\":[\"Bodas\"],\"id\":8701},{\"link\":\"\",\"linkTarget\":\"_self\",\"linkText\":\"\",\"tags\":[\"Bodas\"],\"id\":8715},{\"link\":\"\",\"linkTarget\":\"_self\",\"linkText\":\"\",\"tags\":[\"Bodas\"],\"id\":8703},{\"link\":\"\",\"linkTarget\":\"_self\",\"linkText\":\"\",\"tags\":[\"Bodas\"],\"id\":8712},{\"link\":\"\",\"linkTarget\":\"_self\",\"linkText\":\"\",\"tags\":[\"Bodas\"],\"id\":8704},{\"link\":\"\",\"linkTarget\":\"_self\",\"linkText\":\"\",\"tags\":[\"Bodas\"],\"id\":8698},{\"link\":\"\",\"linkTarget\":\"_self\",\"linkText\":\"\",\"tags\":[\"Bodas\"],\"id\":8695},{\"link\":\"\",\"linkTarget\":\"_self\",\"linkText\":\"\",\"tags\":[\"Bodas\"],\"id\":8714},{\"link\":\"\",\"linkTarget\":\"_self\",\"linkText\":\"\",\"tags\":[\"Bodas\"],\"id\":8696},{\"link\":\"\",\"linkTarget\":\"_self\",\"linkText\":\"\",\"tags\":[\"Bodas\"],\"id\":8697},{\"link\":\"\",\"linkTarget\":\"_self\",\"linkText\":\"\",\"tags\":[\"Bodas\"],\"id\":8699},{\"link\":\"\",\"linkTarget\":\"_self\",\"linkText\":\"\",\"tags\":[\"Bodas\"],\"id\":8700},{\"link\":\"\",\"linkTarget\":\"_self\",\"linkText\":\"\",\"tags\":[\"Bodas\"],\"id\":8702},{\"link\":\"\",\"linkTarget\":\"_self\",\"linkText\":\"\",\"tags\":[\"Bodas\"],\"id\":8705},{\"link\":\"\",\"linkTarget\":\"_self\",\"linkText\":\"\",\"tags\":[\"Bodas\"],\"id\":8706},{\"link\":\"\",\"linkTarget\":\"_self\",\"linkText\":\"\",\"tags\":[\"Bodas\"],\"id\":8720},{\"link\":\"\",\"linkTarget\":\"_self\",\"linkText\":\"\",\"tags\":[\"Bodas\"],\"id\":8707},{\"link\":\"\",\"linkTarget\":\"_self\",\"linkText\":\"\",\"tags\":[\"Bodas\"],\"id\":8708},{\"link\":\"\",\"linkTarget\":\"_self\",\"linkText\":\"\",\"tags\":[\"Bodas\"],\"id\":8709},{\"link\":\"\",\"linkTarget\":\"_self\",\"linkText\":\"\",\"tags\":[\"Bodas\"],\"id\":8710},{\"link\":\"\",\"linkTarget\":\"_self\",\"linkText\":\"\",\"tags\":[\"Bodas\"],\"id\":8711},{\"link\":\"\",\"linkTarget\":\"_self\",\"linkText\":\"\",\"tags\":[\"Bodas\"],\"id\":8713},{\"link\":\"\",\"linkTarget\":\"_self\",\"linkText\":\"\",\"tags\":[\"Bodas\"],\"id\":8716},{\"link\":\"\",\"linkTarget\":\"_self\",\"linkText\":\"\",\"tags\":[\"Bodas\"],\"id\":8717},{\"link\":\"\",\"linkTarget\":\"_self\",\"linkText\":\"\",\"tags\":[\"Bodas\"],\"id\":8718},{\"link\":\"\",\"linkTarget\":\"_self\",\"linkText\":\"\",\"tags\":[\"Bodas\"],\"id\":8719},{\"link\":\"\",\"linkTarget\":\"_self\",\"linkText\":\"\",\"tags\":[\"Bodas\"],\"id\":8721},{\"link\":\"\",\"linkTarget\":\"_self\",\"linkText\":\"\",\"tags\":[\"Bodas\"],\"id\":8722},{\"link\":\"\",\"linkTarget\":\"_self\",\"linkText\":\"\",\"tags\":[\"Bodas\"],\"id\":8723}],\"galleryTagsList\":[\"Bodas\"],\"galleryTagsListSrc\":{\"bodas\":\"Bodas\"},\"TrpContentRestriction\":{\"restriction_type\":\"exclude\",\"selected_languages\":[],\"panel_open\":true}}<\/script><script>(function(){if(window.PGC_SGB && window.PGC_SGB.searcher){window.PGC_SGB.searcher.initBlocks()}})()<\/script><\/div>","protected":false},"featured_media":8724,"comment_status":"open","ping_status":"closed","template":"","pgc_simply_category":[213],"class_list":["post-8694","pgc_simply_gallery","type-pgc_simply_gallery","status-publish","has-post-thumbnail","hentry","pgc_simply_category-bodas"],"yoast_head":"<!-- This site is optimized with the Yoast SEO plugin v28.3 - https:\/\/yoast.com\/product\/yoast-seo-wordpress\/ -->\n<title>Bodas - Momento de Maquillaje<\/title>\n<meta name=\"robots\" content=\"noindex, follow\" \/>\n<meta property=\"og:locale\" content=\"en_US\" \/>\n<meta property=\"og:type\" content=\"article\" \/>\n<meta property=\"og:title\" content=\"Bodas - Momento de Maquillaje\" \/>\n<meta property=\"og:url\" content=\"https:\/\/momentodemaquillaje.com\/en\/pgc_simply_gallery\/bodas\/\" \/>\n<meta property=\"og:site_name\" content=\"Momento de Maquillaje\" \/>\n<meta property=\"article:publisher\" content=\"https:\/\/www.facebook.com\/MomentodeMaquillaje\/\" \/>\n<meta property=\"article:modified_time\" content=\"2026-06-27T13:12:56+00:00\" \/>\n<meta property=\"og:image\" content=\"https:\/\/momentodemaquillaje.com\/wp-content\/uploads\/2024\/12\/Cover-Bodas-Gallery.webp\" \/>\n\t<meta property=\"og:image:width\" content=\"1024\" \/>\n\t<meta property=\"og:image:height\" content=\"1024\" \/>\n\t<meta property=\"og:image:type\" content=\"image\/webp\" \/>\n<meta name=\"twitter:card\" content=\"summary_large_image\" \/>\n<meta name=\"twitter:label1\" content=\"Est. reading time\" \/>\n\t<meta name=\"twitter:data1\" content=\"18 minutes\" \/>\n<script type=\"application\/ld+json\" class=\"yoast-schema-graph\">{\"@context\":\"https:\\\/\\\/schema.org\",\"@graph\":[{\"@type\":\"WebPage\",\"@id\":\"https:\\\/\\\/momentodemaquillaje.com\\\/pgc_simply_gallery\\\/bodas\\\/\",\"url\":\"https:\\\/\\\/momentodemaquillaje.com\\\/pgc_simply_gallery\\\/bodas\\\/\",\"name\":\"Bodas - Momento de Maquillaje\",\"isPartOf\":{\"@id\":\"https:\\\/\\\/momentodemaquillaje.com\\\/en\\\/#website\"},\"primaryImageOfPage\":{\"@id\":\"https:\\\/\\\/momentodemaquillaje.com\\\/pgc_simply_gallery\\\/bodas\\\/#primaryimage\"},\"image\":{\"@id\":\"https:\\\/\\\/momentodemaquillaje.com\\\/pgc_simply_gallery\\\/bodas\\\/#primaryimage\"},\"thumbnailUrl\":\"https:\\\/\\\/momentodemaquillaje.com\\\/wp-content\\\/uploads\\\/2024\\\/12\\\/Cover-Bodas-Gallery.webp\",\"datePublished\":\"2024-12-28T11:46:24+00:00\",\"dateModified\":\"2026-06-27T13:12:56+00:00\",\"breadcrumb\":{\"@id\":\"https:\\\/\\\/momentodemaquillaje.com\\\/pgc_simply_gallery\\\/bodas\\\/#breadcrumb\"},\"inLanguage\":\"es\",\"potentialAction\":[{\"@type\":\"ReadAction\",\"target\":[\"https:\\\/\\\/momentodemaquillaje.com\\\/pgc_simply_gallery\\\/bodas\\\/\"]}]},{\"@type\":\"ImageObject\",\"inLanguage\":\"en-US\",\"@id\":\"https:\\\/\\\/momentodemaquillaje.com\\\/pgc_simply_gallery\\\/bodas\\\/#primaryimage\",\"url\":\"https:\\\/\\\/momentodemaquillaje.com\\\/wp-content\\\/uploads\\\/2024\\\/12\\\/Cover-Bodas-Gallery.webp\",\"contentUrl\":\"https:\\\/\\\/momentodemaquillaje.com\\\/wp-content\\\/uploads\\\/2024\\\/12\\\/Cover-Bodas-Gallery.webp\",\"width\":1024,\"height\":1024},{\"@type\":\"BreadcrumbList\",\"@id\":\"https:\\\/\\\/momentodemaquillaje.com\\\/pgc_simply_gallery\\\/bodas\\\/#breadcrumb\",\"itemListElement\":[{\"@type\":\"ListItem\",\"position\":1,\"name\":\"Inicio\",\"item\":\"https:\\\/\\\/momentodemaquillaje.com\\\/\"},{\"@type\":\"ListItem\",\"position\":2,\"name\":\"SimpLy Galleries\",\"item\":\"https:\\\/\\\/momentodemaquillaje.com\\\/simply_galleries\\\/\"},{\"@type\":\"ListItem\",\"position\":3,\"name\":\"Bodas\"}]},{\"@type\":\"WebSite\",\"@id\":\"https:\\\/\\\/momentodemaquillaje.com\\\/#website\",\"url\":\"https:\\\/\\\/momentodemaquillaje.com\\\/\",\"name\":\"Momento de Maquillaje\",\"description\":\"Maquillaje Profesional Valencia\",\"publisher\":{\"@id\":\"https:\\\/\\\/momentodemaquillaje.com\\\/en\\\/#organization\"},\"potentialAction\":[{\"@type\":\"SearchAction\",\"target\":{\"@type\":\"EntryPoint\",\"urlTemplate\":\"https:\\\/\\\/momentodemaquillaje.com\\\/?s={search_term_string}\"},\"query-input\":{\"@type\":\"PropertyValueSpecification\",\"valueRequired\":true,\"valueName\":\"search_term_string\"}}],\"inLanguage\":\"es\"},{\"@type\":[\"Organization\",\"HealthAndBeautyBusiness\"],\"@id\":\"https:\\\/\\\/momentodemaquillaje.com\\\/en\\\/#organization\",\"name\":\"Momento de Maquillaje\",\"alternateName\":\"Momento de Maquillaje \u2014 Maquilladora profesional en Valencia\",\"url\":\"https:\\\/\\\/momentodemaquillaje.com\\\/en\\\/\",\"description\":\"Servicio de maquilladora y estilista profesional a domicilio en Valencia y provincia. Maquillaje y peinado para novias, eventos, sesiones de fotos, publicidad, teatro y cine, adem\u00e1s de cursos de automaquillaje y glitter bar. Los servicios incluyen maquillaje y peinado (recogidos, semirecogidos y ondas); no se realizan cortes ni coloraci\u00f3n.\",\"additionalType\":\"https:\\\/\\\/www.wikidata.org\\\/wiki\\\/Q935666\",\"telephone\":\"+34607016476\",\"email\":\"contact@momentodemaquillaje.com\",\"priceRange\":\"\u20ac\u20ac\",\"currenciesAccepted\":\"EUR\",\"paymentAccepted\":\"Efectivo, Bizum, Transferencia bancaria\",\"knowsLanguage\":[\"es\",\"en\",\"ro\"],\"hasMap\":\"https:\\\/\\\/maps.app.goo.gl\\\/rUs6Fc3JDNfFVrSo6\",\"logo\":{\"@type\":\"ImageObject\",\"@id\":\"https:\\\/\\\/momentodemaquillaje.com\\\/en\\\/#logo\",\"url\":\"https:\\\/\\\/momentodemaquillaje.com\\\/wp-content\\\/uploads\\\/2025\\\/01\\\/Logo-Black-Transparent-MomentoDeMaquillaje.png\",\"contentUrl\":\"https:\\\/\\\/momentodemaquillaje.com\\\/wp-content\\\/uploads\\\/2025\\\/01\\\/Logo-Black-Transparent-MomentoDeMaquillaje.png\",\"caption\":\"Momento de Maquillaje\"},\"image\":[{\"@type\":\"ImageObject\",\"@id\":\"https:\\\/\\\/momentodemaquillaje.com\\\/en\\\/#logo\"},\"https:\\\/\\\/momentodemaquillaje.com\\\/wp-content\\\/uploads\\\/2024\\\/12\\\/inicio-foto-1.webp\"],\"sameAs\":[\"https:\\\/\\\/www.instagram.com\\\/momentodemaquillaje\\\/\",\"https:\\\/\\\/www.facebook.com\\\/MomentodeMaquillaje\\\/\",\"https:\\\/\\\/www.youtube.com\\\/channel\\\/UCfFfcQ9kVvt2TMVCJGdW0Iw\",\"https:\\\/\\\/www.linkedin.com\\\/in\\\/madalina-ghizdeanu\\\/\",\"https:\\\/\\\/es.pinterest.com\\\/momentodemaquillaje\\\/\",\"https:\\\/\\\/www.bodas.net\\\/belleza-novias\\\/madalina-ghizdeanu--e236136\",\"https:\\\/\\\/maps.app.goo.gl\\\/rUs6Fc3JDNfFVrSo6\"],\"areaServed\":[{\"@type\":\"City\",\"@id\":\"https:\\\/\\\/momentodemaquillaje.com\\\/en\\\/#place-valencia\"},{\"@type\":\"Place\",\"@id\":\"https:\\\/\\\/momentodemaquillaje.com\\\/en\\\/#area-alboraya\",\"name\":\"Alboraya\",\"containedInPlace\":{\"@type\":\"AdministrativeArea\",\"@id\":\"https:\\\/\\\/momentodemaquillaje.com\\\/en\\\/#place-provincia-valencia\"}},{\"@type\":\"Place\",\"@id\":\"https:\\\/\\\/momentodemaquillaje.com\\\/en\\\/#area-mislata\",\"name\":\"Mislata\",\"containedInPlace\":{\"@type\":\"AdministrativeArea\",\"@id\":\"https:\\\/\\\/momentodemaquillaje.com\\\/en\\\/#place-provincia-valencia\"}},{\"@type\":\"Place\",\"@id\":\"https:\\\/\\\/momentodemaquillaje.com\\\/en\\\/#area-burjassot\",\"name\":\"Burjassot\",\"containedInPlace\":{\"@type\":\"AdministrativeArea\",\"@id\":\"https:\\\/\\\/momentodemaquillaje.com\\\/en\\\/#place-provincia-valencia\"}},{\"@type\":\"Place\",\"@id\":\"https:\\\/\\\/momentodemaquillaje.com\\\/en\\\/#area-paterna\",\"name\":\"Paterna\",\"containedInPlace\":{\"@type\":\"AdministrativeArea\",\"@id\":\"https:\\\/\\\/momentodemaquillaje.com\\\/en\\\/#place-provincia-valencia\"}},{\"@type\":\"Place\",\"@id\":\"https:\\\/\\\/momentodemaquillaje.com\\\/en\\\/#area-torrent\",\"name\":\"Torrent\",\"containedInPlace\":{\"@type\":\"AdministrativeArea\",\"@id\":\"https:\\\/\\\/momentodemaquillaje.com\\\/en\\\/#place-provincia-valencia\"}},{\"@type\":\"Place\",\"@id\":\"https:\\\/\\\/momentodemaquillaje.com\\\/en\\\/#area-xirivella\",\"name\":\"Xirivella\",\"containedInPlace\":{\"@type\":\"AdministrativeArea\",\"@id\":\"https:\\\/\\\/momentodemaquillaje.com\\\/en\\\/#place-provincia-valencia\"}},{\"@type\":\"Place\",\"@id\":\"https:\\\/\\\/momentodemaquillaje.com\\\/en\\\/#area-quart-de-poblet\",\"name\":\"Quart de Poblet\",\"containedInPlace\":{\"@type\":\"AdministrativeArea\",\"@id\":\"https:\\\/\\\/momentodemaquillaje.com\\\/en\\\/#place-provincia-valencia\"}},{\"@type\":\"Place\",\"@id\":\"https:\\\/\\\/momentodemaquillaje.com\\\/en\\\/#area-alaquas\",\"name\":\"Alaqu\u00e0s\",\"containedInPlace\":{\"@type\":\"AdministrativeArea\",\"@id\":\"https:\\\/\\\/momentodemaquillaje.com\\\/en\\\/#place-provincia-valencia\"}},{\"@type\":\"Place\",\"@id\":\"https:\\\/\\\/momentodemaquillaje.com\\\/en\\\/#area-manises\",\"name\":\"Manises\",\"containedInPlace\":{\"@type\":\"AdministrativeArea\",\"@id\":\"https:\\\/\\\/momentodemaquillaje.com\\\/en\\\/#place-provincia-valencia\"}},{\"@type\":\"Place\",\"@id\":\"https:\\\/\\\/momentodemaquillaje.com\\\/en\\\/#area-paiporta\",\"name\":\"Paiporta\",\"containedInPlace\":{\"@type\":\"AdministrativeArea\",\"@id\":\"https:\\\/\\\/momentodemaquillaje.com\\\/en\\\/#place-provincia-valencia\"}},{\"@type\":\"Place\",\"@id\":\"https:\\\/\\\/momentodemaquillaje.com\\\/en\\\/#area-sagunto\",\"name\":\"Sagunto\",\"containedInPlace\":{\"@type\":\"AdministrativeArea\",\"@id\":\"https:\\\/\\\/momentodemaquillaje.com\\\/en\\\/#place-provincia-valencia\"}},{\"@type\":\"Place\",\"@id\":\"https:\\\/\\\/momentodemaquillaje.com\\\/en\\\/#area-pucol\",\"name\":\"Pu\u00e7ol\",\"containedInPlace\":{\"@type\":\"AdministrativeArea\",\"@id\":\"https:\\\/\\\/momentodemaquillaje.com\\\/en\\\/#place-provincia-valencia\"}},{\"@type\":\"Place\",\"@id\":\"https:\\\/\\\/momentodemaquillaje.com\\\/en\\\/#area-massamagrell\",\"name\":\"Massamagrell\",\"containedInPlace\":{\"@type\":\"AdministrativeArea\",\"@id\":\"https:\\\/\\\/momentodemaquillaje.com\\\/en\\\/#place-provincia-valencia\"}},{\"@type\":\"Place\",\"@id\":\"https:\\\/\\\/momentodemaquillaje.com\\\/en\\\/#area-rocafort\",\"name\":\"Rocafort\",\"containedInPlace\":{\"@type\":\"AdministrativeArea\",\"@id\":\"https:\\\/\\\/momentodemaquillaje.com\\\/en\\\/#place-provincia-valencia\"}},{\"@type\":\"Place\",\"@id\":\"https:\\\/\\\/momentodemaquillaje.com\\\/en\\\/#area-godella\",\"name\":\"Godella\",\"containedInPlace\":{\"@type\":\"AdministrativeArea\",\"@id\":\"https:\\\/\\\/momentodemaquillaje.com\\\/en\\\/#place-provincia-valencia\"}},{\"@type\":\"Place\",\"@id\":\"https:\\\/\\\/momentodemaquillaje.com\\\/en\\\/#area-picassent\",\"name\":\"Picassent\",\"containedInPlace\":{\"@type\":\"AdministrativeArea\",\"@id\":\"https:\\\/\\\/momentodemaquillaje.com\\\/en\\\/#place-provincia-valencia\"}},{\"@type\":\"Place\",\"@id\":\"https:\\\/\\\/momentodemaquillaje.com\\\/en\\\/#area-moncada\",\"name\":\"Moncada\",\"containedInPlace\":{\"@type\":\"AdministrativeArea\",\"@id\":\"https:\\\/\\\/momentodemaquillaje.com\\\/en\\\/#place-provincia-valencia\"}},{\"@type\":\"Place\",\"@id\":\"https:\\\/\\\/momentodemaquillaje.com\\\/en\\\/#area-silla\",\"name\":\"Silla\",\"containedInPlace\":{\"@type\":\"AdministrativeArea\",\"@id\":\"https:\\\/\\\/momentodemaquillaje.com\\\/en\\\/#place-provincia-valencia\"}},{\"@type\":\"Place\",\"@id\":\"https:\\\/\\\/momentodemaquillaje.com\\\/en\\\/#area-catarroja\",\"name\":\"Catarroja\",\"containedInPlace\":{\"@type\":\"AdministrativeArea\",\"@id\":\"https:\\\/\\\/momentodemaquillaje.com\\\/en\\\/#place-provincia-valencia\"}},{\"@type\":\"Place\",\"@id\":\"https:\\\/\\\/momentodemaquillaje.com\\\/en\\\/#area-benetusser\",\"name\":\"Benet\u00fasser\",\"containedInPlace\":{\"@type\":\"AdministrativeArea\",\"@id\":\"https:\\\/\\\/momentodemaquillaje.com\\\/en\\\/#place-provincia-valencia\"}},{\"@type\":\"Place\",\"@id\":\"https:\\\/\\\/momentodemaquillaje.com\\\/en\\\/#area-cullera\",\"name\":\"Cullera\",\"containedInPlace\":{\"@type\":\"AdministrativeArea\",\"@id\":\"https:\\\/\\\/momentodemaquillaje.com\\\/en\\\/#place-provincia-valencia\"}},{\"@type\":\"Place\",\"@id\":\"https:\\\/\\\/momentodemaquillaje.com\\\/en\\\/#area-gandia\",\"name\":\"Gand\u00eda\",\"containedInPlace\":{\"@type\":\"AdministrativeArea\",\"@id\":\"https:\\\/\\\/momentodemaquillaje.com\\\/en\\\/#place-provincia-valencia\"}},{\"@type\":\"Place\",\"@id\":\"https:\\\/\\\/momentodemaquillaje.com\\\/en\\\/#area-alzira\",\"name\":\"Alzira\",\"containedInPlace\":{\"@type\":\"AdministrativeArea\",\"@id\":\"https:\\\/\\\/momentodemaquillaje.com\\\/en\\\/#place-provincia-valencia\"}},{\"@type\":\"Place\",\"@id\":\"https:\\\/\\\/momentodemaquillaje.com\\\/en\\\/#area-sueca\",\"name\":\"Sueca\",\"containedInPlace\":{\"@type\":\"AdministrativeArea\",\"@id\":\"https:\\\/\\\/momentodemaquillaje.com\\\/en\\\/#place-provincia-valencia\"}},{\"@type\":\"Place\",\"@id\":\"https:\\\/\\\/momentodemaquillaje.com\\\/en\\\/#area-ontinyent\",\"name\":\"Ontinyent\",\"containedInPlace\":{\"@type\":\"AdministrativeArea\",\"@id\":\"https:\\\/\\\/momentodemaquillaje.com\\\/en\\\/#place-provincia-valencia\"}},{\"@type\":\"Place\",\"@id\":\"https:\\\/\\\/momentodemaquillaje.com\\\/en\\\/#area-xativa\",\"name\":\"X\u00e0tiva\",\"containedInPlace\":{\"@type\":\"AdministrativeArea\",\"@id\":\"https:\\\/\\\/momentodemaquillaje.com\\\/en\\\/#place-provincia-valencia\"}},{\"@type\":\"Place\",\"@id\":\"https:\\\/\\\/momentodemaquillaje.com\\\/en\\\/#area-requena\",\"name\":\"Requena\",\"containedInPlace\":{\"@type\":\"AdministrativeArea\",\"@id\":\"https:\\\/\\\/momentodemaquillaje.com\\\/en\\\/#place-provincia-valencia\"}},{\"@type\":\"Place\",\"@id\":\"https:\\\/\\\/momentodemaquillaje.com\\\/en\\\/#area-bunol\",\"name\":\"Bu\u00f1ol\",\"containedInPlace\":{\"@type\":\"AdministrativeArea\",\"@id\":\"https:\\\/\\\/momentodemaquillaje.com\\\/en\\\/#place-provincia-valencia\"}},{\"@type\":\"Place\",\"@id\":\"https:\\\/\\\/momentodemaquillaje.com\\\/en\\\/#area-lliria\",\"name\":\"Ll\u00edria\",\"containedInPlace\":{\"@type\":\"AdministrativeArea\",\"@id\":\"https:\\\/\\\/momentodemaquillaje.com\\\/en\\\/#place-provincia-valencia\"}},{\"@type\":\"Place\",\"@id\":\"https:\\\/\\\/momentodemaquillaje.com\\\/en\\\/#area-oliva\",\"name\":\"Oliva\",\"containedInPlace\":{\"@type\":\"AdministrativeArea\",\"@id\":\"https:\\\/\\\/momentodemaquillaje.com\\\/en\\\/#place-provincia-valencia\"}},{\"@type\":\"GeoCircle\",\"@id\":\"https:\\\/\\\/momentodemaquillaje.com\\\/en\\\/#zona-desplazamiento\",\"name\":\"Zona de desplazamiento\",\"geoMidpoint\":{\"@type\":\"GeoCoordinates\",\"latitude\":39.4699,\"longitude\":-0.3763},\"geoRadius\":\"50000\"}],\"openingHoursSpecification\":[{\"@type\":\"OpeningHoursSpecification\",\"dayOfWeek\":[\"Monday\",\"Tuesday\",\"Wednesday\",\"Thursday\",\"Friday\",\"Saturday\",\"Sunday\"],\"opens\":\"00:00\",\"closes\":\"23:59\"}],\"knowsAbout\":[\"Maquillaje de novia\",\"Peinado de novia\",\"Recogidos para novias\",\"Semirecogidos y ondas\",\"Peinados de fiesta\",\"Maquillaje social\",\"Maquillaje a domicilio\",\"Maquillaje con aer\u00f3grafo\",\"Maquillaje de larga duraci\u00f3n\",\"Caracterizaci\u00f3n\",\"Maquillaje para fotograf\u00eda\",\"Maquillaje de pasarela\",\"Automaquillaje\"],\"founder\":{\"@type\":\"Person\",\"@id\":\"https:\\\/\\\/momentodemaquillaje.com\\\/en\\\/#madalina\"},\"employee\":[{\"@type\":\"Person\",\"@id\":\"https:\\\/\\\/momentodemaquillaje.com\\\/en\\\/#madalina\"}],\"contactPoint\":[{\"@type\":\"ContactPoint\",\"@id\":\"https:\\\/\\\/momentodemaquillaje.com\\\/en\\\/#contactpoint\",\"contactType\":\"customer service\",\"telephone\":\"+34607016476\",\"email\":\"contact@momentodemaquillaje.com\",\"availableLanguage\":[\"es\",\"en\",\"ro\"],\"areaServed\":\"ES\",\"url\":\"https:\\\/\\\/momentodemaquillaje.com\\\/en\\\/contacto\\\/\",\"hoursAvailable\":{\"@type\":\"OpeningHoursSpecification\",\"dayOfWeek\":[\"Monday\",\"Tuesday\",\"Wednesday\",\"Thursday\",\"Friday\",\"Saturday\",\"Sunday\"],\"opens\":\"09:00\",\"closes\":\"21:00\",\"name\":\"Reservas y atenci\u00f3n telef\u00f3nica \\\/ WhatsApp\"}},{\"@type\":\"ContactPoint\",\"@id\":\"https:\\\/\\\/momentodemaquillaje.com\\\/en\\\/#whatsapp\",\"name\":\"WhatsApp\",\"contactType\":\"reservations\",\"url\":\"https:\\\/\\\/wa.me\\\/34607016476\",\"telephone\":\"+34607016476\",\"availableLanguage\":[\"es\",\"en\",\"ro\"],\"areaServed\":\"ES\",\"hoursAvailable\":{\"@type\":\"OpeningHoursSpecification\",\"dayOfWeek\":[\"Monday\",\"Tuesday\",\"Wednesday\",\"Thursday\",\"Friday\",\"Saturday\",\"Sunday\"],\"opens\":\"09:00\",\"closes\":\"21:00\"}}],\"hasOfferCatalog\":{\"@type\":\"OfferCatalog\",\"@id\":\"https:\\\/\\\/momentodemaquillaje.com\\\/en\\\/#catalogo-servicios\",\"name\":\"Servicios de maquillaje profesional en Valencia\",\"itemListElement\":[{\"@type\":\"Offer\",\"itemOffered\":{\"@type\":\"Service\",\"@id\":\"https:\\\/\\\/momentodemaquillaje.com\\\/en\\\/#service-bodas\"}},{\"@type\":\"Offer\",\"itemOffered\":{\"@type\":\"Service\",\"@id\":\"https:\\\/\\\/momentodemaquillaje.com\\\/en\\\/#service-domicilio\"}},{\"@type\":\"Offer\",\"itemOffered\":{\"@type\":\"Service\",\"@id\":\"https:\\\/\\\/momentodemaquillaje.com\\\/en\\\/#service-eventos\"}},{\"@type\":\"Offer\",\"itemOffered\":{\"@type\":\"Service\",\"@id\":\"https:\\\/\\\/momentodemaquillaje.com\\\/en\\\/#service-fotos\"}},{\"@type\":\"Offer\",\"itemOffered\":{\"@type\":\"Service\",\"@id\":\"https:\\\/\\\/momentodemaquillaje.com\\\/en\\\/#service-publicidad\"}},{\"@type\":\"Offer\",\"itemOffered\":{\"@type\":\"Service\",\"@id\":\"https:\\\/\\\/momentodemaquillaje.com\\\/en\\\/#service-teatro\"}},{\"@type\":\"Offer\",\"itemOffered\":{\"@type\":\"Service\",\"@id\":\"https:\\\/\\\/momentodemaquillaje.com\\\/en\\\/#service-automaquillaje\"}},{\"@type\":\"Offer\",\"itemOffered\":{\"@type\":\"Service\",\"@id\":\"https:\\\/\\\/momentodemaquillaje.com\\\/en\\\/#service-glitterbar\"}},{\"@type\":\"Offer\",\"itemOffered\":{\"@type\":\"Service\",\"@id\":\"https:\\\/\\\/momentodemaquillaje.com\\\/en\\\/#service-pasarela\"}}]},\"foundingDate\":\"2017\"},{\"@type\":\"Person\",\"@id\":\"https:\\\/\\\/momentodemaquillaje.com\\\/en\\\/#madalina\",\"name\":\"Madalina Ghizdeanu\",\"givenName\":\"Madalina\",\"familyName\":\"Ghizdeanu\",\"url\":\"https:\\\/\\\/momentodemaquillaje.com\\\/en\\\/sobre-mi\\\/\",\"mainEntityOfPage\":{\"@type\":\"WebPage\",\"@id\":\"https:\\\/\\\/momentodemaquillaje.com\\\/en\\\/sobre-mi\\\/\"},\"image\":\"https:\\\/\\\/momentodemaquillaje.com\\\/wp-content\\\/uploads\\\/2024\\\/12\\\/Maquilladora-Valencia_hero_mobile.webp\",\"jobTitle\":\"Maquilladora profesional\",\"description\":\"Maquilladora y estilista profesional con m\u00e1s de 9 a\u00f1os de experiencia y formaci\u00f3n certificada en Espa\u00f1a y Ruman\u00eda. Especializada en maquillaje de novia, social y de caracterizaci\u00f3n para cine y teatro, aplica t\u00e9cnicas de maquillaje esc\u00e9nico \u2014precisi\u00f3n, durabilidad y control de la iluminaci\u00f3n\u2014 al maquillaje social en Valencia.\",\"worksFor\":{\"@type\":\"Organization\",\"@id\":\"https:\\\/\\\/momentodemaquillaje.com\\\/en\\\/#organization\"},\"hasOccupation\":{\"@type\":\"Occupation\",\"name\":\"Maquilladora profesional\",\"occupationalCategory\":\"39-5091.00\"},\"knowsLanguage\":[\"es\",\"en\",\"ro\"],\"knowsAbout\":[\"Maquillaje de novia\",\"Maquillaje con aer\u00f3grafo\",\"Caracterizaci\u00f3n\",\"Maquillaje para cine y teatro\",\"Colorimetr\u00eda\",\"Peluquer\u00eda de novia\"],\"hasCredential\":[{\"@type\":\"EducationalOccupationalCredential\",\"@id\":\"https:\\\/\\\/momentodemaquillaje.com\\\/en\\\/#credential-1\",\"name\":\"T\u00e9cnico Especialista en Maquillaje de Transformaci\u00f3n y Especial\",\"credentialCategory\":\"degree\",\"recognizedBy\":{\"@type\":\"Organization\",\"name\":\"Ministerul Muncii, Rom\u00e2nia\"}},{\"@type\":\"EducationalOccupationalCredential\",\"@id\":\"https:\\\/\\\/momentodemaquillaje.com\\\/en\\\/#credential-2\",\"name\":\"Professional Beauty & Fashion\",\"credentialCategory\":\"certificate\",\"recognizedBy\":{\"@type\":\"Organization\",\"name\":\"Let's Makeup\"},\"dateCreated\":\"2024-07-30\"},{\"@type\":\"EducationalOccupationalCredential\",\"@id\":\"https:\\\/\\\/momentodemaquillaje.com\\\/en\\\/#credential-3\",\"name\":\"Curso Intensivo de Perfeccionamiento en el Maquillaje\",\"credentialCategory\":\"certificate\",\"recognizedBy\":{\"@type\":\"Organization\",\"name\":\"Let's Makeup\"},\"dateCreated\":\"2023-12-03\"},{\"@type\":\"EducationalOccupationalCredential\",\"@id\":\"https:\\\/\\\/momentodemaquillaje.com\\\/en\\\/#credential-4\",\"name\":\"DIMS PRO \u2014 Curso de Especializaci\u00f3n en Maquillaje\",\"credentialCategory\":\"certificate\",\"recognizedBy\":{\"@type\":\"Organization\",\"name\":\"Diana Ionescu Studio\"},\"dateCreated\":\"2017-01-01\"}],\"sameAs\":[\"https:\\\/\\\/www.instagram.com\\\/momentodemaquillaje\\\/\",\"https:\\\/\\\/www.facebook.com\\\/MomentodeMaquillaje\\\/\",\"https:\\\/\\\/www.youtube.com\\\/channel\\\/UCfFfcQ9kVvt2TMVCJGdW0Iw\",\"https:\\\/\\\/www.linkedin.com\\\/in\\\/madalina-ghizdeanu\\\/\",\"https:\\\/\\\/es.pinterest.com\\\/momentodemaquillaje\\\/\",\"https:\\\/\\\/www.bodas.net\\\/belleza-novias\\\/madalina-ghizdeanu--e236136\",\"https:\\\/\\\/maps.app.goo.gl\\\/rUs6Fc3JDNfFVrSo6\"]},{\"@type\":\"City\",\"@id\":\"https:\\\/\\\/momentodemaquillaje.com\\\/en\\\/#place-valencia\",\"name\":\"Valencia\",\"alternateName\":[\"Val\u00e8ncia\",\"Valencia capital\"],\"sameAs\":[\"https:\\\/\\\/www.wikidata.org\\\/wiki\\\/Q8818\",\"https:\\\/\\\/es.wikipedia.org\\\/wiki\\\/Valencia\"],\"geo\":{\"@type\":\"GeoCoordinates\",\"latitude\":39.4699,\"longitude\":-0.3763},\"address\":{\"@type\":\"PostalAddress\",\"addressLocality\":\"Valencia\",\"addressRegion\":\"Comunidad Valenciana\",\"addressCountry\":\"ES\"},\"containedInPlace\":{\"@type\":\"AdministrativeArea\",\"@id\":\"https:\\\/\\\/momentodemaquillaje.com\\\/en\\\/#place-provincia-valencia\"}},{\"@type\":\"AdministrativeArea\",\"@id\":\"https:\\\/\\\/momentodemaquillaje.com\\\/en\\\/#place-provincia-valencia\",\"name\":\"Provincia de Valencia\",\"alternateName\":\"Prov\u00edncia de Val\u00e8ncia\",\"containedInPlace\":{\"@type\":\"AdministrativeArea\",\"@id\":\"https:\\\/\\\/momentodemaquillaje.com\\\/en\\\/#place-comunidad-valenciana\"}},{\"@type\":\"AdministrativeArea\",\"@id\":\"https:\\\/\\\/momentodemaquillaje.com\\\/en\\\/#place-comunidad-valenciana\",\"name\":\"Comunidad Valenciana\",\"alternateName\":\"Comunitat Valenciana\",\"containedInPlace\":{\"@type\":\"Country\",\"name\":\"Espa\u00f1a\"}}]}<\/script>\n<!-- \/ Yoast SEO plugin. -->","yoast_head_json":{"title":"Bodas - Momento de Maquillaje","robots":{"index":"noindex","follow":"follow"},"og_locale":"en_US","og_type":"article","og_title":"Bodas - Momento de Maquillaje","og_url":"https:\/\/momentodemaquillaje.com\/en\/pgc_simply_gallery\/bodas\/","og_site_name":"Momento de Maquillaje","article_publisher":"https:\/\/www.facebook.com\/MomentodeMaquillaje\/","article_modified_time":"2026-06-27T13:12:56+00:00","og_image":[{"width":1024,"height":1024,"url":"https:\/\/momentodemaquillaje.com\/wp-content\/uploads\/2024\/12\/Cover-Bodas-Gallery.webp","type":"image\/webp"}],"twitter_card":"summary_large_image","twitter_misc":{"Est. reading time":"18 minutes"},"schema":{"@context":"https:\/\/schema.org","@graph":[{"@type":"WebPage","@id":"https:\/\/momentodemaquillaje.com\/pgc_simply_gallery\/bodas\/","url":"https:\/\/momentodemaquillaje.com\/pgc_simply_gallery\/bodas\/","name":"Bodas - Momento de Maquillaje","isPartOf":{"@id":"https:\/\/momentodemaquillaje.com\/en\/#website"},"primaryImageOfPage":{"@id":"https:\/\/momentodemaquillaje.com\/pgc_simply_gallery\/bodas\/#primaryimage"},"image":{"@id":"https:\/\/momentodemaquillaje.com\/pgc_simply_gallery\/bodas\/#primaryimage"},"thumbnailUrl":"https:\/\/momentodemaquillaje.com\/wp-content\/uploads\/2024\/12\/Cover-Bodas-Gallery.webp","datePublished":"2024-12-28T11:46:24+00:00","dateModified":"2026-06-27T13:12:56+00:00","breadcrumb":{"@id":"https:\/\/momentodemaquillaje.com\/pgc_simply_gallery\/bodas\/#breadcrumb"},"inLanguage":"es","potentialAction":[{"@type":"ReadAction","target":["https:\/\/momentodemaquillaje.com\/pgc_simply_gallery\/bodas\/"]}]},{"@type":"ImageObject","inLanguage":"en-US","@id":"https:\/\/momentodemaquillaje.com\/pgc_simply_gallery\/bodas\/#primaryimage","url":"https:\/\/momentodemaquillaje.com\/wp-content\/uploads\/2024\/12\/Cover-Bodas-Gallery.webp","contentUrl":"https:\/\/momentodemaquillaje.com\/wp-content\/uploads\/2024\/12\/Cover-Bodas-Gallery.webp","width":1024,"height":1024},{"@type":"BreadcrumbList","@id":"https:\/\/momentodemaquillaje.com\/pgc_simply_gallery\/bodas\/#breadcrumb","itemListElement":[{"@type":"ListItem","position":1,"name":"Inicio","item":"https:\/\/momentodemaquillaje.com\/"},{"@type":"ListItem","position":2,"name":"SimpLy Galleries","item":"https:\/\/momentodemaquillaje.com\/simply_galleries\/"},{"@type":"ListItem","position":3,"name":"Bodas"}]},{"@type":"WebSite","@id":"https:\/\/momentodemaquillaje.com\/#website","url":"https:\/\/momentodemaquillaje.com\/","name":"Momento de Maquillaje","description":"Professional Makeup Valencia","publisher":{"@id":"https:\/\/momentodemaquillaje.com\/en\/#organization"},"potentialAction":[{"@type":"SearchAction","target":{"@type":"EntryPoint","urlTemplate":"https:\/\/momentodemaquillaje.com\/?s={search_term_string}"},"query-input":{"@type":"PropertyValueSpecification","valueRequired":true,"valueName":"search_term_string"}}],"inLanguage":"es"},{"@type":["Organization","HealthAndBeautyBusiness"],"@id":"https:\/\/momentodemaquillaje.com\/en\/#organization","name":"Momento de Maquillaje","alternateName":"Momento de Maquillaje \u2014 Maquilladora profesional en Valencia","url":"https:\/\/momentodemaquillaje.com\/en\/","description":"Professional makeup artist and hairstylist services available at your home in Valencia and the surrounding province. Makeup and hairstyling for brides, events, photoshoots, advertising, theater, and film, as well as self-makeup courses and glitter bar sessions. Services include makeup and hairstyling (updos, half-updos, and waves); haircuts and coloring are not included.","additionalType":"https:\/\/www.wikidata.org\/wiki\/Q935666","telephone":"+34607016476","email":"contact@momentodemaquillaje.com","priceRange":"\u20ac\u20ac","currenciesAccepted":"EUR","paymentAccepted":"Efectivo, Bizum, Transferencia bancaria","knowsLanguage":["es","en","ro"],"hasMap":"https:\/\/maps.app.goo.gl\/rUs6Fc3JDNfFVrSo6","logo":{"@type":"ImageObject","@id":"https:\/\/momentodemaquillaje.com\/en\/#logo","url":"https:\/\/momentodemaquillaje.com\/wp-content\/uploads\/2025\/01\/Logo-Black-Transparent-MomentoDeMaquillaje.png","contentUrl":"https:\/\/momentodemaquillaje.com\/wp-content\/uploads\/2025\/01\/Logo-Black-Transparent-MomentoDeMaquillaje.png","caption":"Momento de Maquillaje"},"image":[{"@type":"ImageObject","@id":"https:\/\/momentodemaquillaje.com\/en\/#logo"},"https:\/\/momentodemaquillaje.com\/wp-content\/uploads\/2024\/12\/inicio-foto-1.webp"],"sameAs":["https:\/\/www.instagram.com\/momentodemaquillaje\/","https:\/\/www.facebook.com\/MomentodeMaquillaje\/","https:\/\/www.youtube.com\/channel\/UCfFfcQ9kVvt2TMVCJGdW0Iw","https:\/\/www.linkedin.com\/in\/madalina-ghizdeanu\/","https:\/\/es.pinterest.com\/momentodemaquillaje\/","https:\/\/www.bodas.net\/belleza-novias\/madalina-ghizdeanu--e236136","https:\/\/maps.app.goo.gl\/rUs6Fc3JDNfFVrSo6"],"areaServed":[{"@type":"City","@id":"https:\/\/momentodemaquillaje.com\/en\/#place-valencia"},{"@type":"Place","@id":"https:\/\/momentodemaquillaje.com\/en\/#area-alboraya","name":"Alboraya","containedInPlace":{"@type":"AdministrativeArea","@id":"https:\/\/momentodemaquillaje.com\/en\/#place-provincia-valencia"}},{"@type":"Place","@id":"https:\/\/momentodemaquillaje.com\/en\/#area-mislata","name":"Mislata","containedInPlace":{"@type":"AdministrativeArea","@id":"https:\/\/momentodemaquillaje.com\/en\/#place-provincia-valencia"}},{"@type":"Place","@id":"https:\/\/momentodemaquillaje.com\/en\/#area-burjassot","name":"Burjassot","containedInPlace":{"@type":"AdministrativeArea","@id":"https:\/\/momentodemaquillaje.com\/en\/#place-provincia-valencia"}},{"@type":"Place","@id":"https:\/\/momentodemaquillaje.com\/en\/#area-paterna","name":"Paterna","containedInPlace":{"@type":"AdministrativeArea","@id":"https:\/\/momentodemaquillaje.com\/en\/#place-provincia-valencia"}},{"@type":"Place","@id":"https:\/\/momentodemaquillaje.com\/en\/#area-torrent","name":"Torrent","containedInPlace":{"@type":"AdministrativeArea","@id":"https:\/\/momentodemaquillaje.com\/en\/#place-provincia-valencia"}},{"@type":"Place","@id":"https:\/\/momentodemaquillaje.com\/en\/#area-xirivella","name":"Xirivella","containedInPlace":{"@type":"AdministrativeArea","@id":"https:\/\/momentodemaquillaje.com\/en\/#place-provincia-valencia"}},{"@type":"Place","@id":"https:\/\/momentodemaquillaje.com\/en\/#area-quart-de-poblet","name":"Quart de Poblet","containedInPlace":{"@type":"AdministrativeArea","@id":"https:\/\/momentodemaquillaje.com\/en\/#place-provincia-valencia"}},{"@type":"Place","@id":"https:\/\/momentodemaquillaje.com\/en\/#area-alaquas","name":"Alaqu\u00e0s","containedInPlace":{"@type":"AdministrativeArea","@id":"https:\/\/momentodemaquillaje.com\/en\/#place-provincia-valencia"}},{"@type":"Place","@id":"https:\/\/momentodemaquillaje.com\/en\/#area-manises","name":"Manises","containedInPlace":{"@type":"AdministrativeArea","@id":"https:\/\/momentodemaquillaje.com\/en\/#place-provincia-valencia"}},{"@type":"Place","@id":"https:\/\/momentodemaquillaje.com\/en\/#area-paiporta","name":"Paiporta","containedInPlace":{"@type":"AdministrativeArea","@id":"https:\/\/momentodemaquillaje.com\/en\/#place-provincia-valencia"}},{"@type":"Place","@id":"https:\/\/momentodemaquillaje.com\/en\/#area-sagunto","name":"Sagunto","containedInPlace":{"@type":"AdministrativeArea","@id":"https:\/\/momentodemaquillaje.com\/en\/#place-provincia-valencia"}},{"@type":"Place","@id":"https:\/\/momentodemaquillaje.com\/en\/#area-pucol","name":"Pu\u00e7ol","containedInPlace":{"@type":"AdministrativeArea","@id":"https:\/\/momentodemaquillaje.com\/en\/#place-provincia-valencia"}},{"@type":"Place","@id":"https:\/\/momentodemaquillaje.com\/en\/#area-massamagrell","name":"Massamagrell","containedInPlace":{"@type":"AdministrativeArea","@id":"https:\/\/momentodemaquillaje.com\/en\/#place-provincia-valencia"}},{"@type":"Place","@id":"https:\/\/momentodemaquillaje.com\/en\/#area-rocafort","name":"Rocafort","containedInPlace":{"@type":"AdministrativeArea","@id":"https:\/\/momentodemaquillaje.com\/en\/#place-provincia-valencia"}},{"@type":"Place","@id":"https:\/\/momentodemaquillaje.com\/en\/#area-godella","name":"Godella","containedInPlace":{"@type":"AdministrativeArea","@id":"https:\/\/momentodemaquillaje.com\/en\/#place-provincia-valencia"}},{"@type":"Place","@id":"https:\/\/momentodemaquillaje.com\/en\/#area-picassent","name":"Picassent","containedInPlace":{"@type":"AdministrativeArea","@id":"https:\/\/momentodemaquillaje.com\/en\/#place-provincia-valencia"}},{"@type":"Place","@id":"https:\/\/momentodemaquillaje.com\/en\/#area-moncada","name":"Moncada","containedInPlace":{"@type":"AdministrativeArea","@id":"https:\/\/momentodemaquillaje.com\/en\/#place-provincia-valencia"}},{"@type":"Place","@id":"https:\/\/momentodemaquillaje.com\/en\/#area-silla","name":"Silla","containedInPlace":{"@type":"AdministrativeArea","@id":"https:\/\/momentodemaquillaje.com\/en\/#place-provincia-valencia"}},{"@type":"Place","@id":"https:\/\/momentodemaquillaje.com\/en\/#area-catarroja","name":"Catarroja","containedInPlace":{"@type":"AdministrativeArea","@id":"https:\/\/momentodemaquillaje.com\/en\/#place-provincia-valencia"}},{"@type":"Place","@id":"https:\/\/momentodemaquillaje.com\/en\/#area-benetusser","name":"Benet\u00fasser","containedInPlace":{"@type":"AdministrativeArea","@id":"https:\/\/momentodemaquillaje.com\/en\/#place-provincia-valencia"}},{"@type":"Place","@id":"https:\/\/momentodemaquillaje.com\/en\/#area-cullera","name":"Cullera","containedInPlace":{"@type":"AdministrativeArea","@id":"https:\/\/momentodemaquillaje.com\/en\/#place-provincia-valencia"}},{"@type":"Place","@id":"https:\/\/momentodemaquillaje.com\/en\/#area-gandia","name":"Gand\u00eda","containedInPlace":{"@type":"AdministrativeArea","@id":"https:\/\/momentodemaquillaje.com\/en\/#place-provincia-valencia"}},{"@type":"Place","@id":"https:\/\/momentodemaquillaje.com\/en\/#area-alzira","name":"Alzira","containedInPlace":{"@type":"AdministrativeArea","@id":"https:\/\/momentodemaquillaje.com\/en\/#place-provincia-valencia"}},{"@type":"Place","@id":"https:\/\/momentodemaquillaje.com\/en\/#area-sueca","name":"Sueca","containedInPlace":{"@type":"AdministrativeArea","@id":"https:\/\/momentodemaquillaje.com\/en\/#place-provincia-valencia"}},{"@type":"Place","@id":"https:\/\/momentodemaquillaje.com\/en\/#area-ontinyent","name":"Ontinyent","containedInPlace":{"@type":"AdministrativeArea","@id":"https:\/\/momentodemaquillaje.com\/en\/#place-provincia-valencia"}},{"@type":"Place","@id":"https:\/\/momentodemaquillaje.com\/en\/#area-xativa","name":"X\u00e0tiva","containedInPlace":{"@type":"AdministrativeArea","@id":"https:\/\/momentodemaquillaje.com\/en\/#place-provincia-valencia"}},{"@type":"Place","@id":"https:\/\/momentodemaquillaje.com\/en\/#area-requena","name":"Requena","containedInPlace":{"@type":"AdministrativeArea","@id":"https:\/\/momentodemaquillaje.com\/en\/#place-provincia-valencia"}},{"@type":"Place","@id":"https:\/\/momentodemaquillaje.com\/en\/#area-bunol","name":"Bu\u00f1ol","containedInPlace":{"@type":"AdministrativeArea","@id":"https:\/\/momentodemaquillaje.com\/en\/#place-provincia-valencia"}},{"@type":"Place","@id":"https:\/\/momentodemaquillaje.com\/en\/#area-lliria","name":"Ll\u00edria","containedInPlace":{"@type":"AdministrativeArea","@id":"https:\/\/momentodemaquillaje.com\/en\/#place-provincia-valencia"}},{"@type":"Place","@id":"https:\/\/momentodemaquillaje.com\/en\/#area-oliva","name":"Oliva","containedInPlace":{"@type":"AdministrativeArea","@id":"https:\/\/momentodemaquillaje.com\/en\/#place-provincia-valencia"}},{"@type":"GeoCircle","@id":"https:\/\/momentodemaquillaje.com\/en\/#zona-desplazamiento","name":"Zona de desplazamiento","geoMidpoint":{"@type":"GeoCoordinates","latitude":39.4699,"longitude":-0.3763},"geoRadius":"50000"}],"openingHoursSpecification":[{"@type":"OpeningHoursSpecification","dayOfWeek":["Monday","Tuesday","Wednesday","Thursday","Friday","Saturday","Sunday"],"opens":"00:00","closes":"23:59"}],"knowsAbout":["Maquillaje de novia","Peinado de novia","Recogidos para novias","Semirecogidos y ondas","Peinados de fiesta","Maquillaje social","Maquillaje a domicilio","Maquillaje con aer\u00f3grafo","Maquillaje de larga duraci\u00f3n","Caracterizaci\u00f3n","Maquillaje para fotograf\u00eda","Maquillaje de pasarela","Automaquillaje"],"founder":{"@type":"Person","@id":"https:\/\/momentodemaquillaje.com\/en\/#madalina"},"employee":[{"@type":"Person","@id":"https:\/\/momentodemaquillaje.com\/en\/#madalina"}],"contactPoint":[{"@type":"ContactPoint","@id":"https:\/\/momentodemaquillaje.com\/en\/#contactpoint","contactType":"customer service","telephone":"+34607016476","email":"contact@momentodemaquillaje.com","availableLanguage":["es","en","ro"],"areaServed":"ES","url":"https:\/\/momentodemaquillaje.com\/en\/contacto\/","hoursAvailable":{"@type":"OpeningHoursSpecification","dayOfWeek":["Monday","Tuesday","Wednesday","Thursday","Friday","Saturday","Sunday"],"opens":"09:00","closes":"21:00","name":"Reservas y atenci\u00f3n telef\u00f3nica \/ WhatsApp"}},{"@type":"ContactPoint","@id":"https:\/\/momentodemaquillaje.com\/en\/#whatsapp","name":"WhatsApp","contactType":"reservations","url":"https:\/\/wa.me\/34607016476","telephone":"+34607016476","availableLanguage":["es","en","ro"],"areaServed":"ES","hoursAvailable":{"@type":"OpeningHoursSpecification","dayOfWeek":["Monday","Tuesday","Wednesday","Thursday","Friday","Saturday","Sunday"],"opens":"09:00","closes":"21:00"}}],"hasOfferCatalog":{"@type":"OfferCatalog","@id":"https:\/\/momentodemaquillaje.com\/en\/#catalogo-servicios","name":"Servicios de maquillaje profesional en Valencia","itemListElement":[{"@type":"Offer","itemOffered":{"@type":"Service","@id":"https:\/\/momentodemaquillaje.com\/en\/#service-bodas"}},{"@type":"Offer","itemOffered":{"@type":"Service","@id":"https:\/\/momentodemaquillaje.com\/en\/#service-domicilio"}},{"@type":"Offer","itemOffered":{"@type":"Service","@id":"https:\/\/momentodemaquillaje.com\/en\/#service-eventos"}},{"@type":"Offer","itemOffered":{"@type":"Service","@id":"https:\/\/momentodemaquillaje.com\/en\/#service-fotos"}},{"@type":"Offer","itemOffered":{"@type":"Service","@id":"https:\/\/momentodemaquillaje.com\/en\/#service-publicidad"}},{"@type":"Offer","itemOffered":{"@type":"Service","@id":"https:\/\/momentodemaquillaje.com\/en\/#service-teatro"}},{"@type":"Offer","itemOffered":{"@type":"Service","@id":"https:\/\/momentodemaquillaje.com\/en\/#service-automaquillaje"}},{"@type":"Offer","itemOffered":{"@type":"Service","@id":"https:\/\/momentodemaquillaje.com\/en\/#service-glitterbar"}},{"@type":"Offer","itemOffered":{"@type":"Service","@id":"https:\/\/momentodemaquillaje.com\/en\/#service-pasarela"}}]},"foundingDate":"2017"},{"@type":"Person","@id":"https:\/\/momentodemaquillaje.com\/en\/#madalina","name":"Madalina Ghizdeanu","givenName":"Madalina","familyName":"Ghizdeanu","url":"https:\/\/momentodemaquillaje.com\/en\/sobre-mi\/","mainEntityOfPage":{"@type":"WebPage","@id":"https:\/\/momentodemaquillaje.com\/en\/sobre-mi\/"},"image":"https:\/\/momentodemaquillaje.com\/wp-content\/uploads\/2024\/12\/Maquilladora-Valencia_hero_mobile.webp","jobTitle":"Maquilladora profesional","description":"Professional makeup artist and stylist with over 9 years of experience and certified training in Spain and Romania. Specializing in bridal, special occasion, and character makeup for film and theater, she applies stage makeup techniques\u2014precision, durability, and lighting control\u2014to makeup for special occasions in Valencia.","worksFor":{"@type":"Organization","@id":"https:\/\/momentodemaquillaje.com\/en\/#organization"},"hasOccupation":{"@type":"Occupation","name":"Maquilladora profesional","occupationalCategory":"39-5091.00"},"knowsLanguage":["es","en","ro"],"knowsAbout":["Maquillaje de novia","Maquillaje con aer\u00f3grafo","Caracterizaci\u00f3n","Maquillaje para cine y teatro","Colorimetr\u00eda","Peluquer\u00eda de novia"],"hasCredential":[{"@type":"EducationalOccupationalCredential","@id":"https:\/\/momentodemaquillaje.com\/en\/#credential-1","name":"T\u00e9cnico Especialista en Maquillaje de Transformaci\u00f3n y Especial","credentialCategory":"degree","recognizedBy":{"@type":"Organization","name":"Ministerul Muncii, Rom\u00e2nia"}},{"@type":"EducationalOccupationalCredential","@id":"https:\/\/momentodemaquillaje.com\/en\/#credential-2","name":"Professional Beauty & Fashion","credentialCategory":"certificate","recognizedBy":{"@type":"Organization","name":"Let's Makeup"},"dateCreated":"2024-07-30"},{"@type":"EducationalOccupationalCredential","@id":"https:\/\/momentodemaquillaje.com\/en\/#credential-3","name":"Curso Intensivo de Perfeccionamiento en el Maquillaje","credentialCategory":"certificate","recognizedBy":{"@type":"Organization","name":"Let's Makeup"},"dateCreated":"2023-12-03"},{"@type":"EducationalOccupationalCredential","@id":"https:\/\/momentodemaquillaje.com\/en\/#credential-4","name":"DIMS PRO \u2014 Curso de Especializaci\u00f3n en Maquillaje","credentialCategory":"certificate","recognizedBy":{"@type":"Organization","name":"Diana Ionescu Studio"},"dateCreated":"2017-01-01"}],"sameAs":["https:\/\/www.instagram.com\/momentodemaquillaje\/","https:\/\/www.facebook.com\/MomentodeMaquillaje\/","https:\/\/www.youtube.com\/channel\/UCfFfcQ9kVvt2TMVCJGdW0Iw","https:\/\/www.linkedin.com\/in\/madalina-ghizdeanu\/","https:\/\/es.pinterest.com\/momentodemaquillaje\/","https:\/\/www.bodas.net\/belleza-novias\/madalina-ghizdeanu--e236136","https:\/\/maps.app.goo.gl\/rUs6Fc3JDNfFVrSo6"]},{"@type":"City","@id":"https:\/\/momentodemaquillaje.com\/en\/#place-valencia","name":"Valencia","alternateName":["Val\u00e8ncia","Valencia capital"],"sameAs":["https:\/\/www.wikidata.org\/wiki\/Q8818","https:\/\/es.wikipedia.org\/wiki\/Valencia"],"geo":{"@type":"GeoCoordinates","latitude":39.4699,"longitude":-0.3763},"address":{"@type":"PostalAddress","addressLocality":"Valencia","addressRegion":"Comunidad Valenciana","addressCountry":"ES"},"containedInPlace":{"@type":"AdministrativeArea","@id":"https:\/\/momentodemaquillaje.com\/en\/#place-provincia-valencia"}},{"@type":"AdministrativeArea","@id":"https:\/\/momentodemaquillaje.com\/en\/#place-provincia-valencia","name":"Province of Valencia","alternateName":"Prov\u00edncia de Val\u00e8ncia","containedInPlace":{"@type":"AdministrativeArea","@id":"https:\/\/momentodemaquillaje.com\/en\/#place-comunidad-valenciana"}},{"@type":"AdministrativeArea","@id":"https:\/\/momentodemaquillaje.com\/en\/#place-comunidad-valenciana","name":"Valencian Community","alternateName":"Comunitat Valenciana","containedInPlace":{"@type":"Country","name":"Espa\u00f1a"}}]}},"_links":{"self":[{"href":"https:\/\/momentodemaquillaje.com\/en\/wp-json\/wp\/v2\/pgc_simply_gallery\/8694","targetHints":{"allow":["GET"]}}],"collection":[{"href":"https:\/\/momentodemaquillaje.com\/en\/wp-json\/wp\/v2\/pgc_simply_gallery"}],"about":[{"href":"https:\/\/momentodemaquillaje.com\/en\/wp-json\/wp\/v2\/types\/pgc_simply_gallery"}],"replies":[{"embeddable":true,"href":"https:\/\/momentodemaquillaje.com\/en\/wp-json\/wp\/v2\/comments?post=8694"}],"wp:featuredmedia":[{"embeddable":true,"href":"https:\/\/momentodemaquillaje.com\/en\/wp-json\/wp\/v2\/media\/8724"}],"wp:attachment":[{"href":"https:\/\/momentodemaquillaje.com\/en\/wp-json\/wp\/v2\/media?parent=8694"}],"wp:term":[{"taxonomy":"pgc_simply_category","embeddable":true,"href":"https:\/\/momentodemaquillaje.com\/en\/wp-json\/wp\/v2\/pgc_simply_category?post=8694"}],"curies":[{"name":"wp","href":"https:\/\/api.w.org\/{rel}","templated":true}]}}